{"id":19107,"date":"2023-06-29T17:47:28","date_gmt":"2023-06-29T15:47:28","guid":{"rendered":"https:\/\/www.werner-wohnbau.de\/news\/"},"modified":"2025-09-22T10:10:11","modified_gmt":"2025-09-22T08:10:11","slug":"news","status":"publish","type":"page","link":"https:\/\/www.werner-wohnbau.de\/en\/news\/","title":{"rendered":"News"},"content":{"rendered":"\t\t<div data-elementor-type=\"wp-page\" data-elementor-id=\"19107\" class=\"elementor elementor-19107 elementor-3708\" data-elementor-post-type=\"page\">\n\t\t\t\t\t\t<section data-dce-background-overlay-color=\"#000000\" data-dce-background-image-url=\"http:\/\/www.v2.werner-wohnbau.com\/wp-content\/uploads\/2023\/07\/28_BusinessPaar_bearbeitet_k.jpg\" class=\"elementor-section elementor-top-section elementor-element elementor-element-f4ae0bf elementor-section-full_width elementor-section-height-min-height elementor-section-items-top elementor-section-height-default\" data-id=\"f4ae0bf\" data-element_type=\"section\" data-e-type=\"section\" data-settings=\"{&quot;background_background&quot;:&quot;classic&quot;}\">\n\t\t\t\t\t\t\t<div class=\"elementor-background-overlay\"><\/div>\n\t\t\t\t\t\t\t<div class=\"elementor-container elementor-column-gap-no\">\n\t\t\t\t\t<div class=\"elementor-column elementor-col-50 elementor-top-column elementor-element elementor-element-39a0197\" data-id=\"39a0197\" data-element_type=\"column\" data-e-type=\"column\">\n\t\t\t<div class=\"elementor-widget-wrap elementor-element-populated\">\n\t\t\t\t\t\t<div data-dce-title-color=\"#FFFFFF\" class=\"elementor-element elementor-element-0a0b778 elementor-widget elementor-widget-heading\" data-id=\"0a0b778\" data-element_type=\"widget\" data-e-type=\"widget\" data-widget_type=\"heading.default\">\n\t\t\t\t<div class=\"elementor-widget-container\">\n\t\t\t\t\t<h2 class=\"elementor-heading-title elementor-size-default\">NEWS<\/h2>\t\t\t\t<\/div>\n\t\t\t\t<\/div>\n\t\t\t\t\t<\/div>\n\t\t<\/div>\n\t\t\t\t<div class=\"elementor-column elementor-col-50 elementor-top-column elementor-element elementor-element-5cfd88d\" data-id=\"5cfd88d\" data-element_type=\"column\" data-e-type=\"column\">\n\t\t\t<div class=\"elementor-widget-wrap elementor-element-populated\">\n\t\t\t\t\t\t<div class=\"elementor-element elementor-element-a3599b6 elementor-hidden-tablet elementor-hidden-mobile dce_masking-none elementor-widget elementor-widget-image\" data-id=\"a3599b6\" data-element_type=\"widget\" data-e-type=\"widget\" data-widget_type=\"image.default\">\n\t\t\t\t<div class=\"elementor-widget-container\">\n\t\t\t\t\t\t\t\t\t\t\t\t\t\t\t\t<a href=\"https:\/\/www.werner-wohnbau.de\/start\/\">\n\t\t\t\t\t\t\t<img decoding=\"async\" width=\"99\" height=\"76\" src=\"https:\/\/www.werner-wohnbau.de\/wp-content\/uploads\/2022\/11\/Logo_WW_Web-1.svg\" class=\"attachment-full size-full wp-image-15560\" alt=\"\" \/>\t\t\t\t\t\t\t\t<\/a>\n\t\t\t\t\t\t\t\t\t\t\t\t\t\t\t<\/div>\n\t\t\t\t<\/div>\n\t\t\t\t\t<\/div>\n\t\t<\/div>\n\t\t\t\t\t<\/div>\n\t\t<\/section>\n\t\t\t\t<section class=\"elementor-section elementor-top-section elementor-element elementor-element-bfb927f elementor-section-boxed elementor-section-height-default elementor-section-height-default\" data-id=\"bfb927f\" data-element_type=\"section\" data-e-type=\"section\" data-settings=\"{&quot;background_background&quot;:&quot;classic&quot;}\">\n\t\t\t\t\t\t\t<div class=\"elementor-background-overlay\"><\/div>\n\t\t\t\t\t\t\t<div class=\"elementor-container elementor-column-gap-default\">\n\t\t\t\t\t<div class=\"elementor-column elementor-col-100 elementor-top-column elementor-element elementor-element-2e6e61f\" data-id=\"2e6e61f\" data-element_type=\"column\" data-e-type=\"column\">\n\t\t\t<div class=\"elementor-widget-wrap elementor-element-populated\">\n\t\t\t\t\t\t<div data-dce-title-color=\"#3C3C3C\" class=\"elementor-element elementor-element-6ce27df elementor-widget elementor-widget-heading\" data-id=\"6ce27df\" data-element_type=\"widget\" data-e-type=\"widget\" data-widget_type=\"heading.default\">\n\t\t\t\t<div class=\"elementor-widget-container\">\n\t\t\t\t\t<h1 class=\"elementor-heading-title elementor-size-default\">News from WERNER WOHNBAU \u2013 Updates, Projects &amp; Developments<\/h1>\t\t\t\t<\/div>\n\t\t\t\t<\/div>\n\t\t\t\t<div class=\"elementor-element elementor-element-7838327 elementor-widget elementor-widget-text-editor\" data-id=\"7838327\" data-element_type=\"widget\" data-e-type=\"widget\" data-widget_type=\"text-editor.default\">\n\t\t\t\t<div class=\"elementor-widget-container\">\n\t\t\t\t\t\t\t\t\t<p data-start=\"319\" data-end=\"737\">Welcome to the WERNER WOHNBAU news section! Here, we regularly update you on current construction projects, new residential developments, company news, and exciting behind-the-scenes insights. Whether it\u2019s sales launches, construction progress, sustainable building concepts, or regional developments\u2014stay informed and discover how WERNER WOHNBAU shapes modern living spaces.  <\/p><p data-start=\"739\" data-end=\"883\">Learn firsthand what drives our team and which housing dreams we are currently bringing to life \u2013 perhaps soon in your area as well.<\/p>\t\t\t\t\t\t\t\t<\/div>\n\t\t\t\t<\/div>\n\t\t\t\t\t<\/div>\n\t\t<\/div>\n\t\t\t\t\t<\/div>\n\t\t<\/section>\n\t\t\t\t<section class=\"elementor-section elementor-top-section elementor-element elementor-element-c401a5b elementor-section-boxed elementor-section-height-default elementor-section-height-default\" data-id=\"c401a5b\" data-element_type=\"section\" data-e-type=\"section\" data-settings=\"{&quot;background_background&quot;:&quot;classic&quot;}\">\n\t\t\t\t\t\t\t<div class=\"elementor-background-overlay\"><\/div>\n\t\t\t\t\t\t\t<div class=\"elementor-container elementor-column-gap-default\">\n\t\t\t\t\t<div class=\"elementor-column elementor-col-100 elementor-top-column elementor-element elementor-element-5979c27\" data-id=\"5979c27\" data-element_type=\"column\" data-e-type=\"column\">\n\t\t\t<div class=\"elementor-widget-wrap elementor-element-populated\">\n\t\t\t\t\t\t<div class=\"elementor-element elementor-element-21e49f6 elementor-grid-3 elementor-grid-tablet-2 elementor-grid-mobile-1 elementor-widget elementor-widget-loop-grid\" data-id=\"21e49f6\" data-element_type=\"widget\" data-e-type=\"widget\" data-settings=\"{&quot;template_id&quot;:19057,&quot;masonry&quot;:&quot;yes&quot;,&quot;row_gap&quot;:{&quot;unit&quot;:&quot;px&quot;,&quot;size&quot;:20,&quot;sizes&quot;:[]},&quot;_skin&quot;:&quot;post&quot;,&quot;columns&quot;:&quot;3&quot;,&quot;columns_tablet&quot;:&quot;2&quot;,&quot;columns_mobile&quot;:&quot;1&quot;,&quot;edit_handle_selector&quot;:&quot;[data-elementor-type=\\&quot;loop-item\\&quot;]&quot;,&quot;row_gap_tablet&quot;:{&quot;unit&quot;:&quot;px&quot;,&quot;size&quot;:&quot;&quot;,&quot;sizes&quot;:[]},&quot;row_gap_mobile&quot;:{&quot;unit&quot;:&quot;px&quot;,&quot;size&quot;:&quot;&quot;,&quot;sizes&quot;:[]}}\" data-widget_type=\"loop-grid.post\">\n\t\t\t\t<div class=\"elementor-widget-container\">\n\t\t\t\t\t\t\t<div class=\"elementor-loop-container elementor-grid\" role=\"list\">\n\t\t<style id=\"loop-19057\">.elementor-widget-theme-post-featured-image .widget-image-caption{color:var( --e-global-color-text );font-family:var( --e-global-typography-text-font-family ), Sans-serif;}.elementor-19057 .elementor-element.elementor-element-6f7cb2d img{height:250px;object-fit:cover;object-position:center center;}.elementor-19057 .elementor-element.elementor-element-4c94e94:not(.elementor-motion-effects-element-type-background), .elementor-19057 .elementor-element.elementor-element-4c94e94 > .elementor-motion-effects-container > .elementor-motion-effects-layer{background-color:var( --e-global-color-050e013 );}.elementor-19057 .elementor-element.elementor-element-4c94e94{transition:background 0.3s, border 0.3s, border-radius 0.3s, box-shadow 0.3s;padding:30px 30px 30px 30px;}.elementor-19057 .elementor-element.elementor-element-4c94e94 > .elementor-background-overlay{transition:background 0.3s, border-radius 0.3s, opacity 0.3s;}.elementor-widget-theme-post-title .elementor-heading-title{font-family:var( --e-global-typography-primary-font-family ), Sans-serif;color:var( --e-global-color-primary );}.elementor-19057 .elementor-element.elementor-element-fd9189c{text-align:start;}.elementor-19057 .elementor-element.elementor-element-fd9189c .elementor-heading-title{font-family:\"Futura Headline\", Sans-serif;font-size:30px;color:var( --e-global-color-3a2c3e4 );}.elementor-widget-theme-post-content{color:var( --e-global-color-text );font-family:var( --e-global-typography-text-font-family ), Sans-serif;}.elementor-19057 .elementor-element.elementor-element-9453165{color:#FFFFFF;font-family:\"Futura Text\", Sans-serif;font-size:21px;}.elementor-widget-button .elementor-button{font-family:var( --e-global-typography-accent-font-family ), Sans-serif;background-color:var( --e-global-color-accent );}.elementor-19057 .elementor-element.elementor-element-529db4c .elementor-button{font-family:\"Futura Light\", Sans-serif;font-size:21px;background-color:var( --e-global-color-050e013 );border-style:solid;border-width:1px 1px 1px 1px;border-color:#FFFFFF;border-radius:0px 0px 0px 0px;}@media(max-width:767px){.elementor-19057 .elementor-element.elementor-element-9453165{text-align:start;}.elementor-19057 .elementor-element.elementor-element-9453165 > .elementor-widget-container{padding:0px 0px 0px 0px;}}\/* Start custom CSS for theme-post-content, class: .elementor-element-9453165 *\/.elementor-19057 .elementor-element.elementor-element-9453165 p:not(:first-of-type) {\n   display: none;\n}\n\n.elementor-19057 .elementor-element.elementor-element-9453165 p {\n  display: -webkit-box;\n  -webkit-line-clamp: 4;\n  -webkit-box-orient: vertical;\n  overflow: hidden;\n}\n\n.elementor-19057 .elementor-element.elementor-element-9453165 {\n  min-height: calc(6 * 1.2em); \/* 1.2em is the default line height *\/\n}\/* End custom CSS *\/<\/style>\t\t<div data-elementor-type=\"loop-item\" data-elementor-id=\"19057\" class=\"elementor elementor-19057 elementor-3752 e-loop-item e-loop-item-27703 post-27703 nachrichten type-nachrichten status-publish has-post-thumbnail hentry\" data-elementor-post-type=\"elementor_library\" data-custom-edit-handle=\"1\">\n\t\t\t\t\t<section class=\"elementor-section elementor-top-section elementor-element elementor-element-b41ea66 elementor-section-boxed elementor-section-height-default elementor-section-height-default\" data-id=\"b41ea66\" data-element_type=\"section\" data-e-type=\"section\">\n\t\t\t\t\t\t<div class=\"elementor-container elementor-column-gap-no\">\n\t\t\t\t\t<div class=\"elementor-column elementor-col-100 elementor-top-column elementor-element elementor-element-da66870\" data-id=\"da66870\" data-element_type=\"column\" data-e-type=\"column\">\n\t\t\t<div class=\"elementor-widget-wrap elementor-element-populated\">\n\t\t\t\t\t\t<div class=\"elementor-element elementor-element-6f7cb2d elementor-widget elementor-widget-theme-post-featured-image elementor-widget-image\" data-id=\"6f7cb2d\" data-element_type=\"widget\" data-e-type=\"widget\" data-widget_type=\"theme-post-featured-image.default\">\n\t\t\t\t<div class=\"elementor-widget-container\">\n\t\t\t\t\t\t\t\t\t\t\t\t\t\t\t<img fetchpriority=\"high\" decoding=\"async\" width=\"2560\" height=\"1920\" src=\"https:\/\/www.werner-wohnbau.de\/wp-content\/uploads\/2026\/03\/IMG_4659-scaled.jpg\" class=\"attachment-full size-full wp-image-27708\" alt=\"\" srcset=\"https:\/\/www.werner-wohnbau.de\/wp-content\/uploads\/2026\/03\/IMG_4659-scaled.jpg 2560w, https:\/\/www.werner-wohnbau.de\/wp-content\/uploads\/2026\/03\/IMG_4659-300x225.jpg 300w, https:\/\/www.werner-wohnbau.de\/wp-content\/uploads\/2026\/03\/IMG_4659-768x576.jpg 768w, https:\/\/www.werner-wohnbau.de\/wp-content\/uploads\/2026\/03\/IMG_4659-1536x1152.jpg 1536w, https:\/\/www.werner-wohnbau.de\/wp-content\/uploads\/2026\/03\/IMG_4659-2048x1536.jpg 2048w\" sizes=\"(max-width: 2560px) 100vw, 2560px\" \/>\t\t\t\t\t\t\t\t\t\t\t\t\t\t\t<\/div>\n\t\t\t\t<\/div>\n\t\t\t\t\t<\/div>\n\t\t<\/div>\n\t\t\t\t\t<\/div>\n\t\t<\/section>\n\t\t\t\t<section class=\"elementor-section elementor-top-section elementor-element elementor-element-4c94e94 elementor-section-boxed elementor-section-height-default elementor-section-height-default\" data-id=\"4c94e94\" data-element_type=\"section\" data-e-type=\"section\" data-settings=\"{&quot;background_background&quot;:&quot;classic&quot;}\">\n\t\t\t\t\t\t<div class=\"elementor-container elementor-column-gap-no\">\n\t\t\t\t\t<div class=\"elementor-column elementor-col-100 elementor-top-column elementor-element elementor-element-925bb8e\" data-id=\"925bb8e\" data-element_type=\"column\" data-e-type=\"column\">\n\t\t\t<div class=\"elementor-widget-wrap elementor-element-populated\">\n\t\t\t\t\t\t<div class=\"elementor-element elementor-element-fd9189c elementor-widget elementor-widget-theme-post-title elementor-page-title elementor-widget-heading\" data-id=\"fd9189c\" data-element_type=\"widget\" data-e-type=\"widget\" data-widget_type=\"theme-post-title.default\">\n\t\t\t\t<div class=\"elementor-widget-container\">\n\t\t\t\t\t<h1 class=\"elementor-heading-title elementor-size-default\">Wo Ideen auf Leidenschaft treffen, entsteht ein Zuhause mit Charakter<\/h1>\t\t\t\t<\/div>\n\t\t\t\t<\/div>\n\t\t\t\t<div data-dce-text-color=\"#FFFFFF\" class=\"elementor-element elementor-element-9453165 newstext elementor-widget elementor-widget-theme-post-content\" data-id=\"9453165\" data-element_type=\"widget\" data-e-type=\"widget\" data-widget_type=\"theme-post-content.default\">\n\t\t\t\t<div class=\"elementor-widget-container\">\n\t\t\t\t\t\n<p>Ready to feel home \u2013 Besichtigen Sie jetzt unser neues Musterhaus in Dortmund-Mengede.<\/p>\n\t\t\t\t<\/div>\n\t\t\t\t<\/div>\n\t\t\t\t<div class=\"elementor-element elementor-element-529db4c elementor-align-right elementor-widget elementor-widget-button\" data-id=\"529db4c\" data-element_type=\"widget\" data-e-type=\"widget\" data-widget_type=\"button.default\">\n\t\t\t\t<div class=\"elementor-widget-container\">\n\t\t\t\t\t\t\t\t\t<div class=\"elementor-button-wrapper\">\n\t\t\t\t\t<a class=\"elementor-button elementor-button-link elementor-size-xs\" href=\"https:\/\/www.werner-wohnbau.de\/en\/nachrichten\/wo-ideen-auf-leidenschaft-treffen-entsteht-ein-zuhause-mit-charakter\/\">\n\t\t\t\t\t\t<span class=\"elementor-button-content-wrapper\">\n\t\t\t\t\t\t\t\t\t<span class=\"elementor-button-text\">READ ON ...<\/span>\n\t\t\t\t\t<\/span>\n\t\t\t\t\t<\/a>\n\t\t\t\t<\/div>\n\t\t\t\t\t\t\t\t<\/div>\n\t\t\t\t<\/div>\n\t\t\t\t\t<\/div>\n\t\t<\/div>\n\t\t\t\t\t<\/div>\n\t\t<\/section>\n\t\t\t\t<\/div>\n\t\t\t\t<div data-elementor-type=\"loop-item\" data-elementor-id=\"19057\" class=\"elementor elementor-19057 elementor-3752 e-loop-item e-loop-item-27168 post-27168 nachrichten type-nachrichten status-publish has-post-thumbnail hentry\" data-elementor-post-type=\"elementor_library\" data-custom-edit-handle=\"1\">\n\t\t\t\t\t<section class=\"elementor-section elementor-top-section elementor-element elementor-element-b41ea66 elementor-section-boxed elementor-section-height-default elementor-section-height-default\" data-id=\"b41ea66\" data-element_type=\"section\" data-e-type=\"section\">\n\t\t\t\t\t\t<div class=\"elementor-container elementor-column-gap-no\">\n\t\t\t\t\t<div class=\"elementor-column elementor-col-100 elementor-top-column elementor-element elementor-element-da66870\" data-id=\"da66870\" data-element_type=\"column\" data-e-type=\"column\">\n\t\t\t<div class=\"elementor-widget-wrap elementor-element-populated\">\n\t\t\t\t\t\t<div class=\"elementor-element elementor-element-6f7cb2d elementor-widget elementor-widget-theme-post-featured-image elementor-widget-image\" data-id=\"6f7cb2d\" data-element_type=\"widget\" data-e-type=\"widget\" data-widget_type=\"theme-post-featured-image.default\">\n\t\t\t\t<div class=\"elementor-widget-container\">\n\t\t\t\t\t\t\t\t\t\t\t\t\t\t\t<img decoding=\"async\" width=\"1683\" height=\"1190\" src=\"https:\/\/www.werner-wohnbau.de\/wp-content\/uploads\/2026\/01\/Draufansicht-16.jpg\" class=\"attachment-full size-full wp-image-27154\" alt=\"\" srcset=\"https:\/\/www.werner-wohnbau.de\/wp-content\/uploads\/2026\/01\/Draufansicht-16.jpg 1683w, https:\/\/www.werner-wohnbau.de\/wp-content\/uploads\/2026\/01\/Draufansicht-16-300x212.jpg 300w, https:\/\/www.werner-wohnbau.de\/wp-content\/uploads\/2026\/01\/Draufansicht-16-768x543.jpg 768w, https:\/\/www.werner-wohnbau.de\/wp-content\/uploads\/2026\/01\/Draufansicht-16-1536x1086.jpg 1536w\" sizes=\"(max-width: 1683px) 100vw, 1683px\" \/>\t\t\t\t\t\t\t\t\t\t\t\t\t\t\t<\/div>\n\t\t\t\t<\/div>\n\t\t\t\t\t<\/div>\n\t\t<\/div>\n\t\t\t\t\t<\/div>\n\t\t<\/section>\n\t\t\t\t<section class=\"elementor-section elementor-top-section elementor-element elementor-element-4c94e94 elementor-section-boxed elementor-section-height-default elementor-section-height-default\" data-id=\"4c94e94\" data-element_type=\"section\" data-e-type=\"section\" data-settings=\"{&quot;background_background&quot;:&quot;classic&quot;}\">\n\t\t\t\t\t\t<div class=\"elementor-container elementor-column-gap-no\">\n\t\t\t\t\t<div class=\"elementor-column elementor-col-100 elementor-top-column elementor-element elementor-element-925bb8e\" data-id=\"925bb8e\" data-element_type=\"column\" data-e-type=\"column\">\n\t\t\t<div class=\"elementor-widget-wrap elementor-element-populated\">\n\t\t\t\t\t\t<div class=\"elementor-element elementor-element-fd9189c elementor-widget elementor-widget-theme-post-title elementor-page-title elementor-widget-heading\" data-id=\"fd9189c\" data-element_type=\"widget\" data-e-type=\"widget\" data-widget_type=\"theme-post-title.default\">\n\t\t\t\t<div class=\"elementor-widget-container\">\n\t\t\t\t\t<h1 class=\"elementor-heading-title elementor-size-default\">Wertbest\u00e4ndig wohnen \u2013 familienfreundlich und nachhaltig<\/h1>\t\t\t\t<\/div>\n\t\t\t\t<\/div>\n\t\t\t\t<div data-dce-text-color=\"#FFFFFF\" class=\"elementor-element elementor-element-9453165 newstext elementor-widget elementor-widget-theme-post-content\" data-id=\"9453165\" data-element_type=\"widget\" data-e-type=\"widget\" data-widget_type=\"theme-post-content.default\">\n\t\t\t\t<div class=\"elementor-widget-container\">\n\t\t\t\t\t\n<p>Baufortschritt in Weil-Petzenhausen: Gefragtes Wohnprojekt mit l\u00e4ndlichem Charme und starker Anbindung.<\/p>\n\n\n\n<p><\/p>\n\t\t\t\t<\/div>\n\t\t\t\t<\/div>\n\t\t\t\t<div class=\"elementor-element elementor-element-529db4c elementor-align-right elementor-widget elementor-widget-button\" data-id=\"529db4c\" data-element_type=\"widget\" data-e-type=\"widget\" data-widget_type=\"button.default\">\n\t\t\t\t<div class=\"elementor-widget-container\">\n\t\t\t\t\t\t\t\t\t<div class=\"elementor-button-wrapper\">\n\t\t\t\t\t<a class=\"elementor-button elementor-button-link elementor-size-xs\" href=\"https:\/\/www.werner-wohnbau.de\/en\/nachrichten\/zukunftssicher-wohnen-in-weil-petzenhausen\/\">\n\t\t\t\t\t\t<span class=\"elementor-button-content-wrapper\">\n\t\t\t\t\t\t\t\t\t<span class=\"elementor-button-text\">READ ON ...<\/span>\n\t\t\t\t\t<\/span>\n\t\t\t\t\t<\/a>\n\t\t\t\t<\/div>\n\t\t\t\t\t\t\t\t<\/div>\n\t\t\t\t<\/div>\n\t\t\t\t\t<\/div>\n\t\t<\/div>\n\t\t\t\t\t<\/div>\n\t\t<\/section>\n\t\t\t\t<\/div>\n\t\t\t\t<div data-elementor-type=\"loop-item\" data-elementor-id=\"19057\" class=\"elementor elementor-19057 elementor-3752 e-loop-item e-loop-item-27050 post-27050 nachrichten type-nachrichten status-publish has-post-thumbnail hentry\" data-elementor-post-type=\"elementor_library\" data-custom-edit-handle=\"1\">\n\t\t\t\t\t<section class=\"elementor-section elementor-top-section elementor-element elementor-element-b41ea66 elementor-section-boxed elementor-section-height-default elementor-section-height-default\" data-id=\"b41ea66\" data-element_type=\"section\" data-e-type=\"section\">\n\t\t\t\t\t\t<div class=\"elementor-container elementor-column-gap-no\">\n\t\t\t\t\t<div class=\"elementor-column elementor-col-100 elementor-top-column elementor-element elementor-element-da66870\" data-id=\"da66870\" data-element_type=\"column\" data-e-type=\"column\">\n\t\t\t<div class=\"elementor-widget-wrap elementor-element-populated\">\n\t\t\t\t\t\t<div class=\"elementor-element elementor-element-6f7cb2d elementor-widget elementor-widget-theme-post-featured-image elementor-widget-image\" data-id=\"6f7cb2d\" data-element_type=\"widget\" data-e-type=\"widget\" data-widget_type=\"theme-post-featured-image.default\">\n\t\t\t\t<div class=\"elementor-widget-container\">\n\t\t\t\t\t\t\t\t\t\t\t\t\t\t\t<img loading=\"lazy\" decoding=\"async\" width=\"2560\" height=\"1440\" src=\"https:\/\/www.werner-wohnbau.de\/wp-content\/uploads\/2025\/12\/Schwenningen_Closeup-scaled.jpg\" class=\"attachment-full size-full wp-image-27042\" alt=\"\" srcset=\"https:\/\/www.werner-wohnbau.de\/wp-content\/uploads\/2025\/12\/Schwenningen_Closeup-scaled.jpg 2560w, https:\/\/www.werner-wohnbau.de\/wp-content\/uploads\/2025\/12\/Schwenningen_Closeup-300x169.jpg 300w, https:\/\/www.werner-wohnbau.de\/wp-content\/uploads\/2025\/12\/Schwenningen_Closeup-768x432.jpg 768w, https:\/\/www.werner-wohnbau.de\/wp-content\/uploads\/2025\/12\/Schwenningen_Closeup-1536x864.jpg 1536w, https:\/\/www.werner-wohnbau.de\/wp-content\/uploads\/2025\/12\/Schwenningen_Closeup-2048x1152.jpg 2048w\" sizes=\"(max-width: 2560px) 100vw, 2560px\" \/>\t\t\t\t\t\t\t\t\t\t\t\t\t\t\t<\/div>\n\t\t\t\t<\/div>\n\t\t\t\t\t<\/div>\n\t\t<\/div>\n\t\t\t\t\t<\/div>\n\t\t<\/section>\n\t\t\t\t<section class=\"elementor-section elementor-top-section elementor-element elementor-element-4c94e94 elementor-section-boxed elementor-section-height-default elementor-section-height-default\" data-id=\"4c94e94\" data-element_type=\"section\" data-e-type=\"section\" data-settings=\"{&quot;background_background&quot;:&quot;classic&quot;}\">\n\t\t\t\t\t\t<div class=\"elementor-container elementor-column-gap-no\">\n\t\t\t\t\t<div class=\"elementor-column elementor-col-100 elementor-top-column elementor-element elementor-element-925bb8e\" data-id=\"925bb8e\" data-element_type=\"column\" data-e-type=\"column\">\n\t\t\t<div class=\"elementor-widget-wrap elementor-element-populated\">\n\t\t\t\t\t\t<div class=\"elementor-element elementor-element-fd9189c elementor-widget elementor-widget-theme-post-title elementor-page-title elementor-widget-heading\" data-id=\"fd9189c\" data-element_type=\"widget\" data-e-type=\"widget\" data-widget_type=\"theme-post-title.default\">\n\t\t\t\t<div class=\"elementor-widget-container\">\n\t\t\t\t\t<h1 class=\"elementor-heading-title elementor-size-default\">Ein weiterer Bauabschnitt in VS-Schwenningen ist ab heute online<\/h1>\t\t\t\t<\/div>\n\t\t\t\t<\/div>\n\t\t\t\t<div data-dce-text-color=\"#FFFFFF\" class=\"elementor-element elementor-element-9453165 newstext elementor-widget elementor-widget-theme-post-content\" data-id=\"9453165\" data-element_type=\"widget\" data-e-type=\"widget\" data-widget_type=\"theme-post-content.default\">\n\t\t\t\t<div class=\"elementor-widget-container\">\n\t\t\t\t\t\n<p>Das Projekt setzt Ma\u00dfst\u00e4be in Nachhaltigkeit und Energieeffizienz: Errichtet im KfW-40-NH-Standard und QNG-zertifiziert.<\/p>\n\n\n\n<p><\/p>\n\t\t\t\t<\/div>\n\t\t\t\t<\/div>\n\t\t\t\t<div class=\"elementor-element elementor-element-529db4c elementor-align-right elementor-widget elementor-widget-button\" data-id=\"529db4c\" data-element_type=\"widget\" data-e-type=\"widget\" data-widget_type=\"button.default\">\n\t\t\t\t<div class=\"elementor-widget-container\">\n\t\t\t\t\t\t\t\t\t<div class=\"elementor-button-wrapper\">\n\t\t\t\t\t<a class=\"elementor-button elementor-button-link elementor-size-xs\" href=\"https:\/\/www.werner-wohnbau.de\/en\/nachrichten\/zukunftsorientiert-und-familienfreundlich-neuer-bauabschnitt-in-vs-schwenningen\/\">\n\t\t\t\t\t\t<span class=\"elementor-button-content-wrapper\">\n\t\t\t\t\t\t\t\t\t<span class=\"elementor-button-text\">READ ON ...<\/span>\n\t\t\t\t\t<\/span>\n\t\t\t\t\t<\/a>\n\t\t\t\t<\/div>\n\t\t\t\t\t\t\t\t<\/div>\n\t\t\t\t<\/div>\n\t\t\t\t\t<\/div>\n\t\t<\/div>\n\t\t\t\t\t<\/div>\n\t\t<\/section>\n\t\t\t\t<\/div>\n\t\t\t\t<div data-elementor-type=\"loop-item\" data-elementor-id=\"19057\" class=\"elementor elementor-19057 elementor-3752 e-loop-item e-loop-item-26929 post-26929 nachrichten type-nachrichten status-publish has-post-thumbnail hentry\" data-elementor-post-type=\"elementor_library\" data-custom-edit-handle=\"1\">\n\t\t\t\t\t<section class=\"elementor-section elementor-top-section elementor-element elementor-element-b41ea66 elementor-section-boxed elementor-section-height-default elementor-section-height-default\" data-id=\"b41ea66\" data-element_type=\"section\" data-e-type=\"section\">\n\t\t\t\t\t\t<div class=\"elementor-container elementor-column-gap-no\">\n\t\t\t\t\t<div class=\"elementor-column elementor-col-100 elementor-top-column elementor-element elementor-element-da66870\" data-id=\"da66870\" data-element_type=\"column\" data-e-type=\"column\">\n\t\t\t<div class=\"elementor-widget-wrap elementor-element-populated\">\n\t\t\t\t\t\t<div class=\"elementor-element elementor-element-6f7cb2d elementor-widget elementor-widget-theme-post-featured-image elementor-widget-image\" data-id=\"6f7cb2d\" data-element_type=\"widget\" data-e-type=\"widget\" data-widget_type=\"theme-post-featured-image.default\">\n\t\t\t\t<div class=\"elementor-widget-container\">\n\t\t\t\t\t\t\t\t\t\t\t\t\t\t\t<img loading=\"lazy\" decoding=\"async\" width=\"2560\" height=\"1440\" src=\"https:\/\/www.werner-wohnbau.de\/wp-content\/uploads\/2025\/12\/Berg-Weiler_Garten-143-Closeup-scaled.jpg\" class=\"attachment-full size-full wp-image-26930\" alt=\"\" srcset=\"https:\/\/www.werner-wohnbau.de\/wp-content\/uploads\/2025\/12\/Berg-Weiler_Garten-143-Closeup-scaled.jpg 2560w, https:\/\/www.werner-wohnbau.de\/wp-content\/uploads\/2025\/12\/Berg-Weiler_Garten-143-Closeup-300x169.jpg 300w, https:\/\/www.werner-wohnbau.de\/wp-content\/uploads\/2025\/12\/Berg-Weiler_Garten-143-Closeup-768x432.jpg 768w, https:\/\/www.werner-wohnbau.de\/wp-content\/uploads\/2025\/12\/Berg-Weiler_Garten-143-Closeup-1536x864.jpg 1536w, https:\/\/www.werner-wohnbau.de\/wp-content\/uploads\/2025\/12\/Berg-Weiler_Garten-143-Closeup-2048x1152.jpg 2048w\" sizes=\"(max-width: 2560px) 100vw, 2560px\" \/>\t\t\t\t\t\t\t\t\t\t\t\t\t\t\t<\/div>\n\t\t\t\t<\/div>\n\t\t\t\t\t<\/div>\n\t\t<\/div>\n\t\t\t\t\t<\/div>\n\t\t<\/section>\n\t\t\t\t<section class=\"elementor-section elementor-top-section elementor-element elementor-element-4c94e94 elementor-section-boxed elementor-section-height-default elementor-section-height-default\" data-id=\"4c94e94\" data-element_type=\"section\" data-e-type=\"section\" data-settings=\"{&quot;background_background&quot;:&quot;classic&quot;}\">\n\t\t\t\t\t\t<div class=\"elementor-container elementor-column-gap-no\">\n\t\t\t\t\t<div class=\"elementor-column elementor-col-100 elementor-top-column elementor-element elementor-element-925bb8e\" data-id=\"925bb8e\" data-element_type=\"column\" data-e-type=\"column\">\n\t\t\t<div class=\"elementor-widget-wrap elementor-element-populated\">\n\t\t\t\t\t\t<div class=\"elementor-element elementor-element-fd9189c elementor-widget elementor-widget-theme-post-title elementor-page-title elementor-widget-heading\" data-id=\"fd9189c\" data-element_type=\"widget\" data-e-type=\"widget\" data-widget_type=\"theme-post-title.default\">\n\t\t\t\t<div class=\"elementor-widget-container\">\n\t\t\t\t\t<h1 class=\"elementor-heading-title elementor-size-default\">Neubau in Berg-Weiler startet in den Verkauf<\/h1>\t\t\t\t<\/div>\n\t\t\t\t<\/div>\n\t\t\t\t<div data-dce-text-color=\"#FFFFFF\" class=\"elementor-element elementor-element-9453165 newstext elementor-widget elementor-widget-theme-post-content\" data-id=\"9453165\" data-element_type=\"widget\" data-e-type=\"widget\" data-widget_type=\"theme-post-content.default\">\n\t\t\t\t<div class=\"elementor-widget-container\">\n\t\t\t\t\t\n<p>13 Reihenh\u00e4user und zwei Doppelhaush\u00e4lften im energieeffizienten KfW-55-Standard mit Wohlf\u00fchlfaktor.<\/p>\n\n\n\n<p><\/p>\n\t\t\t\t<\/div>\n\t\t\t\t<\/div>\n\t\t\t\t<div class=\"elementor-element elementor-element-529db4c elementor-align-right elementor-widget elementor-widget-button\" data-id=\"529db4c\" data-element_type=\"widget\" data-e-type=\"widget\" data-widget_type=\"button.default\">\n\t\t\t\t<div class=\"elementor-widget-container\">\n\t\t\t\t\t\t\t\t\t<div class=\"elementor-button-wrapper\">\n\t\t\t\t\t<a class=\"elementor-button elementor-button-link elementor-size-xs\" href=\"https:\/\/www.werner-wohnbau.de\/en\/nachrichten\/neubau-in-berg-weiler-startet-in-den-verkauf\/\">\n\t\t\t\t\t\t<span class=\"elementor-button-content-wrapper\">\n\t\t\t\t\t\t\t\t\t<span class=\"elementor-button-text\">READ ON ...<\/span>\n\t\t\t\t\t<\/span>\n\t\t\t\t\t<\/a>\n\t\t\t\t<\/div>\n\t\t\t\t\t\t\t\t<\/div>\n\t\t\t\t<\/div>\n\t\t\t\t\t<\/div>\n\t\t<\/div>\n\t\t\t\t\t<\/div>\n\t\t<\/section>\n\t\t\t\t<\/div>\n\t\t\t\t<div data-elementor-type=\"loop-item\" data-elementor-id=\"19057\" class=\"elementor elementor-19057 elementor-3752 e-loop-item e-loop-item-26915 post-26915 nachrichten type-nachrichten status-publish has-post-thumbnail hentry\" data-elementor-post-type=\"elementor_library\" data-custom-edit-handle=\"1\">\n\t\t\t\t\t<section class=\"elementor-section elementor-top-section elementor-element elementor-element-b41ea66 elementor-section-boxed elementor-section-height-default elementor-section-height-default\" data-id=\"b41ea66\" data-element_type=\"section\" data-e-type=\"section\">\n\t\t\t\t\t\t<div class=\"elementor-container elementor-column-gap-no\">\n\t\t\t\t\t<div class=\"elementor-column elementor-col-100 elementor-top-column elementor-element elementor-element-da66870\" data-id=\"da66870\" data-element_type=\"column\" data-e-type=\"column\">\n\t\t\t<div class=\"elementor-widget-wrap elementor-element-populated\">\n\t\t\t\t\t\t<div class=\"elementor-element elementor-element-6f7cb2d elementor-widget elementor-widget-theme-post-featured-image elementor-widget-image\" data-id=\"6f7cb2d\" data-element_type=\"widget\" data-e-type=\"widget\" data-widget_type=\"theme-post-featured-image.default\">\n\t\t\t\t<div class=\"elementor-widget-container\">\n\t\t\t\t\t\t\t\t\t\t\t\t\t\t\t<img loading=\"lazy\" decoding=\"async\" width=\"1184\" height=\"614\" src=\"https:\/\/www.werner-wohnbau.de\/wp-content\/uploads\/2025\/11\/Draufsicht-Koeln-1.png\" class=\"attachment-full size-full wp-image-26918\" alt=\"\" srcset=\"https:\/\/www.werner-wohnbau.de\/wp-content\/uploads\/2025\/11\/Draufsicht-Koeln-1.png 1184w, https:\/\/www.werner-wohnbau.de\/wp-content\/uploads\/2025\/11\/Draufsicht-Koeln-1-300x156.png 300w, https:\/\/www.werner-wohnbau.de\/wp-content\/uploads\/2025\/11\/Draufsicht-Koeln-1-768x398.png 768w\" sizes=\"(max-width: 1184px) 100vw, 1184px\" \/>\t\t\t\t\t\t\t\t\t\t\t\t\t\t\t<\/div>\n\t\t\t\t<\/div>\n\t\t\t\t\t<\/div>\n\t\t<\/div>\n\t\t\t\t\t<\/div>\n\t\t<\/section>\n\t\t\t\t<section class=\"elementor-section elementor-top-section elementor-element elementor-element-4c94e94 elementor-section-boxed elementor-section-height-default elementor-section-height-default\" data-id=\"4c94e94\" data-element_type=\"section\" data-e-type=\"section\" data-settings=\"{&quot;background_background&quot;:&quot;classic&quot;}\">\n\t\t\t\t\t\t<div class=\"elementor-container elementor-column-gap-no\">\n\t\t\t\t\t<div class=\"elementor-column elementor-col-100 elementor-top-column elementor-element elementor-element-925bb8e\" data-id=\"925bb8e\" data-element_type=\"column\" data-e-type=\"column\">\n\t\t\t<div class=\"elementor-widget-wrap elementor-element-populated\">\n\t\t\t\t\t\t<div class=\"elementor-element elementor-element-fd9189c elementor-widget elementor-widget-theme-post-title elementor-page-title elementor-widget-heading\" data-id=\"fd9189c\" data-element_type=\"widget\" data-e-type=\"widget\" data-widget_type=\"theme-post-title.default\">\n\t\t\t\t<div class=\"elementor-widget-container\">\n\t\t\t\t\t<h1 class=\"elementor-heading-title elementor-size-default\">Erster Bauabschnitt in K\u00f6ln S\u00fcrth-Rodenkirchen verkauft<\/h1>\t\t\t\t<\/div>\n\t\t\t\t<\/div>\n\t\t\t\t<div data-dce-text-color=\"#FFFFFF\" class=\"elementor-element elementor-element-9453165 newstext elementor-widget elementor-widget-theme-post-content\" data-id=\"9453165\" data-element_type=\"widget\" data-e-type=\"widget\" data-widget_type=\"theme-post-content.default\">\n\t\t\t\t<div class=\"elementor-widget-container\">\n\t\t\t\t\t\n<p>Zehn energieeffiziente H\u00e4user im KfW-40-NH Standard \u2013 zukunftssichere Investition mit attraktiven F\u00f6rderm\u00f6glichkeiten f\u00fcr Eigennutzer und Kapitalanleger.<\/p>\n\t\t\t\t<\/div>\n\t\t\t\t<\/div>\n\t\t\t\t<div class=\"elementor-element elementor-element-529db4c elementor-align-right elementor-widget elementor-widget-button\" data-id=\"529db4c\" data-element_type=\"widget\" data-e-type=\"widget\" data-widget_type=\"button.default\">\n\t\t\t\t<div class=\"elementor-widget-container\">\n\t\t\t\t\t\t\t\t\t<div class=\"elementor-button-wrapper\">\n\t\t\t\t\t<a class=\"elementor-button elementor-button-link elementor-size-xs\" href=\"https:\/\/www.werner-wohnbau.de\/en\/nachrichten\/erster-bauabschnitt-in-koeln-suerth-rodenkirchen-verkauft\/\">\n\t\t\t\t\t\t<span class=\"elementor-button-content-wrapper\">\n\t\t\t\t\t\t\t\t\t<span class=\"elementor-button-text\">READ ON ...<\/span>\n\t\t\t\t\t<\/span>\n\t\t\t\t\t<\/a>\n\t\t\t\t<\/div>\n\t\t\t\t\t\t\t\t<\/div>\n\t\t\t\t<\/div>\n\t\t\t\t\t<\/div>\n\t\t<\/div>\n\t\t\t\t\t<\/div>\n\t\t<\/section>\n\t\t\t\t<\/div>\n\t\t\t\t<div data-elementor-type=\"loop-item\" data-elementor-id=\"19057\" class=\"elementor elementor-19057 elementor-3752 e-loop-item e-loop-item-26627 post-26627 nachrichten type-nachrichten status-publish has-post-thumbnail hentry\" data-elementor-post-type=\"elementor_library\" data-custom-edit-handle=\"1\">\n\t\t\t\t\t<section class=\"elementor-section elementor-top-section elementor-element elementor-element-b41ea66 elementor-section-boxed elementor-section-height-default elementor-section-height-default\" data-id=\"b41ea66\" data-element_type=\"section\" data-e-type=\"section\">\n\t\t\t\t\t\t<div class=\"elementor-container elementor-column-gap-no\">\n\t\t\t\t\t<div class=\"elementor-column elementor-col-100 elementor-top-column elementor-element elementor-element-da66870\" data-id=\"da66870\" data-element_type=\"column\" data-e-type=\"column\">\n\t\t\t<div class=\"elementor-widget-wrap elementor-element-populated\">\n\t\t\t\t\t\t<div class=\"elementor-element elementor-element-6f7cb2d elementor-widget elementor-widget-theme-post-featured-image elementor-widget-image\" data-id=\"6f7cb2d\" data-element_type=\"widget\" data-e-type=\"widget\" data-widget_type=\"theme-post-featured-image.default\">\n\t\t\t\t<div class=\"elementor-widget-container\">\n\t\t\t\t\t\t\t\t\t\t\t\t\t\t\t<img loading=\"lazy\" decoding=\"async\" width=\"1184\" height=\"774\" src=\"https:\/\/www.werner-wohnbau.de\/wp-content\/uploads\/2025\/10\/Mainz_Baufeld.png\" class=\"attachment-full size-full wp-image-26628\" alt=\"\" srcset=\"https:\/\/www.werner-wohnbau.de\/wp-content\/uploads\/2025\/10\/Mainz_Baufeld.png 1184w, https:\/\/www.werner-wohnbau.de\/wp-content\/uploads\/2025\/10\/Mainz_Baufeld-300x196.png 300w, https:\/\/www.werner-wohnbau.de\/wp-content\/uploads\/2025\/10\/Mainz_Baufeld-768x502.png 768w\" sizes=\"(max-width: 1184px) 100vw, 1184px\" \/>\t\t\t\t\t\t\t\t\t\t\t\t\t\t\t<\/div>\n\t\t\t\t<\/div>\n\t\t\t\t\t<\/div>\n\t\t<\/div>\n\t\t\t\t\t<\/div>\n\t\t<\/section>\n\t\t\t\t<section class=\"elementor-section elementor-top-section elementor-element elementor-element-4c94e94 elementor-section-boxed elementor-section-height-default elementor-section-height-default\" data-id=\"4c94e94\" data-element_type=\"section\" data-e-type=\"section\" data-settings=\"{&quot;background_background&quot;:&quot;classic&quot;}\">\n\t\t\t\t\t\t<div class=\"elementor-container elementor-column-gap-no\">\n\t\t\t\t\t<div class=\"elementor-column elementor-col-100 elementor-top-column elementor-element elementor-element-925bb8e\" data-id=\"925bb8e\" data-element_type=\"column\" data-e-type=\"column\">\n\t\t\t<div class=\"elementor-widget-wrap elementor-element-populated\">\n\t\t\t\t\t\t<div class=\"elementor-element elementor-element-fd9189c elementor-widget elementor-widget-theme-post-title elementor-page-title elementor-widget-heading\" data-id=\"fd9189c\" data-element_type=\"widget\" data-e-type=\"widget\" data-widget_type=\"theme-post-title.default\">\n\t\t\t\t<div class=\"elementor-widget-container\">\n\t\t\t\t\t<h1 class=\"elementor-heading-title elementor-size-default\">Vertriebsabschluss in Mainz: Alle Reihenh\u00e4user verkauft<\/h1>\t\t\t\t<\/div>\n\t\t\t\t<\/div>\n\t\t\t\t<div data-dce-text-color=\"#FFFFFF\" class=\"elementor-element elementor-element-9453165 newstext elementor-widget elementor-widget-theme-post-content\" data-id=\"9453165\" data-element_type=\"widget\" data-e-type=\"widget\" data-widget_type=\"theme-post-content.default\">\n\t\t\t\t<div class=\"elementor-widget-container\">\n\t\t\t\t\t\n<p>Sechs energieeffiziente Reihenh\u00e4user finden in kurzer Zeit neue Eigent\u00fcmer \u2013 der Baustart steht bevor.<\/p>\n\n\n\n<p><\/p>\n\t\t\t\t<\/div>\n\t\t\t\t<\/div>\n\t\t\t\t<div class=\"elementor-element elementor-element-529db4c elementor-align-right elementor-widget elementor-widget-button\" data-id=\"529db4c\" data-element_type=\"widget\" data-e-type=\"widget\" data-widget_type=\"button.default\">\n\t\t\t\t<div class=\"elementor-widget-container\">\n\t\t\t\t\t\t\t\t\t<div class=\"elementor-button-wrapper\">\n\t\t\t\t\t<a class=\"elementor-button elementor-button-link elementor-size-xs\" href=\"https:\/\/www.werner-wohnbau.de\/en\/nachrichten\/erfolgreicher-projektvertrieb-in-mainz-abgeschlossen\/\">\n\t\t\t\t\t\t<span class=\"elementor-button-content-wrapper\">\n\t\t\t\t\t\t\t\t\t<span class=\"elementor-button-text\">READ ON ...<\/span>\n\t\t\t\t\t<\/span>\n\t\t\t\t\t<\/a>\n\t\t\t\t<\/div>\n\t\t\t\t\t\t\t\t<\/div>\n\t\t\t\t<\/div>\n\t\t\t\t\t<\/div>\n\t\t<\/div>\n\t\t\t\t\t<\/div>\n\t\t<\/section>\n\t\t\t\t<\/div>\n\t\t\t\t<div data-elementor-type=\"loop-item\" data-elementor-id=\"19057\" class=\"elementor elementor-19057 elementor-3752 e-loop-item e-loop-item-26630 post-26630 nachrichten type-nachrichten status-publish has-post-thumbnail hentry\" data-elementor-post-type=\"elementor_library\" data-custom-edit-handle=\"1\">\n\t\t\t\t\t<section class=\"elementor-section elementor-top-section elementor-element elementor-element-b41ea66 elementor-section-boxed elementor-section-height-default elementor-section-height-default\" data-id=\"b41ea66\" data-element_type=\"section\" data-e-type=\"section\">\n\t\t\t\t\t\t<div class=\"elementor-container elementor-column-gap-no\">\n\t\t\t\t\t<div class=\"elementor-column elementor-col-100 elementor-top-column elementor-element elementor-element-da66870\" data-id=\"da66870\" data-element_type=\"column\" data-e-type=\"column\">\n\t\t\t<div class=\"elementor-widget-wrap elementor-element-populated\">\n\t\t\t\t\t\t<div class=\"elementor-element elementor-element-6f7cb2d elementor-widget elementor-widget-theme-post-featured-image elementor-widget-image\" data-id=\"6f7cb2d\" data-element_type=\"widget\" data-e-type=\"widget\" data-widget_type=\"theme-post-featured-image.default\">\n\t\t\t\t<div class=\"elementor-widget-container\">\n\t\t\t\t\t\t\t\t\t\t\t\t\t\t\t<img loading=\"lazy\" decoding=\"async\" width=\"2560\" height=\"1920\" src=\"https:\/\/www.werner-wohnbau.de\/wp-content\/uploads\/2025\/09\/Visualisierung_Glam_Wohnzimmer-scaled.jpg\" class=\"attachment-full size-full wp-image-25854\" alt=\"\" srcset=\"https:\/\/www.werner-wohnbau.de\/wp-content\/uploads\/2025\/09\/Visualisierung_Glam_Wohnzimmer-scaled.jpg 2560w, https:\/\/www.werner-wohnbau.de\/wp-content\/uploads\/2025\/09\/Visualisierung_Glam_Wohnzimmer-300x225.jpg 300w, https:\/\/www.werner-wohnbau.de\/wp-content\/uploads\/2025\/09\/Visualisierung_Glam_Wohnzimmer-768x576.jpg 768w, https:\/\/www.werner-wohnbau.de\/wp-content\/uploads\/2025\/09\/Visualisierung_Glam_Wohnzimmer-1536x1152.jpg 1536w, https:\/\/www.werner-wohnbau.de\/wp-content\/uploads\/2025\/09\/Visualisierung_Glam_Wohnzimmer-2048x1536.jpg 2048w\" sizes=\"(max-width: 2560px) 100vw, 2560px\" \/>\t\t\t\t\t\t\t\t\t\t\t\t\t\t\t<\/div>\n\t\t\t\t<\/div>\n\t\t\t\t\t<\/div>\n\t\t<\/div>\n\t\t\t\t\t<\/div>\n\t\t<\/section>\n\t\t\t\t<section class=\"elementor-section elementor-top-section elementor-element elementor-element-4c94e94 elementor-section-boxed elementor-section-height-default elementor-section-height-default\" data-id=\"4c94e94\" data-element_type=\"section\" data-e-type=\"section\" data-settings=\"{&quot;background_background&quot;:&quot;classic&quot;}\">\n\t\t\t\t\t\t<div class=\"elementor-container elementor-column-gap-no\">\n\t\t\t\t\t<div class=\"elementor-column elementor-col-100 elementor-top-column elementor-element elementor-element-925bb8e\" data-id=\"925bb8e\" data-element_type=\"column\" data-e-type=\"column\">\n\t\t\t<div class=\"elementor-widget-wrap elementor-element-populated\">\n\t\t\t\t\t\t<div class=\"elementor-element elementor-element-fd9189c elementor-widget elementor-widget-theme-post-title elementor-page-title elementor-widget-heading\" data-id=\"fd9189c\" data-element_type=\"widget\" data-e-type=\"widget\" data-widget_type=\"theme-post-title.default\">\n\t\t\t\t<div class=\"elementor-widget-container\">\n\t\t\t\t\t<h1 class=\"elementor-heading-title elementor-size-default\">Vertriebsstart in Top-Lagen: Ihr neues Zuhause in Olching oder Ditzingen<\/h1>\t\t\t\t<\/div>\n\t\t\t\t<\/div>\n\t\t\t\t<div data-dce-text-color=\"#FFFFFF\" class=\"elementor-element elementor-element-9453165 newstext elementor-widget elementor-widget-theme-post-content\" data-id=\"9453165\" data-element_type=\"widget\" data-e-type=\"widget\" data-widget_type=\"theme-post-content.default\">\n\t\t\t\t<div class=\"elementor-widget-container\">\n\t\t\t\t\t\n<p>Entdecken Sie unsere neuesten Wohnprojekte und finden Sie mit uns den perfekten Ort zum Wohlf\u00fchlen.<\/p>\n\n\n\n<p><\/p>\n\t\t\t\t<\/div>\n\t\t\t\t<\/div>\n\t\t\t\t<div class=\"elementor-element elementor-element-529db4c elementor-align-right elementor-widget elementor-widget-button\" data-id=\"529db4c\" data-element_type=\"widget\" data-e-type=\"widget\" data-widget_type=\"button.default\">\n\t\t\t\t<div class=\"elementor-widget-container\">\n\t\t\t\t\t\t\t\t\t<div class=\"elementor-button-wrapper\">\n\t\t\t\t\t<a class=\"elementor-button elementor-button-link elementor-size-xs\" href=\"https:\/\/www.werner-wohnbau.de\/en\/nachrichten\/vertriebsstart-in-olching-und-ditzingen\/\">\n\t\t\t\t\t\t<span class=\"elementor-button-content-wrapper\">\n\t\t\t\t\t\t\t\t\t<span class=\"elementor-button-text\">READ ON ...<\/span>\n\t\t\t\t\t<\/span>\n\t\t\t\t\t<\/a>\n\t\t\t\t<\/div>\n\t\t\t\t\t\t\t\t<\/div>\n\t\t\t\t<\/div>\n\t\t\t\t\t<\/div>\n\t\t<\/div>\n\t\t\t\t\t<\/div>\n\t\t<\/section>\n\t\t\t\t<\/div>\n\t\t\t\t<div data-elementor-type=\"loop-item\" data-elementor-id=\"19057\" class=\"elementor elementor-19057 elementor-3752 e-loop-item e-loop-item-26569 post-26569 nachrichten type-nachrichten status-publish has-post-thumbnail hentry\" data-elementor-post-type=\"elementor_library\" data-custom-edit-handle=\"1\">\n\t\t\t\t\t<section class=\"elementor-section elementor-top-section elementor-element elementor-element-b41ea66 elementor-section-boxed elementor-section-height-default elementor-section-height-default\" data-id=\"b41ea66\" data-element_type=\"section\" data-e-type=\"section\">\n\t\t\t\t\t\t<div class=\"elementor-container elementor-column-gap-no\">\n\t\t\t\t\t<div class=\"elementor-column elementor-col-100 elementor-top-column elementor-element elementor-element-da66870\" data-id=\"da66870\" data-element_type=\"column\" data-e-type=\"column\">\n\t\t\t<div class=\"elementor-widget-wrap elementor-element-populated\">\n\t\t\t\t\t\t<div class=\"elementor-element elementor-element-6f7cb2d elementor-widget elementor-widget-theme-post-featured-image elementor-widget-image\" data-id=\"6f7cb2d\" data-element_type=\"widget\" data-e-type=\"widget\" data-widget_type=\"theme-post-featured-image.default\">\n\t\t\t\t<div class=\"elementor-widget-container\">\n\t\t\t\t\t\t\t\t\t\t\t\t\t\t\t<img loading=\"lazy\" decoding=\"async\" width=\"1536\" height=\"1024\" src=\"https:\/\/www.werner-wohnbau.de\/wp-content\/uploads\/2025\/10\/Modell_Linkenheim.png\" class=\"attachment-full size-full wp-image-26571\" alt=\"\" srcset=\"https:\/\/www.werner-wohnbau.de\/wp-content\/uploads\/2025\/10\/Modell_Linkenheim.png 1536w, https:\/\/www.werner-wohnbau.de\/wp-content\/uploads\/2025\/10\/Modell_Linkenheim-300x200.png 300w, https:\/\/www.werner-wohnbau.de\/wp-content\/uploads\/2025\/10\/Modell_Linkenheim-768x512.png 768w\" sizes=\"(max-width: 1536px) 100vw, 1536px\" \/>\t\t\t\t\t\t\t\t\t\t\t\t\t\t\t<\/div>\n\t\t\t\t<\/div>\n\t\t\t\t\t<\/div>\n\t\t<\/div>\n\t\t\t\t\t<\/div>\n\t\t<\/section>\n\t\t\t\t<section class=\"elementor-section elementor-top-section elementor-element elementor-element-4c94e94 elementor-section-boxed elementor-section-height-default elementor-section-height-default\" data-id=\"4c94e94\" data-element_type=\"section\" data-e-type=\"section\" data-settings=\"{&quot;background_background&quot;:&quot;classic&quot;}\">\n\t\t\t\t\t\t<div class=\"elementor-container elementor-column-gap-no\">\n\t\t\t\t\t<div class=\"elementor-column elementor-col-100 elementor-top-column elementor-element elementor-element-925bb8e\" data-id=\"925bb8e\" data-element_type=\"column\" data-e-type=\"column\">\n\t\t\t<div class=\"elementor-widget-wrap elementor-element-populated\">\n\t\t\t\t\t\t<div class=\"elementor-element elementor-element-fd9189c elementor-widget elementor-widget-theme-post-title elementor-page-title elementor-widget-heading\" data-id=\"fd9189c\" data-element_type=\"widget\" data-e-type=\"widget\" data-widget_type=\"theme-post-title.default\">\n\t\t\t\t<div class=\"elementor-widget-container\">\n\t\t\t\t\t<h1 class=\"elementor-heading-title elementor-size-default\">Erfolgreicher Abverkauf in Linkenheim-Hochstetten<\/h1>\t\t\t\t<\/div>\n\t\t\t\t<\/div>\n\t\t\t\t<div data-dce-text-color=\"#FFFFFF\" class=\"elementor-element elementor-element-9453165 newstext elementor-widget elementor-widget-theme-post-content\" data-id=\"9453165\" data-element_type=\"widget\" data-e-type=\"widget\" data-widget_type=\"theme-post-content.default\">\n\t\t\t\t<div class=\"elementor-widget-container\">\n\t\t\t\t\t\n<p>Attraktiver und wertbest\u00e4ndiger Wohnraum in moderner Umgebung f\u00fcr unterschiedliche Lebensentw\u00fcrfe.<\/p>\n\t\t\t\t<\/div>\n\t\t\t\t<\/div>\n\t\t\t\t<div class=\"elementor-element elementor-element-529db4c elementor-align-right elementor-widget elementor-widget-button\" data-id=\"529db4c\" data-element_type=\"widget\" data-e-type=\"widget\" data-widget_type=\"button.default\">\n\t\t\t\t<div class=\"elementor-widget-container\">\n\t\t\t\t\t\t\t\t\t<div class=\"elementor-button-wrapper\">\n\t\t\t\t\t<a class=\"elementor-button elementor-button-link elementor-size-xs\" href=\"https:\/\/www.werner-wohnbau.de\/en\/nachrichten\/erfolgreicher-abverkauf-in-linkenheim-hochstetten\/\">\n\t\t\t\t\t\t<span class=\"elementor-button-content-wrapper\">\n\t\t\t\t\t\t\t\t\t<span class=\"elementor-button-text\">READ ON ...<\/span>\n\t\t\t\t\t<\/span>\n\t\t\t\t\t<\/a>\n\t\t\t\t<\/div>\n\t\t\t\t\t\t\t\t<\/div>\n\t\t\t\t<\/div>\n\t\t\t\t\t<\/div>\n\t\t<\/div>\n\t\t\t\t\t<\/div>\n\t\t<\/section>\n\t\t\t\t<\/div>\n\t\t\t\t<div data-elementor-type=\"loop-item\" data-elementor-id=\"19057\" class=\"elementor elementor-19057 elementor-3752 e-loop-item e-loop-item-26454 post-26454 nachrichten type-nachrichten status-publish has-post-thumbnail hentry\" data-elementor-post-type=\"elementor_library\" data-custom-edit-handle=\"1\">\n\t\t\t\t\t<section class=\"elementor-section elementor-top-section elementor-element elementor-element-b41ea66 elementor-section-boxed elementor-section-height-default elementor-section-height-default\" data-id=\"b41ea66\" data-element_type=\"section\" data-e-type=\"section\">\n\t\t\t\t\t\t<div class=\"elementor-container elementor-column-gap-no\">\n\t\t\t\t\t<div class=\"elementor-column elementor-col-100 elementor-top-column elementor-element elementor-element-da66870\" data-id=\"da66870\" data-element_type=\"column\" data-e-type=\"column\">\n\t\t\t<div class=\"elementor-widget-wrap elementor-element-populated\">\n\t\t\t\t\t\t<div class=\"elementor-element elementor-element-6f7cb2d elementor-widget elementor-widget-theme-post-featured-image elementor-widget-image\" data-id=\"6f7cb2d\" data-element_type=\"widget\" data-e-type=\"widget\" data-widget_type=\"theme-post-featured-image.default\">\n\t\t\t\t<div class=\"elementor-widget-container\">\n\t\t\t\t\t\t\t\t\t\t\t\t\t\t\t<img loading=\"lazy\" decoding=\"async\" width=\"2560\" height=\"1708\" src=\"https:\/\/www.werner-wohnbau.de\/wp-content\/uploads\/2025\/10\/werner_wohnbau_09_2025_-97-scaled.jpg\" class=\"attachment-full size-full wp-image-26455\" alt=\"\" srcset=\"https:\/\/www.werner-wohnbau.de\/wp-content\/uploads\/2025\/10\/werner_wohnbau_09_2025_-97-scaled.jpg 2560w, https:\/\/www.werner-wohnbau.de\/wp-content\/uploads\/2025\/10\/werner_wohnbau_09_2025_-97-300x200.jpg 300w, https:\/\/www.werner-wohnbau.de\/wp-content\/uploads\/2025\/10\/werner_wohnbau_09_2025_-97-768x512.jpg 768w, https:\/\/www.werner-wohnbau.de\/wp-content\/uploads\/2025\/10\/werner_wohnbau_09_2025_-97-1536x1025.jpg 1536w, https:\/\/www.werner-wohnbau.de\/wp-content\/uploads\/2025\/10\/werner_wohnbau_09_2025_-97-2048x1366.jpg 2048w\" sizes=\"(max-width: 2560px) 100vw, 2560px\" \/>\t\t\t\t\t\t\t\t\t\t\t\t\t\t\t<\/div>\n\t\t\t\t<\/div>\n\t\t\t\t\t<\/div>\n\t\t<\/div>\n\t\t\t\t\t<\/div>\n\t\t<\/section>\n\t\t\t\t<section class=\"elementor-section elementor-top-section elementor-element elementor-element-4c94e94 elementor-section-boxed elementor-section-height-default elementor-section-height-default\" data-id=\"4c94e94\" data-element_type=\"section\" data-e-type=\"section\" data-settings=\"{&quot;background_background&quot;:&quot;classic&quot;}\">\n\t\t\t\t\t\t<div class=\"elementor-container elementor-column-gap-no\">\n\t\t\t\t\t<div class=\"elementor-column elementor-col-100 elementor-top-column elementor-element elementor-element-925bb8e\" data-id=\"925bb8e\" data-element_type=\"column\" data-e-type=\"column\">\n\t\t\t<div class=\"elementor-widget-wrap elementor-element-populated\">\n\t\t\t\t\t\t<div class=\"elementor-element elementor-element-fd9189c elementor-widget elementor-widget-theme-post-title elementor-page-title elementor-widget-heading\" data-id=\"fd9189c\" data-element_type=\"widget\" data-e-type=\"widget\" data-widget_type=\"theme-post-title.default\">\n\t\t\t\t<div class=\"elementor-widget-container\">\n\t\t\t\t\t<h1 class=\"elementor-heading-title elementor-size-default\">Zuhause angekommen: Unsere Kunden \u00f6ffnen ihre T\u00fcren<\/h1>\t\t\t\t<\/div>\n\t\t\t\t<\/div>\n\t\t\t\t<div data-dce-text-color=\"#FFFFFF\" class=\"elementor-element elementor-element-9453165 newstext elementor-widget elementor-widget-theme-post-content\" data-id=\"9453165\" data-element_type=\"widget\" data-e-type=\"widget\" data-widget_type=\"theme-post-content.default\">\n\t\t\t\t<div class=\"elementor-widget-container\">\n\t\t\t\t\t\n<p>In unserer Serie \u201eKunden zeigen ihr Zuhause\u201c geben gl\u00fcckliche Bauherren exklusive Einblicke in ihr neues Eigenheim \u2013 gebaut mit Werner Wohnbau.<\/p>\n\t\t\t\t<\/div>\n\t\t\t\t<\/div>\n\t\t\t\t<div class=\"elementor-element elementor-element-529db4c elementor-align-right elementor-widget elementor-widget-button\" data-id=\"529db4c\" data-element_type=\"widget\" data-e-type=\"widget\" data-widget_type=\"button.default\">\n\t\t\t\t<div class=\"elementor-widget-container\">\n\t\t\t\t\t\t\t\t\t<div class=\"elementor-button-wrapper\">\n\t\t\t\t\t<a class=\"elementor-button elementor-button-link elementor-size-xs\" href=\"https:\/\/www.werner-wohnbau.de\/en\/nachrichten\/zuhause-angekommen-unsere-kunden-oeffnen-ihre-tueren\/\">\n\t\t\t\t\t\t<span class=\"elementor-button-content-wrapper\">\n\t\t\t\t\t\t\t\t\t<span class=\"elementor-button-text\">READ ON ...<\/span>\n\t\t\t\t\t<\/span>\n\t\t\t\t\t<\/a>\n\t\t\t\t<\/div>\n\t\t\t\t\t\t\t\t<\/div>\n\t\t\t\t<\/div>\n\t\t\t\t\t<\/div>\n\t\t<\/div>\n\t\t\t\t\t<\/div>\n\t\t<\/section>\n\t\t\t\t<\/div>\n\t\t\t\t<div data-elementor-type=\"loop-item\" data-elementor-id=\"19057\" class=\"elementor elementor-19057 elementor-3752 e-loop-item e-loop-item-26085 post-26085 nachrichten type-nachrichten status-publish has-post-thumbnail hentry\" data-elementor-post-type=\"elementor_library\" data-custom-edit-handle=\"1\">\n\t\t\t\t\t<section class=\"elementor-section elementor-top-section elementor-element elementor-element-b41ea66 elementor-section-boxed elementor-section-height-default elementor-section-height-default\" data-id=\"b41ea66\" data-element_type=\"section\" data-e-type=\"section\">\n\t\t\t\t\t\t<div class=\"elementor-container elementor-column-gap-no\">\n\t\t\t\t\t<div class=\"elementor-column elementor-col-100 elementor-top-column elementor-element elementor-element-da66870\" data-id=\"da66870\" data-element_type=\"column\" data-e-type=\"column\">\n\t\t\t<div class=\"elementor-widget-wrap elementor-element-populated\">\n\t\t\t\t\t\t<div class=\"elementor-element elementor-element-6f7cb2d elementor-widget elementor-widget-theme-post-featured-image elementor-widget-image\" data-id=\"6f7cb2d\" data-element_type=\"widget\" data-e-type=\"widget\" data-widget_type=\"theme-post-featured-image.default\">\n\t\t\t\t<div class=\"elementor-widget-container\">\n\t\t\t\t\t\t\t\t\t\t\t\t\t\t\t<img loading=\"lazy\" decoding=\"async\" width=\"2560\" height=\"1708\" src=\"https:\/\/www.werner-wohnbau.de\/wp-content\/uploads\/2025\/09\/2025-09-17_MHaus_PK_Nikola-Haubner-scaled.jpg\" class=\"attachment-full size-full wp-image-26026\" alt=\"\" srcset=\"https:\/\/www.werner-wohnbau.de\/wp-content\/uploads\/2025\/09\/2025-09-17_MHaus_PK_Nikola-Haubner-scaled.jpg 2560w, https:\/\/www.werner-wohnbau.de\/wp-content\/uploads\/2025\/09\/2025-09-17_MHaus_PK_Nikola-Haubner-300x200.jpg 300w, https:\/\/www.werner-wohnbau.de\/wp-content\/uploads\/2025\/09\/2025-09-17_MHaus_PK_Nikola-Haubner-768x512.jpg 768w, https:\/\/www.werner-wohnbau.de\/wp-content\/uploads\/2025\/09\/2025-09-17_MHaus_PK_Nikola-Haubner-1536x1025.jpg 1536w, https:\/\/www.werner-wohnbau.de\/wp-content\/uploads\/2025\/09\/2025-09-17_MHaus_PK_Nikola-Haubner-2048x1366.jpg 2048w\" sizes=\"(max-width: 2560px) 100vw, 2560px\" \/>\t\t\t\t\t\t\t\t\t\t\t\t\t\t\t<\/div>\n\t\t\t\t<\/div>\n\t\t\t\t\t<\/div>\n\t\t<\/div>\n\t\t\t\t\t<\/div>\n\t\t<\/section>\n\t\t\t\t<section class=\"elementor-section elementor-top-section elementor-element elementor-element-4c94e94 elementor-section-boxed elementor-section-height-default elementor-section-height-default\" data-id=\"4c94e94\" data-element_type=\"section\" data-e-type=\"section\" data-settings=\"{&quot;background_background&quot;:&quot;classic&quot;}\">\n\t\t\t\t\t\t<div class=\"elementor-container elementor-column-gap-no\">\n\t\t\t\t\t<div class=\"elementor-column elementor-col-100 elementor-top-column elementor-element elementor-element-925bb8e\" data-id=\"925bb8e\" data-element_type=\"column\" data-e-type=\"column\">\n\t\t\t<div class=\"elementor-widget-wrap elementor-element-populated\">\n\t\t\t\t\t\t<div class=\"elementor-element elementor-element-fd9189c elementor-widget elementor-widget-theme-post-title elementor-page-title elementor-widget-heading\" data-id=\"fd9189c\" data-element_type=\"widget\" data-e-type=\"widget\" data-widget_type=\"theme-post-title.default\">\n\t\t\t\t<div class=\"elementor-widget-container\">\n\t\t\t\t\t<h1 class=\"elementor-heading-title elementor-size-default\">Hometown meets big city: WERNER WOHNBAU develops Hochpunkt M<\/h1>\t\t\t\t<\/div>\n\t\t\t\t<\/div>\n\t\t\t\t<div data-dce-text-color=\"#FFFFFF\" class=\"elementor-element elementor-element-9453165 newstext elementor-widget elementor-widget-theme-post-content\" data-id=\"9453165\" data-element_type=\"widget\" data-e-type=\"widget\" data-widget_type=\"theme-post-content.default\">\n\t\t\t\t<div class=\"elementor-widget-container\">\n\t\t\t\t\t\n<p>Hochpunkt M in Mannheim marks the final piece of the urban development concept &#8216;HOME&#8217;.<\/p>\n\n<p><\/p>\n\t\t\t\t<\/div>\n\t\t\t\t<\/div>\n\t\t\t\t<div class=\"elementor-element elementor-element-529db4c elementor-align-right elementor-widget elementor-widget-button\" data-id=\"529db4c\" data-element_type=\"widget\" data-e-type=\"widget\" data-widget_type=\"button.default\">\n\t\t\t\t<div class=\"elementor-widget-container\">\n\t\t\t\t\t\t\t\t\t<div class=\"elementor-button-wrapper\">\n\t\t\t\t\t<a class=\"elementor-button elementor-button-link elementor-size-xs\" href=\"https:\/\/www.werner-wohnbau.de\/en\/nachrichten\/hometown-meets-big-city-werner-wohnbau-develops-hochpunkt-m\/\">\n\t\t\t\t\t\t<span class=\"elementor-button-content-wrapper\">\n\t\t\t\t\t\t\t\t\t<span class=\"elementor-button-text\">READ ON ...<\/span>\n\t\t\t\t\t<\/span>\n\t\t\t\t\t<\/a>\n\t\t\t\t<\/div>\n\t\t\t\t\t\t\t\t<\/div>\n\t\t\t\t<\/div>\n\t\t\t\t\t<\/div>\n\t\t<\/div>\n\t\t\t\t\t<\/div>\n\t\t<\/section>\n\t\t\t\t<\/div>\n\t\t\t\t<div data-elementor-type=\"loop-item\" data-elementor-id=\"19057\" class=\"elementor elementor-19057 elementor-3752 e-loop-item e-loop-item-26088 post-26088 nachrichten type-nachrichten status-publish has-post-thumbnail hentry\" data-elementor-post-type=\"elementor_library\" data-custom-edit-handle=\"1\">\n\t\t\t\t\t<section class=\"elementor-section elementor-top-section elementor-element elementor-element-b41ea66 elementor-section-boxed elementor-section-height-default elementor-section-height-default\" data-id=\"b41ea66\" data-element_type=\"section\" data-e-type=\"section\">\n\t\t\t\t\t\t<div class=\"elementor-container elementor-column-gap-no\">\n\t\t\t\t\t<div class=\"elementor-column elementor-col-100 elementor-top-column elementor-element elementor-element-da66870\" data-id=\"da66870\" data-element_type=\"column\" data-e-type=\"column\">\n\t\t\t<div class=\"elementor-widget-wrap elementor-element-populated\">\n\t\t\t\t\t\t<div class=\"elementor-element elementor-element-6f7cb2d elementor-widget elementor-widget-theme-post-featured-image elementor-widget-image\" data-id=\"6f7cb2d\" data-element_type=\"widget\" data-e-type=\"widget\" data-widget_type=\"theme-post-featured-image.default\">\n\t\t\t\t<div class=\"elementor-widget-container\">\n\t\t\t\t\t\t\t\t\t\t\t\t\t\t\t<img loading=\"lazy\" decoding=\"async\" width=\"1600\" height=\"1200\" src=\"https:\/\/www.werner-wohnbau.de\/wp-content\/uploads\/2025\/09\/eiswagen.jpg\" class=\"attachment-full size-full wp-image-25947\" alt=\"\" srcset=\"https:\/\/www.werner-wohnbau.de\/wp-content\/uploads\/2025\/09\/eiswagen.jpg 1600w, https:\/\/www.werner-wohnbau.de\/wp-content\/uploads\/2025\/09\/eiswagen-300x225.jpg 300w, https:\/\/www.werner-wohnbau.de\/wp-content\/uploads\/2025\/09\/eiswagen-768x576.jpg 768w, https:\/\/www.werner-wohnbau.de\/wp-content\/uploads\/2025\/09\/eiswagen-1536x1152.jpg 1536w\" sizes=\"(max-width: 1600px) 100vw, 1600px\" \/>\t\t\t\t\t\t\t\t\t\t\t\t\t\t\t<\/div>\n\t\t\t\t<\/div>\n\t\t\t\t\t<\/div>\n\t\t<\/div>\n\t\t\t\t\t<\/div>\n\t\t<\/section>\n\t\t\t\t<section class=\"elementor-section elementor-top-section elementor-element elementor-element-4c94e94 elementor-section-boxed elementor-section-height-default elementor-section-height-default\" data-id=\"4c94e94\" data-element_type=\"section\" data-e-type=\"section\" data-settings=\"{&quot;background_background&quot;:&quot;classic&quot;}\">\n\t\t\t\t\t\t<div class=\"elementor-container elementor-column-gap-no\">\n\t\t\t\t\t<div class=\"elementor-column elementor-col-100 elementor-top-column elementor-element elementor-element-925bb8e\" data-id=\"925bb8e\" data-element_type=\"column\" data-e-type=\"column\">\n\t\t\t<div class=\"elementor-widget-wrap elementor-element-populated\">\n\t\t\t\t\t\t<div class=\"elementor-element elementor-element-fd9189c elementor-widget elementor-widget-theme-post-title elementor-page-title elementor-widget-heading\" data-id=\"fd9189c\" data-element_type=\"widget\" data-e-type=\"widget\" data-widget_type=\"theme-post-title.default\">\n\t\t\t\t<div class=\"elementor-widget-container\">\n\t\t\t\t\t<h1 class=\"elementor-heading-title elementor-size-default\">Project presentation with ice cream truck highlight \u2013 a successful afternoon<\/h1>\t\t\t\t<\/div>\n\t\t\t\t<\/div>\n\t\t\t\t<div data-dce-text-color=\"#FFFFFF\" class=\"elementor-element elementor-element-9453165 newstext elementor-widget elementor-widget-theme-post-content\" data-id=\"9453165\" data-element_type=\"widget\" data-e-type=\"widget\" data-widget_type=\"theme-post-content.default\">\n\t\t\t\t<div class=\"elementor-widget-container\">\n\t\t\t\t\t\n<p>Ice cream, information, and great conversations \u2013 together with Silke and Marc Willkomm, we presented our new housing project.<br\/><\/p>\n\n<p><\/p>\n\t\t\t\t<\/div>\n\t\t\t\t<\/div>\n\t\t\t\t<div class=\"elementor-element elementor-element-529db4c elementor-align-right elementor-widget elementor-widget-button\" data-id=\"529db4c\" data-element_type=\"widget\" data-e-type=\"widget\" data-widget_type=\"button.default\">\n\t\t\t\t<div class=\"elementor-widget-container\">\n\t\t\t\t\t\t\t\t\t<div class=\"elementor-button-wrapper\">\n\t\t\t\t\t<a class=\"elementor-button elementor-button-link elementor-size-xs\" href=\"https:\/\/www.werner-wohnbau.de\/en\/nachrichten\/project-presentation-with-ice-cream-truck-highlight-a-successful-afternoon\/\">\n\t\t\t\t\t\t<span class=\"elementor-button-content-wrapper\">\n\t\t\t\t\t\t\t\t\t<span class=\"elementor-button-text\">READ ON ...<\/span>\n\t\t\t\t\t<\/span>\n\t\t\t\t\t<\/a>\n\t\t\t\t<\/div>\n\t\t\t\t\t\t\t\t<\/div>\n\t\t\t\t<\/div>\n\t\t\t\t\t<\/div>\n\t\t<\/div>\n\t\t\t\t\t<\/div>\n\t\t<\/section>\n\t\t\t\t<\/div>\n\t\t\t\t<div data-elementor-type=\"loop-item\" data-elementor-id=\"19057\" class=\"elementor elementor-19057 elementor-3752 e-loop-item e-loop-item-26089 post-26089 nachrichten type-nachrichten status-publish has-post-thumbnail hentry\" data-elementor-post-type=\"elementor_library\" data-custom-edit-handle=\"1\">\n\t\t\t\t\t<section class=\"elementor-section elementor-top-section elementor-element elementor-element-b41ea66 elementor-section-boxed elementor-section-height-default elementor-section-height-default\" data-id=\"b41ea66\" data-element_type=\"section\" data-e-type=\"section\">\n\t\t\t\t\t\t<div class=\"elementor-container elementor-column-gap-no\">\n\t\t\t\t\t<div class=\"elementor-column elementor-col-100 elementor-top-column elementor-element elementor-element-da66870\" data-id=\"da66870\" data-element_type=\"column\" data-e-type=\"column\">\n\t\t\t<div class=\"elementor-widget-wrap elementor-element-populated\">\n\t\t\t\t\t\t<div class=\"elementor-element elementor-element-6f7cb2d elementor-widget elementor-widget-theme-post-featured-image elementor-widget-image\" data-id=\"6f7cb2d\" data-element_type=\"widget\" data-e-type=\"widget\" data-widget_type=\"theme-post-featured-image.default\">\n\t\t\t\t<div class=\"elementor-widget-container\">\n\t\t\t\t\t\t\t\t\t\t\t\t\t\t\t<img loading=\"lazy\" decoding=\"async\" width=\"2560\" height=\"1440\" src=\"https:\/\/www.werner-wohnbau.de\/wp-content\/uploads\/2025\/09\/Bichofsheim-Garten-l-Neu-scaled.jpg\" class=\"attachment-full size-full wp-image-25938\" alt=\"\" srcset=\"https:\/\/www.werner-wohnbau.de\/wp-content\/uploads\/2025\/09\/Bichofsheim-Garten-l-Neu-scaled.jpg 2560w, https:\/\/www.werner-wohnbau.de\/wp-content\/uploads\/2025\/09\/Bichofsheim-Garten-l-Neu-300x169.jpg 300w, https:\/\/www.werner-wohnbau.de\/wp-content\/uploads\/2025\/09\/Bichofsheim-Garten-l-Neu-768x432.jpg 768w, https:\/\/www.werner-wohnbau.de\/wp-content\/uploads\/2025\/09\/Bichofsheim-Garten-l-Neu-1536x864.jpg 1536w, https:\/\/www.werner-wohnbau.de\/wp-content\/uploads\/2025\/09\/Bichofsheim-Garten-l-Neu-2048x1152.jpg 2048w\" sizes=\"(max-width: 2560px) 100vw, 2560px\" \/>\t\t\t\t\t\t\t\t\t\t\t\t\t\t\t<\/div>\n\t\t\t\t<\/div>\n\t\t\t\t\t<\/div>\n\t\t<\/div>\n\t\t\t\t\t<\/div>\n\t\t<\/section>\n\t\t\t\t<section class=\"elementor-section elementor-top-section elementor-element elementor-element-4c94e94 elementor-section-boxed elementor-section-height-default elementor-section-height-default\" data-id=\"4c94e94\" data-element_type=\"section\" data-e-type=\"section\" data-settings=\"{&quot;background_background&quot;:&quot;classic&quot;}\">\n\t\t\t\t\t\t<div class=\"elementor-container elementor-column-gap-no\">\n\t\t\t\t\t<div class=\"elementor-column elementor-col-100 elementor-top-column elementor-element elementor-element-925bb8e\" data-id=\"925bb8e\" data-element_type=\"column\" data-e-type=\"column\">\n\t\t\t<div class=\"elementor-widget-wrap elementor-element-populated\">\n\t\t\t\t\t\t<div class=\"elementor-element elementor-element-fd9189c elementor-widget elementor-widget-theme-post-title elementor-page-title elementor-widget-heading\" data-id=\"fd9189c\" data-element_type=\"widget\" data-e-type=\"widget\" data-widget_type=\"theme-post-title.default\">\n\t\t\t\t<div class=\"elementor-widget-container\">\n\t\t\t\t\t<h1 class=\"elementor-heading-title elementor-size-default\">Project launch in Bischofsheim: Your new home in modern brick construction<\/h1>\t\t\t\t<\/div>\n\t\t\t\t<\/div>\n\t\t\t\t<div data-dce-text-color=\"#FFFFFF\" class=\"elementor-element elementor-element-9453165 newstext elementor-widget elementor-widget-theme-post-content\" data-id=\"9453165\" data-element_type=\"widget\" data-e-type=\"widget\" data-widget_type=\"theme-post-content.default\">\n\t\t\t\t<div class=\"elementor-widget-container\">\n\t\t\t\t\t\n<p>We are creating family-friendly living spaces with style \u2013 sustainable, comfortable, and future-proof.<\/p>\n\t\t\t\t<\/div>\n\t\t\t\t<\/div>\n\t\t\t\t<div class=\"elementor-element elementor-element-529db4c elementor-align-right elementor-widget elementor-widget-button\" data-id=\"529db4c\" data-element_type=\"widget\" data-e-type=\"widget\" data-widget_type=\"button.default\">\n\t\t\t\t<div class=\"elementor-widget-container\">\n\t\t\t\t\t\t\t\t\t<div class=\"elementor-button-wrapper\">\n\t\t\t\t\t<a class=\"elementor-button elementor-button-link elementor-size-xs\" href=\"https:\/\/www.werner-wohnbau.de\/en\/nachrichten\/project-launch-in-bischofsheim-your-new-home-in-modern-brick-construction\/\">\n\t\t\t\t\t\t<span class=\"elementor-button-content-wrapper\">\n\t\t\t\t\t\t\t\t\t<span class=\"elementor-button-text\">READ ON ...<\/span>\n\t\t\t\t\t<\/span>\n\t\t\t\t\t<\/a>\n\t\t\t\t<\/div>\n\t\t\t\t\t\t\t\t<\/div>\n\t\t\t\t<\/div>\n\t\t\t\t\t<\/div>\n\t\t<\/div>\n\t\t\t\t\t<\/div>\n\t\t<\/section>\n\t\t\t\t<\/div>\n\t\t\t\t<div data-elementor-type=\"loop-item\" data-elementor-id=\"19057\" class=\"elementor elementor-19057 elementor-3752 e-loop-item e-loop-item-26090 post-26090 nachrichten type-nachrichten status-publish has-post-thumbnail hentry\" data-elementor-post-type=\"elementor_library\" data-custom-edit-handle=\"1\">\n\t\t\t\t\t<section class=\"elementor-section elementor-top-section elementor-element elementor-element-b41ea66 elementor-section-boxed elementor-section-height-default elementor-section-height-default\" data-id=\"b41ea66\" data-element_type=\"section\" data-e-type=\"section\">\n\t\t\t\t\t\t<div class=\"elementor-container elementor-column-gap-no\">\n\t\t\t\t\t<div class=\"elementor-column elementor-col-100 elementor-top-column elementor-element elementor-element-da66870\" data-id=\"da66870\" data-element_type=\"column\" data-e-type=\"column\">\n\t\t\t<div class=\"elementor-widget-wrap elementor-element-populated\">\n\t\t\t\t\t\t<div class=\"elementor-element elementor-element-6f7cb2d elementor-widget elementor-widget-theme-post-featured-image elementor-widget-image\" data-id=\"6f7cb2d\" data-element_type=\"widget\" data-e-type=\"widget\" data-widget_type=\"theme-post-featured-image.default\">\n\t\t\t\t<div class=\"elementor-widget-container\">\n\t\t\t\t\t\t\t\t\t\t\t\t\t\t\t<img loading=\"lazy\" decoding=\"async\" width=\"1703\" height=\"1384\" src=\"https:\/\/www.werner-wohnbau.de\/wp-content\/uploads\/2025\/09\/k-IMG_0917-1.png\" class=\"attachment-full size-full wp-image-25944\" alt=\"\" srcset=\"https:\/\/www.werner-wohnbau.de\/wp-content\/uploads\/2025\/09\/k-IMG_0917-1.png 1703w, https:\/\/www.werner-wohnbau.de\/wp-content\/uploads\/2025\/09\/k-IMG_0917-1-300x244.png 300w, https:\/\/www.werner-wohnbau.de\/wp-content\/uploads\/2025\/09\/k-IMG_0917-1-768x624.png 768w, https:\/\/www.werner-wohnbau.de\/wp-content\/uploads\/2025\/09\/k-IMG_0917-1-1536x1248.png 1536w\" sizes=\"(max-width: 1703px) 100vw, 1703px\" \/>\t\t\t\t\t\t\t\t\t\t\t\t\t\t\t<\/div>\n\t\t\t\t<\/div>\n\t\t\t\t\t<\/div>\n\t\t<\/div>\n\t\t\t\t\t<\/div>\n\t\t<\/section>\n\t\t\t\t<section class=\"elementor-section elementor-top-section elementor-element elementor-element-4c94e94 elementor-section-boxed elementor-section-height-default elementor-section-height-default\" data-id=\"4c94e94\" data-element_type=\"section\" data-e-type=\"section\" data-settings=\"{&quot;background_background&quot;:&quot;classic&quot;}\">\n\t\t\t\t\t\t<div class=\"elementor-container elementor-column-gap-no\">\n\t\t\t\t\t<div class=\"elementor-column elementor-col-100 elementor-top-column elementor-element elementor-element-925bb8e\" data-id=\"925bb8e\" data-element_type=\"column\" data-e-type=\"column\">\n\t\t\t<div class=\"elementor-widget-wrap elementor-element-populated\">\n\t\t\t\t\t\t<div class=\"elementor-element elementor-element-fd9189c elementor-widget elementor-widget-theme-post-title elementor-page-title elementor-widget-heading\" data-id=\"fd9189c\" data-element_type=\"widget\" data-e-type=\"widget\" data-widget_type=\"theme-post-title.default\">\n\t\t\t\t<div class=\"elementor-widget-container\">\n\t\t\t\t\t<h1 class=\"elementor-heading-title elementor-size-default\">Forward-thinking residential neighborhood at FRANKLIN-Sullivan<\/h1>\t\t\t\t<\/div>\n\t\t\t\t<\/div>\n\t\t\t\t<div data-dce-text-color=\"#FFFFFF\" class=\"elementor-element elementor-element-9453165 newstext elementor-widget elementor-widget-theme-post-content\" data-id=\"9453165\" data-element_type=\"widget\" data-e-type=\"widget\" data-widget_type=\"theme-post-content.default\">\n\t\t\t\t<div class=\"elementor-widget-container\">\n\t\t\t\t\t\n<p>Shell construction nearing completion. WERNER WOHNBAU \u2013 your developer from the Black Forest! <\/p>\n\t\t\t\t<\/div>\n\t\t\t\t<\/div>\n\t\t\t\t<div class=\"elementor-element elementor-element-529db4c elementor-align-right elementor-widget elementor-widget-button\" data-id=\"529db4c\" data-element_type=\"widget\" data-e-type=\"widget\" data-widget_type=\"button.default\">\n\t\t\t\t<div class=\"elementor-widget-container\">\n\t\t\t\t\t\t\t\t\t<div class=\"elementor-button-wrapper\">\n\t\t\t\t\t<a class=\"elementor-button elementor-button-link elementor-size-xs\" href=\"https:\/\/www.werner-wohnbau.de\/en\/nachrichten\/forward-thinking-residential-neighborhood-at-franklin-sullivan\/\">\n\t\t\t\t\t\t<span class=\"elementor-button-content-wrapper\">\n\t\t\t\t\t\t\t\t\t<span class=\"elementor-button-text\">READ ON ...<\/span>\n\t\t\t\t\t<\/span>\n\t\t\t\t\t<\/a>\n\t\t\t\t<\/div>\n\t\t\t\t\t\t\t\t<\/div>\n\t\t\t\t<\/div>\n\t\t\t\t\t<\/div>\n\t\t<\/div>\n\t\t\t\t\t<\/div>\n\t\t<\/section>\n\t\t\t\t<\/div>\n\t\t\t\t<div data-elementor-type=\"loop-item\" data-elementor-id=\"19057\" class=\"elementor elementor-19057 elementor-3752 e-loop-item e-loop-item-26091 post-26091 nachrichten type-nachrichten status-publish has-post-thumbnail hentry\" data-elementor-post-type=\"elementor_library\" data-custom-edit-handle=\"1\">\n\t\t\t\t\t<section class=\"elementor-section elementor-top-section elementor-element elementor-element-b41ea66 elementor-section-boxed elementor-section-height-default elementor-section-height-default\" data-id=\"b41ea66\" data-element_type=\"section\" data-e-type=\"section\">\n\t\t\t\t\t\t<div class=\"elementor-container elementor-column-gap-no\">\n\t\t\t\t\t<div class=\"elementor-column elementor-col-100 elementor-top-column elementor-element elementor-element-da66870\" data-id=\"da66870\" data-element_type=\"column\" data-e-type=\"column\">\n\t\t\t<div class=\"elementor-widget-wrap elementor-element-populated\">\n\t\t\t\t\t\t<div class=\"elementor-element elementor-element-6f7cb2d elementor-widget elementor-widget-theme-post-featured-image elementor-widget-image\" data-id=\"6f7cb2d\" data-element_type=\"widget\" data-e-type=\"widget\" data-widget_type=\"theme-post-featured-image.default\">\n\t\t\t\t<div class=\"elementor-widget-container\">\n\t\t\t\t\t\t\t\t\t\t\t\t\t\t\t<img loading=\"lazy\" decoding=\"async\" width=\"2560\" height=\"1667\" src=\"https:\/\/www.werner-wohnbau.de\/wp-content\/uploads\/2025\/09\/Hofheim-Wildsachsen_Garten_erweitert-scaled.jpg\" class=\"attachment-full size-full wp-image-25899\" alt=\"\" srcset=\"https:\/\/www.werner-wohnbau.de\/wp-content\/uploads\/2025\/09\/Hofheim-Wildsachsen_Garten_erweitert-scaled.jpg 2560w, https:\/\/www.werner-wohnbau.de\/wp-content\/uploads\/2025\/09\/Hofheim-Wildsachsen_Garten_erweitert-300x195.jpg 300w, https:\/\/www.werner-wohnbau.de\/wp-content\/uploads\/2025\/09\/Hofheim-Wildsachsen_Garten_erweitert-768x500.jpg 768w, https:\/\/www.werner-wohnbau.de\/wp-content\/uploads\/2025\/09\/Hofheim-Wildsachsen_Garten_erweitert-1536x1000.jpg 1536w, https:\/\/www.werner-wohnbau.de\/wp-content\/uploads\/2025\/09\/Hofheim-Wildsachsen_Garten_erweitert-2048x1333.jpg 2048w\" sizes=\"(max-width: 2560px) 100vw, 2560px\" \/>\t\t\t\t\t\t\t\t\t\t\t\t\t\t\t<\/div>\n\t\t\t\t<\/div>\n\t\t\t\t\t<\/div>\n\t\t<\/div>\n\t\t\t\t\t<\/div>\n\t\t<\/section>\n\t\t\t\t<section class=\"elementor-section elementor-top-section elementor-element elementor-element-4c94e94 elementor-section-boxed elementor-section-height-default elementor-section-height-default\" data-id=\"4c94e94\" data-element_type=\"section\" data-e-type=\"section\" data-settings=\"{&quot;background_background&quot;:&quot;classic&quot;}\">\n\t\t\t\t\t\t<div class=\"elementor-container elementor-column-gap-no\">\n\t\t\t\t\t<div class=\"elementor-column elementor-col-100 elementor-top-column elementor-element elementor-element-925bb8e\" data-id=\"925bb8e\" data-element_type=\"column\" data-e-type=\"column\">\n\t\t\t<div class=\"elementor-widget-wrap elementor-element-populated\">\n\t\t\t\t\t\t<div class=\"elementor-element elementor-element-fd9189c elementor-widget elementor-widget-theme-post-title elementor-page-title elementor-widget-heading\" data-id=\"fd9189c\" data-element_type=\"widget\" data-e-type=\"widget\" data-widget_type=\"theme-post-title.default\">\n\t\t\t\t<div class=\"elementor-widget-container\">\n\t\t\t\t\t<h1 class=\"elementor-heading-title elementor-size-default\">Sales launch in Hofheim im Taunus: Sustainable townhouses with style<\/h1>\t\t\t\t<\/div>\n\t\t\t\t<\/div>\n\t\t\t\t<div data-dce-text-color=\"#FFFFFF\" class=\"elementor-element elementor-element-9453165 newstext elementor-widget elementor-widget-theme-post-content\" data-id=\"9453165\" data-element_type=\"widget\" data-e-type=\"widget\" data-widget_type=\"theme-post-content.default\">\n\t\t\t\t<div class=\"elementor-widget-container\">\n\t\t\t\t\t\n<p>Modern living across three floors \u2013 eco-friendly, high-quality, and thoughtfully designed.<\/p>\n\n<p><\/p>\n\t\t\t\t<\/div>\n\t\t\t\t<\/div>\n\t\t\t\t<div class=\"elementor-element elementor-element-529db4c elementor-align-right elementor-widget elementor-widget-button\" data-id=\"529db4c\" data-element_type=\"widget\" data-e-type=\"widget\" data-widget_type=\"button.default\">\n\t\t\t\t<div class=\"elementor-widget-container\">\n\t\t\t\t\t\t\t\t\t<div class=\"elementor-button-wrapper\">\n\t\t\t\t\t<a class=\"elementor-button elementor-button-link elementor-size-xs\" href=\"https:\/\/www.werner-wohnbau.de\/en\/nachrichten\/sales-launch-in-hofheim-im-taunus-sustainable-townhouses-with-style\/\">\n\t\t\t\t\t\t<span class=\"elementor-button-content-wrapper\">\n\t\t\t\t\t\t\t\t\t<span class=\"elementor-button-text\">READ ON ...<\/span>\n\t\t\t\t\t<\/span>\n\t\t\t\t\t<\/a>\n\t\t\t\t<\/div>\n\t\t\t\t\t\t\t\t<\/div>\n\t\t\t\t<\/div>\n\t\t\t\t\t<\/div>\n\t\t<\/div>\n\t\t\t\t\t<\/div>\n\t\t<\/section>\n\t\t\t\t<\/div>\n\t\t\t\t<div data-elementor-type=\"loop-item\" data-elementor-id=\"19057\" class=\"elementor elementor-19057 elementor-3752 e-loop-item e-loop-item-25884 post-25884 nachrichten type-nachrichten status-publish has-post-thumbnail hentry\" data-elementor-post-type=\"elementor_library\" data-custom-edit-handle=\"1\">\n\t\t\t\t\t<section class=\"elementor-section elementor-top-section elementor-element elementor-element-b41ea66 elementor-section-boxed elementor-section-height-default elementor-section-height-default\" data-id=\"b41ea66\" data-element_type=\"section\" data-e-type=\"section\">\n\t\t\t\t\t\t<div class=\"elementor-container elementor-column-gap-no\">\n\t\t\t\t\t<div class=\"elementor-column elementor-col-100 elementor-top-column elementor-element elementor-element-da66870\" data-id=\"da66870\" data-element_type=\"column\" data-e-type=\"column\">\n\t\t\t<div class=\"elementor-widget-wrap elementor-element-populated\">\n\t\t\t\t\t\t<div class=\"elementor-element elementor-element-6f7cb2d elementor-widget elementor-widget-theme-post-featured-image elementor-widget-image\" data-id=\"6f7cb2d\" data-element_type=\"widget\" data-e-type=\"widget\" data-widget_type=\"theme-post-featured-image.default\">\n\t\t\t\t<div class=\"elementor-widget-container\">\n\t\t\t\t\t\t\t\t\t\t\t\t\t\t\t<img loading=\"lazy\" decoding=\"async\" width=\"1536\" height=\"1608\" src=\"https:\/\/www.werner-wohnbau.de\/wp-content\/uploads\/2025\/09\/PHOTO-2025-08-01-12-11-46-2.png\" class=\"attachment-full size-full wp-image-25887\" alt=\"\" srcset=\"https:\/\/www.werner-wohnbau.de\/wp-content\/uploads\/2025\/09\/PHOTO-2025-08-01-12-11-46-2.png 1536w, https:\/\/www.werner-wohnbau.de\/wp-content\/uploads\/2025\/09\/PHOTO-2025-08-01-12-11-46-2-287x300.png 287w, https:\/\/www.werner-wohnbau.de\/wp-content\/uploads\/2025\/09\/PHOTO-2025-08-01-12-11-46-2-768x804.png 768w, https:\/\/www.werner-wohnbau.de\/wp-content\/uploads\/2025\/09\/PHOTO-2025-08-01-12-11-46-2-1467x1536.png 1467w\" sizes=\"(max-width: 1536px) 100vw, 1536px\" \/>\t\t\t\t\t\t\t\t\t\t\t\t\t\t\t<\/div>\n\t\t\t\t<\/div>\n\t\t\t\t\t<\/div>\n\t\t<\/div>\n\t\t\t\t\t<\/div>\n\t\t<\/section>\n\t\t\t\t<section class=\"elementor-section elementor-top-section elementor-element elementor-element-4c94e94 elementor-section-boxed elementor-section-height-default elementor-section-height-default\" data-id=\"4c94e94\" data-element_type=\"section\" data-e-type=\"section\" data-settings=\"{&quot;background_background&quot;:&quot;classic&quot;}\">\n\t\t\t\t\t\t<div class=\"elementor-container elementor-column-gap-no\">\n\t\t\t\t\t<div class=\"elementor-column elementor-col-100 elementor-top-column elementor-element elementor-element-925bb8e\" data-id=\"925bb8e\" data-element_type=\"column\" data-e-type=\"column\">\n\t\t\t<div class=\"elementor-widget-wrap elementor-element-populated\">\n\t\t\t\t\t\t<div class=\"elementor-element elementor-element-fd9189c elementor-widget elementor-widget-theme-post-title elementor-page-title elementor-widget-heading\" data-id=\"fd9189c\" data-element_type=\"widget\" data-e-type=\"widget\" data-widget_type=\"theme-post-title.default\">\n\t\t\t\t<div class=\"elementor-widget-container\">\n\t\t\t\t\t<h1 class=\"elementor-heading-title elementor-size-default\">Baywatch-Feeling trotz Regengefahr \u2013 unser Abteilungskochen im August<\/h1>\t\t\t\t<\/div>\n\t\t\t\t<\/div>\n\t\t\t\t<div data-dce-text-color=\"#FFFFFF\" class=\"elementor-element elementor-element-9453165 newstext elementor-widget elementor-widget-theme-post-content\" data-id=\"9453165\" data-element_type=\"widget\" data-e-type=\"widget\" data-widget_type=\"theme-post-content.default\">\n\t\t\t\t<div class=\"elementor-widget-container\">\n\t\t\t\t\t\n<p>Trotz Wetterumschwung wurde das Abteilungskochen ein entspannter Wochenausklang mit sommerlichem Flair.<\/p>\n\n\n\n<p><\/p>\n\t\t\t\t<\/div>\n\t\t\t\t<\/div>\n\t\t\t\t<div class=\"elementor-element elementor-element-529db4c elementor-align-right elementor-widget elementor-widget-button\" data-id=\"529db4c\" data-element_type=\"widget\" data-e-type=\"widget\" data-widget_type=\"button.default\">\n\t\t\t\t<div class=\"elementor-widget-container\">\n\t\t\t\t\t\t\t\t\t<div class=\"elementor-button-wrapper\">\n\t\t\t\t\t<a class=\"elementor-button elementor-button-link elementor-size-xs\" href=\"https:\/\/www.werner-wohnbau.de\/en\/nachrichten\/baywatch-feeling-trotz-regengefahr-unser-abteilungskochen-im-august\/\">\n\t\t\t\t\t\t<span class=\"elementor-button-content-wrapper\">\n\t\t\t\t\t\t\t\t\t<span class=\"elementor-button-text\">READ ON ...<\/span>\n\t\t\t\t\t<\/span>\n\t\t\t\t\t<\/a>\n\t\t\t\t<\/div>\n\t\t\t\t\t\t\t\t<\/div>\n\t\t\t\t<\/div>\n\t\t\t\t\t<\/div>\n\t\t<\/div>\n\t\t\t\t\t<\/div>\n\t\t<\/section>\n\t\t\t\t<\/div>\n\t\t\t\t<div data-elementor-type=\"loop-item\" data-elementor-id=\"19057\" class=\"elementor elementor-19057 elementor-3752 e-loop-item e-loop-item-25610 post-25610 nachrichten type-nachrichten status-publish has-post-thumbnail hentry\" data-elementor-post-type=\"elementor_library\" data-custom-edit-handle=\"1\">\n\t\t\t\t\t<section class=\"elementor-section elementor-top-section elementor-element elementor-element-b41ea66 elementor-section-boxed elementor-section-height-default elementor-section-height-default\" data-id=\"b41ea66\" data-element_type=\"section\" data-e-type=\"section\">\n\t\t\t\t\t\t<div class=\"elementor-container elementor-column-gap-no\">\n\t\t\t\t\t<div class=\"elementor-column elementor-col-100 elementor-top-column elementor-element elementor-element-da66870\" data-id=\"da66870\" data-element_type=\"column\" data-e-type=\"column\">\n\t\t\t<div class=\"elementor-widget-wrap elementor-element-populated\">\n\t\t\t\t\t\t<div class=\"elementor-element elementor-element-6f7cb2d elementor-widget elementor-widget-theme-post-featured-image elementor-widget-image\" data-id=\"6f7cb2d\" data-element_type=\"widget\" data-e-type=\"widget\" data-widget_type=\"theme-post-featured-image.default\">\n\t\t\t\t<div class=\"elementor-widget-container\">\n\t\t\t\t\t\t\t\t\t\t\t\t\t\t\t<img loading=\"lazy\" decoding=\"async\" width=\"1920\" height=\"1236\" src=\"https:\/\/www.werner-wohnbau.de\/wp-content\/uploads\/2025\/08\/Dortmund.jpg\" class=\"attachment-full size-full wp-image-25611\" alt=\"\" srcset=\"https:\/\/www.werner-wohnbau.de\/wp-content\/uploads\/2025\/08\/Dortmund.jpg 1920w, https:\/\/www.werner-wohnbau.de\/wp-content\/uploads\/2025\/08\/Dortmund-300x193.jpg 300w, https:\/\/www.werner-wohnbau.de\/wp-content\/uploads\/2025\/08\/Dortmund-768x494.jpg 768w, https:\/\/www.werner-wohnbau.de\/wp-content\/uploads\/2025\/08\/Dortmund-1536x989.jpg 1536w\" sizes=\"(max-width: 1920px) 100vw, 1920px\" \/>\t\t\t\t\t\t\t\t\t\t\t\t\t\t\t<\/div>\n\t\t\t\t<\/div>\n\t\t\t\t\t<\/div>\n\t\t<\/div>\n\t\t\t\t\t<\/div>\n\t\t<\/section>\n\t\t\t\t<section class=\"elementor-section elementor-top-section elementor-element elementor-element-4c94e94 elementor-section-boxed elementor-section-height-default elementor-section-height-default\" data-id=\"4c94e94\" data-element_type=\"section\" data-e-type=\"section\" data-settings=\"{&quot;background_background&quot;:&quot;classic&quot;}\">\n\t\t\t\t\t\t<div class=\"elementor-container elementor-column-gap-no\">\n\t\t\t\t\t<div class=\"elementor-column elementor-col-100 elementor-top-column elementor-element elementor-element-925bb8e\" data-id=\"925bb8e\" data-element_type=\"column\" data-e-type=\"column\">\n\t\t\t<div class=\"elementor-widget-wrap elementor-element-populated\">\n\t\t\t\t\t\t<div class=\"elementor-element elementor-element-fd9189c elementor-widget elementor-widget-theme-post-title elementor-page-title elementor-widget-heading\" data-id=\"fd9189c\" data-element_type=\"widget\" data-e-type=\"widget\" data-widget_type=\"theme-post-title.default\">\n\t\t\t\t<div class=\"elementor-widget-container\">\n\t\t\t\t\t<h1 class=\"elementor-heading-title elementor-size-default\">Neubauprojekt in Dortmund-Mengede: Erster Meilenstein erreicht<\/h1>\t\t\t\t<\/div>\n\t\t\t\t<\/div>\n\t\t\t\t<div data-dce-text-color=\"#FFFFFF\" class=\"elementor-element elementor-element-9453165 newstext elementor-widget elementor-widget-theme-post-content\" data-id=\"9453165\" data-element_type=\"widget\" data-e-type=\"widget\" data-widget_type=\"theme-post-content.default\">\n\t\t\t\t<div class=\"elementor-widget-container\">\n\t\t\t\t\t\n<p>Jetzt vormerken! Sichern Sie sich jetzt eines der letzten verf\u00fcgbaren H\u00e4user in einem der gefragtesten Stadtteile Dortmunds.<\/p>\n\t\t\t\t<\/div>\n\t\t\t\t<\/div>\n\t\t\t\t<div class=\"elementor-element elementor-element-529db4c elementor-align-right elementor-widget elementor-widget-button\" data-id=\"529db4c\" data-element_type=\"widget\" data-e-type=\"widget\" data-widget_type=\"button.default\">\n\t\t\t\t<div class=\"elementor-widget-container\">\n\t\t\t\t\t\t\t\t\t<div class=\"elementor-button-wrapper\">\n\t\t\t\t\t<a class=\"elementor-button elementor-button-link elementor-size-xs\" href=\"https:\/\/www.werner-wohnbau.de\/en\/nachrichten\/neubauprojekt-in-dortmund-mengede-erster-meilenstein-erreicht\/\">\n\t\t\t\t\t\t<span class=\"elementor-button-content-wrapper\">\n\t\t\t\t\t\t\t\t\t<span class=\"elementor-button-text\">READ ON ...<\/span>\n\t\t\t\t\t<\/span>\n\t\t\t\t\t<\/a>\n\t\t\t\t<\/div>\n\t\t\t\t\t\t\t\t<\/div>\n\t\t\t\t<\/div>\n\t\t\t\t\t<\/div>\n\t\t<\/div>\n\t\t\t\t\t<\/div>\n\t\t<\/section>\n\t\t\t\t<\/div>\n\t\t\t\t<div data-elementor-type=\"loop-item\" data-elementor-id=\"19057\" class=\"elementor elementor-19057 elementor-3752 e-loop-item e-loop-item-25607 post-25607 nachrichten type-nachrichten status-publish has-post-thumbnail hentry\" data-elementor-post-type=\"elementor_library\" data-custom-edit-handle=\"1\">\n\t\t\t\t\t<section class=\"elementor-section elementor-top-section elementor-element elementor-element-b41ea66 elementor-section-boxed elementor-section-height-default elementor-section-height-default\" data-id=\"b41ea66\" data-element_type=\"section\" data-e-type=\"section\">\n\t\t\t\t\t\t<div class=\"elementor-container elementor-column-gap-no\">\n\t\t\t\t\t<div class=\"elementor-column elementor-col-100 elementor-top-column elementor-element elementor-element-da66870\" data-id=\"da66870\" data-element_type=\"column\" data-e-type=\"column\">\n\t\t\t<div class=\"elementor-widget-wrap elementor-element-populated\">\n\t\t\t\t\t\t<div class=\"elementor-element elementor-element-6f7cb2d elementor-widget elementor-widget-theme-post-featured-image elementor-widget-image\" data-id=\"6f7cb2d\" data-element_type=\"widget\" data-e-type=\"widget\" data-widget_type=\"theme-post-featured-image.default\">\n\t\t\t\t<div class=\"elementor-widget-container\">\n\t\t\t\t\t\t\t\t\t\t\t\t\t\t\t<img loading=\"lazy\" decoding=\"async\" width=\"2560\" height=\"1531\" src=\"https:\/\/www.werner-wohnbau.de\/wp-content\/uploads\/2025\/08\/250728_Kam1_V1_HIGH-scaled.jpg\" class=\"attachment-full size-full wp-image-25608\" alt=\"\" srcset=\"https:\/\/www.werner-wohnbau.de\/wp-content\/uploads\/2025\/08\/250728_Kam1_V1_HIGH-scaled.jpg 2560w, https:\/\/www.werner-wohnbau.de\/wp-content\/uploads\/2025\/08\/250728_Kam1_V1_HIGH-300x179.jpg 300w, https:\/\/www.werner-wohnbau.de\/wp-content\/uploads\/2025\/08\/250728_Kam1_V1_HIGH-768x459.jpg 768w, https:\/\/www.werner-wohnbau.de\/wp-content\/uploads\/2025\/08\/250728_Kam1_V1_HIGH-1536x919.jpg 1536w, https:\/\/www.werner-wohnbau.de\/wp-content\/uploads\/2025\/08\/250728_Kam1_V1_HIGH-2048x1225.jpg 2048w\" sizes=\"(max-width: 2560px) 100vw, 2560px\" \/>\t\t\t\t\t\t\t\t\t\t\t\t\t\t\t<\/div>\n\t\t\t\t<\/div>\n\t\t\t\t\t<\/div>\n\t\t<\/div>\n\t\t\t\t\t<\/div>\n\t\t<\/section>\n\t\t\t\t<section class=\"elementor-section elementor-top-section elementor-element elementor-element-4c94e94 elementor-section-boxed elementor-section-height-default elementor-section-height-default\" data-id=\"4c94e94\" data-element_type=\"section\" data-e-type=\"section\" data-settings=\"{&quot;background_background&quot;:&quot;classic&quot;}\">\n\t\t\t\t\t\t<div class=\"elementor-container elementor-column-gap-no\">\n\t\t\t\t\t<div class=\"elementor-column elementor-col-100 elementor-top-column elementor-element elementor-element-925bb8e\" data-id=\"925bb8e\" data-element_type=\"column\" data-e-type=\"column\">\n\t\t\t<div class=\"elementor-widget-wrap elementor-element-populated\">\n\t\t\t\t\t\t<div class=\"elementor-element elementor-element-fd9189c elementor-widget elementor-widget-theme-post-title elementor-page-title elementor-widget-heading\" data-id=\"fd9189c\" data-element_type=\"widget\" data-e-type=\"widget\" data-widget_type=\"theme-post-title.default\">\n\t\t\t\t<div class=\"elementor-widget-container\">\n\t\t\t\t\t<h1 class=\"elementor-heading-title elementor-size-default\">Vertriebsstart in Regensburg-Gallingkofen: 10 Stadth\u00e4user<\/h1>\t\t\t\t<\/div>\n\t\t\t\t<\/div>\n\t\t\t\t<div data-dce-text-color=\"#FFFFFF\" class=\"elementor-element elementor-element-9453165 newstext elementor-widget elementor-widget-theme-post-content\" data-id=\"9453165\" data-element_type=\"widget\" data-e-type=\"widget\" data-widget_type=\"theme-post-content.default\">\n\t\t\t\t<div class=\"elementor-widget-container\">\n\t\t\t\t\t\n<p>Gro\u00dfz\u00fcgiges Wohnkonzept f\u00fcr modernes Familienleben und nur etwa 12 Autominuten von der Regensburger Innenstadt entfernt.<\/p>\n\t\t\t\t<\/div>\n\t\t\t\t<\/div>\n\t\t\t\t<div class=\"elementor-element elementor-element-529db4c elementor-align-right elementor-widget elementor-widget-button\" data-id=\"529db4c\" data-element_type=\"widget\" data-e-type=\"widget\" data-widget_type=\"button.default\">\n\t\t\t\t<div class=\"elementor-widget-container\">\n\t\t\t\t\t\t\t\t\t<div class=\"elementor-button-wrapper\">\n\t\t\t\t\t<a class=\"elementor-button elementor-button-link elementor-size-xs\" href=\"https:\/\/www.werner-wohnbau.de\/en\/nachrichten\/vertriebsstart-in-regensburg-gallingkofen-10-stadthaeuser-fuer-modernes-familienleben\/\">\n\t\t\t\t\t\t<span class=\"elementor-button-content-wrapper\">\n\t\t\t\t\t\t\t\t\t<span class=\"elementor-button-text\">READ ON ...<\/span>\n\t\t\t\t\t<\/span>\n\t\t\t\t\t<\/a>\n\t\t\t\t<\/div>\n\t\t\t\t\t\t\t\t<\/div>\n\t\t\t\t<\/div>\n\t\t\t\t\t<\/div>\n\t\t<\/div>\n\t\t\t\t\t<\/div>\n\t\t<\/section>\n\t\t\t\t<\/div>\n\t\t\t\t<div data-elementor-type=\"loop-item\" data-elementor-id=\"19057\" class=\"elementor elementor-19057 elementor-3752 e-loop-item e-loop-item-24392 post-24392 nachrichten type-nachrichten status-publish has-post-thumbnail hentry\" data-elementor-post-type=\"elementor_library\" data-custom-edit-handle=\"1\">\n\t\t\t\t\t<section class=\"elementor-section elementor-top-section elementor-element elementor-element-b41ea66 elementor-section-boxed elementor-section-height-default elementor-section-height-default\" data-id=\"b41ea66\" data-element_type=\"section\" data-e-type=\"section\">\n\t\t\t\t\t\t<div class=\"elementor-container elementor-column-gap-no\">\n\t\t\t\t\t<div class=\"elementor-column elementor-col-100 elementor-top-column elementor-element elementor-element-da66870\" data-id=\"da66870\" data-element_type=\"column\" data-e-type=\"column\">\n\t\t\t<div class=\"elementor-widget-wrap elementor-element-populated\">\n\t\t\t\t\t\t<div class=\"elementor-element elementor-element-6f7cb2d elementor-widget elementor-widget-theme-post-featured-image elementor-widget-image\" data-id=\"6f7cb2d\" data-element_type=\"widget\" data-e-type=\"widget\" data-widget_type=\"theme-post-featured-image.default\">\n\t\t\t\t<div class=\"elementor-widget-container\">\n\t\t\t\t\t\t\t\t\t\t\t\t\t\t\t<img loading=\"lazy\" decoding=\"async\" width=\"2560\" height=\"1441\" src=\"https:\/\/www.werner-wohnbau.de\/wp-content\/uploads\/2025\/07\/20250705_1801440-scaled.jpg\" class=\"attachment-full size-full wp-image-24242\" alt=\"\" srcset=\"https:\/\/www.werner-wohnbau.de\/wp-content\/uploads\/2025\/07\/20250705_1801440-scaled.jpg 2560w, https:\/\/www.werner-wohnbau.de\/wp-content\/uploads\/2025\/07\/20250705_1801440-300x169.jpg 300w, https:\/\/www.werner-wohnbau.de\/wp-content\/uploads\/2025\/07\/20250705_1801440-768x432.jpg 768w, https:\/\/www.werner-wohnbau.de\/wp-content\/uploads\/2025\/07\/20250705_1801440-1536x865.jpg 1536w, https:\/\/www.werner-wohnbau.de\/wp-content\/uploads\/2025\/07\/20250705_1801440-2048x1153.jpg 2048w\" sizes=\"(max-width: 2560px) 100vw, 2560px\" \/>\t\t\t\t\t\t\t\t\t\t\t\t\t\t\t<\/div>\n\t\t\t\t<\/div>\n\t\t\t\t\t<\/div>\n\t\t<\/div>\n\t\t\t\t\t<\/div>\n\t\t<\/section>\n\t\t\t\t<section class=\"elementor-section elementor-top-section elementor-element elementor-element-4c94e94 elementor-section-boxed elementor-section-height-default elementor-section-height-default\" data-id=\"4c94e94\" data-element_type=\"section\" data-e-type=\"section\" data-settings=\"{&quot;background_background&quot;:&quot;classic&quot;}\">\n\t\t\t\t\t\t<div class=\"elementor-container elementor-column-gap-no\">\n\t\t\t\t\t<div class=\"elementor-column elementor-col-100 elementor-top-column elementor-element elementor-element-925bb8e\" data-id=\"925bb8e\" data-element_type=\"column\" data-e-type=\"column\">\n\t\t\t<div class=\"elementor-widget-wrap elementor-element-populated\">\n\t\t\t\t\t\t<div class=\"elementor-element elementor-element-fd9189c elementor-widget elementor-widget-theme-post-title elementor-page-title elementor-widget-heading\" data-id=\"fd9189c\" data-element_type=\"widget\" data-e-type=\"widget\" data-widget_type=\"theme-post-title.default\">\n\t\t\t\t<div class=\"elementor-widget-container\">\n\t\t\t\t\t<h1 class=\"elementor-heading-title elementor-size-default\">Experience that brings us together \u2013 Team outing to AREA 47<\/h1>\t\t\t\t<\/div>\n\t\t\t\t<\/div>\n\t\t\t\t<div data-dce-text-color=\"#FFFFFF\" class=\"elementor-element elementor-element-9453165 newstext elementor-widget elementor-widget-theme-post-content\" data-id=\"9453165\" data-element_type=\"widget\" data-e-type=\"widget\" data-widget_type=\"theme-post-content.default\">\n\t\t\t\t<div class=\"elementor-widget-container\">\n\t\t\t\t\t\n<p>Whether diving into cool waters or conquering great heights \u2013 days full of action, fun, and adrenaline sparked a fresh team spirit.<\/p>\n\n<p><\/p>\n\t\t\t\t<\/div>\n\t\t\t\t<\/div>\n\t\t\t\t<div class=\"elementor-element elementor-element-529db4c elementor-align-right elementor-widget elementor-widget-button\" data-id=\"529db4c\" data-element_type=\"widget\" data-e-type=\"widget\" data-widget_type=\"button.default\">\n\t\t\t\t<div class=\"elementor-widget-container\">\n\t\t\t\t\t\t\t\t\t<div class=\"elementor-button-wrapper\">\n\t\t\t\t\t<a class=\"elementor-button elementor-button-link elementor-size-xs\" href=\"https:\/\/www.werner-wohnbau.de\/en\/nachrichten\/experience-that-brings-us-together-team-outing-to-area-47\/\">\n\t\t\t\t\t\t<span class=\"elementor-button-content-wrapper\">\n\t\t\t\t\t\t\t\t\t<span class=\"elementor-button-text\">READ ON ...<\/span>\n\t\t\t\t\t<\/span>\n\t\t\t\t\t<\/a>\n\t\t\t\t<\/div>\n\t\t\t\t\t\t\t\t<\/div>\n\t\t\t\t<\/div>\n\t\t\t\t\t<\/div>\n\t\t<\/div>\n\t\t\t\t\t<\/div>\n\t\t<\/section>\n\t\t\t\t<\/div>\n\t\t\t\t<div data-elementor-type=\"loop-item\" data-elementor-id=\"19057\" class=\"elementor elementor-19057 elementor-3752 e-loop-item e-loop-item-24346 post-24346 nachrichten type-nachrichten status-publish has-post-thumbnail hentry\" data-elementor-post-type=\"elementor_library\" data-custom-edit-handle=\"1\">\n\t\t\t\t\t<section class=\"elementor-section elementor-top-section elementor-element elementor-element-b41ea66 elementor-section-boxed elementor-section-height-default elementor-section-height-default\" data-id=\"b41ea66\" data-element_type=\"section\" data-e-type=\"section\">\n\t\t\t\t\t\t<div class=\"elementor-container elementor-column-gap-no\">\n\t\t\t\t\t<div class=\"elementor-column elementor-col-100 elementor-top-column elementor-element elementor-element-da66870\" data-id=\"da66870\" data-element_type=\"column\" data-e-type=\"column\">\n\t\t\t<div class=\"elementor-widget-wrap elementor-element-populated\">\n\t\t\t\t\t\t<div class=\"elementor-element elementor-element-6f7cb2d elementor-widget elementor-widget-theme-post-featured-image elementor-widget-image\" data-id=\"6f7cb2d\" data-element_type=\"widget\" data-e-type=\"widget\" data-widget_type=\"theme-post-featured-image.default\">\n\t\t\t\t<div class=\"elementor-widget-container\">\n\t\t\t\t\t\t\t\t\t\t\t\t\t\t\t<img loading=\"lazy\" decoding=\"async\" width=\"2560\" height=\"1920\" src=\"https:\/\/www.werner-wohnbau.de\/wp-content\/uploads\/2025\/06\/4-scaled.jpg\" class=\"attachment-full size-full wp-image-23789\" alt=\"\" srcset=\"https:\/\/www.werner-wohnbau.de\/wp-content\/uploads\/2025\/06\/4-scaled.jpg 2560w, https:\/\/www.werner-wohnbau.de\/wp-content\/uploads\/2025\/06\/4-300x225.jpg 300w, https:\/\/www.werner-wohnbau.de\/wp-content\/uploads\/2025\/06\/4-768x576.jpg 768w, https:\/\/www.werner-wohnbau.de\/wp-content\/uploads\/2025\/06\/4-1536x1152.jpg 1536w, https:\/\/www.werner-wohnbau.de\/wp-content\/uploads\/2025\/06\/4-2048x1536.jpg 2048w\" sizes=\"(max-width: 2560px) 100vw, 2560px\" \/>\t\t\t\t\t\t\t\t\t\t\t\t\t\t\t<\/div>\n\t\t\t\t<\/div>\n\t\t\t\t\t<\/div>\n\t\t<\/div>\n\t\t\t\t\t<\/div>\n\t\t<\/section>\n\t\t\t\t<section class=\"elementor-section elementor-top-section elementor-element elementor-element-4c94e94 elementor-section-boxed elementor-section-height-default elementor-section-height-default\" data-id=\"4c94e94\" data-element_type=\"section\" data-e-type=\"section\" data-settings=\"{&quot;background_background&quot;:&quot;classic&quot;}\">\n\t\t\t\t\t\t<div class=\"elementor-container elementor-column-gap-no\">\n\t\t\t\t\t<div class=\"elementor-column elementor-col-100 elementor-top-column elementor-element elementor-element-925bb8e\" data-id=\"925bb8e\" data-element_type=\"column\" data-e-type=\"column\">\n\t\t\t<div class=\"elementor-widget-wrap elementor-element-populated\">\n\t\t\t\t\t\t<div class=\"elementor-element elementor-element-fd9189c elementor-widget elementor-widget-theme-post-title elementor-page-title elementor-widget-heading\" data-id=\"fd9189c\" data-element_type=\"widget\" data-e-type=\"widget\" data-widget_type=\"theme-post-title.default\">\n\t\t\t\t<div class=\"elementor-widget-container\">\n\t\t\t\t\t<h1 class=\"elementor-heading-title elementor-size-default\">Werner Wohnbau: Spaghetti Limone instead of Meetings<\/h1>\t\t\t\t<\/div>\n\t\t\t\t<\/div>\n\t\t\t\t<div data-dce-text-color=\"#FFFFFF\" class=\"elementor-element elementor-element-9453165 newstext elementor-widget elementor-widget-theme-post-content\" data-id=\"9453165\" data-element_type=\"widget\" data-e-type=\"widget\" data-widget_type=\"theme-post-content.default\">\n\t\t\t\t<div class=\"elementor-widget-container\">\n\t\t\t\t\t\n<p>Colleagues cooking for colleagues: A culinary pre-Whitsun weekend in good company.<\/p>\n\n<p><\/p>\n\t\t\t\t<\/div>\n\t\t\t\t<\/div>\n\t\t\t\t<div class=\"elementor-element elementor-element-529db4c elementor-align-right elementor-widget elementor-widget-button\" data-id=\"529db4c\" data-element_type=\"widget\" data-e-type=\"widget\" data-widget_type=\"button.default\">\n\t\t\t\t<div class=\"elementor-widget-container\">\n\t\t\t\t\t\t\t\t\t<div class=\"elementor-button-wrapper\">\n\t\t\t\t\t<a class=\"elementor-button elementor-button-link elementor-size-xs\" href=\"https:\/\/www.werner-wohnbau.de\/en\/nachrichten\/werner-wohnbau-spaghetti-limone-instead-of-meetings\/\">\n\t\t\t\t\t\t<span class=\"elementor-button-content-wrapper\">\n\t\t\t\t\t\t\t\t\t<span class=\"elementor-button-text\">READ ON ...<\/span>\n\t\t\t\t\t<\/span>\n\t\t\t\t\t<\/a>\n\t\t\t\t<\/div>\n\t\t\t\t\t\t\t\t<\/div>\n\t\t\t\t<\/div>\n\t\t\t\t\t<\/div>\n\t\t<\/div>\n\t\t\t\t\t<\/div>\n\t\t<\/section>\n\t\t\t\t<\/div>\n\t\t\t\t<div data-elementor-type=\"loop-item\" data-elementor-id=\"19057\" class=\"elementor elementor-19057 elementor-3752 e-loop-item e-loop-item-23421 post-23421 nachrichten type-nachrichten status-publish has-post-thumbnail hentry\" data-elementor-post-type=\"elementor_library\" data-custom-edit-handle=\"1\">\n\t\t\t\t\t<section class=\"elementor-section elementor-top-section elementor-element elementor-element-b41ea66 elementor-section-boxed elementor-section-height-default elementor-section-height-default\" data-id=\"b41ea66\" data-element_type=\"section\" data-e-type=\"section\">\n\t\t\t\t\t\t<div class=\"elementor-container elementor-column-gap-no\">\n\t\t\t\t\t<div class=\"elementor-column elementor-col-100 elementor-top-column elementor-element elementor-element-da66870\" data-id=\"da66870\" data-element_type=\"column\" data-e-type=\"column\">\n\t\t\t<div class=\"elementor-widget-wrap elementor-element-populated\">\n\t\t\t\t\t\t<div class=\"elementor-element elementor-element-6f7cb2d elementor-widget elementor-widget-theme-post-featured-image elementor-widget-image\" data-id=\"6f7cb2d\" data-element_type=\"widget\" data-e-type=\"widget\" data-widget_type=\"theme-post-featured-image.default\">\n\t\t\t\t<div class=\"elementor-widget-container\">\n\t\t\t\t\t\t\t\t\t\t\t\t\t\t\t<img loading=\"lazy\" decoding=\"async\" width=\"2560\" height=\"1440\" src=\"https:\/\/www.werner-wohnbau.de\/wp-content\/uploads\/2025\/05\/Lindau-Unterreitnau_Vogelperspektive-1-scaled.jpg\" class=\"attachment-full size-full wp-image-23419\" alt=\"\" srcset=\"https:\/\/www.werner-wohnbau.de\/wp-content\/uploads\/2025\/05\/Lindau-Unterreitnau_Vogelperspektive-1-scaled.jpg 2560w, https:\/\/www.werner-wohnbau.de\/wp-content\/uploads\/2025\/05\/Lindau-Unterreitnau_Vogelperspektive-1-300x169.jpg 300w, https:\/\/www.werner-wohnbau.de\/wp-content\/uploads\/2025\/05\/Lindau-Unterreitnau_Vogelperspektive-1-768x432.jpg 768w, https:\/\/www.werner-wohnbau.de\/wp-content\/uploads\/2025\/05\/Lindau-Unterreitnau_Vogelperspektive-1-1536x864.jpg 1536w, https:\/\/www.werner-wohnbau.de\/wp-content\/uploads\/2025\/05\/Lindau-Unterreitnau_Vogelperspektive-1-2048x1152.jpg 2048w\" sizes=\"(max-width: 2560px) 100vw, 2560px\" \/>\t\t\t\t\t\t\t\t\t\t\t\t\t\t\t<\/div>\n\t\t\t\t<\/div>\n\t\t\t\t\t<\/div>\n\t\t<\/div>\n\t\t\t\t\t<\/div>\n\t\t<\/section>\n\t\t\t\t<section class=\"elementor-section elementor-top-section elementor-element elementor-element-4c94e94 elementor-section-boxed elementor-section-height-default elementor-section-height-default\" data-id=\"4c94e94\" data-element_type=\"section\" data-e-type=\"section\" data-settings=\"{&quot;background_background&quot;:&quot;classic&quot;}\">\n\t\t\t\t\t\t<div class=\"elementor-container elementor-column-gap-no\">\n\t\t\t\t\t<div class=\"elementor-column elementor-col-100 elementor-top-column elementor-element elementor-element-925bb8e\" data-id=\"925bb8e\" data-element_type=\"column\" data-e-type=\"column\">\n\t\t\t<div class=\"elementor-widget-wrap elementor-element-populated\">\n\t\t\t\t\t\t<div class=\"elementor-element elementor-element-fd9189c elementor-widget elementor-widget-theme-post-title elementor-page-title elementor-widget-heading\" data-id=\"fd9189c\" data-element_type=\"widget\" data-e-type=\"widget\" data-widget_type=\"theme-post-title.default\">\n\t\t\t\t<div class=\"elementor-widget-container\">\n\t\t\t\t\t<h1 class=\"elementor-heading-title elementor-size-default\">After an intensive phase of archaeological investigations<\/h1>\t\t\t\t<\/div>\n\t\t\t\t<\/div>\n\t\t\t\t<div data-dce-text-color=\"#FFFFFF\" class=\"elementor-element elementor-element-9453165 newstext elementor-widget elementor-widget-theme-post-content\" data-id=\"9453165\" data-element_type=\"widget\" data-e-type=\"widget\" data-widget_type=\"theme-post-content.default\">\n\t\t\t\t<div class=\"elementor-widget-container\">\n\t\t\t\t\t\n<p>Sales launch in Lindau-Unterreitnau: Family-friendly residential project enters the next round.<\/p>\n\t\t\t\t<\/div>\n\t\t\t\t<\/div>\n\t\t\t\t<div class=\"elementor-element elementor-element-529db4c elementor-align-right elementor-widget elementor-widget-button\" data-id=\"529db4c\" data-element_type=\"widget\" data-e-type=\"widget\" data-widget_type=\"button.default\">\n\t\t\t\t<div class=\"elementor-widget-container\">\n\t\t\t\t\t\t\t\t\t<div class=\"elementor-button-wrapper\">\n\t\t\t\t\t<a class=\"elementor-button elementor-button-link elementor-size-xs\" href=\"https:\/\/www.werner-wohnbau.de\/en\/nachrichten\/after-an-intensive-phase-of-archaeological-research-the-time-has-finally-come\/\">\n\t\t\t\t\t\t<span class=\"elementor-button-content-wrapper\">\n\t\t\t\t\t\t\t\t\t<span class=\"elementor-button-text\">READ ON ...<\/span>\n\t\t\t\t\t<\/span>\n\t\t\t\t\t<\/a>\n\t\t\t\t<\/div>\n\t\t\t\t\t\t\t\t<\/div>\n\t\t\t\t<\/div>\n\t\t\t\t\t<\/div>\n\t\t<\/div>\n\t\t\t\t\t<\/div>\n\t\t<\/section>\n\t\t\t\t<\/div>\n\t\t\t\t<div data-elementor-type=\"loop-item\" data-elementor-id=\"19057\" class=\"elementor elementor-19057 elementor-3752 e-loop-item e-loop-item-23485 post-23485 nachrichten type-nachrichten status-publish has-post-thumbnail hentry\" data-elementor-post-type=\"elementor_library\" data-custom-edit-handle=\"1\">\n\t\t\t\t\t<section class=\"elementor-section elementor-top-section elementor-element elementor-element-b41ea66 elementor-section-boxed elementor-section-height-default elementor-section-height-default\" data-id=\"b41ea66\" data-element_type=\"section\" data-e-type=\"section\">\n\t\t\t\t\t\t<div class=\"elementor-container elementor-column-gap-no\">\n\t\t\t\t\t<div class=\"elementor-column elementor-col-100 elementor-top-column elementor-element elementor-element-da66870\" data-id=\"da66870\" data-element_type=\"column\" data-e-type=\"column\">\n\t\t\t<div class=\"elementor-widget-wrap elementor-element-populated\">\n\t\t\t\t\t\t<div class=\"elementor-element elementor-element-6f7cb2d elementor-widget elementor-widget-theme-post-featured-image elementor-widget-image\" data-id=\"6f7cb2d\" data-element_type=\"widget\" data-e-type=\"widget\" data-widget_type=\"theme-post-featured-image.default\">\n\t\t\t\t<div class=\"elementor-widget-container\">\n\t\t\t\t\t\t\t\t\t\t\t\t\t\t\t<img loading=\"lazy\" decoding=\"async\" width=\"2560\" height=\"1920\" src=\"https:\/\/www.werner-wohnbau.de\/wp-content\/uploads\/2025\/05\/601F4F7F-7632-4317-A783-CB472CA7D065-scaled.jpeg\" class=\"attachment-full size-full wp-image-23424\" alt=\"\" srcset=\"https:\/\/www.werner-wohnbau.de\/wp-content\/uploads\/2025\/05\/601F4F7F-7632-4317-A783-CB472CA7D065-scaled.jpeg 2560w, https:\/\/www.werner-wohnbau.de\/wp-content\/uploads\/2025\/05\/601F4F7F-7632-4317-A783-CB472CA7D065-300x225.jpeg 300w, https:\/\/www.werner-wohnbau.de\/wp-content\/uploads\/2025\/05\/601F4F7F-7632-4317-A783-CB472CA7D065-768x576.jpeg 768w, https:\/\/www.werner-wohnbau.de\/wp-content\/uploads\/2025\/05\/601F4F7F-7632-4317-A783-CB472CA7D065-1536x1152.jpeg 1536w, https:\/\/www.werner-wohnbau.de\/wp-content\/uploads\/2025\/05\/601F4F7F-7632-4317-A783-CB472CA7D065-2048x1536.jpeg 2048w\" sizes=\"(max-width: 2560px) 100vw, 2560px\" \/>\t\t\t\t\t\t\t\t\t\t\t\t\t\t\t<\/div>\n\t\t\t\t<\/div>\n\t\t\t\t\t<\/div>\n\t\t<\/div>\n\t\t\t\t\t<\/div>\n\t\t<\/section>\n\t\t\t\t<section class=\"elementor-section elementor-top-section elementor-element elementor-element-4c94e94 elementor-section-boxed elementor-section-height-default elementor-section-height-default\" data-id=\"4c94e94\" data-element_type=\"section\" data-e-type=\"section\" data-settings=\"{&quot;background_background&quot;:&quot;classic&quot;}\">\n\t\t\t\t\t\t<div class=\"elementor-container elementor-column-gap-no\">\n\t\t\t\t\t<div class=\"elementor-column elementor-col-100 elementor-top-column elementor-element elementor-element-925bb8e\" data-id=\"925bb8e\" data-element_type=\"column\" data-e-type=\"column\">\n\t\t\t<div class=\"elementor-widget-wrap elementor-element-populated\">\n\t\t\t\t\t\t<div class=\"elementor-element elementor-element-fd9189c elementor-widget elementor-widget-theme-post-title elementor-page-title elementor-widget-heading\" data-id=\"fd9189c\" data-element_type=\"widget\" data-e-type=\"widget\" data-widget_type=\"theme-post-title.default\">\n\t\t\t\t<div class=\"elementor-widget-container\">\n\t\t\t\t\t<h1 class=\"elementor-heading-title elementor-size-default\">Real estate trade fair in Cologne inspires with a wide range of topics<\/h1>\t\t\t\t<\/div>\n\t\t\t\t<\/div>\n\t\t\t\t<div data-dce-text-color=\"#FFFFFF\" class=\"elementor-element elementor-element-9453165 newstext elementor-widget elementor-widget-theme-post-content\" data-id=\"9453165\" data-element_type=\"widget\" data-e-type=\"widget\" data-widget_type=\"theme-post-content.default\">\n\t\t\t\t<div class=\"elementor-widget-container\">\n\t\t\t\t\t\n<p>Two current projects that not only impress with attractive living concepts, but also with a focus on modern energy solutions and sustainable construction methods.<\/p>\n\t\t\t\t<\/div>\n\t\t\t\t<\/div>\n\t\t\t\t<div class=\"elementor-element elementor-element-529db4c elementor-align-right elementor-widget elementor-widget-button\" data-id=\"529db4c\" data-element_type=\"widget\" data-e-type=\"widget\" data-widget_type=\"button.default\">\n\t\t\t\t<div class=\"elementor-widget-container\">\n\t\t\t\t\t\t\t\t\t<div class=\"elementor-button-wrapper\">\n\t\t\t\t\t<a class=\"elementor-button elementor-button-link elementor-size-xs\" href=\"https:\/\/www.werner-wohnbau.de\/en\/nachrichten\/real-estate-trade-fair-in-cologne-impresses-with-broad-range-of-topics-and-focus-on-energy\/\">\n\t\t\t\t\t\t<span class=\"elementor-button-content-wrapper\">\n\t\t\t\t\t\t\t\t\t<span class=\"elementor-button-text\">READ ON ...<\/span>\n\t\t\t\t\t<\/span>\n\t\t\t\t\t<\/a>\n\t\t\t\t<\/div>\n\t\t\t\t\t\t\t\t<\/div>\n\t\t\t\t<\/div>\n\t\t\t\t\t<\/div>\n\t\t<\/div>\n\t\t\t\t\t<\/div>\n\t\t<\/section>\n\t\t\t\t<\/div>\n\t\t\t\t<div data-elementor-type=\"loop-item\" data-elementor-id=\"19057\" class=\"elementor elementor-19057 elementor-3752 e-loop-item e-loop-item-23416 post-23416 nachrichten type-nachrichten status-publish has-post-thumbnail hentry\" data-elementor-post-type=\"elementor_library\" data-custom-edit-handle=\"1\">\n\t\t\t\t\t<section class=\"elementor-section elementor-top-section elementor-element elementor-element-b41ea66 elementor-section-boxed elementor-section-height-default elementor-section-height-default\" data-id=\"b41ea66\" data-element_type=\"section\" data-e-type=\"section\">\n\t\t\t\t\t\t<div class=\"elementor-container elementor-column-gap-no\">\n\t\t\t\t\t<div class=\"elementor-column elementor-col-100 elementor-top-column elementor-element elementor-element-da66870\" data-id=\"da66870\" data-element_type=\"column\" data-e-type=\"column\">\n\t\t\t<div class=\"elementor-widget-wrap elementor-element-populated\">\n\t\t\t\t\t\t<div class=\"elementor-element elementor-element-6f7cb2d elementor-widget elementor-widget-theme-post-featured-image elementor-widget-image\" data-id=\"6f7cb2d\" data-element_type=\"widget\" data-e-type=\"widget\" data-widget_type=\"theme-post-featured-image.default\">\n\t\t\t\t<div class=\"elementor-widget-container\">\n\t\t\t\t\t\t\t\t\t\t\t\t\t\t\t<img loading=\"lazy\" decoding=\"async\" width=\"2560\" height=\"1920\" src=\"https:\/\/www.werner-wohnbau.de\/wp-content\/uploads\/2025\/05\/AED_Einweisung_MWerner_MNann_JKohler_2-1-scaled.jpg\" class=\"attachment-full size-full wp-image-23415\" alt=\"\" srcset=\"https:\/\/www.werner-wohnbau.de\/wp-content\/uploads\/2025\/05\/AED_Einweisung_MWerner_MNann_JKohler_2-1-scaled.jpg 2560w, https:\/\/www.werner-wohnbau.de\/wp-content\/uploads\/2025\/05\/AED_Einweisung_MWerner_MNann_JKohler_2-1-300x225.jpg 300w, https:\/\/www.werner-wohnbau.de\/wp-content\/uploads\/2025\/05\/AED_Einweisung_MWerner_MNann_JKohler_2-1-768x576.jpg 768w, https:\/\/www.werner-wohnbau.de\/wp-content\/uploads\/2025\/05\/AED_Einweisung_MWerner_MNann_JKohler_2-1-1536x1152.jpg 1536w, https:\/\/www.werner-wohnbau.de\/wp-content\/uploads\/2025\/05\/AED_Einweisung_MWerner_MNann_JKohler_2-1-2048x1536.jpg 2048w\" sizes=\"(max-width: 2560px) 100vw, 2560px\" \/>\t\t\t\t\t\t\t\t\t\t\t\t\t\t\t<\/div>\n\t\t\t\t<\/div>\n\t\t\t\t\t<\/div>\n\t\t<\/div>\n\t\t\t\t\t<\/div>\n\t\t<\/section>\n\t\t\t\t<section class=\"elementor-section elementor-top-section elementor-element elementor-element-4c94e94 elementor-section-boxed elementor-section-height-default elementor-section-height-default\" data-id=\"4c94e94\" data-element_type=\"section\" data-e-type=\"section\" data-settings=\"{&quot;background_background&quot;:&quot;classic&quot;}\">\n\t\t\t\t\t\t<div class=\"elementor-container elementor-column-gap-no\">\n\t\t\t\t\t<div class=\"elementor-column elementor-col-100 elementor-top-column elementor-element elementor-element-925bb8e\" data-id=\"925bb8e\" data-element_type=\"column\" data-e-type=\"column\">\n\t\t\t<div class=\"elementor-widget-wrap elementor-element-populated\">\n\t\t\t\t\t\t<div class=\"elementor-element elementor-element-fd9189c elementor-widget elementor-widget-theme-post-title elementor-page-title elementor-widget-heading\" data-id=\"fd9189c\" data-element_type=\"widget\" data-e-type=\"widget\" data-widget_type=\"theme-post-title.default\">\n\t\t\t\t<div class=\"elementor-widget-container\">\n\t\t\t\t\t<h1 class=\"elementor-heading-title elementor-size-default\">Conspicuous green glow! Lifesaver always at hand!<\/h1>\t\t\t\t<\/div>\n\t\t\t\t<\/div>\n\t\t\t\t<div data-dce-text-color=\"#FFFFFF\" class=\"elementor-element elementor-element-9453165 newstext elementor-widget elementor-widget-theme-post-content\" data-id=\"9453165\" data-element_type=\"widget\" data-e-type=\"widget\" data-widget_type=\"theme-post-content.default\">\n\t\t\t\t<div class=\"elementor-widget-container\">\n\t\t\t\t\t\n<p>Werner Wohnbau donates publicly accessible AED.<\/p>\n\n<p><\/p>\n\t\t\t\t<\/div>\n\t\t\t\t<\/div>\n\t\t\t\t<div class=\"elementor-element elementor-element-529db4c elementor-align-right elementor-widget elementor-widget-button\" data-id=\"529db4c\" data-element_type=\"widget\" data-e-type=\"widget\" data-widget_type=\"button.default\">\n\t\t\t\t<div class=\"elementor-widget-container\">\n\t\t\t\t\t\t\t\t\t<div class=\"elementor-button-wrapper\">\n\t\t\t\t\t<a class=\"elementor-button elementor-button-link elementor-size-xs\" href=\"https:\/\/www.werner-wohnbau.de\/en\/nachrichten\/conspicuous-green-glow-lifesaver-always-at-hand\/\">\n\t\t\t\t\t\t<span class=\"elementor-button-content-wrapper\">\n\t\t\t\t\t\t\t\t\t<span class=\"elementor-button-text\">READ ON ...<\/span>\n\t\t\t\t\t<\/span>\n\t\t\t\t\t<\/a>\n\t\t\t\t<\/div>\n\t\t\t\t\t\t\t\t<\/div>\n\t\t\t\t<\/div>\n\t\t\t\t\t<\/div>\n\t\t<\/div>\n\t\t\t\t\t<\/div>\n\t\t<\/section>\n\t\t\t\t<\/div>\n\t\t\t\t<div data-elementor-type=\"loop-item\" data-elementor-id=\"19057\" class=\"elementor elementor-19057 elementor-3752 e-loop-item e-loop-item-23249 post-23249 nachrichten type-nachrichten status-publish has-post-thumbnail hentry\" data-elementor-post-type=\"elementor_library\" data-custom-edit-handle=\"1\">\n\t\t\t\t\t<section class=\"elementor-section elementor-top-section elementor-element elementor-element-b41ea66 elementor-section-boxed elementor-section-height-default elementor-section-height-default\" data-id=\"b41ea66\" data-element_type=\"section\" data-e-type=\"section\">\n\t\t\t\t\t\t<div class=\"elementor-container elementor-column-gap-no\">\n\t\t\t\t\t<div class=\"elementor-column elementor-col-100 elementor-top-column elementor-element elementor-element-da66870\" data-id=\"da66870\" data-element_type=\"column\" data-e-type=\"column\">\n\t\t\t<div class=\"elementor-widget-wrap elementor-element-populated\">\n\t\t\t\t\t\t<div class=\"elementor-element elementor-element-6f7cb2d elementor-widget elementor-widget-theme-post-featured-image elementor-widget-image\" data-id=\"6f7cb2d\" data-element_type=\"widget\" data-e-type=\"widget\" data-widget_type=\"theme-post-featured-image.default\">\n\t\t\t\t<div class=\"elementor-widget-container\">\n\t\t\t\t\t\t\t\t\t\t\t\t\t\t\t<img loading=\"lazy\" decoding=\"async\" width=\"2560\" height=\"1643\" src=\"https:\/\/www.werner-wohnbau.de\/wp-content\/uploads\/2025\/05\/Ansicht_bearbeitet-scaled.jpg\" class=\"attachment-full size-full wp-image-23248\" alt=\"\" srcset=\"https:\/\/www.werner-wohnbau.de\/wp-content\/uploads\/2025\/05\/Ansicht_bearbeitet-scaled.jpg 2560w, https:\/\/www.werner-wohnbau.de\/wp-content\/uploads\/2025\/05\/Ansicht_bearbeitet-300x193.jpg 300w, https:\/\/www.werner-wohnbau.de\/wp-content\/uploads\/2025\/05\/Ansicht_bearbeitet-768x493.jpg 768w, https:\/\/www.werner-wohnbau.de\/wp-content\/uploads\/2025\/05\/Ansicht_bearbeitet-1536x986.jpg 1536w, https:\/\/www.werner-wohnbau.de\/wp-content\/uploads\/2025\/05\/Ansicht_bearbeitet-2048x1315.jpg 2048w\" sizes=\"(max-width: 2560px) 100vw, 2560px\" \/>\t\t\t\t\t\t\t\t\t\t\t\t\t\t\t<\/div>\n\t\t\t\t<\/div>\n\t\t\t\t\t<\/div>\n\t\t<\/div>\n\t\t\t\t\t<\/div>\n\t\t<\/section>\n\t\t\t\t<section class=\"elementor-section elementor-top-section elementor-element elementor-element-4c94e94 elementor-section-boxed elementor-section-height-default elementor-section-height-default\" data-id=\"4c94e94\" data-element_type=\"section\" data-e-type=\"section\" data-settings=\"{&quot;background_background&quot;:&quot;classic&quot;}\">\n\t\t\t\t\t\t<div class=\"elementor-container elementor-column-gap-no\">\n\t\t\t\t\t<div class=\"elementor-column elementor-col-100 elementor-top-column elementor-element elementor-element-925bb8e\" data-id=\"925bb8e\" data-element_type=\"column\" data-e-type=\"column\">\n\t\t\t<div class=\"elementor-widget-wrap elementor-element-populated\">\n\t\t\t\t\t\t<div class=\"elementor-element elementor-element-fd9189c elementor-widget elementor-widget-theme-post-title elementor-page-title elementor-widget-heading\" data-id=\"fd9189c\" data-element_type=\"widget\" data-e-type=\"widget\" data-widget_type=\"theme-post-title.default\">\n\t\t\t\t<div class=\"elementor-widget-container\">\n\t\t\t\t\t<h1 class=\"elementor-heading-title elementor-size-default\">Hannover-Seelhorst: Final construction phase reached<\/h1>\t\t\t\t<\/div>\n\t\t\t\t<\/div>\n\t\t\t\t<div data-dce-text-color=\"#FFFFFF\" class=\"elementor-element elementor-element-9453165 newstext elementor-widget elementor-widget-theme-post-content\" data-id=\"9453165\" data-element_type=\"widget\" data-e-type=\"widget\" data-widget_type=\"theme-post-content.default\">\n\t\t\t\t<div class=\"elementor-widget-container\">\n\t\t\t\t\t\n<p>A home becomes reality &#8211; the finishing touches to a successful project.<\/p>\n\n<p><\/p>\n\t\t\t\t<\/div>\n\t\t\t\t<\/div>\n\t\t\t\t<div class=\"elementor-element elementor-element-529db4c elementor-align-right elementor-widget elementor-widget-button\" data-id=\"529db4c\" data-element_type=\"widget\" data-e-type=\"widget\" data-widget_type=\"button.default\">\n\t\t\t\t<div class=\"elementor-widget-container\">\n\t\t\t\t\t\t\t\t\t<div class=\"elementor-button-wrapper\">\n\t\t\t\t\t<a class=\"elementor-button elementor-button-link elementor-size-xs\" href=\"https:\/\/www.werner-wohnbau.de\/en\/nachrichten\/hanover-seelhorst-final-construction-phase-reached\/\">\n\t\t\t\t\t\t<span class=\"elementor-button-content-wrapper\">\n\t\t\t\t\t\t\t\t\t<span class=\"elementor-button-text\">READ ON ...<\/span>\n\t\t\t\t\t<\/span>\n\t\t\t\t\t<\/a>\n\t\t\t\t<\/div>\n\t\t\t\t\t\t\t\t<\/div>\n\t\t\t\t<\/div>\n\t\t\t\t\t<\/div>\n\t\t<\/div>\n\t\t\t\t\t<\/div>\n\t\t<\/section>\n\t\t\t\t<\/div>\n\t\t\t\t<div data-elementor-type=\"loop-item\" data-elementor-id=\"19057\" class=\"elementor elementor-19057 elementor-3752 e-loop-item e-loop-item-23239 post-23239 nachrichten type-nachrichten status-publish has-post-thumbnail hentry\" data-elementor-post-type=\"elementor_library\" data-custom-edit-handle=\"1\">\n\t\t\t\t\t<section class=\"elementor-section elementor-top-section elementor-element elementor-element-b41ea66 elementor-section-boxed elementor-section-height-default elementor-section-height-default\" data-id=\"b41ea66\" data-element_type=\"section\" data-e-type=\"section\">\n\t\t\t\t\t\t<div class=\"elementor-container elementor-column-gap-no\">\n\t\t\t\t\t<div class=\"elementor-column elementor-col-100 elementor-top-column elementor-element elementor-element-da66870\" data-id=\"da66870\" data-element_type=\"column\" data-e-type=\"column\">\n\t\t\t<div class=\"elementor-widget-wrap elementor-element-populated\">\n\t\t\t\t\t\t<div class=\"elementor-element elementor-element-6f7cb2d elementor-widget elementor-widget-theme-post-featured-image elementor-widget-image\" data-id=\"6f7cb2d\" data-element_type=\"widget\" data-e-type=\"widget\" data-widget_type=\"theme-post-featured-image.default\">\n\t\t\t\t<div class=\"elementor-widget-container\">\n\t\t\t\t\t\t\t\t\t\t\t\t\t\t\t<img loading=\"lazy\" decoding=\"async\" width=\"2560\" height=\"1440\" src=\"https:\/\/www.werner-wohnbau.de\/wp-content\/uploads\/2025\/05\/Neu-Garten-Blick-pos-scaled.jpg\" class=\"attachment-full size-full wp-image-23238\" alt=\"\" srcset=\"https:\/\/www.werner-wohnbau.de\/wp-content\/uploads\/2025\/05\/Neu-Garten-Blick-pos-scaled.jpg 2560w, https:\/\/www.werner-wohnbau.de\/wp-content\/uploads\/2025\/05\/Neu-Garten-Blick-pos-300x169.jpg 300w, https:\/\/www.werner-wohnbau.de\/wp-content\/uploads\/2025\/05\/Neu-Garten-Blick-pos-768x432.jpg 768w, https:\/\/www.werner-wohnbau.de\/wp-content\/uploads\/2025\/05\/Neu-Garten-Blick-pos-1536x864.jpg 1536w, https:\/\/www.werner-wohnbau.de\/wp-content\/uploads\/2025\/05\/Neu-Garten-Blick-pos-2048x1152.jpg 2048w\" sizes=\"(max-width: 2560px) 100vw, 2560px\" \/>\t\t\t\t\t\t\t\t\t\t\t\t\t\t\t<\/div>\n\t\t\t\t<\/div>\n\t\t\t\t\t<\/div>\n\t\t<\/div>\n\t\t\t\t\t<\/div>\n\t\t<\/section>\n\t\t\t\t<section class=\"elementor-section elementor-top-section elementor-element elementor-element-4c94e94 elementor-section-boxed elementor-section-height-default elementor-section-height-default\" data-id=\"4c94e94\" data-element_type=\"section\" data-e-type=\"section\" data-settings=\"{&quot;background_background&quot;:&quot;classic&quot;}\">\n\t\t\t\t\t\t<div class=\"elementor-container elementor-column-gap-no\">\n\t\t\t\t\t<div class=\"elementor-column elementor-col-100 elementor-top-column elementor-element elementor-element-925bb8e\" data-id=\"925bb8e\" data-element_type=\"column\" data-e-type=\"column\">\n\t\t\t<div class=\"elementor-widget-wrap elementor-element-populated\">\n\t\t\t\t\t\t<div class=\"elementor-element elementor-element-fd9189c elementor-widget elementor-widget-theme-post-title elementor-page-title elementor-widget-heading\" data-id=\"fd9189c\" data-element_type=\"widget\" data-e-type=\"widget\" data-widget_type=\"theme-post-title.default\">\n\t\t\t\t<div class=\"elementor-widget-container\">\n\t\t\t\t\t<h1 class=\"elementor-heading-title elementor-size-default\">Start of construction for 14 terraced houses in Erdbeerfeld in Mengede<\/h1>\t\t\t\t<\/div>\n\t\t\t\t<\/div>\n\t\t\t\t<div data-dce-text-color=\"#FFFFFF\" class=\"elementor-element elementor-element-9453165 newstext elementor-widget elementor-widget-theme-post-content\" data-id=\"9453165\" data-element_type=\"widget\" data-e-type=\"widget\" data-widget_type=\"theme-post-content.default\">\n\t\t\t\t<div class=\"elementor-widget-container\">\n\t\t\t\t\t\n<p>New homes for families are being built in the first construction phase in the west of Dortmund.<\/p>\n\n<p><\/p>\n\t\t\t\t<\/div>\n\t\t\t\t<\/div>\n\t\t\t\t<div class=\"elementor-element elementor-element-529db4c elementor-align-right elementor-widget elementor-widget-button\" data-id=\"529db4c\" data-element_type=\"widget\" data-e-type=\"widget\" data-widget_type=\"button.default\">\n\t\t\t\t<div class=\"elementor-widget-container\">\n\t\t\t\t\t\t\t\t\t<div class=\"elementor-button-wrapper\">\n\t\t\t\t\t<a class=\"elementor-button elementor-button-link elementor-size-xs\" href=\"https:\/\/www.werner-wohnbau.de\/en\/nachrichten\/start-of-construction-for-14-terraced-houses-in-erdbeerfeld-in-mengede\/\">\n\t\t\t\t\t\t<span class=\"elementor-button-content-wrapper\">\n\t\t\t\t\t\t\t\t\t<span class=\"elementor-button-text\">READ ON ...<\/span>\n\t\t\t\t\t<\/span>\n\t\t\t\t\t<\/a>\n\t\t\t\t<\/div>\n\t\t\t\t\t\t\t\t<\/div>\n\t\t\t\t<\/div>\n\t\t\t\t\t<\/div>\n\t\t<\/div>\n\t\t\t\t\t<\/div>\n\t\t<\/section>\n\t\t\t\t<\/div>\n\t\t\t\t<div data-elementor-type=\"loop-item\" data-elementor-id=\"19057\" class=\"elementor elementor-19057 elementor-3752 e-loop-item e-loop-item-23209 post-23209 nachrichten type-nachrichten status-publish has-post-thumbnail hentry\" data-elementor-post-type=\"elementor_library\" data-custom-edit-handle=\"1\">\n\t\t\t\t\t<section class=\"elementor-section elementor-top-section elementor-element elementor-element-b41ea66 elementor-section-boxed elementor-section-height-default elementor-section-height-default\" data-id=\"b41ea66\" data-element_type=\"section\" data-e-type=\"section\">\n\t\t\t\t\t\t<div class=\"elementor-container elementor-column-gap-no\">\n\t\t\t\t\t<div class=\"elementor-column elementor-col-100 elementor-top-column elementor-element elementor-element-da66870\" data-id=\"da66870\" data-element_type=\"column\" data-e-type=\"column\">\n\t\t\t<div class=\"elementor-widget-wrap elementor-element-populated\">\n\t\t\t\t\t\t<div class=\"elementor-element elementor-element-6f7cb2d elementor-widget elementor-widget-theme-post-featured-image elementor-widget-image\" data-id=\"6f7cb2d\" data-element_type=\"widget\" data-e-type=\"widget\" data-widget_type=\"theme-post-featured-image.default\">\n\t\t\t\t<div class=\"elementor-widget-container\">\n\t\t\t\t\t\t\t\t\t\t\t\t\t\t\t<img loading=\"lazy\" decoding=\"async\" width=\"2560\" height=\"1440\" src=\"https:\/\/www.werner-wohnbau.de\/wp-content\/uploads\/2025\/05\/Uebergabe-CrefoZert_bearbeitet-scaled.jpg\" class=\"attachment-full size-full wp-image-23208\" alt=\"\" srcset=\"https:\/\/www.werner-wohnbau.de\/wp-content\/uploads\/2025\/05\/Uebergabe-CrefoZert_bearbeitet-scaled.jpg 2560w, https:\/\/www.werner-wohnbau.de\/wp-content\/uploads\/2025\/05\/Uebergabe-CrefoZert_bearbeitet-300x169.jpg 300w, https:\/\/www.werner-wohnbau.de\/wp-content\/uploads\/2025\/05\/Uebergabe-CrefoZert_bearbeitet-768x432.jpg 768w, https:\/\/www.werner-wohnbau.de\/wp-content\/uploads\/2025\/05\/Uebergabe-CrefoZert_bearbeitet-1536x864.jpg 1536w, https:\/\/www.werner-wohnbau.de\/wp-content\/uploads\/2025\/05\/Uebergabe-CrefoZert_bearbeitet-2048x1152.jpg 2048w\" sizes=\"(max-width: 2560px) 100vw, 2560px\" \/>\t\t\t\t\t\t\t\t\t\t\t\t\t\t\t<\/div>\n\t\t\t\t<\/div>\n\t\t\t\t\t<\/div>\n\t\t<\/div>\n\t\t\t\t\t<\/div>\n\t\t<\/section>\n\t\t\t\t<section class=\"elementor-section elementor-top-section elementor-element elementor-element-4c94e94 elementor-section-boxed elementor-section-height-default elementor-section-height-default\" data-id=\"4c94e94\" data-element_type=\"section\" data-e-type=\"section\" data-settings=\"{&quot;background_background&quot;:&quot;classic&quot;}\">\n\t\t\t\t\t\t<div class=\"elementor-container elementor-column-gap-no\">\n\t\t\t\t\t<div class=\"elementor-column elementor-col-100 elementor-top-column elementor-element elementor-element-925bb8e\" data-id=\"925bb8e\" data-element_type=\"column\" data-e-type=\"column\">\n\t\t\t<div class=\"elementor-widget-wrap elementor-element-populated\">\n\t\t\t\t\t\t<div class=\"elementor-element elementor-element-fd9189c elementor-widget elementor-widget-theme-post-title elementor-page-title elementor-widget-heading\" data-id=\"fd9189c\" data-element_type=\"widget\" data-e-type=\"widget\" data-widget_type=\"theme-post-title.default\">\n\t\t\t\t<div class=\"elementor-widget-container\">\n\t\t\t\t\t<h1 class=\"elementor-heading-title elementor-size-default\">Werner Wohnbau honored once again with the CrefoZert for outstanding performance<\/h1>\t\t\t\t<\/div>\n\t\t\t\t<\/div>\n\t\t\t\t<div data-dce-text-color=\"#FFFFFF\" class=\"elementor-element elementor-element-9453165 newstext elementor-widget elementor-widget-theme-post-content\" data-id=\"9453165\" data-element_type=\"widget\" data-e-type=\"widget\" data-widget_type=\"theme-post-content.default\">\n\t\t\t\t<div class=\"elementor-widget-container\">\n\t\t\t\t\t\n<p>The creditworthiness certificate attests to WERNER WOHNBAU&#8217;s exceptionally strong financial stability.<\/p>\n\t\t\t\t<\/div>\n\t\t\t\t<\/div>\n\t\t\t\t<div class=\"elementor-element elementor-element-529db4c elementor-align-right elementor-widget elementor-widget-button\" data-id=\"529db4c\" data-element_type=\"widget\" data-e-type=\"widget\" data-widget_type=\"button.default\">\n\t\t\t\t<div class=\"elementor-widget-container\">\n\t\t\t\t\t\t\t\t\t<div class=\"elementor-button-wrapper\">\n\t\t\t\t\t<a class=\"elementor-button elementor-button-link elementor-size-xs\" href=\"https:\/\/www.werner-wohnbau.de\/en\/nachrichten\/creditreform-certificate-for-excellent-creditworthiness-also-in-2025\/\">\n\t\t\t\t\t\t<span class=\"elementor-button-content-wrapper\">\n\t\t\t\t\t\t\t\t\t<span class=\"elementor-button-text\">READ ON ...<\/span>\n\t\t\t\t\t<\/span>\n\t\t\t\t\t<\/a>\n\t\t\t\t<\/div>\n\t\t\t\t\t\t\t\t<\/div>\n\t\t\t\t<\/div>\n\t\t\t\t\t<\/div>\n\t\t<\/div>\n\t\t\t\t\t<\/div>\n\t\t<\/section>\n\t\t\t\t<\/div>\n\t\t\t\t<div data-elementor-type=\"loop-item\" data-elementor-id=\"19057\" class=\"elementor elementor-19057 elementor-3752 e-loop-item e-loop-item-22836 post-22836 nachrichten type-nachrichten status-publish has-post-thumbnail hentry\" data-elementor-post-type=\"elementor_library\" data-custom-edit-handle=\"1\">\n\t\t\t\t\t<section class=\"elementor-section elementor-top-section elementor-element elementor-element-b41ea66 elementor-section-boxed elementor-section-height-default elementor-section-height-default\" data-id=\"b41ea66\" data-element_type=\"section\" data-e-type=\"section\">\n\t\t\t\t\t\t<div class=\"elementor-container elementor-column-gap-no\">\n\t\t\t\t\t<div class=\"elementor-column elementor-col-100 elementor-top-column elementor-element elementor-element-da66870\" data-id=\"da66870\" data-element_type=\"column\" data-e-type=\"column\">\n\t\t\t<div class=\"elementor-widget-wrap elementor-element-populated\">\n\t\t\t\t\t\t<div class=\"elementor-element elementor-element-6f7cb2d elementor-widget elementor-widget-theme-post-featured-image elementor-widget-image\" data-id=\"6f7cb2d\" data-element_type=\"widget\" data-e-type=\"widget\" data-widget_type=\"theme-post-featured-image.default\">\n\t\t\t\t<div class=\"elementor-widget-container\">\n\t\t\t\t\t\t\t\t\t\t\t\t\t\t\t<img loading=\"lazy\" decoding=\"async\" width=\"2560\" height=\"1440\" src=\"https:\/\/www.werner-wohnbau.de\/wp-content\/uploads\/2025\/04\/RiedstadtW-Bhf_Garten-lll-scaled.jpg\" class=\"attachment-full size-full wp-image-22658\" alt=\"\" srcset=\"https:\/\/www.werner-wohnbau.de\/wp-content\/uploads\/2025\/04\/RiedstadtW-Bhf_Garten-lll-scaled.jpg 2560w, https:\/\/www.werner-wohnbau.de\/wp-content\/uploads\/2025\/04\/RiedstadtW-Bhf_Garten-lll-300x169.jpg 300w, https:\/\/www.werner-wohnbau.de\/wp-content\/uploads\/2025\/04\/RiedstadtW-Bhf_Garten-lll-768x432.jpg 768w, https:\/\/www.werner-wohnbau.de\/wp-content\/uploads\/2025\/04\/RiedstadtW-Bhf_Garten-lll-1536x864.jpg 1536w, https:\/\/www.werner-wohnbau.de\/wp-content\/uploads\/2025\/04\/RiedstadtW-Bhf_Garten-lll-2048x1152.jpg 2048w\" sizes=\"(max-width: 2560px) 100vw, 2560px\" \/>\t\t\t\t\t\t\t\t\t\t\t\t\t\t\t<\/div>\n\t\t\t\t<\/div>\n\t\t\t\t\t<\/div>\n\t\t<\/div>\n\t\t\t\t\t<\/div>\n\t\t<\/section>\n\t\t\t\t<section class=\"elementor-section elementor-top-section elementor-element elementor-element-4c94e94 elementor-section-boxed elementor-section-height-default elementor-section-height-default\" data-id=\"4c94e94\" data-element_type=\"section\" data-e-type=\"section\" data-settings=\"{&quot;background_background&quot;:&quot;classic&quot;}\">\n\t\t\t\t\t\t<div class=\"elementor-container elementor-column-gap-no\">\n\t\t\t\t\t<div class=\"elementor-column elementor-col-100 elementor-top-column elementor-element elementor-element-925bb8e\" data-id=\"925bb8e\" data-element_type=\"column\" data-e-type=\"column\">\n\t\t\t<div class=\"elementor-widget-wrap elementor-element-populated\">\n\t\t\t\t\t\t<div class=\"elementor-element elementor-element-fd9189c elementor-widget elementor-widget-theme-post-title elementor-page-title elementor-widget-heading\" data-id=\"fd9189c\" data-element_type=\"widget\" data-e-type=\"widget\" data-widget_type=\"theme-post-title.default\">\n\t\t\t\t<div class=\"elementor-widget-container\">\n\t\t\t\t\t<h1 class=\"elementor-heading-title elementor-size-default\">Family-friendly construction projects in Hesse and Rhineland-Palatinate<\/h1>\t\t\t\t<\/div>\n\t\t\t\t<\/div>\n\t\t\t\t<div data-dce-text-color=\"#FFFFFF\" class=\"elementor-element elementor-element-9453165 newstext elementor-widget elementor-widget-theme-post-content\" data-id=\"9453165\" data-element_type=\"widget\" data-e-type=\"widget\" data-widget_type=\"theme-post-content.default\">\n\t\t\t\t<div class=\"elementor-widget-container\">\n\t\t\t\t\t\n<p>New homes are being built in the Hartenberg-M\u00fcnchfeld and Riedstadt-Wolfskehlen districts of Mainz.<\/p>\n\n<p><\/p>\n\t\t\t\t<\/div>\n\t\t\t\t<\/div>\n\t\t\t\t<div class=\"elementor-element elementor-element-529db4c elementor-align-right elementor-widget elementor-widget-button\" data-id=\"529db4c\" data-element_type=\"widget\" data-e-type=\"widget\" data-widget_type=\"button.default\">\n\t\t\t\t<div class=\"elementor-widget-container\">\n\t\t\t\t\t\t\t\t\t<div class=\"elementor-button-wrapper\">\n\t\t\t\t\t<a class=\"elementor-button elementor-button-link elementor-size-xs\" href=\"https:\/\/www.werner-wohnbau.de\/en\/nachrichten\/new-sales-launch-two-family-friendly-construction-projects-in-hesse\/\">\n\t\t\t\t\t\t<span class=\"elementor-button-content-wrapper\">\n\t\t\t\t\t\t\t\t\t<span class=\"elementor-button-text\">READ ON ...<\/span>\n\t\t\t\t\t<\/span>\n\t\t\t\t\t<\/a>\n\t\t\t\t<\/div>\n\t\t\t\t\t\t\t\t<\/div>\n\t\t\t\t<\/div>\n\t\t\t\t\t<\/div>\n\t\t<\/div>\n\t\t\t\t\t<\/div>\n\t\t<\/section>\n\t\t\t\t<\/div>\n\t\t\t\t<div data-elementor-type=\"loop-item\" data-elementor-id=\"19057\" class=\"elementor elementor-19057 elementor-3752 e-loop-item e-loop-item-22310 post-22310 nachrichten type-nachrichten status-publish has-post-thumbnail hentry\" data-elementor-post-type=\"elementor_library\" data-custom-edit-handle=\"1\">\n\t\t\t\t\t<section class=\"elementor-section elementor-top-section elementor-element elementor-element-b41ea66 elementor-section-boxed elementor-section-height-default elementor-section-height-default\" data-id=\"b41ea66\" data-element_type=\"section\" data-e-type=\"section\">\n\t\t\t\t\t\t<div class=\"elementor-container elementor-column-gap-no\">\n\t\t\t\t\t<div class=\"elementor-column elementor-col-100 elementor-top-column elementor-element elementor-element-da66870\" data-id=\"da66870\" data-element_type=\"column\" data-e-type=\"column\">\n\t\t\t<div class=\"elementor-widget-wrap elementor-element-populated\">\n\t\t\t\t\t\t<div class=\"elementor-element elementor-element-6f7cb2d elementor-widget elementor-widget-theme-post-featured-image elementor-widget-image\" data-id=\"6f7cb2d\" data-element_type=\"widget\" data-e-type=\"widget\" data-widget_type=\"theme-post-featured-image.default\">\n\t\t\t\t<div class=\"elementor-widget-container\">\n\t\t\t\t\t\t\t\t\t\t\t\t\t\t\t<img loading=\"lazy\" decoding=\"async\" width=\"2560\" height=\"1920\" src=\"https:\/\/www.werner-wohnbau.de\/wp-content\/uploads\/2025\/03\/Spatenstich-Strangen-Werner-Wohnbau-scaled.jpg\" class=\"attachment-full size-full wp-image-22308\" alt=\"\" srcset=\"https:\/\/www.werner-wohnbau.de\/wp-content\/uploads\/2025\/03\/Spatenstich-Strangen-Werner-Wohnbau-scaled.jpg 2560w, https:\/\/www.werner-wohnbau.de\/wp-content\/uploads\/2025\/03\/Spatenstich-Strangen-Werner-Wohnbau-300x225.jpg 300w, https:\/\/www.werner-wohnbau.de\/wp-content\/uploads\/2025\/03\/Spatenstich-Strangen-Werner-Wohnbau-768x576.jpg 768w, https:\/\/www.werner-wohnbau.de\/wp-content\/uploads\/2025\/03\/Spatenstich-Strangen-Werner-Wohnbau-1536x1152.jpg 1536w, https:\/\/www.werner-wohnbau.de\/wp-content\/uploads\/2025\/03\/Spatenstich-Strangen-Werner-Wohnbau-2048x1536.jpg 2048w\" sizes=\"(max-width: 2560px) 100vw, 2560px\" \/>\t\t\t\t\t\t\t\t\t\t\t\t\t\t\t<\/div>\n\t\t\t\t<\/div>\n\t\t\t\t\t<\/div>\n\t\t<\/div>\n\t\t\t\t\t<\/div>\n\t\t<\/section>\n\t\t\t\t<section class=\"elementor-section elementor-top-section elementor-element elementor-element-4c94e94 elementor-section-boxed elementor-section-height-default elementor-section-height-default\" data-id=\"4c94e94\" data-element_type=\"section\" data-e-type=\"section\" data-settings=\"{&quot;background_background&quot;:&quot;classic&quot;}\">\n\t\t\t\t\t\t<div class=\"elementor-container elementor-column-gap-no\">\n\t\t\t\t\t<div class=\"elementor-column elementor-col-100 elementor-top-column elementor-element elementor-element-925bb8e\" data-id=\"925bb8e\" data-element_type=\"column\" data-e-type=\"column\">\n\t\t\t<div class=\"elementor-widget-wrap elementor-element-populated\">\n\t\t\t\t\t\t<div class=\"elementor-element elementor-element-fd9189c elementor-widget elementor-widget-theme-post-title elementor-page-title elementor-widget-heading\" data-id=\"fd9189c\" data-element_type=\"widget\" data-e-type=\"widget\" data-widget_type=\"theme-post-title.default\">\n\t\t\t\t<div class=\"elementor-widget-container\">\n\t\t\t\t\t<h1 class=\"elementor-heading-title elementor-size-default\">Ground-breaking ceremony for the VS-Schwenningen construction project<\/h1>\t\t\t\t<\/div>\n\t\t\t\t<\/div>\n\t\t\t\t<div data-dce-text-color=\"#FFFFFF\" class=\"elementor-element elementor-element-9453165 newstext elementor-widget elementor-widget-theme-post-content\" data-id=\"9453165\" data-element_type=\"widget\" data-e-type=\"widget\" data-widget_type=\"theme-post-content.default\">\n\t\t\t\t<div class=\"elementor-widget-container\">\n\t\t\t\t\t\n<p>Family-friendly and sustainable living in Leonberger Strasse.<\/p>\n\n<p><\/p>\n\t\t\t\t<\/div>\n\t\t\t\t<\/div>\n\t\t\t\t<div class=\"elementor-element elementor-element-529db4c elementor-align-right elementor-widget elementor-widget-button\" data-id=\"529db4c\" data-element_type=\"widget\" data-e-type=\"widget\" data-widget_type=\"button.default\">\n\t\t\t\t<div class=\"elementor-widget-container\">\n\t\t\t\t\t\t\t\t\t<div class=\"elementor-button-wrapper\">\n\t\t\t\t\t<a class=\"elementor-button elementor-button-link elementor-size-xs\" href=\"https:\/\/www.werner-wohnbau.de\/en\/nachrichten\/ground-breaking-ceremony-for-the-vs-schwenningen-construction-project\/\">\n\t\t\t\t\t\t<span class=\"elementor-button-content-wrapper\">\n\t\t\t\t\t\t\t\t\t<span class=\"elementor-button-text\">READ ON ...<\/span>\n\t\t\t\t\t<\/span>\n\t\t\t\t\t<\/a>\n\t\t\t\t<\/div>\n\t\t\t\t\t\t\t\t<\/div>\n\t\t\t\t<\/div>\n\t\t\t\t\t<\/div>\n\t\t<\/div>\n\t\t\t\t\t<\/div>\n\t\t<\/section>\n\t\t\t\t<\/div>\n\t\t\t\t<div data-elementor-type=\"loop-item\" data-elementor-id=\"19057\" class=\"elementor elementor-19057 elementor-3752 e-loop-item e-loop-item-22553 post-22553 nachrichten type-nachrichten status-publish has-post-thumbnail hentry\" data-elementor-post-type=\"elementor_library\" data-custom-edit-handle=\"1\">\n\t\t\t\t\t<section class=\"elementor-section elementor-top-section elementor-element elementor-element-b41ea66 elementor-section-boxed elementor-section-height-default elementor-section-height-default\" data-id=\"b41ea66\" data-element_type=\"section\" data-e-type=\"section\">\n\t\t\t\t\t\t<div class=\"elementor-container elementor-column-gap-no\">\n\t\t\t\t\t<div class=\"elementor-column elementor-col-100 elementor-top-column elementor-element elementor-element-da66870\" data-id=\"da66870\" data-element_type=\"column\" data-e-type=\"column\">\n\t\t\t<div class=\"elementor-widget-wrap elementor-element-populated\">\n\t\t\t\t\t\t<div class=\"elementor-element elementor-element-6f7cb2d elementor-widget elementor-widget-theme-post-featured-image elementor-widget-image\" data-id=\"6f7cb2d\" data-element_type=\"widget\" data-e-type=\"widget\" data-widget_type=\"theme-post-featured-image.default\">\n\t\t\t\t<div class=\"elementor-widget-container\">\n\t\t\t\t\t\t\t\t\t\t\t\t\t\t\t<img loading=\"lazy\" decoding=\"async\" width=\"1200\" height=\"900\" src=\"https:\/\/www.werner-wohnbau.de\/wp-content\/uploads\/2025\/04\/IMG_4437-2.jpg\" class=\"attachment-full size-full wp-image-22559\" alt=\"\" srcset=\"https:\/\/www.werner-wohnbau.de\/wp-content\/uploads\/2025\/04\/IMG_4437-2.jpg 1200w, https:\/\/www.werner-wohnbau.de\/wp-content\/uploads\/2025\/04\/IMG_4437-2-300x225.jpg 300w, https:\/\/www.werner-wohnbau.de\/wp-content\/uploads\/2025\/04\/IMG_4437-2-768x576.jpg 768w\" sizes=\"(max-width: 1200px) 100vw, 1200px\" \/>\t\t\t\t\t\t\t\t\t\t\t\t\t\t\t<\/div>\n\t\t\t\t<\/div>\n\t\t\t\t\t<\/div>\n\t\t<\/div>\n\t\t\t\t\t<\/div>\n\t\t<\/section>\n\t\t\t\t<section class=\"elementor-section elementor-top-section elementor-element elementor-element-4c94e94 elementor-section-boxed elementor-section-height-default elementor-section-height-default\" data-id=\"4c94e94\" data-element_type=\"section\" data-e-type=\"section\" data-settings=\"{&quot;background_background&quot;:&quot;classic&quot;}\">\n\t\t\t\t\t\t<div class=\"elementor-container elementor-column-gap-no\">\n\t\t\t\t\t<div class=\"elementor-column elementor-col-100 elementor-top-column elementor-element elementor-element-925bb8e\" data-id=\"925bb8e\" data-element_type=\"column\" data-e-type=\"column\">\n\t\t\t<div class=\"elementor-widget-wrap elementor-element-populated\">\n\t\t\t\t\t\t<div class=\"elementor-element elementor-element-fd9189c elementor-widget elementor-widget-theme-post-title elementor-page-title elementor-widget-heading\" data-id=\"fd9189c\" data-element_type=\"widget\" data-e-type=\"widget\" data-widget_type=\"theme-post-title.default\">\n\t\t\t\t<div class=\"elementor-widget-container\">\n\t\t\t\t\t<h1 class=\"elementor-heading-title elementor-size-default\">Sales launch: Exclusive semi-detached houses in Niedernhausen<\/h1>\t\t\t\t<\/div>\n\t\t\t\t<\/div>\n\t\t\t\t<div data-dce-text-color=\"#FFFFFF\" class=\"elementor-element elementor-element-9453165 newstext elementor-widget elementor-widget-theme-post-content\" data-id=\"9453165\" data-element_type=\"widget\" data-e-type=\"widget\" data-widget_type=\"theme-post-content.default\">\n\t\t\t\t<div class=\"elementor-widget-container\">\n\t\t\t\t\t\n<p>Living in a natural setting with excellent transport connections.<\/p>\n\n<p><\/p>\n\t\t\t\t<\/div>\n\t\t\t\t<\/div>\n\t\t\t\t<div class=\"elementor-element elementor-element-529db4c elementor-align-right elementor-widget elementor-widget-button\" data-id=\"529db4c\" data-element_type=\"widget\" data-e-type=\"widget\" data-widget_type=\"button.default\">\n\t\t\t\t<div class=\"elementor-widget-container\">\n\t\t\t\t\t\t\t\t\t<div class=\"elementor-button-wrapper\">\n\t\t\t\t\t<a class=\"elementor-button elementor-button-link elementor-size-xs\" href=\"https:\/\/www.werner-wohnbau.de\/en\/nachrichten\/sales-launch-exclusive-semi-detached-houses-in-niedernhausen\/\">\n\t\t\t\t\t\t<span class=\"elementor-button-content-wrapper\">\n\t\t\t\t\t\t\t\t\t<span class=\"elementor-button-text\">READ ON ...<\/span>\n\t\t\t\t\t<\/span>\n\t\t\t\t\t<\/a>\n\t\t\t\t<\/div>\n\t\t\t\t\t\t\t\t<\/div>\n\t\t\t\t<\/div>\n\t\t\t\t\t<\/div>\n\t\t<\/div>\n\t\t\t\t\t<\/div>\n\t\t<\/section>\n\t\t\t\t<\/div>\n\t\t\t\t<div data-elementor-type=\"loop-item\" data-elementor-id=\"19057\" class=\"elementor elementor-19057 elementor-3752 e-loop-item e-loop-item-22544 post-22544 nachrichten type-nachrichten status-publish has-post-thumbnail hentry\" data-elementor-post-type=\"elementor_library\" data-custom-edit-handle=\"1\">\n\t\t\t\t\t<section class=\"elementor-section elementor-top-section elementor-element elementor-element-b41ea66 elementor-section-boxed elementor-section-height-default elementor-section-height-default\" data-id=\"b41ea66\" data-element_type=\"section\" data-e-type=\"section\">\n\t\t\t\t\t\t<div class=\"elementor-container elementor-column-gap-no\">\n\t\t\t\t\t<div class=\"elementor-column elementor-col-100 elementor-top-column elementor-element elementor-element-da66870\" data-id=\"da66870\" data-element_type=\"column\" data-e-type=\"column\">\n\t\t\t<div class=\"elementor-widget-wrap elementor-element-populated\">\n\t\t\t\t\t\t<div class=\"elementor-element elementor-element-6f7cb2d elementor-widget elementor-widget-theme-post-featured-image elementor-widget-image\" data-id=\"6f7cb2d\" data-element_type=\"widget\" data-e-type=\"widget\" data-widget_type=\"theme-post-featured-image.default\">\n\t\t\t\t<div class=\"elementor-widget-container\">\n\t\t\t\t\t\t\t\t\t\t\t\t\t\t\t<img loading=\"lazy\" decoding=\"async\" width=\"960\" height=\"720\" src=\"https:\/\/www.werner-wohnbau.de\/wp-content\/uploads\/2025\/03\/IMG_5336.jpg\" class=\"attachment-full size-full wp-image-22313\" alt=\"\" srcset=\"https:\/\/www.werner-wohnbau.de\/wp-content\/uploads\/2025\/03\/IMG_5336.jpg 960w, https:\/\/www.werner-wohnbau.de\/wp-content\/uploads\/2025\/03\/IMG_5336-300x225.jpg 300w, https:\/\/www.werner-wohnbau.de\/wp-content\/uploads\/2025\/03\/IMG_5336-768x576.jpg 768w\" sizes=\"(max-width: 960px) 100vw, 960px\" \/>\t\t\t\t\t\t\t\t\t\t\t\t\t\t\t<\/div>\n\t\t\t\t<\/div>\n\t\t\t\t\t<\/div>\n\t\t<\/div>\n\t\t\t\t\t<\/div>\n\t\t<\/section>\n\t\t\t\t<section class=\"elementor-section elementor-top-section elementor-element elementor-element-4c94e94 elementor-section-boxed elementor-section-height-default elementor-section-height-default\" data-id=\"4c94e94\" data-element_type=\"section\" data-e-type=\"section\" data-settings=\"{&quot;background_background&quot;:&quot;classic&quot;}\">\n\t\t\t\t\t\t<div class=\"elementor-container elementor-column-gap-no\">\n\t\t\t\t\t<div class=\"elementor-column elementor-col-100 elementor-top-column elementor-element elementor-element-925bb8e\" data-id=\"925bb8e\" data-element_type=\"column\" data-e-type=\"column\">\n\t\t\t<div class=\"elementor-widget-wrap elementor-element-populated\">\n\t\t\t\t\t\t<div class=\"elementor-element elementor-element-fd9189c elementor-widget elementor-widget-theme-post-title elementor-page-title elementor-widget-heading\" data-id=\"fd9189c\" data-element_type=\"widget\" data-e-type=\"widget\" data-widget_type=\"theme-post-title.default\">\n\t\t\t\t<div class=\"elementor-widget-container\">\n\t\t\t\t\t<h1 class=\"elementor-heading-title elementor-size-default\">Sales launch in Erlangen: Your new home in Eltersdorfer Stra\u00dfe<\/h1>\t\t\t\t<\/div>\n\t\t\t\t<\/div>\n\t\t\t\t<div data-dce-text-color=\"#FFFFFF\" class=\"elementor-element elementor-element-9453165 newstext elementor-widget elementor-widget-theme-post-content\" data-id=\"9453165\" data-element_type=\"widget\" data-e-type=\"widget\" data-widget_type=\"theme-post-content.default\">\n\t\t\t\t<div class=\"elementor-widget-container\">\n\t\t\t\t\t\n<p>  Benefit from 5% declining balance depreciation!<br\/> <\/p>\n\n<p><\/p>\n\t\t\t\t<\/div>\n\t\t\t\t<\/div>\n\t\t\t\t<div class=\"elementor-element elementor-element-529db4c elementor-align-right elementor-widget elementor-widget-button\" data-id=\"529db4c\" data-element_type=\"widget\" data-e-type=\"widget\" data-widget_type=\"button.default\">\n\t\t\t\t<div class=\"elementor-widget-container\">\n\t\t\t\t\t\t\t\t\t<div class=\"elementor-button-wrapper\">\n\t\t\t\t\t<a class=\"elementor-button elementor-button-link elementor-size-xs\" href=\"https:\/\/www.werner-wohnbau.de\/en\/nachrichten\/sales-launch-in-erlangen-your-new-home-in-eltersdorfer-strasse\/\">\n\t\t\t\t\t\t<span class=\"elementor-button-content-wrapper\">\n\t\t\t\t\t\t\t\t\t<span class=\"elementor-button-text\">READ ON ...<\/span>\n\t\t\t\t\t<\/span>\n\t\t\t\t\t<\/a>\n\t\t\t\t<\/div>\n\t\t\t\t\t\t\t\t<\/div>\n\t\t\t\t<\/div>\n\t\t\t\t\t<\/div>\n\t\t<\/div>\n\t\t\t\t\t<\/div>\n\t\t<\/section>\n\t\t\t\t<\/div>\n\t\t\t\t<div data-elementor-type=\"loop-item\" data-elementor-id=\"19057\" class=\"elementor elementor-19057 elementor-3752 e-loop-item e-loop-item-22309 post-22309 nachrichten type-nachrichten status-publish has-post-thumbnail hentry\" data-elementor-post-type=\"elementor_library\" data-custom-edit-handle=\"1\">\n\t\t\t\t\t<section class=\"elementor-section elementor-top-section elementor-element elementor-element-b41ea66 elementor-section-boxed elementor-section-height-default elementor-section-height-default\" data-id=\"b41ea66\" data-element_type=\"section\" data-e-type=\"section\">\n\t\t\t\t\t\t<div class=\"elementor-container elementor-column-gap-no\">\n\t\t\t\t\t<div class=\"elementor-column elementor-col-100 elementor-top-column elementor-element elementor-element-da66870\" data-id=\"da66870\" data-element_type=\"column\" data-e-type=\"column\">\n\t\t\t<div class=\"elementor-widget-wrap elementor-element-populated\">\n\t\t\t\t\t\t<div class=\"elementor-element elementor-element-6f7cb2d elementor-widget elementor-widget-theme-post-featured-image elementor-widget-image\" data-id=\"6f7cb2d\" data-element_type=\"widget\" data-e-type=\"widget\" data-widget_type=\"theme-post-featured-image.default\">\n\t\t\t\t<div class=\"elementor-widget-container\">\n\t\t\t\t\t\t\t\t\t\t\t\t\t\t\t<img loading=\"lazy\" decoding=\"async\" width=\"1600\" height=\"1200\" src=\"https:\/\/www.werner-wohnbau.de\/wp-content\/uploads\/2025\/03\/4-1-e1742545760629.jpg\" class=\"attachment-full size-full wp-image-21808\" alt=\"\" \/>\t\t\t\t\t\t\t\t\t\t\t\t\t\t\t<\/div>\n\t\t\t\t<\/div>\n\t\t\t\t\t<\/div>\n\t\t<\/div>\n\t\t\t\t\t<\/div>\n\t\t<\/section>\n\t\t\t\t<section class=\"elementor-section elementor-top-section elementor-element elementor-element-4c94e94 elementor-section-boxed elementor-section-height-default elementor-section-height-default\" data-id=\"4c94e94\" data-element_type=\"section\" data-e-type=\"section\" data-settings=\"{&quot;background_background&quot;:&quot;classic&quot;}\">\n\t\t\t\t\t\t<div class=\"elementor-container elementor-column-gap-no\">\n\t\t\t\t\t<div class=\"elementor-column elementor-col-100 elementor-top-column elementor-element elementor-element-925bb8e\" data-id=\"925bb8e\" data-element_type=\"column\" data-e-type=\"column\">\n\t\t\t<div class=\"elementor-widget-wrap elementor-element-populated\">\n\t\t\t\t\t\t<div class=\"elementor-element elementor-element-fd9189c elementor-widget elementor-widget-theme-post-title elementor-page-title elementor-widget-heading\" data-id=\"fd9189c\" data-element_type=\"widget\" data-e-type=\"widget\" data-widget_type=\"theme-post-title.default\">\n\t\t\t\t<div class=\"elementor-widget-container\">\n\t\t\t\t\t<h1 class=\"elementor-heading-title elementor-size-default\">Departmental cooking in the Werner Wohnbau canteen<\/h1>\t\t\t\t<\/div>\n\t\t\t\t<\/div>\n\t\t\t\t<div data-dce-text-color=\"#FFFFFF\" class=\"elementor-element elementor-element-9453165 newstext elementor-widget elementor-widget-theme-post-content\" data-id=\"9453165\" data-element_type=\"widget\" data-e-type=\"widget\" data-widget_type=\"theme-post-content.default\">\n\t\t\t\t<div class=\"elementor-widget-container\">\n\t\t\t\t\t\n<p>Beef roulades, homemade spaetzle with red cabbage &#8211; topped off with <em>hot love<\/em>!<\/p>\n\n<p><\/p>\n\t\t\t\t<\/div>\n\t\t\t\t<\/div>\n\t\t\t\t<div class=\"elementor-element elementor-element-529db4c elementor-align-right elementor-widget elementor-widget-button\" data-id=\"529db4c\" data-element_type=\"widget\" data-e-type=\"widget\" data-widget_type=\"button.default\">\n\t\t\t\t<div class=\"elementor-widget-container\">\n\t\t\t\t\t\t\t\t\t<div class=\"elementor-button-wrapper\">\n\t\t\t\t\t<a class=\"elementor-button elementor-button-link elementor-size-xs\" href=\"https:\/\/www.werner-wohnbau.de\/en\/nachrichten\/departmental-cooking-in-the-werner-wohnbau-canteen\/\">\n\t\t\t\t\t\t<span class=\"elementor-button-content-wrapper\">\n\t\t\t\t\t\t\t\t\t<span class=\"elementor-button-text\">READ ON ...<\/span>\n\t\t\t\t\t<\/span>\n\t\t\t\t\t<\/a>\n\t\t\t\t<\/div>\n\t\t\t\t\t\t\t\t<\/div>\n\t\t\t\t<\/div>\n\t\t\t\t\t<\/div>\n\t\t<\/div>\n\t\t\t\t\t<\/div>\n\t\t<\/section>\n\t\t\t\t<\/div>\n\t\t\t\t<div data-elementor-type=\"loop-item\" data-elementor-id=\"19057\" class=\"elementor elementor-19057 elementor-3752 e-loop-item e-loop-item-21612 post-21612 nachrichten type-nachrichten status-publish hentry\" data-elementor-post-type=\"elementor_library\" data-custom-edit-handle=\"1\">\n\t\t\t\t\t<section class=\"elementor-section elementor-top-section elementor-element elementor-element-b41ea66 elementor-section-boxed elementor-section-height-default elementor-section-height-default\" data-id=\"b41ea66\" data-element_type=\"section\" data-e-type=\"section\">\n\t\t\t\t\t\t<div class=\"elementor-container elementor-column-gap-no\">\n\t\t\t\t\t<div class=\"elementor-column elementor-col-100 elementor-top-column elementor-element elementor-element-da66870\" data-id=\"da66870\" data-element_type=\"column\" data-e-type=\"column\">\n\t\t\t<div class=\"elementor-widget-wrap elementor-element-populated\">\n\t\t\t\t\t\t\t<\/div>\n\t\t<\/div>\n\t\t\t\t\t<\/div>\n\t\t<\/section>\n\t\t\t\t<section class=\"elementor-section elementor-top-section elementor-element elementor-element-4c94e94 elementor-section-boxed elementor-section-height-default elementor-section-height-default\" data-id=\"4c94e94\" data-element_type=\"section\" data-e-type=\"section\" data-settings=\"{&quot;background_background&quot;:&quot;classic&quot;}\">\n\t\t\t\t\t\t<div class=\"elementor-container elementor-column-gap-no\">\n\t\t\t\t\t<div class=\"elementor-column elementor-col-100 elementor-top-column elementor-element elementor-element-925bb8e\" data-id=\"925bb8e\" data-element_type=\"column\" data-e-type=\"column\">\n\t\t\t<div class=\"elementor-widget-wrap elementor-element-populated\">\n\t\t\t\t\t\t<div class=\"elementor-element elementor-element-fd9189c elementor-widget elementor-widget-theme-post-title elementor-page-title elementor-widget-heading\" data-id=\"fd9189c\" data-element_type=\"widget\" data-e-type=\"widget\" data-widget_type=\"theme-post-title.default\">\n\t\t\t\t<div class=\"elementor-widget-container\">\n\t\t\t\t\t<h1 class=\"elementor-heading-title elementor-size-default\">Topping-out ceremony in bright sunshine and high spirits<\/h1>\t\t\t\t<\/div>\n\t\t\t\t<\/div>\n\t\t\t\t<div data-dce-text-color=\"#FFFFFF\" class=\"elementor-element elementor-element-9453165 newstext elementor-widget elementor-widget-theme-post-content\" data-id=\"9453165\" data-element_type=\"widget\" data-e-type=\"widget\" data-widget_type=\"theme-post-content.default\">\n\t\t\t\t<div class=\"elementor-widget-container\">\n\t\t\t\t\t\n<p>A milestone for the new residential project in Dresden-Gittersee with prospective buyers and purchasers<\/p>\n\n<p><\/p>\n\t\t\t\t<\/div>\n\t\t\t\t<\/div>\n\t\t\t\t<div class=\"elementor-element elementor-element-529db4c elementor-align-right elementor-widget elementor-widget-button\" data-id=\"529db4c\" data-element_type=\"widget\" data-e-type=\"widget\" data-widget_type=\"button.default\">\n\t\t\t\t<div class=\"elementor-widget-container\">\n\t\t\t\t\t\t\t\t\t<div class=\"elementor-button-wrapper\">\n\t\t\t\t\t<a class=\"elementor-button elementor-button-link elementor-size-xs\" href=\"https:\/\/www.werner-wohnbau.de\/en\/nachrichten\/topping-out-ceremony-in-bright-sunshine-and-high-spirits\/\">\n\t\t\t\t\t\t<span class=\"elementor-button-content-wrapper\">\n\t\t\t\t\t\t\t\t\t<span class=\"elementor-button-text\">READ ON ...<\/span>\n\t\t\t\t\t<\/span>\n\t\t\t\t\t<\/a>\n\t\t\t\t<\/div>\n\t\t\t\t\t\t\t\t<\/div>\n\t\t\t\t<\/div>\n\t\t\t\t\t<\/div>\n\t\t<\/div>\n\t\t\t\t\t<\/div>\n\t\t<\/section>\n\t\t\t\t<\/div>\n\t\t\t\t<div data-elementor-type=\"loop-item\" data-elementor-id=\"19057\" class=\"elementor elementor-19057 elementor-3752 e-loop-item e-loop-item-21610 post-21610 nachrichten type-nachrichten status-publish has-post-thumbnail hentry\" data-elementor-post-type=\"elementor_library\" data-custom-edit-handle=\"1\">\n\t\t\t\t\t<section class=\"elementor-section elementor-top-section elementor-element elementor-element-b41ea66 elementor-section-boxed elementor-section-height-default elementor-section-height-default\" data-id=\"b41ea66\" data-element_type=\"section\" data-e-type=\"section\">\n\t\t\t\t\t\t<div class=\"elementor-container elementor-column-gap-no\">\n\t\t\t\t\t<div class=\"elementor-column elementor-col-100 elementor-top-column elementor-element elementor-element-da66870\" data-id=\"da66870\" data-element_type=\"column\" data-e-type=\"column\">\n\t\t\t<div class=\"elementor-widget-wrap elementor-element-populated\">\n\t\t\t\t\t\t<div class=\"elementor-element elementor-element-6f7cb2d elementor-widget elementor-widget-theme-post-featured-image elementor-widget-image\" data-id=\"6f7cb2d\" data-element_type=\"widget\" data-e-type=\"widget\" data-widget_type=\"theme-post-featured-image.default\">\n\t\t\t\t<div class=\"elementor-widget-container\">\n\t\t\t\t\t\t\t\t\t\t\t\t\t\t\t<img loading=\"lazy\" decoding=\"async\" width=\"2560\" height=\"1440\" src=\"https:\/\/www.werner-wohnbau.de\/wp-content\/uploads\/2025\/02\/Zimmern-oR_-2_250211-1-scaled-e1740729070907.jpg\" class=\"attachment-full size-full wp-image-21328\" alt=\"\" \/>\t\t\t\t\t\t\t\t\t\t\t\t\t\t\t<\/div>\n\t\t\t\t<\/div>\n\t\t\t\t\t<\/div>\n\t\t<\/div>\n\t\t\t\t\t<\/div>\n\t\t<\/section>\n\t\t\t\t<section class=\"elementor-section elementor-top-section elementor-element elementor-element-4c94e94 elementor-section-boxed elementor-section-height-default elementor-section-height-default\" data-id=\"4c94e94\" data-element_type=\"section\" data-e-type=\"section\" data-settings=\"{&quot;background_background&quot;:&quot;classic&quot;}\">\n\t\t\t\t\t\t<div class=\"elementor-container elementor-column-gap-no\">\n\t\t\t\t\t<div class=\"elementor-column elementor-col-100 elementor-top-column elementor-element elementor-element-925bb8e\" data-id=\"925bb8e\" data-element_type=\"column\" data-e-type=\"column\">\n\t\t\t<div class=\"elementor-widget-wrap elementor-element-populated\">\n\t\t\t\t\t\t<div class=\"elementor-element elementor-element-fd9189c elementor-widget elementor-widget-theme-post-title elementor-page-title elementor-widget-heading\" data-id=\"fd9189c\" data-element_type=\"widget\" data-e-type=\"widget\" data-widget_type=\"theme-post-title.default\">\n\t\t\t\t<div class=\"elementor-widget-container\">\n\t\t\t\t\t<h1 class=\"elementor-heading-title elementor-size-default\">Two exciting construction projects go on sale<\/h1>\t\t\t\t<\/div>\n\t\t\t\t<\/div>\n\t\t\t\t<div data-dce-text-color=\"#FFFFFF\" class=\"elementor-element elementor-element-9453165 newstext elementor-widget elementor-widget-theme-post-content\" data-id=\"9453165\" data-element_type=\"widget\" data-e-type=\"widget\" data-widget_type=\"theme-post-content.default\">\n\t\t\t\t<div class=\"elementor-widget-container\">\n\t\t\t\t\t\n<p>Modern and family-friendly homes are being built in Zimmern ob Rottweil (78658) and \u00d6hringen (74613).<\/p>\n\t\t\t\t<\/div>\n\t\t\t\t<\/div>\n\t\t\t\t<div class=\"elementor-element elementor-element-529db4c elementor-align-right elementor-widget elementor-widget-button\" data-id=\"529db4c\" data-element_type=\"widget\" data-e-type=\"widget\" data-widget_type=\"button.default\">\n\t\t\t\t<div class=\"elementor-widget-container\">\n\t\t\t\t\t\t\t\t\t<div class=\"elementor-button-wrapper\">\n\t\t\t\t\t<a class=\"elementor-button elementor-button-link elementor-size-xs\" href=\"https:\/\/www.werner-wohnbau.de\/en\/nachrichten\/two-exciting-construction-projects-go-on-sale\/\">\n\t\t\t\t\t\t<span class=\"elementor-button-content-wrapper\">\n\t\t\t\t\t\t\t\t\t<span class=\"elementor-button-text\">READ ON ...<\/span>\n\t\t\t\t\t<\/span>\n\t\t\t\t\t<\/a>\n\t\t\t\t<\/div>\n\t\t\t\t\t\t\t\t<\/div>\n\t\t\t\t<\/div>\n\t\t\t\t\t<\/div>\n\t\t<\/div>\n\t\t\t\t\t<\/div>\n\t\t<\/section>\n\t\t\t\t<\/div>\n\t\t\t\t<div data-elementor-type=\"loop-item\" data-elementor-id=\"19057\" class=\"elementor elementor-19057 elementor-3752 e-loop-item e-loop-item-21611 post-21611 nachrichten type-nachrichten status-publish hentry\" data-elementor-post-type=\"elementor_library\" data-custom-edit-handle=\"1\">\n\t\t\t\t\t<section class=\"elementor-section elementor-top-section elementor-element elementor-element-b41ea66 elementor-section-boxed elementor-section-height-default elementor-section-height-default\" data-id=\"b41ea66\" data-element_type=\"section\" data-e-type=\"section\">\n\t\t\t\t\t\t<div class=\"elementor-container elementor-column-gap-no\">\n\t\t\t\t\t<div class=\"elementor-column elementor-col-100 elementor-top-column elementor-element elementor-element-da66870\" data-id=\"da66870\" data-element_type=\"column\" data-e-type=\"column\">\n\t\t\t<div class=\"elementor-widget-wrap elementor-element-populated\">\n\t\t\t\t\t\t\t<\/div>\n\t\t<\/div>\n\t\t\t\t\t<\/div>\n\t\t<\/section>\n\t\t\t\t<section class=\"elementor-section elementor-top-section elementor-element elementor-element-4c94e94 elementor-section-boxed elementor-section-height-default elementor-section-height-default\" data-id=\"4c94e94\" data-element_type=\"section\" data-e-type=\"section\" data-settings=\"{&quot;background_background&quot;:&quot;classic&quot;}\">\n\t\t\t\t\t\t<div class=\"elementor-container elementor-column-gap-no\">\n\t\t\t\t\t<div class=\"elementor-column elementor-col-100 elementor-top-column elementor-element elementor-element-925bb8e\" data-id=\"925bb8e\" data-element_type=\"column\" data-e-type=\"column\">\n\t\t\t<div class=\"elementor-widget-wrap elementor-element-populated\">\n\t\t\t\t\t\t<div class=\"elementor-element elementor-element-fd9189c elementor-widget elementor-widget-theme-post-title elementor-page-title elementor-widget-heading\" data-id=\"fd9189c\" data-element_type=\"widget\" data-e-type=\"widget\" data-widget_type=\"theme-post-title.default\">\n\t\t\t\t<div class=\"elementor-widget-container\">\n\t\t\t\t\t<h1 class=\"elementor-heading-title elementor-size-default\">&#8220;Ho Ho Ho!&#8221; &#8211; That&#8217;s how it sounded at this year&#8217;s Christmas party<\/h1>\t\t\t\t<\/div>\n\t\t\t\t<\/div>\n\t\t\t\t<div data-dce-text-color=\"#FFFFFF\" class=\"elementor-element elementor-element-9453165 newstext elementor-widget elementor-widget-theme-post-content\" data-id=\"9453165\" data-element_type=\"widget\" data-e-type=\"widget\" data-widget_type=\"theme-post-content.default\">\n\t\t\t\t<div class=\"elementor-widget-container\">\n\t\t\t\t\t\n<p>Christmas party of the Werner Wohnbau team: A celebration of joy, humor and good cheer!<\/p>\n\n<p><\/p>\n\t\t\t\t<\/div>\n\t\t\t\t<\/div>\n\t\t\t\t<div class=\"elementor-element elementor-element-529db4c elementor-align-right elementor-widget elementor-widget-button\" data-id=\"529db4c\" data-element_type=\"widget\" data-e-type=\"widget\" data-widget_type=\"button.default\">\n\t\t\t\t<div class=\"elementor-widget-container\">\n\t\t\t\t\t\t\t\t\t<div class=\"elementor-button-wrapper\">\n\t\t\t\t\t<a class=\"elementor-button elementor-button-link elementor-size-xs\" href=\"https:\/\/www.werner-wohnbau.de\/en\/nachrichten\/ho-ho-ho-thats-how-it-sounded-at-this-years-christmas-party\/\">\n\t\t\t\t\t\t<span class=\"elementor-button-content-wrapper\">\n\t\t\t\t\t\t\t\t\t<span class=\"elementor-button-text\">READ ON ...<\/span>\n\t\t\t\t\t<\/span>\n\t\t\t\t\t<\/a>\n\t\t\t\t<\/div>\n\t\t\t\t\t\t\t\t<\/div>\n\t\t\t\t<\/div>\n\t\t\t\t\t<\/div>\n\t\t<\/div>\n\t\t\t\t\t<\/div>\n\t\t<\/section>\n\t\t\t\t<\/div>\n\t\t\t\t<div data-elementor-type=\"loop-item\" data-elementor-id=\"19057\" class=\"elementor elementor-19057 elementor-3752 e-loop-item e-loop-item-21609 post-21609 nachrichten type-nachrichten status-publish hentry\" data-elementor-post-type=\"elementor_library\" data-custom-edit-handle=\"1\">\n\t\t\t\t\t<section class=\"elementor-section elementor-top-section elementor-element elementor-element-b41ea66 elementor-section-boxed elementor-section-height-default elementor-section-height-default\" data-id=\"b41ea66\" data-element_type=\"section\" data-e-type=\"section\">\n\t\t\t\t\t\t<div class=\"elementor-container elementor-column-gap-no\">\n\t\t\t\t\t<div class=\"elementor-column elementor-col-100 elementor-top-column elementor-element elementor-element-da66870\" data-id=\"da66870\" data-element_type=\"column\" data-e-type=\"column\">\n\t\t\t<div class=\"elementor-widget-wrap elementor-element-populated\">\n\t\t\t\t\t\t\t<\/div>\n\t\t<\/div>\n\t\t\t\t\t<\/div>\n\t\t<\/section>\n\t\t\t\t<section class=\"elementor-section elementor-top-section elementor-element elementor-element-4c94e94 elementor-section-boxed elementor-section-height-default elementor-section-height-default\" data-id=\"4c94e94\" data-element_type=\"section\" data-e-type=\"section\" data-settings=\"{&quot;background_background&quot;:&quot;classic&quot;}\">\n\t\t\t\t\t\t<div class=\"elementor-container elementor-column-gap-no\">\n\t\t\t\t\t<div class=\"elementor-column elementor-col-100 elementor-top-column elementor-element elementor-element-925bb8e\" data-id=\"925bb8e\" data-element_type=\"column\" data-e-type=\"column\">\n\t\t\t<div class=\"elementor-widget-wrap elementor-element-populated\">\n\t\t\t\t\t\t<div class=\"elementor-element elementor-element-fd9189c elementor-widget elementor-widget-theme-post-title elementor-page-title elementor-widget-heading\" data-id=\"fd9189c\" data-element_type=\"widget\" data-e-type=\"widget\" data-widget_type=\"theme-post-title.default\">\n\t\t\t\t<div class=\"elementor-widget-container\">\n\t\t\t\t\t<h1 class=\"elementor-heading-title elementor-size-default\">Successful sale of the Langensendelbach construction project<\/h1>\t\t\t\t<\/div>\n\t\t\t\t<\/div>\n\t\t\t\t<div data-dce-text-color=\"#FFFFFF\" class=\"elementor-element elementor-element-9453165 newstext elementor-widget elementor-widget-theme-post-content\" data-id=\"9453165\" data-element_type=\"widget\" data-e-type=\"widget\" data-widget_type=\"theme-post-content.default\">\n\t\t\t\t<div class=\"elementor-widget-container\">\n\t\t\t\t\t\n<p>The project offers a total of 9 modern residential units with spacious living areas of between 134 m\u00b2 and 136 m\u00b2.<\/p>\n\t\t\t\t<\/div>\n\t\t\t\t<\/div>\n\t\t\t\t<div class=\"elementor-element elementor-element-529db4c elementor-align-right elementor-widget elementor-widget-button\" data-id=\"529db4c\" data-element_type=\"widget\" data-e-type=\"widget\" data-widget_type=\"button.default\">\n\t\t\t\t<div class=\"elementor-widget-container\">\n\t\t\t\t\t\t\t\t\t<div class=\"elementor-button-wrapper\">\n\t\t\t\t\t<a class=\"elementor-button elementor-button-link elementor-size-xs\" href=\"https:\/\/www.werner-wohnbau.de\/en\/nachrichten\/successful-sale-of-the-langensendelbach-construction-project\/\">\n\t\t\t\t\t\t<span class=\"elementor-button-content-wrapper\">\n\t\t\t\t\t\t\t\t\t<span class=\"elementor-button-text\">READ ON ...<\/span>\n\t\t\t\t\t<\/span>\n\t\t\t\t\t<\/a>\n\t\t\t\t<\/div>\n\t\t\t\t\t\t\t\t<\/div>\n\t\t\t\t<\/div>\n\t\t\t\t\t<\/div>\n\t\t<\/div>\n\t\t\t\t\t<\/div>\n\t\t<\/section>\n\t\t\t\t<\/div>\n\t\t\t\t<div data-elementor-type=\"loop-item\" data-elementor-id=\"19057\" class=\"elementor elementor-19057 elementor-3752 e-loop-item e-loop-item-20470 post-20470 nachrichten type-nachrichten status-publish has-post-thumbnail hentry\" data-elementor-post-type=\"elementor_library\" data-custom-edit-handle=\"1\">\n\t\t\t\t\t<section class=\"elementor-section elementor-top-section elementor-element elementor-element-b41ea66 elementor-section-boxed elementor-section-height-default elementor-section-height-default\" data-id=\"b41ea66\" data-element_type=\"section\" data-e-type=\"section\">\n\t\t\t\t\t\t<div class=\"elementor-container elementor-column-gap-no\">\n\t\t\t\t\t<div class=\"elementor-column elementor-col-100 elementor-top-column elementor-element elementor-element-da66870\" data-id=\"da66870\" data-element_type=\"column\" data-e-type=\"column\">\n\t\t\t<div class=\"elementor-widget-wrap elementor-element-populated\">\n\t\t\t\t\t\t<div class=\"elementor-element elementor-element-6f7cb2d elementor-widget elementor-widget-theme-post-featured-image elementor-widget-image\" data-id=\"6f7cb2d\" data-element_type=\"widget\" data-e-type=\"widget\" data-widget_type=\"theme-post-featured-image.default\">\n\t\t\t\t<div class=\"elementor-widget-container\">\n\t\t\t\t\t\t\t\t\t\t\t\t\t\t\t<img loading=\"lazy\" decoding=\"async\" width=\"2560\" height=\"1440\" src=\"https:\/\/www.werner-wohnbau.de\/wp-content\/uploads\/2025\/01\/Essen-AdL-Garten-lll-b_241125-scaled-e1738142705852.jpg\" class=\"attachment-full size-full wp-image-20261\" alt=\"\" \/>\t\t\t\t\t\t\t\t\t\t\t\t\t\t\t<\/div>\n\t\t\t\t<\/div>\n\t\t\t\t\t<\/div>\n\t\t<\/div>\n\t\t\t\t\t<\/div>\n\t\t<\/section>\n\t\t\t\t<section class=\"elementor-section elementor-top-section elementor-element elementor-element-4c94e94 elementor-section-boxed elementor-section-height-default elementor-section-height-default\" data-id=\"4c94e94\" data-element_type=\"section\" data-e-type=\"section\" data-settings=\"{&quot;background_background&quot;:&quot;classic&quot;}\">\n\t\t\t\t\t\t<div class=\"elementor-container elementor-column-gap-no\">\n\t\t\t\t\t<div class=\"elementor-column elementor-col-100 elementor-top-column elementor-element elementor-element-925bb8e\" data-id=\"925bb8e\" data-element_type=\"column\" data-e-type=\"column\">\n\t\t\t<div class=\"elementor-widget-wrap elementor-element-populated\">\n\t\t\t\t\t\t<div class=\"elementor-element elementor-element-fd9189c elementor-widget elementor-widget-theme-post-title elementor-page-title elementor-widget-heading\" data-id=\"fd9189c\" data-element_type=\"widget\" data-e-type=\"widget\" data-widget_type=\"theme-post-title.default\">\n\t\t\t\t<div class=\"elementor-widget-container\">\n\t\t\t\t\t<h1 class=\"elementor-heading-title elementor-size-default\">Hellweger Anzeiger: Start of construction for new residential buildings<\/h1>\t\t\t\t<\/div>\n\t\t\t\t<\/div>\n\t\t\t\t<div data-dce-text-color=\"#FFFFFF\" class=\"elementor-element elementor-element-9453165 newstext elementor-widget elementor-widget-theme-post-content\" data-id=\"9453165\" data-element_type=\"widget\" data-e-type=\"widget\" data-widget_type=\"theme-post-content.default\">\n\t\t\t\t<div class=\"elementor-widget-container\">\n\t\t\t\t\t\n<p>In Holzwickede, a new project with mainly semi-detached houses is due to start in 2025.<\/p>\n\n<p><\/p>\n\t\t\t\t<\/div>\n\t\t\t\t<\/div>\n\t\t\t\t<div class=\"elementor-element elementor-element-529db4c elementor-align-right elementor-widget elementor-widget-button\" data-id=\"529db4c\" data-element_type=\"widget\" data-e-type=\"widget\" data-widget_type=\"button.default\">\n\t\t\t\t<div class=\"elementor-widget-container\">\n\t\t\t\t\t\t\t\t\t<div class=\"elementor-button-wrapper\">\n\t\t\t\t\t<a class=\"elementor-button elementor-button-link elementor-size-xs\" href=\"https:\/\/www.werner-wohnbau.de\/en\/nachrichten\/hellweger-anzeiger-start-of-construction-for-new-residential-buildings\/\">\n\t\t\t\t\t\t<span class=\"elementor-button-content-wrapper\">\n\t\t\t\t\t\t\t\t\t<span class=\"elementor-button-text\">READ ON ...<\/span>\n\t\t\t\t\t<\/span>\n\t\t\t\t\t<\/a>\n\t\t\t\t<\/div>\n\t\t\t\t\t\t\t\t<\/div>\n\t\t\t\t<\/div>\n\t\t\t\t\t<\/div>\n\t\t<\/div>\n\t\t\t\t\t<\/div>\n\t\t<\/section>\n\t\t\t\t<\/div>\n\t\t\t\t<div data-elementor-type=\"loop-item\" data-elementor-id=\"19057\" class=\"elementor elementor-19057 elementor-3752 e-loop-item e-loop-item-20471 post-20471 nachrichten type-nachrichten status-publish has-post-thumbnail hentry\" data-elementor-post-type=\"elementor_library\" data-custom-edit-handle=\"1\">\n\t\t\t\t\t<section class=\"elementor-section elementor-top-section elementor-element elementor-element-b41ea66 elementor-section-boxed elementor-section-height-default elementor-section-height-default\" data-id=\"b41ea66\" data-element_type=\"section\" data-e-type=\"section\">\n\t\t\t\t\t\t<div class=\"elementor-container elementor-column-gap-no\">\n\t\t\t\t\t<div class=\"elementor-column elementor-col-100 elementor-top-column elementor-element elementor-element-da66870\" data-id=\"da66870\" data-element_type=\"column\" data-e-type=\"column\">\n\t\t\t<div class=\"elementor-widget-wrap elementor-element-populated\">\n\t\t\t\t\t\t<div class=\"elementor-element elementor-element-6f7cb2d elementor-widget elementor-widget-theme-post-featured-image elementor-widget-image\" data-id=\"6f7cb2d\" data-element_type=\"widget\" data-e-type=\"widget\" data-widget_type=\"theme-post-featured-image.default\">\n\t\t\t\t<div class=\"elementor-widget-container\">\n\t\t\t\t\t\t\t\t\t\t\t\t\t\t\t<img loading=\"lazy\" decoding=\"async\" width=\"1920\" height=\"2560\" src=\"https:\/\/www.werner-wohnbau.de\/wp-content\/uploads\/2025\/01\/8-scaled-e1737553428608.jpg\" class=\"attachment-full size-full wp-image-20157\" alt=\"\" \/>\t\t\t\t\t\t\t\t\t\t\t\t\t\t\t<\/div>\n\t\t\t\t<\/div>\n\t\t\t\t\t<\/div>\n\t\t<\/div>\n\t\t\t\t\t<\/div>\n\t\t<\/section>\n\t\t\t\t<section class=\"elementor-section elementor-top-section elementor-element elementor-element-4c94e94 elementor-section-boxed elementor-section-height-default elementor-section-height-default\" data-id=\"4c94e94\" data-element_type=\"section\" data-e-type=\"section\" data-settings=\"{&quot;background_background&quot;:&quot;classic&quot;}\">\n\t\t\t\t\t\t<div class=\"elementor-container elementor-column-gap-no\">\n\t\t\t\t\t<div class=\"elementor-column elementor-col-100 elementor-top-column elementor-element elementor-element-925bb8e\" data-id=\"925bb8e\" data-element_type=\"column\" data-e-type=\"column\">\n\t\t\t<div class=\"elementor-widget-wrap elementor-element-populated\">\n\t\t\t\t\t\t<div class=\"elementor-element elementor-element-fd9189c elementor-widget elementor-widget-theme-post-title elementor-page-title elementor-widget-heading\" data-id=\"fd9189c\" data-element_type=\"widget\" data-e-type=\"widget\" data-widget_type=\"theme-post-title.default\">\n\t\t\t\t<div class=\"elementor-widget-container\">\n\t\t\t\t\t<h1 class=\"elementor-heading-title elementor-size-default\">Successful relocation of our show home in Sipplingen<\/h1>\t\t\t\t<\/div>\n\t\t\t\t<\/div>\n\t\t\t\t<div data-dce-text-color=\"#FFFFFF\" class=\"elementor-element elementor-element-9453165 newstext elementor-widget elementor-widget-theme-post-content\" data-id=\"9453165\" data-element_type=\"widget\" data-e-type=\"widget\" data-widget_type=\"theme-post-content.default\">\n\t\t\t\t<div class=\"elementor-widget-container\">\n\t\t\t\t\t\n<p>Lake view convinces buyers! The colleagues from Werner Wohnbau worked hand in hand. <\/p>\n\n<p><\/p>\n\t\t\t\t<\/div>\n\t\t\t\t<\/div>\n\t\t\t\t<div class=\"elementor-element elementor-element-529db4c elementor-align-right elementor-widget elementor-widget-button\" data-id=\"529db4c\" data-element_type=\"widget\" data-e-type=\"widget\" data-widget_type=\"button.default\">\n\t\t\t\t<div class=\"elementor-widget-container\">\n\t\t\t\t\t\t\t\t\t<div class=\"elementor-button-wrapper\">\n\t\t\t\t\t<a class=\"elementor-button elementor-button-link elementor-size-xs\" href=\"https:\/\/www.werner-wohnbau.de\/en\/nachrichten\/successful-relocation-of-our-show-home-in-sipplingen\/\">\n\t\t\t\t\t\t<span class=\"elementor-button-content-wrapper\">\n\t\t\t\t\t\t\t\t\t<span class=\"elementor-button-text\">READ ON ...<\/span>\n\t\t\t\t\t<\/span>\n\t\t\t\t\t<\/a>\n\t\t\t\t<\/div>\n\t\t\t\t\t\t\t\t<\/div>\n\t\t\t\t<\/div>\n\t\t\t\t\t<\/div>\n\t\t<\/div>\n\t\t\t\t\t<\/div>\n\t\t<\/section>\n\t\t\t\t<\/div>\n\t\t\t\t<div data-elementor-type=\"loop-item\" data-elementor-id=\"19057\" class=\"elementor elementor-19057 elementor-3752 e-loop-item e-loop-item-19958 post-19958 nachrichten type-nachrichten status-publish has-post-thumbnail hentry\" data-elementor-post-type=\"elementor_library\" data-custom-edit-handle=\"1\">\n\t\t\t\t\t<section class=\"elementor-section elementor-top-section elementor-element elementor-element-b41ea66 elementor-section-boxed elementor-section-height-default elementor-section-height-default\" data-id=\"b41ea66\" data-element_type=\"section\" data-e-type=\"section\">\n\t\t\t\t\t\t<div class=\"elementor-container elementor-column-gap-no\">\n\t\t\t\t\t<div class=\"elementor-column elementor-col-100 elementor-top-column elementor-element elementor-element-da66870\" data-id=\"da66870\" data-element_type=\"column\" data-e-type=\"column\">\n\t\t\t<div class=\"elementor-widget-wrap elementor-element-populated\">\n\t\t\t\t\t\t<div class=\"elementor-element elementor-element-6f7cb2d elementor-widget elementor-widget-theme-post-featured-image elementor-widget-image\" data-id=\"6f7cb2d\" data-element_type=\"widget\" data-e-type=\"widget\" data-widget_type=\"theme-post-featured-image.default\">\n\t\t\t\t<div class=\"elementor-widget-container\">\n\t\t\t\t\t\t\t\t\t\t\t\t\t\t\t<img loading=\"lazy\" decoding=\"async\" width=\"1920\" height=\"1080\" src=\"https:\/\/www.werner-wohnbau.de\/wp-content\/uploads\/2024\/11\/key-3348307_1920.jpg\" class=\"attachment-full size-full wp-image-18981\" alt=\"\" srcset=\"https:\/\/www.werner-wohnbau.de\/wp-content\/uploads\/2024\/11\/key-3348307_1920.jpg 1920w, https:\/\/www.werner-wohnbau.de\/wp-content\/uploads\/2024\/11\/key-3348307_1920-300x169.jpg 300w, https:\/\/www.werner-wohnbau.de\/wp-content\/uploads\/2024\/11\/key-3348307_1920-1024x576.jpg 1024w, https:\/\/www.werner-wohnbau.de\/wp-content\/uploads\/2024\/11\/key-3348307_1920-768x432.jpg 768w, https:\/\/www.werner-wohnbau.de\/wp-content\/uploads\/2024\/11\/key-3348307_1920-1536x864.jpg 1536w\" sizes=\"(max-width: 1920px) 100vw, 1920px\" \/>\t\t\t\t\t\t\t\t\t\t\t\t\t\t\t<\/div>\n\t\t\t\t<\/div>\n\t\t\t\t\t<\/div>\n\t\t<\/div>\n\t\t\t\t\t<\/div>\n\t\t<\/section>\n\t\t\t\t<section class=\"elementor-section elementor-top-section elementor-element elementor-element-4c94e94 elementor-section-boxed elementor-section-height-default elementor-section-height-default\" data-id=\"4c94e94\" data-element_type=\"section\" data-e-type=\"section\" data-settings=\"{&quot;background_background&quot;:&quot;classic&quot;}\">\n\t\t\t\t\t\t<div class=\"elementor-container elementor-column-gap-no\">\n\t\t\t\t\t<div class=\"elementor-column elementor-col-100 elementor-top-column elementor-element elementor-element-925bb8e\" data-id=\"925bb8e\" data-element_type=\"column\" data-e-type=\"column\">\n\t\t\t<div class=\"elementor-widget-wrap elementor-element-populated\">\n\t\t\t\t\t\t<div class=\"elementor-element elementor-element-fd9189c elementor-widget elementor-widget-theme-post-title elementor-page-title elementor-widget-heading\" data-id=\"fd9189c\" data-element_type=\"widget\" data-e-type=\"widget\" data-widget_type=\"theme-post-title.default\">\n\t\t\t\t<div class=\"elementor-widget-container\">\n\t\t\t\t\t<h1 class=\"elementor-heading-title elementor-size-default\">Successful house handover in Dresden-Rockau<\/h1>\t\t\t\t<\/div>\n\t\t\t\t<\/div>\n\t\t\t\t<div data-dce-text-color=\"#FFFFFF\" class=\"elementor-element elementor-element-9453165 newstext elementor-widget elementor-widget-theme-post-content\" data-id=\"9453165\" data-element_type=\"widget\" data-e-type=\"widget\" data-widget_type=\"theme-post-content.default\">\n\t\t\t\t<div class=\"elementor-widget-container\">\n\t\t\t\t\t\n<p>After an impressively short construction period of just six months, the first houses were handed over to the happy buyers.<\/p>\n\t\t\t\t<\/div>\n\t\t\t\t<\/div>\n\t\t\t\t<div class=\"elementor-element elementor-element-529db4c elementor-align-right elementor-widget elementor-widget-button\" data-id=\"529db4c\" data-element_type=\"widget\" data-e-type=\"widget\" data-widget_type=\"button.default\">\n\t\t\t\t<div class=\"elementor-widget-container\">\n\t\t\t\t\t\t\t\t\t<div class=\"elementor-button-wrapper\">\n\t\t\t\t\t<a class=\"elementor-button elementor-button-link elementor-size-xs\" href=\"https:\/\/www.werner-wohnbau.de\/en\/nachrichten\/successful-house-handover-in-dresden-rockau\/\">\n\t\t\t\t\t\t<span class=\"elementor-button-content-wrapper\">\n\t\t\t\t\t\t\t\t\t<span class=\"elementor-button-text\">READ ON ...<\/span>\n\t\t\t\t\t<\/span>\n\t\t\t\t\t<\/a>\n\t\t\t\t<\/div>\n\t\t\t\t\t\t\t\t<\/div>\n\t\t\t\t<\/div>\n\t\t\t\t\t<\/div>\n\t\t<\/div>\n\t\t\t\t\t<\/div>\n\t\t<\/section>\n\t\t\t\t<\/div>\n\t\t\t\t<div data-elementor-type=\"loop-item\" data-elementor-id=\"19057\" class=\"elementor elementor-19057 elementor-3752 e-loop-item e-loop-item-19963 post-19963 nachrichten type-nachrichten status-publish has-post-thumbnail hentry\" data-elementor-post-type=\"elementor_library\" data-custom-edit-handle=\"1\">\n\t\t\t\t\t<section class=\"elementor-section elementor-top-section elementor-element elementor-element-b41ea66 elementor-section-boxed elementor-section-height-default elementor-section-height-default\" data-id=\"b41ea66\" data-element_type=\"section\" data-e-type=\"section\">\n\t\t\t\t\t\t<div class=\"elementor-container elementor-column-gap-no\">\n\t\t\t\t\t<div class=\"elementor-column elementor-col-100 elementor-top-column elementor-element elementor-element-da66870\" data-id=\"da66870\" data-element_type=\"column\" data-e-type=\"column\">\n\t\t\t<div class=\"elementor-widget-wrap elementor-element-populated\">\n\t\t\t\t\t\t<div class=\"elementor-element elementor-element-6f7cb2d elementor-widget elementor-widget-theme-post-featured-image elementor-widget-image\" data-id=\"6f7cb2d\" data-element_type=\"widget\" data-e-type=\"widget\" data-widget_type=\"theme-post-featured-image.default\">\n\t\t\t\t<div class=\"elementor-widget-container\">\n\t\t\t\t\t\t\t\t\t\t\t\t\t\t\t<img loading=\"lazy\" decoding=\"async\" width=\"1255\" height=\"435\" src=\"https:\/\/www.werner-wohnbau.de\/wp-content\/uploads\/2024\/11\/SOApart-1.jpg\" class=\"attachment-full size-full wp-image-18959\" alt=\"\" srcset=\"https:\/\/www.werner-wohnbau.de\/wp-content\/uploads\/2024\/11\/SOApart-1.jpg 1255w, https:\/\/www.werner-wohnbau.de\/wp-content\/uploads\/2024\/11\/SOApart-1-300x104.jpg 300w, https:\/\/www.werner-wohnbau.de\/wp-content\/uploads\/2024\/11\/SOApart-1-1024x355.jpg 1024w, https:\/\/www.werner-wohnbau.de\/wp-content\/uploads\/2024\/11\/SOApart-1-768x266.jpg 768w\" sizes=\"(max-width: 1255px) 100vw, 1255px\" \/>\t\t\t\t\t\t\t\t\t\t\t\t\t\t\t<\/div>\n\t\t\t\t<\/div>\n\t\t\t\t\t<\/div>\n\t\t<\/div>\n\t\t\t\t\t<\/div>\n\t\t<\/section>\n\t\t\t\t<section class=\"elementor-section elementor-top-section elementor-element elementor-element-4c94e94 elementor-section-boxed elementor-section-height-default elementor-section-height-default\" data-id=\"4c94e94\" data-element_type=\"section\" data-e-type=\"section\" data-settings=\"{&quot;background_background&quot;:&quot;classic&quot;}\">\n\t\t\t\t\t\t<div class=\"elementor-container elementor-column-gap-no\">\n\t\t\t\t\t<div class=\"elementor-column elementor-col-100 elementor-top-column elementor-element elementor-element-925bb8e\" data-id=\"925bb8e\" data-element_type=\"column\" data-e-type=\"column\">\n\t\t\t<div class=\"elementor-widget-wrap elementor-element-populated\">\n\t\t\t\t\t\t<div class=\"elementor-element elementor-element-fd9189c elementor-widget elementor-widget-theme-post-title elementor-page-title elementor-widget-heading\" data-id=\"fd9189c\" data-element_type=\"widget\" data-e-type=\"widget\" data-widget_type=\"theme-post-title.default\">\n\t\t\t\t<div class=\"elementor-widget-container\">\n\t\t\t\t\t<h1 class=\"elementor-heading-title elementor-size-default\">Werner Wohnbau at the SO!APART annual congress 2024 in Leipzig<\/h1>\t\t\t\t<\/div>\n\t\t\t\t<\/div>\n\t\t\t\t<div data-dce-text-color=\"#FFFFFF\" class=\"elementor-element elementor-element-9453165 newstext elementor-widget elementor-widget-theme-post-content\" data-id=\"9453165\" data-element_type=\"widget\" data-e-type=\"widget\" data-widget_type=\"theme-post-content.default\">\n\t\t\t\t<div class=\"elementor-widget-container\">\n\t\t\t\t\t\n<p>The most important players in the serviced apartment industry gathered on November 19\/20.<\/p>\n\t\t\t\t<\/div>\n\t\t\t\t<\/div>\n\t\t\t\t<div class=\"elementor-element elementor-element-529db4c elementor-align-right elementor-widget elementor-widget-button\" data-id=\"529db4c\" data-element_type=\"widget\" data-e-type=\"widget\" data-widget_type=\"button.default\">\n\t\t\t\t<div class=\"elementor-widget-container\">\n\t\t\t\t\t\t\t\t\t<div class=\"elementor-button-wrapper\">\n\t\t\t\t\t<a class=\"elementor-button elementor-button-link elementor-size-xs\" href=\"https:\/\/www.werner-wohnbau.de\/en\/nachrichten\/werner-wohnbau-at-the-soapart-annual-congress-2024-in-leipzig\/\">\n\t\t\t\t\t\t<span class=\"elementor-button-content-wrapper\">\n\t\t\t\t\t\t\t\t\t<span class=\"elementor-button-text\">READ ON ...<\/span>\n\t\t\t\t\t<\/span>\n\t\t\t\t\t<\/a>\n\t\t\t\t<\/div>\n\t\t\t\t\t\t\t\t<\/div>\n\t\t\t\t<\/div>\n\t\t\t\t\t<\/div>\n\t\t<\/div>\n\t\t\t\t\t<\/div>\n\t\t<\/section>\n\t\t\t\t<\/div>\n\t\t\t\t<div data-elementor-type=\"loop-item\" data-elementor-id=\"19057\" class=\"elementor elementor-19057 elementor-3752 e-loop-item e-loop-item-20392 post-20392 nachrichten type-nachrichten status-publish has-post-thumbnail hentry\" data-elementor-post-type=\"elementor_library\" data-custom-edit-handle=\"1\">\n\t\t\t\t\t<section class=\"elementor-section elementor-top-section elementor-element elementor-element-b41ea66 elementor-section-boxed elementor-section-height-default elementor-section-height-default\" data-id=\"b41ea66\" data-element_type=\"section\" data-e-type=\"section\">\n\t\t\t\t\t\t<div class=\"elementor-container elementor-column-gap-no\">\n\t\t\t\t\t<div class=\"elementor-column elementor-col-100 elementor-top-column elementor-element elementor-element-da66870\" data-id=\"da66870\" data-element_type=\"column\" data-e-type=\"column\">\n\t\t\t<div class=\"elementor-widget-wrap elementor-element-populated\">\n\t\t\t\t\t\t<div class=\"elementor-element elementor-element-6f7cb2d elementor-widget elementor-widget-theme-post-featured-image elementor-widget-image\" data-id=\"6f7cb2d\" data-element_type=\"widget\" data-e-type=\"widget\" data-widget_type=\"theme-post-featured-image.default\">\n\t\t\t\t<div class=\"elementor-widget-container\">\n\t\t\t\t\t\t\t\t\t\t\t\t\t\t\t<img loading=\"lazy\" decoding=\"async\" width=\"1600\" height=\"1200\" src=\"https:\/\/www.werner-wohnbau.de\/wp-content\/uploads\/2025\/01\/Oktoberfest-e1737550241153.jpg\" class=\"attachment-full size-full wp-image-20128\" alt=\"\" \/>\t\t\t\t\t\t\t\t\t\t\t\t\t\t\t<\/div>\n\t\t\t\t<\/div>\n\t\t\t\t\t<\/div>\n\t\t<\/div>\n\t\t\t\t\t<\/div>\n\t\t<\/section>\n\t\t\t\t<section class=\"elementor-section elementor-top-section elementor-element elementor-element-4c94e94 elementor-section-boxed elementor-section-height-default elementor-section-height-default\" data-id=\"4c94e94\" data-element_type=\"section\" data-e-type=\"section\" data-settings=\"{&quot;background_background&quot;:&quot;classic&quot;}\">\n\t\t\t\t\t\t<div class=\"elementor-container elementor-column-gap-no\">\n\t\t\t\t\t<div class=\"elementor-column elementor-col-100 elementor-top-column elementor-element elementor-element-925bb8e\" data-id=\"925bb8e\" data-element_type=\"column\" data-e-type=\"column\">\n\t\t\t<div class=\"elementor-widget-wrap elementor-element-populated\">\n\t\t\t\t\t\t<div class=\"elementor-element elementor-element-fd9189c elementor-widget elementor-widget-theme-post-title elementor-page-title elementor-widget-heading\" data-id=\"fd9189c\" data-element_type=\"widget\" data-e-type=\"widget\" data-widget_type=\"theme-post-title.default\">\n\t\t\t\t<div class=\"elementor-widget-container\">\n\t\t\t\t\t<h1 class=\"elementor-heading-title elementor-size-default\">Oktoberfest alarm at Werner Wohnbau: Fun in Niedereschach!<\/h1>\t\t\t\t<\/div>\n\t\t\t\t<\/div>\n\t\t\t\t<div data-dce-text-color=\"#FFFFFF\" class=\"elementor-element elementor-element-9453165 newstext elementor-widget elementor-widget-theme-post-content\" data-id=\"9453165\" data-element_type=\"widget\" data-e-type=\"widget\" data-widget_type=\"theme-post-content.default\">\n\t\t\t\t<div class=\"elementor-widget-container\">\n\t\t\t\t\t\n<p>At Werner Wohnbau it was &#8220;O&#8217;zapft&#8221;!<\/p>\n\t\t\t\t<\/div>\n\t\t\t\t<\/div>\n\t\t\t\t<div class=\"elementor-element elementor-element-529db4c elementor-align-right elementor-widget elementor-widget-button\" data-id=\"529db4c\" data-element_type=\"widget\" data-e-type=\"widget\" data-widget_type=\"button.default\">\n\t\t\t\t<div class=\"elementor-widget-container\">\n\t\t\t\t\t\t\t\t\t<div class=\"elementor-button-wrapper\">\n\t\t\t\t\t<a class=\"elementor-button elementor-button-link elementor-size-xs\" href=\"https:\/\/www.werner-wohnbau.de\/en\/nachrichten\/oktoberfest-alarm-at-werner-wohnbau-fun-in-niedereschach\/\">\n\t\t\t\t\t\t<span class=\"elementor-button-content-wrapper\">\n\t\t\t\t\t\t\t\t\t<span class=\"elementor-button-text\">READ ON ...<\/span>\n\t\t\t\t\t<\/span>\n\t\t\t\t\t<\/a>\n\t\t\t\t<\/div>\n\t\t\t\t\t\t\t\t<\/div>\n\t\t\t\t<\/div>\n\t\t\t\t\t<\/div>\n\t\t<\/div>\n\t\t\t\t\t<\/div>\n\t\t<\/section>\n\t\t\t\t<\/div>\n\t\t\t\t<div data-elementor-type=\"loop-item\" data-elementor-id=\"19057\" class=\"elementor elementor-19057 elementor-3752 e-loop-item e-loop-item-19977 post-19977 nachrichten type-nachrichten status-publish has-post-thumbnail hentry\" data-elementor-post-type=\"elementor_library\" data-custom-edit-handle=\"1\">\n\t\t\t\t\t<section class=\"elementor-section elementor-top-section elementor-element elementor-element-b41ea66 elementor-section-boxed elementor-section-height-default elementor-section-height-default\" data-id=\"b41ea66\" data-element_type=\"section\" data-e-type=\"section\">\n\t\t\t\t\t\t<div class=\"elementor-container elementor-column-gap-no\">\n\t\t\t\t\t<div class=\"elementor-column elementor-col-100 elementor-top-column elementor-element elementor-element-da66870\" data-id=\"da66870\" data-element_type=\"column\" data-e-type=\"column\">\n\t\t\t<div class=\"elementor-widget-wrap elementor-element-populated\">\n\t\t\t\t\t\t<div class=\"elementor-element elementor-element-6f7cb2d elementor-widget elementor-widget-theme-post-featured-image elementor-widget-image\" data-id=\"6f7cb2d\" data-element_type=\"widget\" data-e-type=\"widget\" data-widget_type=\"theme-post-featured-image.default\">\n\t\t\t\t<div class=\"elementor-widget-container\">\n\t\t\t\t\t\t\t\t\t\t\t\t\t\t\t<img loading=\"lazy\" decoding=\"async\" width=\"2001\" height=\"1006\" src=\"https:\/\/www.werner-wohnbau.de\/wp-content\/uploads\/2024\/01\/Messebild-fuer-Homepage-1.png\" class=\"attachment-full size-full wp-image-17784\" alt=\"\" srcset=\"https:\/\/www.werner-wohnbau.de\/wp-content\/uploads\/2024\/01\/Messebild-fuer-Homepage-1.png 2001w, https:\/\/www.werner-wohnbau.de\/wp-content\/uploads\/2024\/01\/Messebild-fuer-Homepage-1-300x151.png 300w, https:\/\/www.werner-wohnbau.de\/wp-content\/uploads\/2024\/01\/Messebild-fuer-Homepage-1-1024x515.png 1024w, https:\/\/www.werner-wohnbau.de\/wp-content\/uploads\/2024\/01\/Messebild-fuer-Homepage-1-768x386.png 768w, https:\/\/www.werner-wohnbau.de\/wp-content\/uploads\/2024\/01\/Messebild-fuer-Homepage-1-1536x772.png 1536w\" sizes=\"(max-width: 2001px) 100vw, 2001px\" \/>\t\t\t\t\t\t\t\t\t\t\t\t\t\t\t<\/div>\n\t\t\t\t<\/div>\n\t\t\t\t\t<\/div>\n\t\t<\/div>\n\t\t\t\t\t<\/div>\n\t\t<\/section>\n\t\t\t\t<section class=\"elementor-section elementor-top-section elementor-element elementor-element-4c94e94 elementor-section-boxed elementor-section-height-default elementor-section-height-default\" data-id=\"4c94e94\" data-element_type=\"section\" data-e-type=\"section\" data-settings=\"{&quot;background_background&quot;:&quot;classic&quot;}\">\n\t\t\t\t\t\t<div class=\"elementor-container elementor-column-gap-no\">\n\t\t\t\t\t<div class=\"elementor-column elementor-col-100 elementor-top-column elementor-element elementor-element-925bb8e\" data-id=\"925bb8e\" data-element_type=\"column\" data-e-type=\"column\">\n\t\t\t<div class=\"elementor-widget-wrap elementor-element-populated\">\n\t\t\t\t\t\t<div class=\"elementor-element elementor-element-fd9189c elementor-widget elementor-widget-theme-post-title elementor-page-title elementor-widget-heading\" data-id=\"fd9189c\" data-element_type=\"widget\" data-e-type=\"widget\" data-widget_type=\"theme-post-title.default\">\n\t\t\t\t<div class=\"elementor-widget-container\">\n\t\t\t\t\t<h1 class=\"elementor-heading-title elementor-size-default\">HOUSE I CONSTRUCTION I ENERGY FAIR 2024<\/h1>\t\t\t\t<\/div>\n\t\t\t\t<\/div>\n\t\t\t\t<div data-dce-text-color=\"#FFFFFF\" class=\"elementor-element elementor-element-9453165 newstext elementor-widget elementor-widget-theme-post-content\" data-id=\"9453165\" data-element_type=\"widget\" data-e-type=\"widget\" data-widget_type=\"theme-post-content.default\">\n\t\t\t\t<div class=\"elementor-widget-container\">\n\t\t\t\t\t\n<p>We will be presenting our construction projects around our Niedereschach office location at this year&#8217;s trade fair in Donaueschingen.  <\/p>\n\t\t\t\t<\/div>\n\t\t\t\t<\/div>\n\t\t\t\t<div class=\"elementor-element elementor-element-529db4c elementor-align-right elementor-widget elementor-widget-button\" data-id=\"529db4c\" data-element_type=\"widget\" data-e-type=\"widget\" data-widget_type=\"button.default\">\n\t\t\t\t<div class=\"elementor-widget-container\">\n\t\t\t\t\t\t\t\t\t<div class=\"elementor-button-wrapper\">\n\t\t\t\t\t<a class=\"elementor-button elementor-button-link elementor-size-xs\" href=\"https:\/\/www.werner-wohnbau.de\/en\/nachrichten\/\">\n\t\t\t\t\t\t<span class=\"elementor-button-content-wrapper\">\n\t\t\t\t\t\t\t\t\t<span class=\"elementor-button-text\">READ ON ...<\/span>\n\t\t\t\t\t<\/span>\n\t\t\t\t\t<\/a>\n\t\t\t\t<\/div>\n\t\t\t\t\t\t\t\t<\/div>\n\t\t\t\t<\/div>\n\t\t\t\t\t<\/div>\n\t\t<\/div>\n\t\t\t\t\t<\/div>\n\t\t<\/section>\n\t\t\t\t<\/div>\n\t\t\t\t<div data-elementor-type=\"loop-item\" data-elementor-id=\"19057\" class=\"elementor elementor-19057 elementor-3752 e-loop-item e-loop-item-19962 post-19962 nachrichten type-nachrichten status-publish has-post-thumbnail hentry\" data-elementor-post-type=\"elementor_library\" data-custom-edit-handle=\"1\">\n\t\t\t\t\t<section class=\"elementor-section elementor-top-section elementor-element elementor-element-b41ea66 elementor-section-boxed elementor-section-height-default elementor-section-height-default\" data-id=\"b41ea66\" data-element_type=\"section\" data-e-type=\"section\">\n\t\t\t\t\t\t<div class=\"elementor-container elementor-column-gap-no\">\n\t\t\t\t\t<div class=\"elementor-column elementor-col-100 elementor-top-column elementor-element elementor-element-da66870\" data-id=\"da66870\" data-element_type=\"column\" data-e-type=\"column\">\n\t\t\t<div class=\"elementor-widget-wrap elementor-element-populated\">\n\t\t\t\t\t\t<div class=\"elementor-element elementor-element-6f7cb2d elementor-widget elementor-widget-theme-post-featured-image elementor-widget-image\" data-id=\"6f7cb2d\" data-element_type=\"widget\" data-e-type=\"widget\" data-widget_type=\"theme-post-featured-image.default\">\n\t\t\t\t<div class=\"elementor-widget-container\">\n\t\t\t\t\t\t\t\t\t\t\t\t\t\t\t<img loading=\"lazy\" decoding=\"async\" width=\"914\" height=\"745\" src=\"https:\/\/www.werner-wohnbau.de\/wp-content\/uploads\/2024\/11\/IMG_4103-e1732539649691.jpg\" class=\"attachment-full size-full wp-image-18965\" alt=\"\" srcset=\"https:\/\/www.werner-wohnbau.de\/wp-content\/uploads\/2024\/11\/IMG_4103-e1732539649691.jpg 914w, https:\/\/www.werner-wohnbau.de\/wp-content\/uploads\/2024\/11\/IMG_4103-e1732539649691-300x245.jpg 300w, https:\/\/www.werner-wohnbau.de\/wp-content\/uploads\/2024\/11\/IMG_4103-e1732539649691-768x626.jpg 768w\" sizes=\"(max-width: 914px) 100vw, 914px\" \/>\t\t\t\t\t\t\t\t\t\t\t\t\t\t\t<\/div>\n\t\t\t\t<\/div>\n\t\t\t\t\t<\/div>\n\t\t<\/div>\n\t\t\t\t\t<\/div>\n\t\t<\/section>\n\t\t\t\t<section class=\"elementor-section elementor-top-section elementor-element elementor-element-4c94e94 elementor-section-boxed elementor-section-height-default elementor-section-height-default\" data-id=\"4c94e94\" data-element_type=\"section\" data-e-type=\"section\" data-settings=\"{&quot;background_background&quot;:&quot;classic&quot;}\">\n\t\t\t\t\t\t<div class=\"elementor-container elementor-column-gap-no\">\n\t\t\t\t\t<div class=\"elementor-column elementor-col-100 elementor-top-column elementor-element elementor-element-925bb8e\" data-id=\"925bb8e\" data-element_type=\"column\" data-e-type=\"column\">\n\t\t\t<div class=\"elementor-widget-wrap elementor-element-populated\">\n\t\t\t\t\t\t<div class=\"elementor-element elementor-element-fd9189c elementor-widget elementor-widget-theme-post-title elementor-page-title elementor-widget-heading\" data-id=\"fd9189c\" data-element_type=\"widget\" data-e-type=\"widget\" data-widget_type=\"theme-post-title.default\">\n\t\t\t\t<div class=\"elementor-widget-container\">\n\t\t\t\t\t<h1 class=\"elementor-heading-title elementor-size-default\">Show apartment in the penthouse in the retirement and care property<\/h1>\t\t\t\t<\/div>\n\t\t\t\t<\/div>\n\t\t\t\t<div data-dce-text-color=\"#FFFFFF\" class=\"elementor-element elementor-element-9453165 newstext elementor-widget elementor-widget-theme-post-content\" data-id=\"9453165\" data-element_type=\"widget\" data-e-type=\"widget\" data-widget_type=\"theme-post-content.default\">\n\t\t\t\t<div class=\"elementor-widget-container\">\n\t\t\t\t\t\n<p>The plant in Immendingen has been fully completed. View. Buy. Move in.   <\/p>\n\n<p><\/p>\n\t\t\t\t<\/div>\n\t\t\t\t<\/div>\n\t\t\t\t<div class=\"elementor-element elementor-element-529db4c elementor-align-right elementor-widget elementor-widget-button\" data-id=\"529db4c\" data-element_type=\"widget\" data-e-type=\"widget\" data-widget_type=\"button.default\">\n\t\t\t\t<div class=\"elementor-widget-container\">\n\t\t\t\t\t\t\t\t\t<div class=\"elementor-button-wrapper\">\n\t\t\t\t\t<a class=\"elementor-button elementor-button-link elementor-size-xs\" href=\"https:\/\/www.werner-wohnbau.de\/en\/nachrichten\/show-apartment-in-the-penthouse-in-the-retirement-and-care-property\/\">\n\t\t\t\t\t\t<span class=\"elementor-button-content-wrapper\">\n\t\t\t\t\t\t\t\t\t<span class=\"elementor-button-text\">READ ON ...<\/span>\n\t\t\t\t\t<\/span>\n\t\t\t\t\t<\/a>\n\t\t\t\t<\/div>\n\t\t\t\t\t\t\t\t<\/div>\n\t\t\t\t<\/div>\n\t\t\t\t\t<\/div>\n\t\t<\/div>\n\t\t\t\t\t<\/div>\n\t\t<\/section>\n\t\t\t\t<\/div>\n\t\t\t\t<div data-elementor-type=\"loop-item\" data-elementor-id=\"19057\" class=\"elementor elementor-19057 elementor-3752 e-loop-item e-loop-item-19961 post-19961 nachrichten type-nachrichten status-publish has-post-thumbnail hentry\" data-elementor-post-type=\"elementor_library\" data-custom-edit-handle=\"1\">\n\t\t\t\t\t<section class=\"elementor-section elementor-top-section elementor-element elementor-element-b41ea66 elementor-section-boxed elementor-section-height-default elementor-section-height-default\" data-id=\"b41ea66\" data-element_type=\"section\" data-e-type=\"section\">\n\t\t\t\t\t\t<div class=\"elementor-container elementor-column-gap-no\">\n\t\t\t\t\t<div class=\"elementor-column elementor-col-100 elementor-top-column elementor-element elementor-element-da66870\" data-id=\"da66870\" data-element_type=\"column\" data-e-type=\"column\">\n\t\t\t<div class=\"elementor-widget-wrap elementor-element-populated\">\n\t\t\t\t\t\t<div class=\"elementor-element elementor-element-6f7cb2d elementor-widget elementor-widget-theme-post-featured-image elementor-widget-image\" data-id=\"6f7cb2d\" data-element_type=\"widget\" data-e-type=\"widget\" data-widget_type=\"theme-post-featured-image.default\">\n\t\t\t\t<div class=\"elementor-widget-container\">\n\t\t\t\t\t\t\t\t\t\t\t\t\t\t\t<img loading=\"lazy\" decoding=\"async\" width=\"1020\" height=\"762\" src=\"https:\/\/www.werner-wohnbau.de\/wp-content\/uploads\/2024\/11\/Rosengarten-004.jpg\" class=\"attachment-full size-full wp-image-18962\" alt=\"\" srcset=\"https:\/\/www.werner-wohnbau.de\/wp-content\/uploads\/2024\/11\/Rosengarten-004.jpg 1020w, https:\/\/www.werner-wohnbau.de\/wp-content\/uploads\/2024\/11\/Rosengarten-004-300x224.jpg 300w, https:\/\/www.werner-wohnbau.de\/wp-content\/uploads\/2024\/11\/Rosengarten-004-768x574.jpg 768w\" sizes=\"(max-width: 1020px) 100vw, 1020px\" \/>\t\t\t\t\t\t\t\t\t\t\t\t\t\t\t<\/div>\n\t\t\t\t<\/div>\n\t\t\t\t\t<\/div>\n\t\t<\/div>\n\t\t\t\t\t<\/div>\n\t\t<\/section>\n\t\t\t\t<section class=\"elementor-section elementor-top-section elementor-element elementor-element-4c94e94 elementor-section-boxed elementor-section-height-default elementor-section-height-default\" data-id=\"4c94e94\" data-element_type=\"section\" data-e-type=\"section\" data-settings=\"{&quot;background_background&quot;:&quot;classic&quot;}\">\n\t\t\t\t\t\t<div class=\"elementor-container elementor-column-gap-no\">\n\t\t\t\t\t<div class=\"elementor-column elementor-col-100 elementor-top-column elementor-element elementor-element-925bb8e\" data-id=\"925bb8e\" data-element_type=\"column\" data-e-type=\"column\">\n\t\t\t<div class=\"elementor-widget-wrap elementor-element-populated\">\n\t\t\t\t\t\t<div class=\"elementor-element elementor-element-fd9189c elementor-widget elementor-widget-theme-post-title elementor-page-title elementor-widget-heading\" data-id=\"fd9189c\" data-element_type=\"widget\" data-e-type=\"widget\" data-widget_type=\"theme-post-title.default\">\n\t\t\t\t<div class=\"elementor-widget-container\">\n\t\t\t\t\t<h1 class=\"elementor-heading-title elementor-size-default\">Successful sale of our construction project in Rosengarten-Eckel<\/h1>\t\t\t\t<\/div>\n\t\t\t\t<\/div>\n\t\t\t\t<div data-dce-text-color=\"#FFFFFF\" class=\"elementor-element elementor-element-9453165 newstext elementor-widget elementor-widget-theme-post-content\" data-id=\"9453165\" data-element_type=\"widget\" data-e-type=\"widget\" data-widget_type=\"theme-post-content.default\">\n\t\t\t\t<div class=\"elementor-widget-container\">\n\t\t\t\t\t\n<p>A total of 15 modern residential units were handed over to happy buyers.<\/p>\n\n<p><\/p>\n\t\t\t\t<\/div>\n\t\t\t\t<\/div>\n\t\t\t\t<div class=\"elementor-element elementor-element-529db4c elementor-align-right elementor-widget elementor-widget-button\" data-id=\"529db4c\" data-element_type=\"widget\" data-e-type=\"widget\" data-widget_type=\"button.default\">\n\t\t\t\t<div class=\"elementor-widget-container\">\n\t\t\t\t\t\t\t\t\t<div class=\"elementor-button-wrapper\">\n\t\t\t\t\t<a class=\"elementor-button elementor-button-link elementor-size-xs\" href=\"https:\/\/www.werner-wohnbau.de\/en\/nachrichten\/successful-sale-of-our-construction-project-in-rosengarten-eckel\/\">\n\t\t\t\t\t\t<span class=\"elementor-button-content-wrapper\">\n\t\t\t\t\t\t\t\t\t<span class=\"elementor-button-text\">READ ON ...<\/span>\n\t\t\t\t\t<\/span>\n\t\t\t\t\t<\/a>\n\t\t\t\t<\/div>\n\t\t\t\t\t\t\t\t<\/div>\n\t\t\t\t<\/div>\n\t\t\t\t\t<\/div>\n\t\t<\/div>\n\t\t\t\t\t<\/div>\n\t\t<\/section>\n\t\t\t\t<\/div>\n\t\t\t\t<div data-elementor-type=\"loop-item\" data-elementor-id=\"19057\" class=\"elementor elementor-19057 elementor-3752 e-loop-item e-loop-item-19960 post-19960 nachrichten type-nachrichten status-publish has-post-thumbnail hentry\" data-elementor-post-type=\"elementor_library\" data-custom-edit-handle=\"1\">\n\t\t\t\t\t<section class=\"elementor-section elementor-top-section elementor-element elementor-element-b41ea66 elementor-section-boxed elementor-section-height-default elementor-section-height-default\" data-id=\"b41ea66\" data-element_type=\"section\" data-e-type=\"section\">\n\t\t\t\t\t\t<div class=\"elementor-container elementor-column-gap-no\">\n\t\t\t\t\t<div class=\"elementor-column elementor-col-100 elementor-top-column elementor-element elementor-element-da66870\" data-id=\"da66870\" data-element_type=\"column\" data-e-type=\"column\">\n\t\t\t<div class=\"elementor-widget-wrap elementor-element-populated\">\n\t\t\t\t\t\t<div class=\"elementor-element elementor-element-6f7cb2d elementor-widget elementor-widget-theme-post-featured-image elementor-widget-image\" data-id=\"6f7cb2d\" data-element_type=\"widget\" data-e-type=\"widget\" data-widget_type=\"theme-post-featured-image.default\">\n\t\t\t\t<div class=\"elementor-widget-container\">\n\t\t\t\t\t\t\t\t\t\t\t\t\t\t\t<img loading=\"lazy\" decoding=\"async\" width=\"1958\" height=\"1053\" src=\"https:\/\/www.werner-wohnbau.de\/wp-content\/uploads\/2024\/11\/HH-Duvenstedt_Vogelp-l-scaled-e1730984841256.jpg\" class=\"attachment-full size-full wp-image-18924\" alt=\"\" srcset=\"https:\/\/www.werner-wohnbau.de\/wp-content\/uploads\/2024\/11\/HH-Duvenstedt_Vogelp-l-scaled-e1730984841256.jpg 1958w, https:\/\/www.werner-wohnbau.de\/wp-content\/uploads\/2024\/11\/HH-Duvenstedt_Vogelp-l-scaled-e1730984841256-300x161.jpg 300w, https:\/\/www.werner-wohnbau.de\/wp-content\/uploads\/2024\/11\/HH-Duvenstedt_Vogelp-l-scaled-e1730984841256-1024x551.jpg 1024w, https:\/\/www.werner-wohnbau.de\/wp-content\/uploads\/2024\/11\/HH-Duvenstedt_Vogelp-l-scaled-e1730984841256-768x413.jpg 768w, https:\/\/www.werner-wohnbau.de\/wp-content\/uploads\/2024\/11\/HH-Duvenstedt_Vogelp-l-scaled-e1730984841256-1536x826.jpg 1536w\" sizes=\"(max-width: 1958px) 100vw, 1958px\" \/>\t\t\t\t\t\t\t\t\t\t\t\t\t\t\t<\/div>\n\t\t\t\t<\/div>\n\t\t\t\t\t<\/div>\n\t\t<\/div>\n\t\t\t\t\t<\/div>\n\t\t<\/section>\n\t\t\t\t<section class=\"elementor-section elementor-top-section elementor-element elementor-element-4c94e94 elementor-section-boxed elementor-section-height-default elementor-section-height-default\" data-id=\"4c94e94\" data-element_type=\"section\" data-e-type=\"section\" data-settings=\"{&quot;background_background&quot;:&quot;classic&quot;}\">\n\t\t\t\t\t\t<div class=\"elementor-container elementor-column-gap-no\">\n\t\t\t\t\t<div class=\"elementor-column elementor-col-100 elementor-top-column elementor-element elementor-element-925bb8e\" data-id=\"925bb8e\" data-element_type=\"column\" data-e-type=\"column\">\n\t\t\t<div class=\"elementor-widget-wrap elementor-element-populated\">\n\t\t\t\t\t\t<div class=\"elementor-element elementor-element-fd9189c elementor-widget elementor-widget-theme-post-title elementor-page-title elementor-widget-heading\" data-id=\"fd9189c\" data-element_type=\"widget\" data-e-type=\"widget\" data-widget_type=\"theme-post-title.default\">\n\t\t\t\t<div class=\"elementor-widget-container\">\n\t\t\t\t\t<h1 class=\"elementor-heading-title elementor-size-default\">Sales launch for climate-friendly new build in Hamburg Duvenstedt<\/h1>\t\t\t\t<\/div>\n\t\t\t\t<\/div>\n\t\t\t\t<div data-dce-text-color=\"#FFFFFF\" class=\"elementor-element elementor-element-9453165 newstext elementor-widget elementor-widget-theme-post-content\" data-id=\"9453165\" data-element_type=\"widget\" data-e-type=\"widget\" data-widget_type=\"theme-post-content.default\">\n\t\t\t\t<div class=\"elementor-widget-container\">\n\t\t\t\t\t\n<p>By choosing the KfW 40 NH standard, the project with its 19 terraced houses focuses on maximum energy efficiency.<\/p>\n\n<p><\/p>\n\t\t\t\t<\/div>\n\t\t\t\t<\/div>\n\t\t\t\t<div class=\"elementor-element elementor-element-529db4c elementor-align-right elementor-widget elementor-widget-button\" data-id=\"529db4c\" data-element_type=\"widget\" data-e-type=\"widget\" data-widget_type=\"button.default\">\n\t\t\t\t<div class=\"elementor-widget-container\">\n\t\t\t\t\t\t\t\t\t<div class=\"elementor-button-wrapper\">\n\t\t\t\t\t<a class=\"elementor-button elementor-button-link elementor-size-xs\" href=\"https:\/\/www.werner-wohnbau.de\/en\/nachrichten\/sales-launch-for-climate-friendly-new-build-in-hamburg-duvenstedt\/\">\n\t\t\t\t\t\t<span class=\"elementor-button-content-wrapper\">\n\t\t\t\t\t\t\t\t\t<span class=\"elementor-button-text\">READ ON ...<\/span>\n\t\t\t\t\t<\/span>\n\t\t\t\t\t<\/a>\n\t\t\t\t<\/div>\n\t\t\t\t\t\t\t\t<\/div>\n\t\t\t\t<\/div>\n\t\t\t\t\t<\/div>\n\t\t<\/div>\n\t\t\t\t\t<\/div>\n\t\t<\/section>\n\t\t\t\t<\/div>\n\t\t\t\t<div data-elementor-type=\"loop-item\" data-elementor-id=\"19057\" class=\"elementor elementor-19057 elementor-3752 e-loop-item e-loop-item-19959 post-19959 nachrichten type-nachrichten status-publish has-post-thumbnail hentry\" data-elementor-post-type=\"elementor_library\" data-custom-edit-handle=\"1\">\n\t\t\t\t\t<section class=\"elementor-section elementor-top-section elementor-element elementor-element-b41ea66 elementor-section-boxed elementor-section-height-default elementor-section-height-default\" data-id=\"b41ea66\" data-element_type=\"section\" data-e-type=\"section\">\n\t\t\t\t\t\t<div class=\"elementor-container elementor-column-gap-no\">\n\t\t\t\t\t<div class=\"elementor-column elementor-col-100 elementor-top-column elementor-element elementor-element-da66870\" data-id=\"da66870\" data-element_type=\"column\" data-e-type=\"column\">\n\t\t\t<div class=\"elementor-widget-wrap elementor-element-populated\">\n\t\t\t\t\t\t<div class=\"elementor-element elementor-element-6f7cb2d elementor-widget elementor-widget-theme-post-featured-image elementor-widget-image\" data-id=\"6f7cb2d\" data-element_type=\"widget\" data-e-type=\"widget\" data-widget_type=\"theme-post-featured-image.default\">\n\t\t\t\t<div class=\"elementor-widget-container\">\n\t\t\t\t\t\t\t\t\t\t\t\t\t\t\t<img loading=\"lazy\" decoding=\"async\" width=\"2560\" height=\"1531\" src=\"https:\/\/www.werner-wohnbau.de\/wp-content\/uploads\/2024\/11\/241031_Biblis_WEG4_Kam1_HIGH-scaled.jpg\" class=\"attachment-full size-full wp-image-18935\" alt=\"\" srcset=\"https:\/\/www.werner-wohnbau.de\/wp-content\/uploads\/2024\/11\/241031_Biblis_WEG4_Kam1_HIGH-scaled.jpg 2560w, https:\/\/www.werner-wohnbau.de\/wp-content\/uploads\/2024\/11\/241031_Biblis_WEG4_Kam1_HIGH-300x179.jpg 300w, https:\/\/www.werner-wohnbau.de\/wp-content\/uploads\/2024\/11\/241031_Biblis_WEG4_Kam1_HIGH-1024x612.jpg 1024w, https:\/\/www.werner-wohnbau.de\/wp-content\/uploads\/2024\/11\/241031_Biblis_WEG4_Kam1_HIGH-768x459.jpg 768w, https:\/\/www.werner-wohnbau.de\/wp-content\/uploads\/2024\/11\/241031_Biblis_WEG4_Kam1_HIGH-1536x919.jpg 1536w, https:\/\/www.werner-wohnbau.de\/wp-content\/uploads\/2024\/11\/241031_Biblis_WEG4_Kam1_HIGH-2048x1225.jpg 2048w\" sizes=\"(max-width: 2560px) 100vw, 2560px\" \/>\t\t\t\t\t\t\t\t\t\t\t\t\t\t\t<\/div>\n\t\t\t\t<\/div>\n\t\t\t\t\t<\/div>\n\t\t<\/div>\n\t\t\t\t\t<\/div>\n\t\t<\/section>\n\t\t\t\t<section class=\"elementor-section elementor-top-section elementor-element elementor-element-4c94e94 elementor-section-boxed elementor-section-height-default elementor-section-height-default\" data-id=\"4c94e94\" data-element_type=\"section\" data-e-type=\"section\" data-settings=\"{&quot;background_background&quot;:&quot;classic&quot;}\">\n\t\t\t\t\t\t<div class=\"elementor-container elementor-column-gap-no\">\n\t\t\t\t\t<div class=\"elementor-column elementor-col-100 elementor-top-column elementor-element elementor-element-925bb8e\" data-id=\"925bb8e\" data-element_type=\"column\" data-e-type=\"column\">\n\t\t\t<div class=\"elementor-widget-wrap elementor-element-populated\">\n\t\t\t\t\t\t<div class=\"elementor-element elementor-element-fd9189c elementor-widget elementor-widget-theme-post-title elementor-page-title elementor-widget-heading\" data-id=\"fd9189c\" data-element_type=\"widget\" data-e-type=\"widget\" data-widget_type=\"theme-post-title.default\">\n\t\t\t\t<div class=\"elementor-widget-container\">\n\t\t\t\t\t<h1 class=\"elementor-heading-title elementor-size-default\">Exclusive opportunity for buyers and tenants in Biblis<\/h1>\t\t\t\t<\/div>\n\t\t\t\t<\/div>\n\t\t\t\t<div data-dce-text-color=\"#FFFFFF\" class=\"elementor-element elementor-element-9453165 newstext elementor-widget elementor-widget-theme-post-content\" data-id=\"9453165\" data-element_type=\"widget\" data-e-type=\"widget\" data-widget_type=\"theme-post-content.default\">\n\t\t\t\t<div class=\"elementor-widget-container\">\n\t\t\t\t\t\n<p>Interested parties can now purchase 12 exclusive semi-detached houses in the Helfrichtsg\u00e4rtel III residential area.  <\/p>\n\n<p><\/p>\n\t\t\t\t<\/div>\n\t\t\t\t<\/div>\n\t\t\t\t<div class=\"elementor-element elementor-element-529db4c elementor-align-right elementor-widget elementor-widget-button\" data-id=\"529db4c\" data-element_type=\"widget\" data-e-type=\"widget\" data-widget_type=\"button.default\">\n\t\t\t\t<div class=\"elementor-widget-container\">\n\t\t\t\t\t\t\t\t\t<div class=\"elementor-button-wrapper\">\n\t\t\t\t\t<a class=\"elementor-button elementor-button-link elementor-size-xs\" href=\"https:\/\/www.werner-wohnbau.de\/en\/nachrichten\/exclusive-opportunity-for-buyers-and-tenants-in-biblis\/\">\n\t\t\t\t\t\t<span class=\"elementor-button-content-wrapper\">\n\t\t\t\t\t\t\t\t\t<span class=\"elementor-button-text\">READ ON ...<\/span>\n\t\t\t\t\t<\/span>\n\t\t\t\t\t<\/a>\n\t\t\t\t<\/div>\n\t\t\t\t\t\t\t\t<\/div>\n\t\t\t\t<\/div>\n\t\t\t\t\t<\/div>\n\t\t<\/div>\n\t\t\t\t\t<\/div>\n\t\t<\/section>\n\t\t\t\t<\/div>\n\t\t\t\t<div data-elementor-type=\"loop-item\" data-elementor-id=\"19057\" class=\"elementor elementor-19057 elementor-3752 e-loop-item e-loop-item-19965 post-19965 nachrichten type-nachrichten status-publish has-post-thumbnail hentry\" data-elementor-post-type=\"elementor_library\" data-custom-edit-handle=\"1\">\n\t\t\t\t\t<section class=\"elementor-section elementor-top-section elementor-element elementor-element-b41ea66 elementor-section-boxed elementor-section-height-default elementor-section-height-default\" data-id=\"b41ea66\" data-element_type=\"section\" data-e-type=\"section\">\n\t\t\t\t\t\t<div class=\"elementor-container elementor-column-gap-no\">\n\t\t\t\t\t<div class=\"elementor-column elementor-col-100 elementor-top-column elementor-element elementor-element-da66870\" data-id=\"da66870\" data-element_type=\"column\" data-e-type=\"column\">\n\t\t\t<div class=\"elementor-widget-wrap elementor-element-populated\">\n\t\t\t\t\t\t<div class=\"elementor-element elementor-element-6f7cb2d elementor-widget elementor-widget-theme-post-featured-image elementor-widget-image\" data-id=\"6f7cb2d\" data-element_type=\"widget\" data-e-type=\"widget\" data-widget_type=\"theme-post-featured-image.default\">\n\t\t\t\t<div class=\"elementor-widget-container\">\n\t\t\t\t\t\t\t\t\t\t\t\t\t\t\t<img loading=\"lazy\" decoding=\"async\" width=\"2048\" height=\"1536\" src=\"https:\/\/www.werner-wohnbau.de\/wp-content\/uploads\/2024\/11\/DGNB_Zertifikatsuebergabe_102024.jpg\" class=\"attachment-full size-full wp-image-18900\" alt=\"\" srcset=\"https:\/\/www.werner-wohnbau.de\/wp-content\/uploads\/2024\/11\/DGNB_Zertifikatsuebergabe_102024.jpg 2048w, https:\/\/www.werner-wohnbau.de\/wp-content\/uploads\/2024\/11\/DGNB_Zertifikatsuebergabe_102024-300x225.jpg 300w, https:\/\/www.werner-wohnbau.de\/wp-content\/uploads\/2024\/11\/DGNB_Zertifikatsuebergabe_102024-1024x768.jpg 1024w, https:\/\/www.werner-wohnbau.de\/wp-content\/uploads\/2024\/11\/DGNB_Zertifikatsuebergabe_102024-768x576.jpg 768w, https:\/\/www.werner-wohnbau.de\/wp-content\/uploads\/2024\/11\/DGNB_Zertifikatsuebergabe_102024-1536x1152.jpg 1536w\" sizes=\"(max-width: 2048px) 100vw, 2048px\" \/>\t\t\t\t\t\t\t\t\t\t\t\t\t\t\t<\/div>\n\t\t\t\t<\/div>\n\t\t\t\t\t<\/div>\n\t\t<\/div>\n\t\t\t\t\t<\/div>\n\t\t<\/section>\n\t\t\t\t<section class=\"elementor-section elementor-top-section elementor-element elementor-element-4c94e94 elementor-section-boxed elementor-section-height-default elementor-section-height-default\" data-id=\"4c94e94\" data-element_type=\"section\" data-e-type=\"section\" data-settings=\"{&quot;background_background&quot;:&quot;classic&quot;}\">\n\t\t\t\t\t\t<div class=\"elementor-container elementor-column-gap-no\">\n\t\t\t\t\t<div class=\"elementor-column elementor-col-100 elementor-top-column elementor-element elementor-element-925bb8e\" data-id=\"925bb8e\" data-element_type=\"column\" data-e-type=\"column\">\n\t\t\t<div class=\"elementor-widget-wrap elementor-element-populated\">\n\t\t\t\t\t\t<div class=\"elementor-element elementor-element-fd9189c elementor-widget elementor-widget-theme-post-title elementor-page-title elementor-widget-heading\" data-id=\"fd9189c\" data-element_type=\"widget\" data-e-type=\"widget\" data-widget_type=\"theme-post-title.default\">\n\t\t\t\t<div class=\"elementor-widget-container\">\n\t\t\t\t\t<h1 class=\"elementor-heading-title elementor-size-default\">Award of the DGNB Basic Certificate in Gold for sustainable residential buildings<\/h1>\t\t\t\t<\/div>\n\t\t\t\t<\/div>\n\t\t\t\t<div data-dce-text-color=\"#FFFFFF\" class=\"elementor-element elementor-element-9453165 newstext elementor-widget elementor-widget-theme-post-content\" data-id=\"9453165\" data-element_type=\"widget\" data-e-type=\"widget\" data-widget_type=\"theme-post-content.default\">\n\t\t\t\t<div class=\"elementor-widget-container\">\n\t\t\t\t\t\n<p>This certification provides an important impetus to strengthen the positive impact on the environment and society.<\/p>\n\n<p><\/p>\n\t\t\t\t<\/div>\n\t\t\t\t<\/div>\n\t\t\t\t<div class=\"elementor-element elementor-element-529db4c elementor-align-right elementor-widget elementor-widget-button\" data-id=\"529db4c\" data-element_type=\"widget\" data-e-type=\"widget\" data-widget_type=\"button.default\">\n\t\t\t\t<div class=\"elementor-widget-container\">\n\t\t\t\t\t\t\t\t\t<div class=\"elementor-button-wrapper\">\n\t\t\t\t\t<a class=\"elementor-button elementor-button-link elementor-size-xs\" href=\"https:\/\/www.werner-wohnbau.de\/en\/nachrichten\/award-of-the-dgnb-basic-certificate-in-gold-for-sustainable-residential-buildings\/\">\n\t\t\t\t\t\t<span class=\"elementor-button-content-wrapper\">\n\t\t\t\t\t\t\t\t\t<span class=\"elementor-button-text\">READ ON ...<\/span>\n\t\t\t\t\t<\/span>\n\t\t\t\t\t<\/a>\n\t\t\t\t<\/div>\n\t\t\t\t\t\t\t\t<\/div>\n\t\t\t\t<\/div>\n\t\t\t\t\t<\/div>\n\t\t<\/div>\n\t\t\t\t\t<\/div>\n\t\t<\/section>\n\t\t\t\t<\/div>\n\t\t\t\t<div data-elementor-type=\"loop-item\" data-elementor-id=\"19057\" class=\"elementor elementor-19057 elementor-3752 e-loop-item e-loop-item-19969 post-19969 nachrichten type-nachrichten status-publish has-post-thumbnail hentry\" data-elementor-post-type=\"elementor_library\" data-custom-edit-handle=\"1\">\n\t\t\t\t\t<section class=\"elementor-section elementor-top-section elementor-element elementor-element-b41ea66 elementor-section-boxed elementor-section-height-default elementor-section-height-default\" data-id=\"b41ea66\" data-element_type=\"section\" data-e-type=\"section\">\n\t\t\t\t\t\t<div class=\"elementor-container elementor-column-gap-no\">\n\t\t\t\t\t<div class=\"elementor-column elementor-col-100 elementor-top-column elementor-element elementor-element-da66870\" data-id=\"da66870\" data-element_type=\"column\" data-e-type=\"column\">\n\t\t\t<div class=\"elementor-widget-wrap elementor-element-populated\">\n\t\t\t\t\t\t<div class=\"elementor-element elementor-element-6f7cb2d elementor-widget elementor-widget-theme-post-featured-image elementor-widget-image\" data-id=\"6f7cb2d\" data-element_type=\"widget\" data-e-type=\"widget\" data-widget_type=\"theme-post-featured-image.default\">\n\t\t\t\t<div class=\"elementor-widget-container\">\n\t\t\t\t\t\t\t\t\t\t\t\t\t\t\t<img loading=\"lazy\" decoding=\"async\" width=\"2560\" height=\"1531\" src=\"https:\/\/www.werner-wohnbau.de\/wp-content\/uploads\/2024\/10\/241001_Leipzig-Probstheida_Kam01_HIGH-1-scaled.jpg\" class=\"attachment-full size-full wp-image-18860\" alt=\"\" srcset=\"https:\/\/www.werner-wohnbau.de\/wp-content\/uploads\/2024\/10\/241001_Leipzig-Probstheida_Kam01_HIGH-1-scaled.jpg 2560w, https:\/\/www.werner-wohnbau.de\/wp-content\/uploads\/2024\/10\/241001_Leipzig-Probstheida_Kam01_HIGH-1-300x179.jpg 300w, https:\/\/www.werner-wohnbau.de\/wp-content\/uploads\/2024\/10\/241001_Leipzig-Probstheida_Kam01_HIGH-1-1024x612.jpg 1024w, https:\/\/www.werner-wohnbau.de\/wp-content\/uploads\/2024\/10\/241001_Leipzig-Probstheida_Kam01_HIGH-1-768x459.jpg 768w, https:\/\/www.werner-wohnbau.de\/wp-content\/uploads\/2024\/10\/241001_Leipzig-Probstheida_Kam01_HIGH-1-1536x919.jpg 1536w, https:\/\/www.werner-wohnbau.de\/wp-content\/uploads\/2024\/10\/241001_Leipzig-Probstheida_Kam01_HIGH-1-2048x1225.jpg 2048w\" sizes=\"(max-width: 2560px) 100vw, 2560px\" \/>\t\t\t\t\t\t\t\t\t\t\t\t\t\t\t<\/div>\n\t\t\t\t<\/div>\n\t\t\t\t\t<\/div>\n\t\t<\/div>\n\t\t\t\t\t<\/div>\n\t\t<\/section>\n\t\t\t\t<section class=\"elementor-section elementor-top-section elementor-element elementor-element-4c94e94 elementor-section-boxed elementor-section-height-default elementor-section-height-default\" data-id=\"4c94e94\" data-element_type=\"section\" data-e-type=\"section\" data-settings=\"{&quot;background_background&quot;:&quot;classic&quot;}\">\n\t\t\t\t\t\t<div class=\"elementor-container elementor-column-gap-no\">\n\t\t\t\t\t<div class=\"elementor-column elementor-col-100 elementor-top-column elementor-element elementor-element-925bb8e\" data-id=\"925bb8e\" data-element_type=\"column\" data-e-type=\"column\">\n\t\t\t<div class=\"elementor-widget-wrap elementor-element-populated\">\n\t\t\t\t\t\t<div class=\"elementor-element elementor-element-fd9189c elementor-widget elementor-widget-theme-post-title elementor-page-title elementor-widget-heading\" data-id=\"fd9189c\" data-element_type=\"widget\" data-e-type=\"widget\" data-widget_type=\"theme-post-title.default\">\n\t\t\t\t<div class=\"elementor-widget-container\">\n\t\t\t\t\t<h1 class=\"elementor-heading-title elementor-size-default\">LVZ, 26.10.24 &#8211; New housing estate at Sonnenpark in Leipzig-Probstheida<\/h1>\t\t\t\t<\/div>\n\t\t\t\t<\/div>\n\t\t\t\t<div data-dce-text-color=\"#FFFFFF\" class=\"elementor-element elementor-element-9453165 newstext elementor-widget elementor-widget-theme-post-content\" data-id=\"9453165\" data-element_type=\"widget\" data-e-type=\"widget\" data-widget_type=\"theme-post-content.default\">\n\t\t\t\t<div class=\"elementor-widget-container\">\n\t\t\t\t\t\n<p>53 terraced houses will soon be built in the south-east of Leipzig.<\/p>\n\n<p><\/p>\n\n<p><\/p>\n\t\t\t\t<\/div>\n\t\t\t\t<\/div>\n\t\t\t\t<div class=\"elementor-element elementor-element-529db4c elementor-align-right elementor-widget elementor-widget-button\" data-id=\"529db4c\" data-element_type=\"widget\" data-e-type=\"widget\" data-widget_type=\"button.default\">\n\t\t\t\t<div class=\"elementor-widget-container\">\n\t\t\t\t\t\t\t\t\t<div class=\"elementor-button-wrapper\">\n\t\t\t\t\t<a class=\"elementor-button elementor-button-link elementor-size-xs\" href=\"https:\/\/www.werner-wohnbau.de\/en\/nachrichten\/lvz-26-10-24-new-housing-estate-at-sonnenpark-in-leipzig-probstheida\/\">\n\t\t\t\t\t\t<span class=\"elementor-button-content-wrapper\">\n\t\t\t\t\t\t\t\t\t<span class=\"elementor-button-text\">READ ON ...<\/span>\n\t\t\t\t\t<\/span>\n\t\t\t\t\t<\/a>\n\t\t\t\t<\/div>\n\t\t\t\t\t\t\t\t<\/div>\n\t\t\t\t<\/div>\n\t\t\t\t\t<\/div>\n\t\t<\/div>\n\t\t\t\t\t<\/div>\n\t\t<\/section>\n\t\t\t\t<\/div>\n\t\t\t\t<div data-elementor-type=\"loop-item\" data-elementor-id=\"19057\" class=\"elementor elementor-19057 elementor-3752 e-loop-item e-loop-item-19968 post-19968 nachrichten type-nachrichten status-publish has-post-thumbnail hentry\" data-elementor-post-type=\"elementor_library\" data-custom-edit-handle=\"1\">\n\t\t\t\t\t<section class=\"elementor-section elementor-top-section elementor-element elementor-element-b41ea66 elementor-section-boxed elementor-section-height-default elementor-section-height-default\" data-id=\"b41ea66\" data-element_type=\"section\" data-e-type=\"section\">\n\t\t\t\t\t\t<div class=\"elementor-container elementor-column-gap-no\">\n\t\t\t\t\t<div class=\"elementor-column elementor-col-100 elementor-top-column elementor-element elementor-element-da66870\" data-id=\"da66870\" data-element_type=\"column\" data-e-type=\"column\">\n\t\t\t<div class=\"elementor-widget-wrap elementor-element-populated\">\n\t\t\t\t\t\t<div class=\"elementor-element elementor-element-6f7cb2d elementor-widget elementor-widget-theme-post-featured-image elementor-widget-image\" data-id=\"6f7cb2d\" data-element_type=\"widget\" data-e-type=\"widget\" data-widget_type=\"theme-post-featured-image.default\">\n\t\t\t\t<div class=\"elementor-widget-container\">\n\t\t\t\t\t\t\t\t\t\t\t\t\t\t\t<img loading=\"lazy\" decoding=\"async\" width=\"2560\" height=\"1531\" src=\"https:\/\/www.werner-wohnbau.de\/wp-content\/uploads\/2024\/10\/220711_Stade_Kam02_HIGH-scaled.jpg\" class=\"attachment-full size-full wp-image-18743\" alt=\"\" srcset=\"https:\/\/www.werner-wohnbau.de\/wp-content\/uploads\/2024\/10\/220711_Stade_Kam02_HIGH-scaled.jpg 2560w, https:\/\/www.werner-wohnbau.de\/wp-content\/uploads\/2024\/10\/220711_Stade_Kam02_HIGH-300x179.jpg 300w, https:\/\/www.werner-wohnbau.de\/wp-content\/uploads\/2024\/10\/220711_Stade_Kam02_HIGH-1024x612.jpg 1024w, https:\/\/www.werner-wohnbau.de\/wp-content\/uploads\/2024\/10\/220711_Stade_Kam02_HIGH-768x459.jpg 768w, https:\/\/www.werner-wohnbau.de\/wp-content\/uploads\/2024\/10\/220711_Stade_Kam02_HIGH-1536x919.jpg 1536w, https:\/\/www.werner-wohnbau.de\/wp-content\/uploads\/2024\/10\/220711_Stade_Kam02_HIGH-2048x1225.jpg 2048w\" sizes=\"(max-width: 2560px) 100vw, 2560px\" \/>\t\t\t\t\t\t\t\t\t\t\t\t\t\t\t<\/div>\n\t\t\t\t<\/div>\n\t\t\t\t\t<\/div>\n\t\t<\/div>\n\t\t\t\t\t<\/div>\n\t\t<\/section>\n\t\t\t\t<section class=\"elementor-section elementor-top-section elementor-element elementor-element-4c94e94 elementor-section-boxed elementor-section-height-default elementor-section-height-default\" data-id=\"4c94e94\" data-element_type=\"section\" data-e-type=\"section\" data-settings=\"{&quot;background_background&quot;:&quot;classic&quot;}\">\n\t\t\t\t\t\t<div class=\"elementor-container elementor-column-gap-no\">\n\t\t\t\t\t<div class=\"elementor-column elementor-col-100 elementor-top-column elementor-element elementor-element-925bb8e\" data-id=\"925bb8e\" data-element_type=\"column\" data-e-type=\"column\">\n\t\t\t<div class=\"elementor-widget-wrap elementor-element-populated\">\n\t\t\t\t\t\t<div class=\"elementor-element elementor-element-fd9189c elementor-widget elementor-widget-theme-post-title elementor-page-title elementor-widget-heading\" data-id=\"fd9189c\" data-element_type=\"widget\" data-e-type=\"widget\" data-widget_type=\"theme-post-title.default\">\n\t\t\t\t<div class=\"elementor-widget-container\">\n\t\t\t\t\t<h1 class=\"elementor-heading-title elementor-size-default\">Start of construction for energy-efficient housing estate in Stade<\/h1>\t\t\t\t<\/div>\n\t\t\t\t<\/div>\n\t\t\t\t<div data-dce-text-color=\"#FFFFFF\" class=\"elementor-element elementor-element-9453165 newstext elementor-widget elementor-widget-theme-post-content\" data-id=\"9453165\" data-element_type=\"widget\" data-e-type=\"widget\" data-widget_type=\"theme-post-content.default\">\n\t\t\t\t<div class=\"elementor-widget-container\">\n\t\t\t\t\t\n<p>A total of 36 houses for rent are being built to the KfW 55 standard.<\/p>\n\n<p><\/p>\n\t\t\t\t<\/div>\n\t\t\t\t<\/div>\n\t\t\t\t<div class=\"elementor-element elementor-element-529db4c elementor-align-right elementor-widget elementor-widget-button\" data-id=\"529db4c\" data-element_type=\"widget\" data-e-type=\"widget\" data-widget_type=\"button.default\">\n\t\t\t\t<div class=\"elementor-widget-container\">\n\t\t\t\t\t\t\t\t\t<div class=\"elementor-button-wrapper\">\n\t\t\t\t\t<a class=\"elementor-button elementor-button-link elementor-size-xs\" href=\"https:\/\/www.werner-wohnbau.de\/en\/nachrichten\/start-of-construction-for-energy-efficient-housing-estate-in-stade\/\">\n\t\t\t\t\t\t<span class=\"elementor-button-content-wrapper\">\n\t\t\t\t\t\t\t\t\t<span class=\"elementor-button-text\">READ ON ...<\/span>\n\t\t\t\t\t<\/span>\n\t\t\t\t\t<\/a>\n\t\t\t\t<\/div>\n\t\t\t\t\t\t\t\t<\/div>\n\t\t\t\t<\/div>\n\t\t\t\t\t<\/div>\n\t\t<\/div>\n\t\t\t\t\t<\/div>\n\t\t<\/section>\n\t\t\t\t<\/div>\n\t\t\t\t<div data-elementor-type=\"loop-item\" data-elementor-id=\"19057\" class=\"elementor elementor-19057 elementor-3752 e-loop-item e-loop-item-19967 post-19967 nachrichten type-nachrichten status-publish has-post-thumbnail hentry\" data-elementor-post-type=\"elementor_library\" data-custom-edit-handle=\"1\">\n\t\t\t\t\t<section class=\"elementor-section elementor-top-section elementor-element elementor-element-b41ea66 elementor-section-boxed elementor-section-height-default elementor-section-height-default\" data-id=\"b41ea66\" data-element_type=\"section\" data-e-type=\"section\">\n\t\t\t\t\t\t<div class=\"elementor-container elementor-column-gap-no\">\n\t\t\t\t\t<div class=\"elementor-column elementor-col-100 elementor-top-column elementor-element elementor-element-da66870\" data-id=\"da66870\" data-element_type=\"column\" data-e-type=\"column\">\n\t\t\t<div class=\"elementor-widget-wrap elementor-element-populated\">\n\t\t\t\t\t\t<div class=\"elementor-element elementor-element-6f7cb2d elementor-widget elementor-widget-theme-post-featured-image elementor-widget-image\" data-id=\"6f7cb2d\" data-element_type=\"widget\" data-e-type=\"widget\" data-widget_type=\"theme-post-featured-image.default\">\n\t\t\t\t<div class=\"elementor-widget-container\">\n\t\t\t\t\t\t\t\t\t\t\t\t\t\t\t<img loading=\"lazy\" decoding=\"async\" width=\"2560\" height=\"1440\" src=\"https:\/\/www.werner-wohnbau.de\/wp-content\/uploads\/2024\/10\/2-2-scaled.jpg\" class=\"attachment-full size-full wp-image-18756\" alt=\"\" srcset=\"https:\/\/www.werner-wohnbau.de\/wp-content\/uploads\/2024\/10\/2-2-scaled.jpg 2560w, https:\/\/www.werner-wohnbau.de\/wp-content\/uploads\/2024\/10\/2-2-300x169.jpg 300w, https:\/\/www.werner-wohnbau.de\/wp-content\/uploads\/2024\/10\/2-2-1024x576.jpg 1024w, https:\/\/www.werner-wohnbau.de\/wp-content\/uploads\/2024\/10\/2-2-768x432.jpg 768w, https:\/\/www.werner-wohnbau.de\/wp-content\/uploads\/2024\/10\/2-2-1536x864.jpg 1536w, https:\/\/www.werner-wohnbau.de\/wp-content\/uploads\/2024\/10\/2-2-2048x1152.jpg 2048w\" sizes=\"(max-width: 2560px) 100vw, 2560px\" \/>\t\t\t\t\t\t\t\t\t\t\t\t\t\t\t<\/div>\n\t\t\t\t<\/div>\n\t\t\t\t\t<\/div>\n\t\t<\/div>\n\t\t\t\t\t<\/div>\n\t\t<\/section>\n\t\t\t\t<section class=\"elementor-section elementor-top-section elementor-element elementor-element-4c94e94 elementor-section-boxed elementor-section-height-default elementor-section-height-default\" data-id=\"4c94e94\" data-element_type=\"section\" data-e-type=\"section\" data-settings=\"{&quot;background_background&quot;:&quot;classic&quot;}\">\n\t\t\t\t\t\t<div class=\"elementor-container elementor-column-gap-no\">\n\t\t\t\t\t<div class=\"elementor-column elementor-col-100 elementor-top-column elementor-element elementor-element-925bb8e\" data-id=\"925bb8e\" data-element_type=\"column\" data-e-type=\"column\">\n\t\t\t<div class=\"elementor-widget-wrap elementor-element-populated\">\n\t\t\t\t\t\t<div class=\"elementor-element elementor-element-fd9189c elementor-widget elementor-widget-theme-post-title elementor-page-title elementor-widget-heading\" data-id=\"fd9189c\" data-element_type=\"widget\" data-e-type=\"widget\" data-widget_type=\"theme-post-title.default\">\n\t\t\t\t<div class=\"elementor-widget-container\">\n\t\t\t\t\t<h1 class=\"elementor-heading-title elementor-size-default\">Article on the W\u00fclfrath project presentation from 11.10.2024<\/h1>\t\t\t\t<\/div>\n\t\t\t\t<\/div>\n\t\t\t\t<div data-dce-text-color=\"#FFFFFF\" class=\"elementor-element elementor-element-9453165 newstext elementor-widget elementor-widget-theme-post-content\" data-id=\"9453165\" data-element_type=\"widget\" data-e-type=\"widget\" data-widget_type=\"theme-post-content.default\">\n\t\t\t\t<div class=\"elementor-widget-container\">\n\t\t\t\t\t\n<p>Energy-efficient semi-detached houses with 143 m\u00b2 of living space are being built in W\u00fclfrath.  <\/p>\n\n<p><\/p>\n\t\t\t\t<\/div>\n\t\t\t\t<\/div>\n\t\t\t\t<div class=\"elementor-element elementor-element-529db4c elementor-align-right elementor-widget elementor-widget-button\" data-id=\"529db4c\" data-element_type=\"widget\" data-e-type=\"widget\" data-widget_type=\"button.default\">\n\t\t\t\t<div class=\"elementor-widget-container\">\n\t\t\t\t\t\t\t\t\t<div class=\"elementor-button-wrapper\">\n\t\t\t\t\t<a class=\"elementor-button elementor-button-link elementor-size-xs\" href=\"https:\/\/www.werner-wohnbau.de\/en\/nachrichten\/article-on-the-wuelfrath-project-presentation-from-11-10-2024\/\">\n\t\t\t\t\t\t<span class=\"elementor-button-content-wrapper\">\n\t\t\t\t\t\t\t\t\t<span class=\"elementor-button-text\">READ ON ...<\/span>\n\t\t\t\t\t<\/span>\n\t\t\t\t\t<\/a>\n\t\t\t\t<\/div>\n\t\t\t\t\t\t\t\t<\/div>\n\t\t\t\t<\/div>\n\t\t\t\t\t<\/div>\n\t\t<\/div>\n\t\t\t\t\t<\/div>\n\t\t<\/section>\n\t\t\t\t<\/div>\n\t\t\t\t<div data-elementor-type=\"loop-item\" data-elementor-id=\"19057\" class=\"elementor elementor-19057 elementor-3752 e-loop-item e-loop-item-19973 post-19973 nachrichten type-nachrichten status-publish has-post-thumbnail hentry\" data-elementor-post-type=\"elementor_library\" data-custom-edit-handle=\"1\">\n\t\t\t\t\t<section class=\"elementor-section elementor-top-section elementor-element elementor-element-b41ea66 elementor-section-boxed elementor-section-height-default elementor-section-height-default\" data-id=\"b41ea66\" data-element_type=\"section\" data-e-type=\"section\">\n\t\t\t\t\t\t<div class=\"elementor-container elementor-column-gap-no\">\n\t\t\t\t\t<div class=\"elementor-column elementor-col-100 elementor-top-column elementor-element elementor-element-da66870\" data-id=\"da66870\" data-element_type=\"column\" data-e-type=\"column\">\n\t\t\t<div class=\"elementor-widget-wrap elementor-element-populated\">\n\t\t\t\t\t\t<div class=\"elementor-element elementor-element-6f7cb2d elementor-widget elementor-widget-theme-post-featured-image elementor-widget-image\" data-id=\"6f7cb2d\" data-element_type=\"widget\" data-e-type=\"widget\" data-widget_type=\"theme-post-featured-image.default\">\n\t\t\t\t<div class=\"elementor-widget-container\">\n\t\t\t\t\t\t\t\t\t\t\t\t\t\t\t<img loading=\"lazy\" decoding=\"async\" width=\"2560\" height=\"1440\" src=\"https:\/\/www.werner-wohnbau.de\/wp-content\/uploads\/2024\/10\/Horgau_Vogelperspektive-16022024-scaled.jpg\" class=\"attachment-full size-full wp-image-18738\" alt=\"\" srcset=\"https:\/\/www.werner-wohnbau.de\/wp-content\/uploads\/2024\/10\/Horgau_Vogelperspektive-16022024-scaled.jpg 2560w, https:\/\/www.werner-wohnbau.de\/wp-content\/uploads\/2024\/10\/Horgau_Vogelperspektive-16022024-300x169.jpg 300w, https:\/\/www.werner-wohnbau.de\/wp-content\/uploads\/2024\/10\/Horgau_Vogelperspektive-16022024-1024x576.jpg 1024w, https:\/\/www.werner-wohnbau.de\/wp-content\/uploads\/2024\/10\/Horgau_Vogelperspektive-16022024-768x432.jpg 768w, https:\/\/www.werner-wohnbau.de\/wp-content\/uploads\/2024\/10\/Horgau_Vogelperspektive-16022024-1536x864.jpg 1536w, https:\/\/www.werner-wohnbau.de\/wp-content\/uploads\/2024\/10\/Horgau_Vogelperspektive-16022024-2048x1152.jpg 2048w\" sizes=\"(max-width: 2560px) 100vw, 2560px\" \/>\t\t\t\t\t\t\t\t\t\t\t\t\t\t\t<\/div>\n\t\t\t\t<\/div>\n\t\t\t\t\t<\/div>\n\t\t<\/div>\n\t\t\t\t\t<\/div>\n\t\t<\/section>\n\t\t\t\t<section class=\"elementor-section elementor-top-section elementor-element elementor-element-4c94e94 elementor-section-boxed elementor-section-height-default elementor-section-height-default\" data-id=\"4c94e94\" data-element_type=\"section\" data-e-type=\"section\" data-settings=\"{&quot;background_background&quot;:&quot;classic&quot;}\">\n\t\t\t\t\t\t<div class=\"elementor-container elementor-column-gap-no\">\n\t\t\t\t\t<div class=\"elementor-column elementor-col-100 elementor-top-column elementor-element elementor-element-925bb8e\" data-id=\"925bb8e\" data-element_type=\"column\" data-e-type=\"column\">\n\t\t\t<div class=\"elementor-widget-wrap elementor-element-populated\">\n\t\t\t\t\t\t<div class=\"elementor-element elementor-element-fd9189c elementor-widget elementor-widget-theme-post-title elementor-page-title elementor-widget-heading\" data-id=\"fd9189c\" data-element_type=\"widget\" data-e-type=\"widget\" data-widget_type=\"theme-post-title.default\">\n\t\t\t\t<div class=\"elementor-widget-container\">\n\t\t\t\t\t<h1 class=\"elementor-heading-title elementor-size-default\">Construction work begins on residential project for rent in Horgau<\/h1>\t\t\t\t<\/div>\n\t\t\t\t<\/div>\n\t\t\t\t<div data-dce-text-color=\"#FFFFFF\" class=\"elementor-element elementor-element-9453165 newstext elementor-widget elementor-widget-theme-post-content\" data-id=\"9453165\" data-element_type=\"widget\" data-e-type=\"widget\" data-widget_type=\"theme-post-content.default\">\n\t\t\t\t<div class=\"elementor-widget-container\">\n\t\t\t\t\t\n<p>Move-ins are planned from the 4th quarter of 2025 &#8211; reservations for prospective tenants possible now!<\/p>\n\n<p><\/p>\n\t\t\t\t<\/div>\n\t\t\t\t<\/div>\n\t\t\t\t<div class=\"elementor-element elementor-element-529db4c elementor-align-right elementor-widget elementor-widget-button\" data-id=\"529db4c\" data-element_type=\"widget\" data-e-type=\"widget\" data-widget_type=\"button.default\">\n\t\t\t\t<div class=\"elementor-widget-container\">\n\t\t\t\t\t\t\t\t\t<div class=\"elementor-button-wrapper\">\n\t\t\t\t\t<a class=\"elementor-button elementor-button-link elementor-size-xs\" href=\"https:\/\/www.werner-wohnbau.de\/en\/nachrichten\/construction-work-begins-on-residential-project-for-rent-in-horgau\/\">\n\t\t\t\t\t\t<span class=\"elementor-button-content-wrapper\">\n\t\t\t\t\t\t\t\t\t<span class=\"elementor-button-text\">READ ON ...<\/span>\n\t\t\t\t\t<\/span>\n\t\t\t\t\t<\/a>\n\t\t\t\t<\/div>\n\t\t\t\t\t\t\t\t<\/div>\n\t\t\t\t<\/div>\n\t\t\t\t\t<\/div>\n\t\t<\/div>\n\t\t\t\t\t<\/div>\n\t\t<\/section>\n\t\t\t\t<\/div>\n\t\t\t\t<div data-elementor-type=\"loop-item\" data-elementor-id=\"19057\" class=\"elementor elementor-19057 elementor-3752 e-loop-item e-loop-item-19966 post-19966 nachrichten type-nachrichten status-publish has-post-thumbnail hentry\" data-elementor-post-type=\"elementor_library\" data-custom-edit-handle=\"1\">\n\t\t\t\t\t<section class=\"elementor-section elementor-top-section elementor-element elementor-element-b41ea66 elementor-section-boxed elementor-section-height-default elementor-section-height-default\" data-id=\"b41ea66\" data-element_type=\"section\" data-e-type=\"section\">\n\t\t\t\t\t\t<div class=\"elementor-container elementor-column-gap-no\">\n\t\t\t\t\t<div class=\"elementor-column elementor-col-100 elementor-top-column elementor-element elementor-element-da66870\" data-id=\"da66870\" data-element_type=\"column\" data-e-type=\"column\">\n\t\t\t<div class=\"elementor-widget-wrap elementor-element-populated\">\n\t\t\t\t\t\t<div class=\"elementor-element elementor-element-6f7cb2d elementor-widget elementor-widget-theme-post-featured-image elementor-widget-image\" data-id=\"6f7cb2d\" data-element_type=\"widget\" data-e-type=\"widget\" data-widget_type=\"theme-post-featured-image.default\">\n\t\t\t\t<div class=\"elementor-widget-container\">\n\t\t\t\t\t\t\t\t\t\t\t\t\t\t\t<img loading=\"lazy\" decoding=\"async\" width=\"2560\" height=\"1440\" src=\"https:\/\/www.werner-wohnbau.de\/wp-content\/uploads\/2024\/10\/Design-ohne-Titel-31-scaled.jpg\" class=\"attachment-full size-full wp-image-18729\" alt=\"\" srcset=\"https:\/\/www.werner-wohnbau.de\/wp-content\/uploads\/2024\/10\/Design-ohne-Titel-31-scaled.jpg 2560w, https:\/\/www.werner-wohnbau.de\/wp-content\/uploads\/2024\/10\/Design-ohne-Titel-31-300x169.jpg 300w, https:\/\/www.werner-wohnbau.de\/wp-content\/uploads\/2024\/10\/Design-ohne-Titel-31-1024x576.jpg 1024w, https:\/\/www.werner-wohnbau.de\/wp-content\/uploads\/2024\/10\/Design-ohne-Titel-31-768x432.jpg 768w, https:\/\/www.werner-wohnbau.de\/wp-content\/uploads\/2024\/10\/Design-ohne-Titel-31-1536x864.jpg 1536w, https:\/\/www.werner-wohnbau.de\/wp-content\/uploads\/2024\/10\/Design-ohne-Titel-31-2048x1152.jpg 2048w\" sizes=\"(max-width: 2560px) 100vw, 2560px\" \/>\t\t\t\t\t\t\t\t\t\t\t\t\t\t\t<\/div>\n\t\t\t\t<\/div>\n\t\t\t\t\t<\/div>\n\t\t<\/div>\n\t\t\t\t\t<\/div>\n\t\t<\/section>\n\t\t\t\t<section class=\"elementor-section elementor-top-section elementor-element elementor-element-4c94e94 elementor-section-boxed elementor-section-height-default elementor-section-height-default\" data-id=\"4c94e94\" data-element_type=\"section\" data-e-type=\"section\" data-settings=\"{&quot;background_background&quot;:&quot;classic&quot;}\">\n\t\t\t\t\t\t<div class=\"elementor-container elementor-column-gap-no\">\n\t\t\t\t\t<div class=\"elementor-column elementor-col-100 elementor-top-column elementor-element elementor-element-925bb8e\" data-id=\"925bb8e\" data-element_type=\"column\" data-e-type=\"column\">\n\t\t\t<div class=\"elementor-widget-wrap elementor-element-populated\">\n\t\t\t\t\t\t<div class=\"elementor-element elementor-element-fd9189c elementor-widget elementor-widget-theme-post-title elementor-page-title elementor-widget-heading\" data-id=\"fd9189c\" data-element_type=\"widget\" data-e-type=\"widget\" data-widget_type=\"theme-post-title.default\">\n\t\t\t\t<div class=\"elementor-widget-container\">\n\t\t\t\t\t<h1 class=\"elementor-heading-title elementor-size-default\">Invitation to the project presentation &#8220;Zum Erdbeerfeld&#8221; in Dortmund-Mengede!<\/h1>\t\t\t\t<\/div>\n\t\t\t\t<\/div>\n\t\t\t\t<div data-dce-text-color=\"#FFFFFF\" class=\"elementor-element elementor-element-9453165 newstext elementor-widget elementor-widget-theme-post-content\" data-id=\"9453165\" data-element_type=\"widget\" data-e-type=\"widget\" data-widget_type=\"theme-post-content.default\">\n\t\t\t\t<div class=\"elementor-widget-container\">\n\t\t\t\t\t\n<p>On October 19, 2024, an exclusive property tour will take place from 11 a.m. to 3 p.m.  <\/p>\n\t\t\t\t<\/div>\n\t\t\t\t<\/div>\n\t\t\t\t<div class=\"elementor-element elementor-element-529db4c elementor-align-right elementor-widget elementor-widget-button\" data-id=\"529db4c\" data-element_type=\"widget\" data-e-type=\"widget\" data-widget_type=\"button.default\">\n\t\t\t\t<div class=\"elementor-widget-container\">\n\t\t\t\t\t\t\t\t\t<div class=\"elementor-button-wrapper\">\n\t\t\t\t\t<a class=\"elementor-button elementor-button-link elementor-size-xs\" href=\"https:\/\/www.werner-wohnbau.de\/en\/nachrichten\/invitation-to-the-project-presentation-zum-erdbeerfeld-in-dortmund-mengede\/\">\n\t\t\t\t\t\t<span class=\"elementor-button-content-wrapper\">\n\t\t\t\t\t\t\t\t\t<span class=\"elementor-button-text\">READ ON ...<\/span>\n\t\t\t\t\t<\/span>\n\t\t\t\t\t<\/a>\n\t\t\t\t<\/div>\n\t\t\t\t\t\t\t\t<\/div>\n\t\t\t\t<\/div>\n\t\t\t\t\t<\/div>\n\t\t<\/div>\n\t\t\t\t\t<\/div>\n\t\t<\/section>\n\t\t\t\t<\/div>\n\t\t\t\t<div data-elementor-type=\"loop-item\" data-elementor-id=\"19057\" class=\"elementor elementor-19057 elementor-3752 e-loop-item e-loop-item-19964 post-19964 nachrichten type-nachrichten status-publish has-post-thumbnail hentry\" data-elementor-post-type=\"elementor_library\" data-custom-edit-handle=\"1\">\n\t\t\t\t\t<section class=\"elementor-section elementor-top-section elementor-element elementor-element-b41ea66 elementor-section-boxed elementor-section-height-default elementor-section-height-default\" data-id=\"b41ea66\" data-element_type=\"section\" data-e-type=\"section\">\n\t\t\t\t\t\t<div class=\"elementor-container elementor-column-gap-no\">\n\t\t\t\t\t<div class=\"elementor-column elementor-col-100 elementor-top-column elementor-element elementor-element-da66870\" data-id=\"da66870\" data-element_type=\"column\" data-e-type=\"column\">\n\t\t\t<div class=\"elementor-widget-wrap elementor-element-populated\">\n\t\t\t\t\t\t<div class=\"elementor-element elementor-element-6f7cb2d elementor-widget elementor-widget-theme-post-featured-image elementor-widget-image\" data-id=\"6f7cb2d\" data-element_type=\"widget\" data-e-type=\"widget\" data-widget_type=\"theme-post-featured-image.default\">\n\t\t\t\t<div class=\"elementor-widget-container\">\n\t\t\t\t\t\t\t\t\t\t\t\t\t\t\t<img loading=\"lazy\" decoding=\"async\" width=\"2560\" height=\"1373\" src=\"https:\/\/www.werner-wohnbau.de\/wp-content\/uploads\/2024\/10\/Design-ohne-Titel-30-scaled-e1728540998653.jpg\" class=\"attachment-full size-full wp-image-18717\" alt=\"\" srcset=\"https:\/\/www.werner-wohnbau.de\/wp-content\/uploads\/2024\/10\/Design-ohne-Titel-30-scaled-e1728540998653.jpg 2560w, https:\/\/www.werner-wohnbau.de\/wp-content\/uploads\/2024\/10\/Design-ohne-Titel-30-scaled-e1728540998653-300x161.jpg 300w, https:\/\/www.werner-wohnbau.de\/wp-content\/uploads\/2024\/10\/Design-ohne-Titel-30-scaled-e1728540998653-1024x549.jpg 1024w, https:\/\/www.werner-wohnbau.de\/wp-content\/uploads\/2024\/10\/Design-ohne-Titel-30-scaled-e1728540998653-768x412.jpg 768w, https:\/\/www.werner-wohnbau.de\/wp-content\/uploads\/2024\/10\/Design-ohne-Titel-30-scaled-e1728540998653-1536x824.jpg 1536w, https:\/\/www.werner-wohnbau.de\/wp-content\/uploads\/2024\/10\/Design-ohne-Titel-30-scaled-e1728540998653-2048x1098.jpg 2048w\" sizes=\"(max-width: 2560px) 100vw, 2560px\" \/>\t\t\t\t\t\t\t\t\t\t\t\t\t\t\t<\/div>\n\t\t\t\t<\/div>\n\t\t\t\t\t<\/div>\n\t\t<\/div>\n\t\t\t\t\t<\/div>\n\t\t<\/section>\n\t\t\t\t<section class=\"elementor-section elementor-top-section elementor-element elementor-element-4c94e94 elementor-section-boxed elementor-section-height-default elementor-section-height-default\" data-id=\"4c94e94\" data-element_type=\"section\" data-e-type=\"section\" data-settings=\"{&quot;background_background&quot;:&quot;classic&quot;}\">\n\t\t\t\t\t\t<div class=\"elementor-container elementor-column-gap-no\">\n\t\t\t\t\t<div class=\"elementor-column elementor-col-100 elementor-top-column elementor-element elementor-element-925bb8e\" data-id=\"925bb8e\" data-element_type=\"column\" data-e-type=\"column\">\n\t\t\t<div class=\"elementor-widget-wrap elementor-element-populated\">\n\t\t\t\t\t\t<div class=\"elementor-element elementor-element-fd9189c elementor-widget elementor-widget-theme-post-title elementor-page-title elementor-widget-heading\" data-id=\"fd9189c\" data-element_type=\"widget\" data-e-type=\"widget\" data-widget_type=\"theme-post-title.default\">\n\t\t\t\t<div class=\"elementor-widget-container\">\n\t\t\t\t\t<h1 class=\"elementor-heading-title elementor-size-default\">Bright sunshine at the topping-out ceremony in Leipzig B\u00f6hlitz-Ehrenberg<\/h1>\t\t\t\t<\/div>\n\t\t\t\t<\/div>\n\t\t\t\t<div data-dce-text-color=\"#FFFFFF\" class=\"elementor-element elementor-element-9453165 newstext elementor-widget elementor-widget-theme-post-content\" data-id=\"9453165\" data-element_type=\"widget\" data-e-type=\"widget\" data-widget_type=\"theme-post-content.default\">\n\t\t\t\t<div class=\"elementor-widget-container\">\n\t\t\t\t\t\n<p>Construction work is progressing rapidly &#8211; 70% of the houses have already been sold!  <\/p>\n\n<p><\/p>\n\t\t\t\t<\/div>\n\t\t\t\t<\/div>\n\t\t\t\t<div class=\"elementor-element elementor-element-529db4c elementor-align-right elementor-widget elementor-widget-button\" data-id=\"529db4c\" data-element_type=\"widget\" data-e-type=\"widget\" data-widget_type=\"button.default\">\n\t\t\t\t<div class=\"elementor-widget-container\">\n\t\t\t\t\t\t\t\t\t<div class=\"elementor-button-wrapper\">\n\t\t\t\t\t<a class=\"elementor-button elementor-button-link elementor-size-xs\" href=\"https:\/\/www.werner-wohnbau.de\/en\/nachrichten\/bright-sunshine-at-the-topping-out-ceremony-in-leipzig-boehlitz-ehrenberg\/\">\n\t\t\t\t\t\t<span class=\"elementor-button-content-wrapper\">\n\t\t\t\t\t\t\t\t\t<span class=\"elementor-button-text\">READ ON ...<\/span>\n\t\t\t\t\t<\/span>\n\t\t\t\t\t<\/a>\n\t\t\t\t<\/div>\n\t\t\t\t\t\t\t\t<\/div>\n\t\t\t\t<\/div>\n\t\t\t\t\t<\/div>\n\t\t<\/div>\n\t\t\t\t\t<\/div>\n\t\t<\/section>\n\t\t\t\t<\/div>\n\t\t\t\t<div data-elementor-type=\"loop-item\" data-elementor-id=\"19057\" class=\"elementor elementor-19057 elementor-3752 e-loop-item e-loop-item-19971 post-19971 nachrichten type-nachrichten status-publish has-post-thumbnail hentry\" data-elementor-post-type=\"elementor_library\" data-custom-edit-handle=\"1\">\n\t\t\t\t\t<section class=\"elementor-section elementor-top-section elementor-element elementor-element-b41ea66 elementor-section-boxed elementor-section-height-default elementor-section-height-default\" data-id=\"b41ea66\" data-element_type=\"section\" data-e-type=\"section\">\n\t\t\t\t\t\t<div class=\"elementor-container elementor-column-gap-no\">\n\t\t\t\t\t<div class=\"elementor-column elementor-col-100 elementor-top-column elementor-element elementor-element-da66870\" data-id=\"da66870\" data-element_type=\"column\" data-e-type=\"column\">\n\t\t\t<div class=\"elementor-widget-wrap elementor-element-populated\">\n\t\t\t\t\t\t<div class=\"elementor-element elementor-element-6f7cb2d elementor-widget elementor-widget-theme-post-featured-image elementor-widget-image\" data-id=\"6f7cb2d\" data-element_type=\"widget\" data-e-type=\"widget\" data-widget_type=\"theme-post-featured-image.default\">\n\t\t\t\t<div class=\"elementor-widget-container\">\n\t\t\t\t\t\t\t\t\t\t\t\t\t\t\t<img loading=\"lazy\" decoding=\"async\" width=\"2560\" height=\"1440\" src=\"https:\/\/www.werner-wohnbau.de\/wp-content\/uploads\/2024\/10\/Neu-Mannheim-Wallstadt_Garten-scaled.jpg\" class=\"attachment-full size-full wp-image-18735\" alt=\"\" srcset=\"https:\/\/www.werner-wohnbau.de\/wp-content\/uploads\/2024\/10\/Neu-Mannheim-Wallstadt_Garten-scaled.jpg 2560w, https:\/\/www.werner-wohnbau.de\/wp-content\/uploads\/2024\/10\/Neu-Mannheim-Wallstadt_Garten-300x169.jpg 300w, https:\/\/www.werner-wohnbau.de\/wp-content\/uploads\/2024\/10\/Neu-Mannheim-Wallstadt_Garten-1024x576.jpg 1024w, https:\/\/www.werner-wohnbau.de\/wp-content\/uploads\/2024\/10\/Neu-Mannheim-Wallstadt_Garten-768x432.jpg 768w, https:\/\/www.werner-wohnbau.de\/wp-content\/uploads\/2024\/10\/Neu-Mannheim-Wallstadt_Garten-1536x864.jpg 1536w, https:\/\/www.werner-wohnbau.de\/wp-content\/uploads\/2024\/10\/Neu-Mannheim-Wallstadt_Garten-2048x1152.jpg 2048w\" sizes=\"(max-width: 2560px) 100vw, 2560px\" \/>\t\t\t\t\t\t\t\t\t\t\t\t\t\t\t<\/div>\n\t\t\t\t<\/div>\n\t\t\t\t\t<\/div>\n\t\t<\/div>\n\t\t\t\t\t<\/div>\n\t\t<\/section>\n\t\t\t\t<section class=\"elementor-section elementor-top-section elementor-element elementor-element-4c94e94 elementor-section-boxed elementor-section-height-default elementor-section-height-default\" data-id=\"4c94e94\" data-element_type=\"section\" data-e-type=\"section\" data-settings=\"{&quot;background_background&quot;:&quot;classic&quot;}\">\n\t\t\t\t\t\t<div class=\"elementor-container elementor-column-gap-no\">\n\t\t\t\t\t<div class=\"elementor-column elementor-col-100 elementor-top-column elementor-element elementor-element-925bb8e\" data-id=\"925bb8e\" data-element_type=\"column\" data-e-type=\"column\">\n\t\t\t<div class=\"elementor-widget-wrap elementor-element-populated\">\n\t\t\t\t\t\t<div class=\"elementor-element elementor-element-fd9189c elementor-widget elementor-widget-theme-post-title elementor-page-title elementor-widget-heading\" data-id=\"fd9189c\" data-element_type=\"widget\" data-e-type=\"widget\" data-widget_type=\"theme-post-title.default\">\n\t\t\t\t<div class=\"elementor-widget-container\">\n\t\t\t\t\t<h1 class=\"elementor-heading-title elementor-size-default\">Successful completion: Mannheim-Wallstadt project<\/h1>\t\t\t\t<\/div>\n\t\t\t\t<\/div>\n\t\t\t\t<div data-dce-text-color=\"#FFFFFF\" class=\"elementor-element elementor-element-9453165 newstext elementor-widget elementor-widget-theme-post-content\" data-id=\"9453165\" data-element_type=\"widget\" data-e-type=\"widget\" data-widget_type=\"theme-post-content.default\">\n\t\t\t\t<div class=\"elementor-widget-container\">\n\t\t\t\t\t\n<p>All 15 houses sold &#8211; a new dream home begins for the owners.<\/p>\n\n<p><\/p>\n\t\t\t\t<\/div>\n\t\t\t\t<\/div>\n\t\t\t\t<div class=\"elementor-element elementor-element-529db4c elementor-align-right elementor-widget elementor-widget-button\" data-id=\"529db4c\" data-element_type=\"widget\" data-e-type=\"widget\" data-widget_type=\"button.default\">\n\t\t\t\t<div class=\"elementor-widget-container\">\n\t\t\t\t\t\t\t\t\t<div class=\"elementor-button-wrapper\">\n\t\t\t\t\t<a class=\"elementor-button elementor-button-link elementor-size-xs\" href=\"https:\/\/www.werner-wohnbau.de\/en\/nachrichten\/successful-completion-mannheim-wallstadt-project\/\">\n\t\t\t\t\t\t<span class=\"elementor-button-content-wrapper\">\n\t\t\t\t\t\t\t\t\t<span class=\"elementor-button-text\">READ ON ...<\/span>\n\t\t\t\t\t<\/span>\n\t\t\t\t\t<\/a>\n\t\t\t\t<\/div>\n\t\t\t\t\t\t\t\t<\/div>\n\t\t\t\t<\/div>\n\t\t\t\t\t<\/div>\n\t\t<\/div>\n\t\t\t\t\t<\/div>\n\t\t<\/section>\n\t\t\t\t<\/div>\n\t\t\t\t<div data-elementor-type=\"loop-item\" data-elementor-id=\"19057\" class=\"elementor elementor-19057 elementor-3752 e-loop-item e-loop-item-19976 post-19976 nachrichten type-nachrichten status-publish has-post-thumbnail hentry\" data-elementor-post-type=\"elementor_library\" data-custom-edit-handle=\"1\">\n\t\t\t\t\t<section class=\"elementor-section elementor-top-section elementor-element elementor-element-b41ea66 elementor-section-boxed elementor-section-height-default elementor-section-height-default\" data-id=\"b41ea66\" data-element_type=\"section\" data-e-type=\"section\">\n\t\t\t\t\t\t<div class=\"elementor-container elementor-column-gap-no\">\n\t\t\t\t\t<div class=\"elementor-column elementor-col-100 elementor-top-column elementor-element elementor-element-da66870\" data-id=\"da66870\" data-element_type=\"column\" data-e-type=\"column\">\n\t\t\t<div class=\"elementor-widget-wrap elementor-element-populated\">\n\t\t\t\t\t\t<div class=\"elementor-element elementor-element-6f7cb2d elementor-widget elementor-widget-theme-post-featured-image elementor-widget-image\" data-id=\"6f7cb2d\" data-element_type=\"widget\" data-e-type=\"widget\" data-widget_type=\"theme-post-featured-image.default\">\n\t\t\t\t<div class=\"elementor-widget-container\">\n\t\t\t\t\t\t\t\t\t\t\t\t\t\t\t<img loading=\"lazy\" decoding=\"async\" width=\"2560\" height=\"1439\" src=\"https:\/\/www.werner-wohnbau.de\/wp-content\/uploads\/2024\/06\/Nuernberg_bearbeitet-scaled.jpg\" class=\"attachment-full size-full wp-image-18454\" alt=\"\" srcset=\"https:\/\/www.werner-wohnbau.de\/wp-content\/uploads\/2024\/06\/Nuernberg_bearbeitet-scaled.jpg 2560w, https:\/\/www.werner-wohnbau.de\/wp-content\/uploads\/2024\/06\/Nuernberg_bearbeitet-300x169.jpg 300w, https:\/\/www.werner-wohnbau.de\/wp-content\/uploads\/2024\/06\/Nuernberg_bearbeitet-1024x576.jpg 1024w, https:\/\/www.werner-wohnbau.de\/wp-content\/uploads\/2024\/06\/Nuernberg_bearbeitet-768x432.jpg 768w, https:\/\/www.werner-wohnbau.de\/wp-content\/uploads\/2024\/06\/Nuernberg_bearbeitet-1536x864.jpg 1536w, https:\/\/www.werner-wohnbau.de\/wp-content\/uploads\/2024\/06\/Nuernberg_bearbeitet-2048x1151.jpg 2048w\" sizes=\"(max-width: 2560px) 100vw, 2560px\" \/>\t\t\t\t\t\t\t\t\t\t\t\t\t\t\t<\/div>\n\t\t\t\t<\/div>\n\t\t\t\t\t<\/div>\n\t\t<\/div>\n\t\t\t\t\t<\/div>\n\t\t<\/section>\n\t\t\t\t<section class=\"elementor-section elementor-top-section elementor-element elementor-element-4c94e94 elementor-section-boxed elementor-section-height-default elementor-section-height-default\" data-id=\"4c94e94\" data-element_type=\"section\" data-e-type=\"section\" data-settings=\"{&quot;background_background&quot;:&quot;classic&quot;}\">\n\t\t\t\t\t\t<div class=\"elementor-container elementor-column-gap-no\">\n\t\t\t\t\t<div class=\"elementor-column elementor-col-100 elementor-top-column elementor-element elementor-element-925bb8e\" data-id=\"925bb8e\" data-element_type=\"column\" data-e-type=\"column\">\n\t\t\t<div class=\"elementor-widget-wrap elementor-element-populated\">\n\t\t\t\t\t\t<div class=\"elementor-element elementor-element-fd9189c elementor-widget elementor-widget-theme-post-title elementor-page-title elementor-widget-heading\" data-id=\"fd9189c\" data-element_type=\"widget\" data-e-type=\"widget\" data-widget_type=\"theme-post-title.default\">\n\t\t\t\t<div class=\"elementor-widget-container\">\n\t\t\t\t\t<h1 class=\"elementor-heading-title elementor-size-default\">Successful completion of the construction project in Nuremberg-Katzwang<\/h1>\t\t\t\t<\/div>\n\t\t\t\t<\/div>\n\t\t\t\t<div data-dce-text-color=\"#FFFFFF\" class=\"elementor-element elementor-element-9453165 newstext elementor-widget elementor-widget-theme-post-content\" data-id=\"9453165\" data-element_type=\"widget\" data-e-type=\"widget\" data-widget_type=\"theme-post-content.default\">\n\t\t\t\t<div class=\"elementor-widget-container\">\n\t\t\t\t\t\n<p>Satisfied buyers and dedicated team at the Nuremberg office.<\/p>\n\t\t\t\t<\/div>\n\t\t\t\t<\/div>\n\t\t\t\t<div class=\"elementor-element elementor-element-529db4c elementor-align-right elementor-widget elementor-widget-button\" data-id=\"529db4c\" data-element_type=\"widget\" data-e-type=\"widget\" data-widget_type=\"button.default\">\n\t\t\t\t<div class=\"elementor-widget-container\">\n\t\t\t\t\t\t\t\t\t<div class=\"elementor-button-wrapper\">\n\t\t\t\t\t<a class=\"elementor-button elementor-button-link elementor-size-xs\" href=\"https:\/\/www.werner-wohnbau.de\/en\/nachrichten\/successful-completion-of-the-construction-project-in-nuremberg-katzwang\/\">\n\t\t\t\t\t\t<span class=\"elementor-button-content-wrapper\">\n\t\t\t\t\t\t\t\t\t<span class=\"elementor-button-text\">READ ON ...<\/span>\n\t\t\t\t\t<\/span>\n\t\t\t\t\t<\/a>\n\t\t\t\t<\/div>\n\t\t\t\t\t\t\t\t<\/div>\n\t\t\t\t<\/div>\n\t\t\t\t\t<\/div>\n\t\t<\/div>\n\t\t\t\t\t<\/div>\n\t\t<\/section>\n\t\t\t\t<\/div>\n\t\t\t\t<div data-elementor-type=\"loop-item\" data-elementor-id=\"19057\" class=\"elementor elementor-19057 elementor-3752 e-loop-item e-loop-item-19975 post-19975 nachrichten type-nachrichten status-publish has-post-thumbnail hentry\" data-elementor-post-type=\"elementor_library\" data-custom-edit-handle=\"1\">\n\t\t\t\t\t<section class=\"elementor-section elementor-top-section elementor-element elementor-element-b41ea66 elementor-section-boxed elementor-section-height-default elementor-section-height-default\" data-id=\"b41ea66\" data-element_type=\"section\" data-e-type=\"section\">\n\t\t\t\t\t\t<div class=\"elementor-container elementor-column-gap-no\">\n\t\t\t\t\t<div class=\"elementor-column elementor-col-100 elementor-top-column elementor-element elementor-element-da66870\" data-id=\"da66870\" data-element_type=\"column\" data-e-type=\"column\">\n\t\t\t<div class=\"elementor-widget-wrap elementor-element-populated\">\n\t\t\t\t\t\t<div class=\"elementor-element elementor-element-6f7cb2d elementor-widget elementor-widget-theme-post-featured-image elementor-widget-image\" data-id=\"6f7cb2d\" data-element_type=\"widget\" data-e-type=\"widget\" data-widget_type=\"theme-post-featured-image.default\">\n\t\t\t\t<div class=\"elementor-widget-container\">\n\t\t\t\t\t\t\t\t\t\t\t\t\t\t\t<img loading=\"lazy\" decoding=\"async\" width=\"2560\" height=\"1440\" src=\"https:\/\/www.werner-wohnbau.de\/wp-content\/uploads\/2024\/09\/Design-ohne-Titel-25-scaled.jpg\" class=\"attachment-full size-full wp-image-18661\" alt=\"\" srcset=\"https:\/\/www.werner-wohnbau.de\/wp-content\/uploads\/2024\/09\/Design-ohne-Titel-25-scaled.jpg 2560w, https:\/\/www.werner-wohnbau.de\/wp-content\/uploads\/2024\/09\/Design-ohne-Titel-25-300x169.jpg 300w, https:\/\/www.werner-wohnbau.de\/wp-content\/uploads\/2024\/09\/Design-ohne-Titel-25-1024x576.jpg 1024w, https:\/\/www.werner-wohnbau.de\/wp-content\/uploads\/2024\/09\/Design-ohne-Titel-25-768x432.jpg 768w, https:\/\/www.werner-wohnbau.de\/wp-content\/uploads\/2024\/09\/Design-ohne-Titel-25-1536x864.jpg 1536w, https:\/\/www.werner-wohnbau.de\/wp-content\/uploads\/2024\/09\/Design-ohne-Titel-25-2048x1152.jpg 2048w\" sizes=\"(max-width: 2560px) 100vw, 2560px\" \/>\t\t\t\t\t\t\t\t\t\t\t\t\t\t\t<\/div>\n\t\t\t\t<\/div>\n\t\t\t\t\t<\/div>\n\t\t<\/div>\n\t\t\t\t\t<\/div>\n\t\t<\/section>\n\t\t\t\t<section class=\"elementor-section elementor-top-section elementor-element elementor-element-4c94e94 elementor-section-boxed elementor-section-height-default elementor-section-height-default\" data-id=\"4c94e94\" data-element_type=\"section\" data-e-type=\"section\" data-settings=\"{&quot;background_background&quot;:&quot;classic&quot;}\">\n\t\t\t\t\t\t<div class=\"elementor-container elementor-column-gap-no\">\n\t\t\t\t\t<div class=\"elementor-column elementor-col-100 elementor-top-column elementor-element elementor-element-925bb8e\" data-id=\"925bb8e\" data-element_type=\"column\" data-e-type=\"column\">\n\t\t\t<div class=\"elementor-widget-wrap elementor-element-populated\">\n\t\t\t\t\t\t<div class=\"elementor-element elementor-element-fd9189c elementor-widget elementor-widget-theme-post-title elementor-page-title elementor-widget-heading\" data-id=\"fd9189c\" data-element_type=\"widget\" data-e-type=\"widget\" data-widget_type=\"theme-post-title.default\">\n\t\t\t\t<div class=\"elementor-widget-container\">\n\t\t\t\t\t<h1 class=\"elementor-heading-title elementor-size-default\">&#8220;Oktoberfest 2024&#8221; at Werner Wohnbau in Niedereschach<\/h1>\t\t\t\t<\/div>\n\t\t\t\t<\/div>\n\t\t\t\t<div data-dce-text-color=\"#FFFFFF\" class=\"elementor-element elementor-element-9453165 newstext elementor-widget elementor-widget-theme-post-content\" data-id=\"9453165\" data-element_type=\"widget\" data-e-type=\"widget\" data-widget_type=\"theme-post-content.default\">\n\t\t\t\t<div class=\"elementor-widget-container\">\n\t\t\t\t\t\n<p>Festively dressed in dirndl and lederhosen for an internal company event.<\/p>\n\n<p><\/p>\n\t\t\t\t<\/div>\n\t\t\t\t<\/div>\n\t\t\t\t<div class=\"elementor-element elementor-element-529db4c elementor-align-right elementor-widget elementor-widget-button\" data-id=\"529db4c\" data-element_type=\"widget\" data-e-type=\"widget\" data-widget_type=\"button.default\">\n\t\t\t\t<div class=\"elementor-widget-container\">\n\t\t\t\t\t\t\t\t\t<div class=\"elementor-button-wrapper\">\n\t\t\t\t\t<a class=\"elementor-button elementor-button-link elementor-size-xs\" href=\"https:\/\/www.werner-wohnbau.de\/en\/nachrichten\/oktoberfest-2024-at-werner-wohnbau-in-niedereschach\/\">\n\t\t\t\t\t\t<span class=\"elementor-button-content-wrapper\">\n\t\t\t\t\t\t\t\t\t<span class=\"elementor-button-text\">READ ON ...<\/span>\n\t\t\t\t\t<\/span>\n\t\t\t\t\t<\/a>\n\t\t\t\t<\/div>\n\t\t\t\t\t\t\t\t<\/div>\n\t\t\t\t<\/div>\n\t\t\t\t\t<\/div>\n\t\t<\/div>\n\t\t\t\t\t<\/div>\n\t\t<\/section>\n\t\t\t\t<\/div>\n\t\t\t\t<div data-elementor-type=\"loop-item\" data-elementor-id=\"19057\" class=\"elementor elementor-19057 elementor-3752 e-loop-item e-loop-item-19974 post-19974 nachrichten type-nachrichten status-publish has-post-thumbnail hentry\" data-elementor-post-type=\"elementor_library\" data-custom-edit-handle=\"1\">\n\t\t\t\t\t<section class=\"elementor-section elementor-top-section elementor-element elementor-element-b41ea66 elementor-section-boxed elementor-section-height-default elementor-section-height-default\" data-id=\"b41ea66\" data-element_type=\"section\" data-e-type=\"section\">\n\t\t\t\t\t\t<div class=\"elementor-container elementor-column-gap-no\">\n\t\t\t\t\t<div class=\"elementor-column elementor-col-100 elementor-top-column elementor-element elementor-element-da66870\" data-id=\"da66870\" data-element_type=\"column\" data-e-type=\"column\">\n\t\t\t<div class=\"elementor-widget-wrap elementor-element-populated\">\n\t\t\t\t\t\t<div class=\"elementor-element elementor-element-6f7cb2d elementor-widget elementor-widget-theme-post-featured-image elementor-widget-image\" data-id=\"6f7cb2d\" data-element_type=\"widget\" data-e-type=\"widget\" data-widget_type=\"theme-post-featured-image.default\">\n\t\t\t\t<div class=\"elementor-widget-container\">\n\t\t\t\t\t\t\t\t\t\t\t\t\t\t\t<img loading=\"lazy\" decoding=\"async\" width=\"2560\" height=\"1440\" src=\"https:\/\/www.werner-wohnbau.de\/wp-content\/uploads\/2024\/09\/1-scaled.jpg\" class=\"attachment-full size-full wp-image-18655\" alt=\"\" srcset=\"https:\/\/www.werner-wohnbau.de\/wp-content\/uploads\/2024\/09\/1-scaled.jpg 2560w, https:\/\/www.werner-wohnbau.de\/wp-content\/uploads\/2024\/09\/1-300x169.jpg 300w, https:\/\/www.werner-wohnbau.de\/wp-content\/uploads\/2024\/09\/1-1024x576.jpg 1024w, https:\/\/www.werner-wohnbau.de\/wp-content\/uploads\/2024\/09\/1-768x432.jpg 768w, https:\/\/www.werner-wohnbau.de\/wp-content\/uploads\/2024\/09\/1-1536x864.jpg 1536w, https:\/\/www.werner-wohnbau.de\/wp-content\/uploads\/2024\/09\/1-2048x1152.jpg 2048w\" sizes=\"(max-width: 2560px) 100vw, 2560px\" \/>\t\t\t\t\t\t\t\t\t\t\t\t\t\t\t<\/div>\n\t\t\t\t<\/div>\n\t\t\t\t\t<\/div>\n\t\t<\/div>\n\t\t\t\t\t<\/div>\n\t\t<\/section>\n\t\t\t\t<section class=\"elementor-section elementor-top-section elementor-element elementor-element-4c94e94 elementor-section-boxed elementor-section-height-default elementor-section-height-default\" data-id=\"4c94e94\" data-element_type=\"section\" data-e-type=\"section\" data-settings=\"{&quot;background_background&quot;:&quot;classic&quot;}\">\n\t\t\t\t\t\t<div class=\"elementor-container elementor-column-gap-no\">\n\t\t\t\t\t<div class=\"elementor-column elementor-col-100 elementor-top-column elementor-element elementor-element-925bb8e\" data-id=\"925bb8e\" data-element_type=\"column\" data-e-type=\"column\">\n\t\t\t<div class=\"elementor-widget-wrap elementor-element-populated\">\n\t\t\t\t\t\t<div class=\"elementor-element elementor-element-fd9189c elementor-widget elementor-widget-theme-post-title elementor-page-title elementor-widget-heading\" data-id=\"fd9189c\" data-element_type=\"widget\" data-e-type=\"widget\" data-widget_type=\"theme-post-title.default\">\n\t\t\t\t<div class=\"elementor-widget-container\">\n\t\t\t\t\t<h1 class=\"elementor-heading-title elementor-size-default\">Sales conference at the Leipzig office location<\/h1>\t\t\t\t<\/div>\n\t\t\t\t<\/div>\n\t\t\t\t<div data-dce-text-color=\"#FFFFFF\" class=\"elementor-element elementor-element-9453165 newstext elementor-widget elementor-widget-theme-post-content\" data-id=\"9453165\" data-element_type=\"widget\" data-e-type=\"widget\" data-widget_type=\"theme-post-content.default\">\n\t\t\t\t<div class=\"elementor-widget-container\">\n\t\t\t\t\t\n<p>Visit to the Leipzig-B\u00f6hlitz construction site for our project in Heinrich-Heine-Strasse.<\/p>\n\t\t\t\t<\/div>\n\t\t\t\t<\/div>\n\t\t\t\t<div class=\"elementor-element elementor-element-529db4c elementor-align-right elementor-widget elementor-widget-button\" data-id=\"529db4c\" data-element_type=\"widget\" data-e-type=\"widget\" data-widget_type=\"button.default\">\n\t\t\t\t<div class=\"elementor-widget-container\">\n\t\t\t\t\t\t\t\t\t<div class=\"elementor-button-wrapper\">\n\t\t\t\t\t<a class=\"elementor-button elementor-button-link elementor-size-xs\" href=\"https:\/\/www.werner-wohnbau.de\/en\/nachrichten\/sales-conference-at-the-leipzig-office-location\/\">\n\t\t\t\t\t\t<span class=\"elementor-button-content-wrapper\">\n\t\t\t\t\t\t\t\t\t<span class=\"elementor-button-text\">READ ON ...<\/span>\n\t\t\t\t\t<\/span>\n\t\t\t\t\t<\/a>\n\t\t\t\t<\/div>\n\t\t\t\t\t\t\t\t<\/div>\n\t\t\t\t<\/div>\n\t\t\t\t\t<\/div>\n\t\t<\/div>\n\t\t\t\t\t<\/div>\n\t\t<\/section>\n\t\t\t\t<\/div>\n\t\t\t\t<div data-elementor-type=\"loop-item\" data-elementor-id=\"19057\" class=\"elementor elementor-19057 elementor-3752 e-loop-item e-loop-item-19972 post-19972 nachrichten type-nachrichten status-publish has-post-thumbnail hentry\" data-elementor-post-type=\"elementor_library\" data-custom-edit-handle=\"1\">\n\t\t\t\t\t<section class=\"elementor-section elementor-top-section elementor-element elementor-element-b41ea66 elementor-section-boxed elementor-section-height-default elementor-section-height-default\" data-id=\"b41ea66\" data-element_type=\"section\" data-e-type=\"section\">\n\t\t\t\t\t\t<div class=\"elementor-container elementor-column-gap-no\">\n\t\t\t\t\t<div class=\"elementor-column elementor-col-100 elementor-top-column elementor-element elementor-element-da66870\" data-id=\"da66870\" data-element_type=\"column\" data-e-type=\"column\">\n\t\t\t<div class=\"elementor-widget-wrap elementor-element-populated\">\n\t\t\t\t\t\t<div class=\"elementor-element elementor-element-6f7cb2d elementor-widget elementor-widget-theme-post-featured-image elementor-widget-image\" data-id=\"6f7cb2d\" data-element_type=\"widget\" data-e-type=\"widget\" data-widget_type=\"theme-post-featured-image.default\">\n\t\t\t\t<div class=\"elementor-widget-container\">\n\t\t\t\t\t\t\t\t\t\t\t\t\t\t\t<img loading=\"lazy\" decoding=\"async\" width=\"2560\" height=\"1707\" src=\"https:\/\/www.werner-wohnbau.de\/wp-content\/uploads\/2024\/08\/immo-29_bearb-scaled.jpg\" class=\"attachment-full size-full wp-image-18621\" alt=\"\" srcset=\"https:\/\/www.werner-wohnbau.de\/wp-content\/uploads\/2024\/08\/immo-29_bearb-scaled.jpg 2560w, https:\/\/www.werner-wohnbau.de\/wp-content\/uploads\/2024\/08\/immo-29_bearb-300x200.jpg 300w, https:\/\/www.werner-wohnbau.de\/wp-content\/uploads\/2024\/08\/immo-29_bearb-1024x683.jpg 1024w, https:\/\/www.werner-wohnbau.de\/wp-content\/uploads\/2024\/08\/immo-29_bearb-768x512.jpg 768w, https:\/\/www.werner-wohnbau.de\/wp-content\/uploads\/2024\/08\/immo-29_bearb-1536x1024.jpg 1536w, https:\/\/www.werner-wohnbau.de\/wp-content\/uploads\/2024\/08\/immo-29_bearb-2048x1365.jpg 2048w\" sizes=\"(max-width: 2560px) 100vw, 2560px\" \/>\t\t\t\t\t\t\t\t\t\t\t\t\t\t\t<\/div>\n\t\t\t\t<\/div>\n\t\t\t\t\t<\/div>\n\t\t<\/div>\n\t\t\t\t\t<\/div>\n\t\t<\/section>\n\t\t\t\t<section class=\"elementor-section elementor-top-section elementor-element elementor-element-4c94e94 elementor-section-boxed elementor-section-height-default elementor-section-height-default\" data-id=\"4c94e94\" data-element_type=\"section\" data-e-type=\"section\" data-settings=\"{&quot;background_background&quot;:&quot;classic&quot;}\">\n\t\t\t\t\t\t<div class=\"elementor-container elementor-column-gap-no\">\n\t\t\t\t\t<div class=\"elementor-column elementor-col-100 elementor-top-column elementor-element elementor-element-925bb8e\" data-id=\"925bb8e\" data-element_type=\"column\" data-e-type=\"column\">\n\t\t\t<div class=\"elementor-widget-wrap elementor-element-populated\">\n\t\t\t\t\t\t<div class=\"elementor-element elementor-element-fd9189c elementor-widget elementor-widget-theme-post-title elementor-page-title elementor-widget-heading\" data-id=\"fd9189c\" data-element_type=\"widget\" data-e-type=\"widget\" data-widget_type=\"theme-post-title.default\">\n\t\t\t\t<div class=\"elementor-widget-container\">\n\t\t\t\t\t<h1 class=\"elementor-heading-title elementor-size-default\">Another show house opening &#8211; Sipplingen on Lake Constance<\/h1>\t\t\t\t<\/div>\n\t\t\t\t<\/div>\n\t\t\t\t<div data-dce-text-color=\"#FFFFFF\" class=\"elementor-element elementor-element-9453165 newstext elementor-widget elementor-widget-theme-post-content\" data-id=\"9453165\" data-element_type=\"widget\" data-e-type=\"widget\" data-widget_type=\"theme-post-content.default\">\n\t\t\t\t<div class=\"elementor-widget-container\">\n\t\t\t\t\t\n<p>Visitors are impressed by the unique view of the lake and the foothills of the Alps.<\/p>\n\t\t\t\t<\/div>\n\t\t\t\t<\/div>\n\t\t\t\t<div class=\"elementor-element elementor-element-529db4c elementor-align-right elementor-widget elementor-widget-button\" data-id=\"529db4c\" data-element_type=\"widget\" data-e-type=\"widget\" data-widget_type=\"button.default\">\n\t\t\t\t<div class=\"elementor-widget-container\">\n\t\t\t\t\t\t\t\t\t<div class=\"elementor-button-wrapper\">\n\t\t\t\t\t<a class=\"elementor-button elementor-button-link elementor-size-xs\" href=\"https:\/\/www.werner-wohnbau.de\/en\/nachrichten\/another-show-house-opening-sipplingen-on-lake-constance\/\">\n\t\t\t\t\t\t<span class=\"elementor-button-content-wrapper\">\n\t\t\t\t\t\t\t\t\t<span class=\"elementor-button-text\">READ ON ...<\/span>\n\t\t\t\t\t<\/span>\n\t\t\t\t\t<\/a>\n\t\t\t\t<\/div>\n\t\t\t\t\t\t\t\t<\/div>\n\t\t\t\t<\/div>\n\t\t\t\t\t<\/div>\n\t\t<\/div>\n\t\t\t\t\t<\/div>\n\t\t<\/section>\n\t\t\t\t<\/div>\n\t\t\t\t<div data-elementor-type=\"loop-item\" data-elementor-id=\"19057\" class=\"elementor elementor-19057 elementor-3752 e-loop-item e-loop-item-19970 post-19970 nachrichten type-nachrichten status-publish has-post-thumbnail hentry\" data-elementor-post-type=\"elementor_library\" data-custom-edit-handle=\"1\">\n\t\t\t\t\t<section class=\"elementor-section elementor-top-section elementor-element elementor-element-b41ea66 elementor-section-boxed elementor-section-height-default elementor-section-height-default\" data-id=\"b41ea66\" data-element_type=\"section\" data-e-type=\"section\">\n\t\t\t\t\t\t<div class=\"elementor-container elementor-column-gap-no\">\n\t\t\t\t\t<div class=\"elementor-column elementor-col-100 elementor-top-column elementor-element elementor-element-da66870\" data-id=\"da66870\" data-element_type=\"column\" data-e-type=\"column\">\n\t\t\t<div class=\"elementor-widget-wrap elementor-element-populated\">\n\t\t\t\t\t\t<div class=\"elementor-element elementor-element-6f7cb2d elementor-widget elementor-widget-theme-post-featured-image elementor-widget-image\" data-id=\"6f7cb2d\" data-element_type=\"widget\" data-e-type=\"widget\" data-widget_type=\"theme-post-featured-image.default\">\n\t\t\t\t<div class=\"elementor-widget-container\">\n\t\t\t\t\t\t\t\t\t\t\t\t\t\t\t<img loading=\"lazy\" decoding=\"async\" width=\"2560\" height=\"1439\" src=\"https:\/\/www.werner-wohnbau.de\/wp-content\/uploads\/2024\/07\/Andruck-1-scaled.jpg\" class=\"attachment-full size-full wp-image-18593\" alt=\"\" srcset=\"https:\/\/www.werner-wohnbau.de\/wp-content\/uploads\/2024\/07\/Andruck-1-scaled.jpg 2560w, https:\/\/www.werner-wohnbau.de\/wp-content\/uploads\/2024\/07\/Andruck-1-300x169.jpg 300w, https:\/\/www.werner-wohnbau.de\/wp-content\/uploads\/2024\/07\/Andruck-1-1024x576.jpg 1024w, https:\/\/www.werner-wohnbau.de\/wp-content\/uploads\/2024\/07\/Andruck-1-768x432.jpg 768w, https:\/\/www.werner-wohnbau.de\/wp-content\/uploads\/2024\/07\/Andruck-1-1536x863.jpg 1536w, https:\/\/www.werner-wohnbau.de\/wp-content\/uploads\/2024\/07\/Andruck-1-2048x1151.jpg 2048w\" sizes=\"(max-width: 2560px) 100vw, 2560px\" \/>\t\t\t\t\t\t\t\t\t\t\t\t\t\t\t<\/div>\n\t\t\t\t<\/div>\n\t\t\t\t\t<\/div>\n\t\t<\/div>\n\t\t\t\t\t<\/div>\n\t\t<\/section>\n\t\t\t\t<section class=\"elementor-section elementor-top-section elementor-element elementor-element-4c94e94 elementor-section-boxed elementor-section-height-default elementor-section-height-default\" data-id=\"4c94e94\" data-element_type=\"section\" data-e-type=\"section\" data-settings=\"{&quot;background_background&quot;:&quot;classic&quot;}\">\n\t\t\t\t\t\t<div class=\"elementor-container elementor-column-gap-no\">\n\t\t\t\t\t<div class=\"elementor-column elementor-col-100 elementor-top-column elementor-element elementor-element-925bb8e\" data-id=\"925bb8e\" data-element_type=\"column\" data-e-type=\"column\">\n\t\t\t<div class=\"elementor-widget-wrap elementor-element-populated\">\n\t\t\t\t\t\t<div class=\"elementor-element elementor-element-fd9189c elementor-widget elementor-widget-theme-post-title elementor-page-title elementor-widget-heading\" data-id=\"fd9189c\" data-element_type=\"widget\" data-e-type=\"widget\" data-widget_type=\"theme-post-title.default\">\n\t\t\t\t<div class=\"elementor-widget-container\">\n\t\t\t\t\t<h1 class=\"elementor-heading-title elementor-size-default\">Announcement of the new Werner Wohnbau MAGAZINE for 2024<\/h1>\t\t\t\t<\/div>\n\t\t\t\t<\/div>\n\t\t\t\t<div data-dce-text-color=\"#FFFFFF\" class=\"elementor-element elementor-element-9453165 newstext elementor-widget elementor-widget-theme-post-content\" data-id=\"9453165\" data-element_type=\"widget\" data-e-type=\"widget\" data-widget_type=\"theme-post-content.default\">\n\t\t\t\t<div class=\"elementor-widget-container\">\n\t\t\t\t\t\n<p>Inspiring stories and practical tips on all aspects of building and living available soon.<\/p>\n\t\t\t\t<\/div>\n\t\t\t\t<\/div>\n\t\t\t\t<div class=\"elementor-element elementor-element-529db4c elementor-align-right elementor-widget elementor-widget-button\" data-id=\"529db4c\" data-element_type=\"widget\" data-e-type=\"widget\" data-widget_type=\"button.default\">\n\t\t\t\t<div class=\"elementor-widget-container\">\n\t\t\t\t\t\t\t\t\t<div class=\"elementor-button-wrapper\">\n\t\t\t\t\t<a class=\"elementor-button elementor-button-link elementor-size-xs\" href=\"https:\/\/www.werner-wohnbau.de\/en\/nachrichten\/announcement-of-the-new-werner-wohnbau-magazine-for-2024\/\">\n\t\t\t\t\t\t<span class=\"elementor-button-content-wrapper\">\n\t\t\t\t\t\t\t\t\t<span class=\"elementor-button-text\">READ ON ...<\/span>\n\t\t\t\t\t<\/span>\n\t\t\t\t\t<\/a>\n\t\t\t\t<\/div>\n\t\t\t\t\t\t\t\t<\/div>\n\t\t\t\t<\/div>\n\t\t\t\t\t<\/div>\n\t\t<\/div>\n\t\t\t\t\t<\/div>\n\t\t<\/section>\n\t\t\t\t<\/div>\n\t\t\t\t<div data-elementor-type=\"loop-item\" data-elementor-id=\"19057\" class=\"elementor elementor-19057 elementor-3752 e-loop-item e-loop-item-20002 post-20002 nachrichten type-nachrichten status-publish has-post-thumbnail hentry\" data-elementor-post-type=\"elementor_library\" data-custom-edit-handle=\"1\">\n\t\t\t\t\t<section class=\"elementor-section elementor-top-section elementor-element elementor-element-b41ea66 elementor-section-boxed elementor-section-height-default elementor-section-height-default\" data-id=\"b41ea66\" data-element_type=\"section\" data-e-type=\"section\">\n\t\t\t\t\t\t<div class=\"elementor-container elementor-column-gap-no\">\n\t\t\t\t\t<div class=\"elementor-column elementor-col-100 elementor-top-column elementor-element elementor-element-da66870\" data-id=\"da66870\" data-element_type=\"column\" data-e-type=\"column\">\n\t\t\t<div class=\"elementor-widget-wrap elementor-element-populated\">\n\t\t\t\t\t\t<div class=\"elementor-element elementor-element-6f7cb2d elementor-widget elementor-widget-theme-post-featured-image elementor-widget-image\" data-id=\"6f7cb2d\" data-element_type=\"widget\" data-e-type=\"widget\" data-widget_type=\"theme-post-featured-image.default\">\n\t\t\t\t<div class=\"elementor-widget-container\">\n\t\t\t\t\t\t\t\t\t\t\t\t\t\t\t<img loading=\"lazy\" decoding=\"async\" width=\"2560\" height=\"1439\" src=\"https:\/\/www.werner-wohnbau.de\/wp-content\/uploads\/2024\/07\/Hannover-Seelhorst-scaled.jpg\" class=\"attachment-full size-full wp-image-18458\" alt=\"\" srcset=\"https:\/\/www.werner-wohnbau.de\/wp-content\/uploads\/2024\/07\/Hannover-Seelhorst-scaled.jpg 2560w, https:\/\/www.werner-wohnbau.de\/wp-content\/uploads\/2024\/07\/Hannover-Seelhorst-300x169.jpg 300w, https:\/\/www.werner-wohnbau.de\/wp-content\/uploads\/2024\/07\/Hannover-Seelhorst-1024x576.jpg 1024w, https:\/\/www.werner-wohnbau.de\/wp-content\/uploads\/2024\/07\/Hannover-Seelhorst-768x432.jpg 768w, https:\/\/www.werner-wohnbau.de\/wp-content\/uploads\/2024\/07\/Hannover-Seelhorst-1536x864.jpg 1536w, https:\/\/www.werner-wohnbau.de\/wp-content\/uploads\/2024\/07\/Hannover-Seelhorst-2048x1152.jpg 2048w\" sizes=\"(max-width: 2560px) 100vw, 2560px\" \/>\t\t\t\t\t\t\t\t\t\t\t\t\t\t\t<\/div>\n\t\t\t\t<\/div>\n\t\t\t\t\t<\/div>\n\t\t<\/div>\n\t\t\t\t\t<\/div>\n\t\t<\/section>\n\t\t\t\t<section class=\"elementor-section elementor-top-section elementor-element elementor-element-4c94e94 elementor-section-boxed elementor-section-height-default elementor-section-height-default\" data-id=\"4c94e94\" data-element_type=\"section\" data-e-type=\"section\" data-settings=\"{&quot;background_background&quot;:&quot;classic&quot;}\">\n\t\t\t\t\t\t<div class=\"elementor-container elementor-column-gap-no\">\n\t\t\t\t\t<div class=\"elementor-column elementor-col-100 elementor-top-column elementor-element elementor-element-925bb8e\" data-id=\"925bb8e\" data-element_type=\"column\" data-e-type=\"column\">\n\t\t\t<div class=\"elementor-widget-wrap elementor-element-populated\">\n\t\t\t\t\t\t<div class=\"elementor-element elementor-element-fd9189c elementor-widget elementor-widget-theme-post-title elementor-page-title elementor-widget-heading\" data-id=\"fd9189c\" data-element_type=\"widget\" data-e-type=\"widget\" data-widget_type=\"theme-post-title.default\">\n\t\t\t\t<div class=\"elementor-widget-container\">\n\t\t\t\t\t<h1 class=\"elementor-heading-title elementor-size-default\">Show home in Hanover-Seelhorst opened with an open day<\/h1>\t\t\t\t<\/div>\n\t\t\t\t<\/div>\n\t\t\t\t<div data-dce-text-color=\"#FFFFFF\" class=\"elementor-element elementor-element-9453165 newstext elementor-widget elementor-widget-theme-post-content\" data-id=\"9453165\" data-element_type=\"widget\" data-e-type=\"widget\" data-widget_type=\"theme-post-content.default\">\n\t\t\t\t<div class=\"elementor-widget-container\">\n\t\t\t\t\t\n<p>Since July 10, 2024 you can visit the show house by appointment.<\/p>\n\t\t\t\t<\/div>\n\t\t\t\t<\/div>\n\t\t\t\t<div class=\"elementor-element elementor-element-529db4c elementor-align-right elementor-widget elementor-widget-button\" data-id=\"529db4c\" data-element_type=\"widget\" data-e-type=\"widget\" data-widget_type=\"button.default\">\n\t\t\t\t<div class=\"elementor-widget-container\">\n\t\t\t\t\t\t\t\t\t<div class=\"elementor-button-wrapper\">\n\t\t\t\t\t<a class=\"elementor-button elementor-button-link elementor-size-xs\" href=\"https:\/\/www.werner-wohnbau.de\/en\/nachrichten\/show-home-in-hanover-seelhorst-opened-with-an-open-day\/\">\n\t\t\t\t\t\t<span class=\"elementor-button-content-wrapper\">\n\t\t\t\t\t\t\t\t\t<span class=\"elementor-button-text\">READ ON ...<\/span>\n\t\t\t\t\t<\/span>\n\t\t\t\t\t<\/a>\n\t\t\t\t<\/div>\n\t\t\t\t\t\t\t\t<\/div>\n\t\t\t\t<\/div>\n\t\t\t\t\t<\/div>\n\t\t<\/div>\n\t\t\t\t\t<\/div>\n\t\t<\/section>\n\t\t\t\t<\/div>\n\t\t\t\t<div data-elementor-type=\"loop-item\" data-elementor-id=\"19057\" class=\"elementor elementor-19057 elementor-3752 e-loop-item e-loop-item-20001 post-20001 nachrichten type-nachrichten status-publish has-post-thumbnail hentry\" data-elementor-post-type=\"elementor_library\" data-custom-edit-handle=\"1\">\n\t\t\t\t\t<section class=\"elementor-section elementor-top-section elementor-element elementor-element-b41ea66 elementor-section-boxed elementor-section-height-default elementor-section-height-default\" data-id=\"b41ea66\" data-element_type=\"section\" data-e-type=\"section\">\n\t\t\t\t\t\t<div class=\"elementor-container elementor-column-gap-no\">\n\t\t\t\t\t<div class=\"elementor-column elementor-col-100 elementor-top-column elementor-element elementor-element-da66870\" data-id=\"da66870\" data-element_type=\"column\" data-e-type=\"column\">\n\t\t\t<div class=\"elementor-widget-wrap elementor-element-populated\">\n\t\t\t\t\t\t<div class=\"elementor-element elementor-element-6f7cb2d elementor-widget elementor-widget-theme-post-featured-image elementor-widget-image\" data-id=\"6f7cb2d\" data-element_type=\"widget\" data-e-type=\"widget\" data-widget_type=\"theme-post-featured-image.default\">\n\t\t\t\t<div class=\"elementor-widget-container\">\n\t\t\t\t\t\t\t\t\t\t\t\t\t\t\t<img loading=\"lazy\" decoding=\"async\" width=\"2560\" height=\"1439\" src=\"https:\/\/www.werner-wohnbau.de\/wp-content\/uploads\/2024\/07\/Dresden-Kucksche-scaled.jpg\" class=\"attachment-full size-full wp-image-18451\" alt=\"\" srcset=\"https:\/\/www.werner-wohnbau.de\/wp-content\/uploads\/2024\/07\/Dresden-Kucksche-scaled.jpg 2560w, https:\/\/www.werner-wohnbau.de\/wp-content\/uploads\/2024\/07\/Dresden-Kucksche-300x169.jpg 300w, https:\/\/www.werner-wohnbau.de\/wp-content\/uploads\/2024\/07\/Dresden-Kucksche-1024x576.jpg 1024w, https:\/\/www.werner-wohnbau.de\/wp-content\/uploads\/2024\/07\/Dresden-Kucksche-768x432.jpg 768w, https:\/\/www.werner-wohnbau.de\/wp-content\/uploads\/2024\/07\/Dresden-Kucksche-1536x864.jpg 1536w, https:\/\/www.werner-wohnbau.de\/wp-content\/uploads\/2024\/07\/Dresden-Kucksche-2048x1152.jpg 2048w\" sizes=\"(max-width: 2560px) 100vw, 2560px\" \/>\t\t\t\t\t\t\t\t\t\t\t\t\t\t\t<\/div>\n\t\t\t\t<\/div>\n\t\t\t\t\t<\/div>\n\t\t<\/div>\n\t\t\t\t\t<\/div>\n\t\t<\/section>\n\t\t\t\t<section class=\"elementor-section elementor-top-section elementor-element elementor-element-4c94e94 elementor-section-boxed elementor-section-height-default elementor-section-height-default\" data-id=\"4c94e94\" data-element_type=\"section\" data-e-type=\"section\" data-settings=\"{&quot;background_background&quot;:&quot;classic&quot;}\">\n\t\t\t\t\t\t<div class=\"elementor-container elementor-column-gap-no\">\n\t\t\t\t\t<div class=\"elementor-column elementor-col-100 elementor-top-column elementor-element elementor-element-925bb8e\" data-id=\"925bb8e\" data-element_type=\"column\" data-e-type=\"column\">\n\t\t\t<div class=\"elementor-widget-wrap elementor-element-populated\">\n\t\t\t\t\t\t<div class=\"elementor-element elementor-element-fd9189c elementor-widget elementor-widget-theme-post-title elementor-page-title elementor-widget-heading\" data-id=\"fd9189c\" data-element_type=\"widget\" data-e-type=\"widget\" data-widget_type=\"theme-post-title.default\">\n\t\t\t\t<div class=\"elementor-widget-container\">\n\t\t\t\t\t<h1 class=\"elementor-heading-title elementor-size-default\">Six exposed terraced houses are being built in Dresden-Helfenberg<\/h1>\t\t\t\t<\/div>\n\t\t\t\t<\/div>\n\t\t\t\t<div data-dce-text-color=\"#FFFFFF\" class=\"elementor-element elementor-element-9453165 newstext elementor-widget elementor-widget-theme-post-content\" data-id=\"9453165\" data-element_type=\"widget\" data-e-type=\"widget\" data-widget_type=\"theme-post-content.default\">\n\t\t\t\t<div class=\"elementor-widget-container\">\n\t\t\t\t\t\n<p>The first serial construction project is successfully implemented here.<\/p>\n\t\t\t\t<\/div>\n\t\t\t\t<\/div>\n\t\t\t\t<div class=\"elementor-element elementor-element-529db4c elementor-align-right elementor-widget elementor-widget-button\" data-id=\"529db4c\" data-element_type=\"widget\" data-e-type=\"widget\" data-widget_type=\"button.default\">\n\t\t\t\t<div class=\"elementor-widget-container\">\n\t\t\t\t\t\t\t\t\t<div class=\"elementor-button-wrapper\">\n\t\t\t\t\t<a class=\"elementor-button elementor-button-link elementor-size-xs\" href=\"https:\/\/www.werner-wohnbau.de\/en\/nachrichten\/six-exposed-terraced-houses-are-being-built-in-dresden-helfenberg\/\">\n\t\t\t\t\t\t<span class=\"elementor-button-content-wrapper\">\n\t\t\t\t\t\t\t\t\t<span class=\"elementor-button-text\">READ ON ...<\/span>\n\t\t\t\t\t<\/span>\n\t\t\t\t\t<\/a>\n\t\t\t\t<\/div>\n\t\t\t\t\t\t\t\t<\/div>\n\t\t\t\t<\/div>\n\t\t\t\t\t<\/div>\n\t\t<\/div>\n\t\t\t\t\t<\/div>\n\t\t<\/section>\n\t\t\t\t<\/div>\n\t\t\t\t<div data-elementor-type=\"loop-item\" data-elementor-id=\"19057\" class=\"elementor elementor-19057 elementor-3752 e-loop-item e-loop-item-20000 post-20000 nachrichten type-nachrichten status-publish has-post-thumbnail hentry\" data-elementor-post-type=\"elementor_library\" data-custom-edit-handle=\"1\">\n\t\t\t\t\t<section class=\"elementor-section elementor-top-section elementor-element elementor-element-b41ea66 elementor-section-boxed elementor-section-height-default elementor-section-height-default\" data-id=\"b41ea66\" data-element_type=\"section\" data-e-type=\"section\">\n\t\t\t\t\t\t<div class=\"elementor-container elementor-column-gap-no\">\n\t\t\t\t\t<div class=\"elementor-column elementor-col-100 elementor-top-column elementor-element elementor-element-da66870\" data-id=\"da66870\" data-element_type=\"column\" data-e-type=\"column\">\n\t\t\t<div class=\"elementor-widget-wrap elementor-element-populated\">\n\t\t\t\t\t\t<div class=\"elementor-element elementor-element-6f7cb2d elementor-widget elementor-widget-theme-post-featured-image elementor-widget-image\" data-id=\"6f7cb2d\" data-element_type=\"widget\" data-e-type=\"widget\" data-widget_type=\"theme-post-featured-image.default\">\n\t\t\t\t<div class=\"elementor-widget-container\">\n\t\t\t\t\t\t\t\t\t\t\t\t\t\t\t<img loading=\"lazy\" decoding=\"async\" width=\"1648\" height=\"824\" src=\"https:\/\/www.werner-wohnbau.de\/wp-content\/uploads\/2024\/07\/630_0900_3894735_Dortmund_Vogelperspektive_copy_-1648x824-1.jpg\" class=\"attachment-full size-full wp-image-18546\" alt=\"\" srcset=\"https:\/\/www.werner-wohnbau.de\/wp-content\/uploads\/2024\/07\/630_0900_3894735_Dortmund_Vogelperspektive_copy_-1648x824-1.jpg 1648w, https:\/\/www.werner-wohnbau.de\/wp-content\/uploads\/2024\/07\/630_0900_3894735_Dortmund_Vogelperspektive_copy_-1648x824-1-300x150.jpg 300w, https:\/\/www.werner-wohnbau.de\/wp-content\/uploads\/2024\/07\/630_0900_3894735_Dortmund_Vogelperspektive_copy_-1648x824-1-1024x512.jpg 1024w, https:\/\/www.werner-wohnbau.de\/wp-content\/uploads\/2024\/07\/630_0900_3894735_Dortmund_Vogelperspektive_copy_-1648x824-1-768x384.jpg 768w, https:\/\/www.werner-wohnbau.de\/wp-content\/uploads\/2024\/07\/630_0900_3894735_Dortmund_Vogelperspektive_copy_-1648x824-1-1536x768.jpg 1536w\" sizes=\"(max-width: 1648px) 100vw, 1648px\" \/>\t\t\t\t\t\t\t\t\t\t\t\t\t\t\t<\/div>\n\t\t\t\t<\/div>\n\t\t\t\t\t<\/div>\n\t\t<\/div>\n\t\t\t\t\t<\/div>\n\t\t<\/section>\n\t\t\t\t<section class=\"elementor-section elementor-top-section elementor-element elementor-element-4c94e94 elementor-section-boxed elementor-section-height-default elementor-section-height-default\" data-id=\"4c94e94\" data-element_type=\"section\" data-e-type=\"section\" data-settings=\"{&quot;background_background&quot;:&quot;classic&quot;}\">\n\t\t\t\t\t\t<div class=\"elementor-container elementor-column-gap-no\">\n\t\t\t\t\t<div class=\"elementor-column elementor-col-100 elementor-top-column elementor-element elementor-element-925bb8e\" data-id=\"925bb8e\" data-element_type=\"column\" data-e-type=\"column\">\n\t\t\t<div class=\"elementor-widget-wrap elementor-element-populated\">\n\t\t\t\t\t\t<div class=\"elementor-element elementor-element-fd9189c elementor-widget elementor-widget-theme-post-title elementor-page-title elementor-widget-heading\" data-id=\"fd9189c\" data-element_type=\"widget\" data-e-type=\"widget\" data-widget_type=\"theme-post-title.default\">\n\t\t\t\t<div class=\"elementor-widget-container\">\n\t\t\t\t\t<h1 class=\"elementor-heading-title elementor-size-default\">RUHR News &#8211; New development area in the west of Dortmund to be completed<\/h1>\t\t\t\t<\/div>\n\t\t\t\t<\/div>\n\t\t\t\t<div data-dce-text-color=\"#FFFFFF\" class=\"elementor-element elementor-element-9453165 newstext elementor-widget elementor-widget-theme-post-content\" data-id=\"9453165\" data-element_type=\"widget\" data-e-type=\"widget\" data-widget_type=\"theme-post-content.default\">\n\t\t\t\t<div class=\"elementor-widget-container\">\n\t\t\t\t\t\n<p>The construction of 50 new residential units to KFW 40 NH standard has begun.<\/p>\n\t\t\t\t<\/div>\n\t\t\t\t<\/div>\n\t\t\t\t<div class=\"elementor-element elementor-element-529db4c elementor-align-right elementor-widget elementor-widget-button\" data-id=\"529db4c\" data-element_type=\"widget\" data-e-type=\"widget\" data-widget_type=\"button.default\">\n\t\t\t\t<div class=\"elementor-widget-container\">\n\t\t\t\t\t\t\t\t\t<div class=\"elementor-button-wrapper\">\n\t\t\t\t\t<a class=\"elementor-button elementor-button-link elementor-size-xs\" href=\"https:\/\/www.werner-wohnbau.de\/en\/nachrichten\/ruhr-news-new-development-area-in-the-west-of-dortmund-to-be-completed\/\">\n\t\t\t\t\t\t<span class=\"elementor-button-content-wrapper\">\n\t\t\t\t\t\t\t\t\t<span class=\"elementor-button-text\">READ ON ...<\/span>\n\t\t\t\t\t<\/span>\n\t\t\t\t\t<\/a>\n\t\t\t\t<\/div>\n\t\t\t\t\t\t\t\t<\/div>\n\t\t\t\t<\/div>\n\t\t\t\t\t<\/div>\n\t\t<\/div>\n\t\t\t\t\t<\/div>\n\t\t<\/section>\n\t\t\t\t<\/div>\n\t\t\t\t<div data-elementor-type=\"loop-item\" data-elementor-id=\"19057\" class=\"elementor elementor-19057 elementor-3752 e-loop-item e-loop-item-19999 post-19999 nachrichten type-nachrichten status-publish has-post-thumbnail hentry\" data-elementor-post-type=\"elementor_library\" data-custom-edit-handle=\"1\">\n\t\t\t\t\t<section class=\"elementor-section elementor-top-section elementor-element elementor-element-b41ea66 elementor-section-boxed elementor-section-height-default elementor-section-height-default\" data-id=\"b41ea66\" data-element_type=\"section\" data-e-type=\"section\">\n\t\t\t\t\t\t<div class=\"elementor-container elementor-column-gap-no\">\n\t\t\t\t\t<div class=\"elementor-column elementor-col-100 elementor-top-column elementor-element elementor-element-da66870\" data-id=\"da66870\" data-element_type=\"column\" data-e-type=\"column\">\n\t\t\t<div class=\"elementor-widget-wrap elementor-element-populated\">\n\t\t\t\t\t\t<div class=\"elementor-element elementor-element-6f7cb2d elementor-widget elementor-widget-theme-post-featured-image elementor-widget-image\" data-id=\"6f7cb2d\" data-element_type=\"widget\" data-e-type=\"widget\" data-widget_type=\"theme-post-featured-image.default\">\n\t\t\t\t<div class=\"elementor-widget-container\">\n\t\t\t\t\t\t\t\t\t\t\t\t\t\t\t<img loading=\"lazy\" decoding=\"async\" width=\"2560\" height=\"1439\" src=\"https:\/\/www.werner-wohnbau.de\/wp-content\/uploads\/2024\/07\/waldbronn-scaled.jpg\" class=\"attachment-full size-full wp-image-18447\" alt=\"\" srcset=\"https:\/\/www.werner-wohnbau.de\/wp-content\/uploads\/2024\/07\/waldbronn-scaled.jpg 2560w, https:\/\/www.werner-wohnbau.de\/wp-content\/uploads\/2024\/07\/waldbronn-300x169.jpg 300w, https:\/\/www.werner-wohnbau.de\/wp-content\/uploads\/2024\/07\/waldbronn-1024x576.jpg 1024w, https:\/\/www.werner-wohnbau.de\/wp-content\/uploads\/2024\/07\/waldbronn-768x432.jpg 768w, https:\/\/www.werner-wohnbau.de\/wp-content\/uploads\/2024\/07\/waldbronn-1536x863.jpg 1536w, https:\/\/www.werner-wohnbau.de\/wp-content\/uploads\/2024\/07\/waldbronn-2048x1151.jpg 2048w\" sizes=\"(max-width: 2560px) 100vw, 2560px\" \/>\t\t\t\t\t\t\t\t\t\t\t\t\t\t\t<\/div>\n\t\t\t\t<\/div>\n\t\t\t\t\t<\/div>\n\t\t<\/div>\n\t\t\t\t\t<\/div>\n\t\t<\/section>\n\t\t\t\t<section class=\"elementor-section elementor-top-section elementor-element elementor-element-4c94e94 elementor-section-boxed elementor-section-height-default elementor-section-height-default\" data-id=\"4c94e94\" data-element_type=\"section\" data-e-type=\"section\" data-settings=\"{&quot;background_background&quot;:&quot;classic&quot;}\">\n\t\t\t\t\t\t<div class=\"elementor-container elementor-column-gap-no\">\n\t\t\t\t\t<div class=\"elementor-column elementor-col-100 elementor-top-column elementor-element elementor-element-925bb8e\" data-id=\"925bb8e\" data-element_type=\"column\" data-e-type=\"column\">\n\t\t\t<div class=\"elementor-widget-wrap elementor-element-populated\">\n\t\t\t\t\t\t<div class=\"elementor-element elementor-element-fd9189c elementor-widget elementor-widget-theme-post-title elementor-page-title elementor-widget-heading\" data-id=\"fd9189c\" data-element_type=\"widget\" data-e-type=\"widget\" data-widget_type=\"theme-post-title.default\">\n\t\t\t\t<div class=\"elementor-widget-container\">\n\t\t\t\t\t<h1 class=\"elementor-heading-title elementor-size-default\">Successful sale of all apartments in the Waldbronn local supply center<\/h1>\t\t\t\t<\/div>\n\t\t\t\t<\/div>\n\t\t\t\t<div data-dce-text-color=\"#FFFFFF\" class=\"elementor-element elementor-element-9453165 newstext elementor-widget elementor-widget-theme-post-content\" data-id=\"9453165\" data-element_type=\"widget\" data-e-type=\"widget\" data-widget_type=\"theme-post-content.default\">\n\t\t\t\t<div class=\"elementor-widget-container\">\n\t\t\t\t\t\n<p>The notarizations have been completed.<\/p>\n\t\t\t\t<\/div>\n\t\t\t\t<\/div>\n\t\t\t\t<div class=\"elementor-element elementor-element-529db4c elementor-align-right elementor-widget elementor-widget-button\" data-id=\"529db4c\" data-element_type=\"widget\" data-e-type=\"widget\" data-widget_type=\"button.default\">\n\t\t\t\t<div class=\"elementor-widget-container\">\n\t\t\t\t\t\t\t\t\t<div class=\"elementor-button-wrapper\">\n\t\t\t\t\t<a class=\"elementor-button elementor-button-link elementor-size-xs\" href=\"https:\/\/www.werner-wohnbau.de\/en\/nachrichten\/successful-sale-of-all-apartments-in-the-waldbronn-local-supply-center\/\">\n\t\t\t\t\t\t<span class=\"elementor-button-content-wrapper\">\n\t\t\t\t\t\t\t\t\t<span class=\"elementor-button-text\">READ ON ...<\/span>\n\t\t\t\t\t<\/span>\n\t\t\t\t\t<\/a>\n\t\t\t\t<\/div>\n\t\t\t\t\t\t\t\t<\/div>\n\t\t\t\t<\/div>\n\t\t\t\t\t<\/div>\n\t\t<\/div>\n\t\t\t\t\t<\/div>\n\t\t<\/section>\n\t\t\t\t<\/div>\n\t\t\t\t<div data-elementor-type=\"loop-item\" data-elementor-id=\"19057\" class=\"elementor elementor-19057 elementor-3752 e-loop-item e-loop-item-19997 post-19997 nachrichten type-nachrichten status-publish has-post-thumbnail hentry\" data-elementor-post-type=\"elementor_library\" data-custom-edit-handle=\"1\">\n\t\t\t\t\t<section class=\"elementor-section elementor-top-section elementor-element elementor-element-b41ea66 elementor-section-boxed elementor-section-height-default elementor-section-height-default\" data-id=\"b41ea66\" data-element_type=\"section\" data-e-type=\"section\">\n\t\t\t\t\t\t<div class=\"elementor-container elementor-column-gap-no\">\n\t\t\t\t\t<div class=\"elementor-column elementor-col-100 elementor-top-column elementor-element elementor-element-da66870\" data-id=\"da66870\" data-element_type=\"column\" data-e-type=\"column\">\n\t\t\t<div class=\"elementor-widget-wrap elementor-element-populated\">\n\t\t\t\t\t\t<div class=\"elementor-element elementor-element-6f7cb2d elementor-widget elementor-widget-theme-post-featured-image elementor-widget-image\" data-id=\"6f7cb2d\" data-element_type=\"widget\" data-e-type=\"widget\" data-widget_type=\"theme-post-featured-image.default\">\n\t\t\t\t<div class=\"elementor-widget-container\">\n\t\t\t\t\t\t\t\t\t\t\t\t\t\t\t<img loading=\"lazy\" decoding=\"async\" width=\"2903\" height=\"1632\" src=\"https:\/\/www.werner-wohnbau.de\/wp-content\/uploads\/2024\/06\/BL_Sitzung.png\" class=\"attachment-full size-full wp-image-18410\" alt=\"\" srcset=\"https:\/\/www.werner-wohnbau.de\/wp-content\/uploads\/2024\/06\/BL_Sitzung.png 2903w, https:\/\/www.werner-wohnbau.de\/wp-content\/uploads\/2024\/06\/BL_Sitzung-300x169.png 300w, https:\/\/www.werner-wohnbau.de\/wp-content\/uploads\/2024\/06\/BL_Sitzung-1024x576.png 1024w, https:\/\/www.werner-wohnbau.de\/wp-content\/uploads\/2024\/06\/BL_Sitzung-768x432.png 768w, https:\/\/www.werner-wohnbau.de\/wp-content\/uploads\/2024\/06\/BL_Sitzung-1536x864.png 1536w, https:\/\/www.werner-wohnbau.de\/wp-content\/uploads\/2024\/06\/BL_Sitzung-2048x1151.png 2048w\" sizes=\"(max-width: 2903px) 100vw, 2903px\" \/>\t\t\t\t\t\t\t\t\t\t\t\t\t\t\t<\/div>\n\t\t\t\t<\/div>\n\t\t\t\t\t<\/div>\n\t\t<\/div>\n\t\t\t\t\t<\/div>\n\t\t<\/section>\n\t\t\t\t<section class=\"elementor-section elementor-top-section elementor-element elementor-element-4c94e94 elementor-section-boxed elementor-section-height-default elementor-section-height-default\" data-id=\"4c94e94\" data-element_type=\"section\" data-e-type=\"section\" data-settings=\"{&quot;background_background&quot;:&quot;classic&quot;}\">\n\t\t\t\t\t\t<div class=\"elementor-container elementor-column-gap-no\">\n\t\t\t\t\t<div class=\"elementor-column elementor-col-100 elementor-top-column elementor-element elementor-element-925bb8e\" data-id=\"925bb8e\" data-element_type=\"column\" data-e-type=\"column\">\n\t\t\t<div class=\"elementor-widget-wrap elementor-element-populated\">\n\t\t\t\t\t\t<div class=\"elementor-element elementor-element-fd9189c elementor-widget elementor-widget-theme-post-title elementor-page-title elementor-widget-heading\" data-id=\"fd9189c\" data-element_type=\"widget\" data-e-type=\"widget\" data-widget_type=\"theme-post-title.default\">\n\t\t\t\t<div class=\"elementor-widget-container\">\n\t\t\t\t\t<h1 class=\"elementor-heading-title elementor-size-default\">Together for the future: Site manager training in Niedereschach<\/h1>\t\t\t\t<\/div>\n\t\t\t\t<\/div>\n\t\t\t\t<div data-dce-text-color=\"#FFFFFF\" class=\"elementor-element elementor-element-9453165 newstext elementor-widget elementor-widget-theme-post-content\" data-id=\"9453165\" data-element_type=\"widget\" data-e-type=\"widget\" data-widget_type=\"theme-post-content.default\">\n\t\t\t\t<div class=\"elementor-widget-container\">\n\t\t\t\t\t\n<p>Combining expertise and drive &#8211; ready for new challenges!<\/p>\n\t\t\t\t<\/div>\n\t\t\t\t<\/div>\n\t\t\t\t<div class=\"elementor-element elementor-element-529db4c elementor-align-right elementor-widget elementor-widget-button\" data-id=\"529db4c\" data-element_type=\"widget\" data-e-type=\"widget\" data-widget_type=\"button.default\">\n\t\t\t\t<div class=\"elementor-widget-container\">\n\t\t\t\t\t\t\t\t\t<div class=\"elementor-button-wrapper\">\n\t\t\t\t\t<a class=\"elementor-button elementor-button-link elementor-size-xs\" href=\"https:\/\/www.werner-wohnbau.de\/en\/nachrichten\/together-for-the-future-site-manager-training-in-niedereschach\/\">\n\t\t\t\t\t\t<span class=\"elementor-button-content-wrapper\">\n\t\t\t\t\t\t\t\t\t<span class=\"elementor-button-text\">READ ON ...<\/span>\n\t\t\t\t\t<\/span>\n\t\t\t\t\t<\/a>\n\t\t\t\t<\/div>\n\t\t\t\t\t\t\t\t<\/div>\n\t\t\t\t<\/div>\n\t\t\t\t\t<\/div>\n\t\t<\/div>\n\t\t\t\t\t<\/div>\n\t\t<\/section>\n\t\t\t\t<\/div>\n\t\t\t\t<div data-elementor-type=\"loop-item\" data-elementor-id=\"19057\" class=\"elementor elementor-19057 elementor-3752 e-loop-item e-loop-item-19995 post-19995 nachrichten type-nachrichten status-publish has-post-thumbnail hentry\" data-elementor-post-type=\"elementor_library\" data-custom-edit-handle=\"1\">\n\t\t\t\t\t<section class=\"elementor-section elementor-top-section elementor-element elementor-element-b41ea66 elementor-section-boxed elementor-section-height-default elementor-section-height-default\" data-id=\"b41ea66\" data-element_type=\"section\" data-e-type=\"section\">\n\t\t\t\t\t\t<div class=\"elementor-container elementor-column-gap-no\">\n\t\t\t\t\t<div class=\"elementor-column elementor-col-100 elementor-top-column elementor-element elementor-element-da66870\" data-id=\"da66870\" data-element_type=\"column\" data-e-type=\"column\">\n\t\t\t<div class=\"elementor-widget-wrap elementor-element-populated\">\n\t\t\t\t\t\t<div class=\"elementor-element elementor-element-6f7cb2d elementor-widget elementor-widget-theme-post-featured-image elementor-widget-image\" data-id=\"6f7cb2d\" data-element_type=\"widget\" data-e-type=\"widget\" data-widget_type=\"theme-post-featured-image.default\">\n\t\t\t\t<div class=\"elementor-widget-container\">\n\t\t\t\t\t\t\t\t\t\t\t\t\t\t\t<img loading=\"lazy\" decoding=\"async\" width=\"2560\" height=\"1707\" src=\"https:\/\/www.werner-wohnbau.de\/wp-content\/uploads\/2024\/05\/240605_SK-ONE_Werner-Wohnbau_Drohnenbilder-Sipplingen-2-1-scaled.jpg\" class=\"attachment-full size-full wp-image-18394\" alt=\"\" srcset=\"https:\/\/www.werner-wohnbau.de\/wp-content\/uploads\/2024\/05\/240605_SK-ONE_Werner-Wohnbau_Drohnenbilder-Sipplingen-2-1-scaled.jpg 2560w, https:\/\/www.werner-wohnbau.de\/wp-content\/uploads\/2024\/05\/240605_SK-ONE_Werner-Wohnbau_Drohnenbilder-Sipplingen-2-1-300x200.jpg 300w, https:\/\/www.werner-wohnbau.de\/wp-content\/uploads\/2024\/05\/240605_SK-ONE_Werner-Wohnbau_Drohnenbilder-Sipplingen-2-1-1024x683.jpg 1024w, https:\/\/www.werner-wohnbau.de\/wp-content\/uploads\/2024\/05\/240605_SK-ONE_Werner-Wohnbau_Drohnenbilder-Sipplingen-2-1-768x512.jpg 768w, https:\/\/www.werner-wohnbau.de\/wp-content\/uploads\/2024\/05\/240605_SK-ONE_Werner-Wohnbau_Drohnenbilder-Sipplingen-2-1-1536x1024.jpg 1536w, https:\/\/www.werner-wohnbau.de\/wp-content\/uploads\/2024\/05\/240605_SK-ONE_Werner-Wohnbau_Drohnenbilder-Sipplingen-2-1-2048x1365.jpg 2048w\" sizes=\"(max-width: 2560px) 100vw, 2560px\" \/>\t\t\t\t\t\t\t\t\t\t\t\t\t\t\t<\/div>\n\t\t\t\t<\/div>\n\t\t\t\t\t<\/div>\n\t\t<\/div>\n\t\t\t\t\t<\/div>\n\t\t<\/section>\n\t\t\t\t<section class=\"elementor-section elementor-top-section elementor-element elementor-element-4c94e94 elementor-section-boxed elementor-section-height-default elementor-section-height-default\" data-id=\"4c94e94\" data-element_type=\"section\" data-e-type=\"section\" data-settings=\"{&quot;background_background&quot;:&quot;classic&quot;}\">\n\t\t\t\t\t\t<div class=\"elementor-container elementor-column-gap-no\">\n\t\t\t\t\t<div class=\"elementor-column elementor-col-100 elementor-top-column elementor-element elementor-element-925bb8e\" data-id=\"925bb8e\" data-element_type=\"column\" data-e-type=\"column\">\n\t\t\t<div class=\"elementor-widget-wrap elementor-element-populated\">\n\t\t\t\t\t\t<div class=\"elementor-element elementor-element-fd9189c elementor-widget elementor-widget-theme-post-title elementor-page-title elementor-widget-heading\" data-id=\"fd9189c\" data-element_type=\"widget\" data-e-type=\"widget\" data-widget_type=\"theme-post-title.default\">\n\t\t\t\t<div class=\"elementor-widget-container\">\n\t\t\t\t\t<h1 class=\"elementor-heading-title elementor-size-default\">Exclusive semi-detached houses in Sipplingen on Lake Constance<\/h1>\t\t\t\t<\/div>\n\t\t\t\t<\/div>\n\t\t\t\t<div data-dce-text-color=\"#FFFFFF\" class=\"elementor-element elementor-element-9453165 newstext elementor-widget elementor-widget-theme-post-content\" data-id=\"9453165\" data-element_type=\"widget\" data-e-type=\"widget\" data-widget_type=\"theme-post-content.default\">\n\t\t\t\t<div class=\"elementor-widget-container\">\n\t\t\t\t\t\n<p>Planned show home opening in August 2024 with project presentation.<\/p>\n\t\t\t\t<\/div>\n\t\t\t\t<\/div>\n\t\t\t\t<div class=\"elementor-element elementor-element-529db4c elementor-align-right elementor-widget elementor-widget-button\" data-id=\"529db4c\" data-element_type=\"widget\" data-e-type=\"widget\" data-widget_type=\"button.default\">\n\t\t\t\t<div class=\"elementor-widget-container\">\n\t\t\t\t\t\t\t\t\t<div class=\"elementor-button-wrapper\">\n\t\t\t\t\t<a class=\"elementor-button elementor-button-link elementor-size-xs\" href=\"https:\/\/www.werner-wohnbau.de\/en\/nachrichten\/exclusive-semi-detached-houses-in-sipplingen-on-lake-constance\/\">\n\t\t\t\t\t\t<span class=\"elementor-button-content-wrapper\">\n\t\t\t\t\t\t\t\t\t<span class=\"elementor-button-text\">READ ON ...<\/span>\n\t\t\t\t\t<\/span>\n\t\t\t\t\t<\/a>\n\t\t\t\t<\/div>\n\t\t\t\t\t\t\t\t<\/div>\n\t\t\t\t<\/div>\n\t\t\t\t\t<\/div>\n\t\t<\/div>\n\t\t\t\t\t<\/div>\n\t\t<\/section>\n\t\t\t\t<\/div>\n\t\t\t\t<div data-elementor-type=\"loop-item\" data-elementor-id=\"19057\" class=\"elementor elementor-19057 elementor-3752 e-loop-item e-loop-item-19992 post-19992 nachrichten type-nachrichten status-publish has-post-thumbnail hentry\" data-elementor-post-type=\"elementor_library\" data-custom-edit-handle=\"1\">\n\t\t\t\t\t<section class=\"elementor-section elementor-top-section elementor-element elementor-element-b41ea66 elementor-section-boxed elementor-section-height-default elementor-section-height-default\" data-id=\"b41ea66\" data-element_type=\"section\" data-e-type=\"section\">\n\t\t\t\t\t\t<div class=\"elementor-container elementor-column-gap-no\">\n\t\t\t\t\t<div class=\"elementor-column elementor-col-100 elementor-top-column elementor-element elementor-element-da66870\" data-id=\"da66870\" data-element_type=\"column\" data-e-type=\"column\">\n\t\t\t<div class=\"elementor-widget-wrap elementor-element-populated\">\n\t\t\t\t\t\t<div class=\"elementor-element elementor-element-6f7cb2d elementor-widget elementor-widget-theme-post-featured-image elementor-widget-image\" data-id=\"6f7cb2d\" data-element_type=\"widget\" data-e-type=\"widget\" data-widget_type=\"theme-post-featured-image.default\">\n\t\t\t\t<div class=\"elementor-widget-container\">\n\t\t\t\t\t\t\t\t\t\t\t\t\t\t\t<img loading=\"lazy\" decoding=\"async\" width=\"2560\" height=\"1440\" src=\"https:\/\/www.werner-wohnbau.de\/wp-content\/uploads\/2024\/05\/Immendingen_Musterwohnung-1-scaled.jpg\" class=\"attachment-full size-full wp-image-18327\" alt=\"\" srcset=\"https:\/\/www.werner-wohnbau.de\/wp-content\/uploads\/2024\/05\/Immendingen_Musterwohnung-1-scaled.jpg 2560w, https:\/\/www.werner-wohnbau.de\/wp-content\/uploads\/2024\/05\/Immendingen_Musterwohnung-1-300x169.jpg 300w, https:\/\/www.werner-wohnbau.de\/wp-content\/uploads\/2024\/05\/Immendingen_Musterwohnung-1-1024x576.jpg 1024w, https:\/\/www.werner-wohnbau.de\/wp-content\/uploads\/2024\/05\/Immendingen_Musterwohnung-1-768x432.jpg 768w, https:\/\/www.werner-wohnbau.de\/wp-content\/uploads\/2024\/05\/Immendingen_Musterwohnung-1-1536x864.jpg 1536w, https:\/\/www.werner-wohnbau.de\/wp-content\/uploads\/2024\/05\/Immendingen_Musterwohnung-1-2048x1152.jpg 2048w\" sizes=\"(max-width: 2560px) 100vw, 2560px\" \/>\t\t\t\t\t\t\t\t\t\t\t\t\t\t\t<\/div>\n\t\t\t\t<\/div>\n\t\t\t\t\t<\/div>\n\t\t<\/div>\n\t\t\t\t\t<\/div>\n\t\t<\/section>\n\t\t\t\t<section class=\"elementor-section elementor-top-section elementor-element elementor-element-4c94e94 elementor-section-boxed elementor-section-height-default elementor-section-height-default\" data-id=\"4c94e94\" data-element_type=\"section\" data-e-type=\"section\" data-settings=\"{&quot;background_background&quot;:&quot;classic&quot;}\">\n\t\t\t\t\t\t<div class=\"elementor-container elementor-column-gap-no\">\n\t\t\t\t\t<div class=\"elementor-column elementor-col-100 elementor-top-column elementor-element elementor-element-925bb8e\" data-id=\"925bb8e\" data-element_type=\"column\" data-e-type=\"column\">\n\t\t\t<div class=\"elementor-widget-wrap elementor-element-populated\">\n\t\t\t\t\t\t<div class=\"elementor-element elementor-element-fd9189c elementor-widget elementor-widget-theme-post-title elementor-page-title elementor-widget-heading\" data-id=\"fd9189c\" data-element_type=\"widget\" data-e-type=\"widget\" data-widget_type=\"theme-post-title.default\">\n\t\t\t\t<div class=\"elementor-widget-container\">\n\t\t\t\t\t<h1 class=\"elementor-heading-title elementor-size-default\">Am Schloss residential park: retirement and care home ready for occupancy<\/h1>\t\t\t\t<\/div>\n\t\t\t\t<\/div>\n\t\t\t\t<div data-dce-text-color=\"#FFFFFF\" class=\"elementor-element elementor-element-9453165 newstext elementor-widget elementor-widget-theme-post-content\" data-id=\"9453165\" data-element_type=\"widget\" data-e-type=\"widget\" data-widget_type=\"theme-post-content.default\">\n\t\t\t\t<div class=\"elementor-widget-container\">\n\t\t\t\t\t\n<p>A new show apartment gives an insight into the cozy living format.<\/p>\n\t\t\t\t<\/div>\n\t\t\t\t<\/div>\n\t\t\t\t<div class=\"elementor-element elementor-element-529db4c elementor-align-right elementor-widget elementor-widget-button\" data-id=\"529db4c\" data-element_type=\"widget\" data-e-type=\"widget\" data-widget_type=\"button.default\">\n\t\t\t\t<div class=\"elementor-widget-container\">\n\t\t\t\t\t\t\t\t\t<div class=\"elementor-button-wrapper\">\n\t\t\t\t\t<a class=\"elementor-button elementor-button-link elementor-size-xs\" href=\"https:\/\/www.werner-wohnbau.de\/en\/nachrichten\/am-schloss-residential-park-retirement-and-care-home-ready-for-occupancy\/\">\n\t\t\t\t\t\t<span class=\"elementor-button-content-wrapper\">\n\t\t\t\t\t\t\t\t\t<span class=\"elementor-button-text\">READ ON ...<\/span>\n\t\t\t\t\t<\/span>\n\t\t\t\t\t<\/a>\n\t\t\t\t<\/div>\n\t\t\t\t\t\t\t\t<\/div>\n\t\t\t\t<\/div>\n\t\t\t\t\t<\/div>\n\t\t<\/div>\n\t\t\t\t\t<\/div>\n\t\t<\/section>\n\t\t\t\t<\/div>\n\t\t\t\t<div data-elementor-type=\"loop-item\" data-elementor-id=\"19057\" class=\"elementor elementor-19057 elementor-3752 e-loop-item e-loop-item-19994 post-19994 nachrichten type-nachrichten status-publish has-post-thumbnail hentry\" data-elementor-post-type=\"elementor_library\" data-custom-edit-handle=\"1\">\n\t\t\t\t\t<section class=\"elementor-section elementor-top-section elementor-element elementor-element-b41ea66 elementor-section-boxed elementor-section-height-default elementor-section-height-default\" data-id=\"b41ea66\" data-element_type=\"section\" data-e-type=\"section\">\n\t\t\t\t\t\t<div class=\"elementor-container elementor-column-gap-no\">\n\t\t\t\t\t<div class=\"elementor-column elementor-col-100 elementor-top-column elementor-element elementor-element-da66870\" data-id=\"da66870\" data-element_type=\"column\" data-e-type=\"column\">\n\t\t\t<div class=\"elementor-widget-wrap elementor-element-populated\">\n\t\t\t\t\t\t<div class=\"elementor-element elementor-element-6f7cb2d elementor-widget elementor-widget-theme-post-featured-image elementor-widget-image\" data-id=\"6f7cb2d\" data-element_type=\"widget\" data-e-type=\"widget\" data-widget_type=\"theme-post-featured-image.default\">\n\t\t\t\t<div class=\"elementor-widget-container\">\n\t\t\t\t\t\t\t\t\t\t\t\t\t\t\t<img loading=\"lazy\" decoding=\"async\" width=\"1366\" height=\"768\" src=\"https:\/\/www.werner-wohnbau.de\/wp-content\/uploads\/2024\/05\/Design-ohne-Titel-3.jpg\" class=\"attachment-full size-full wp-image-18237\" alt=\"\" srcset=\"https:\/\/www.werner-wohnbau.de\/wp-content\/uploads\/2024\/05\/Design-ohne-Titel-3.jpg 1366w, https:\/\/www.werner-wohnbau.de\/wp-content\/uploads\/2024\/05\/Design-ohne-Titel-3-300x169.jpg 300w, https:\/\/www.werner-wohnbau.de\/wp-content\/uploads\/2024\/05\/Design-ohne-Titel-3-1024x576.jpg 1024w, https:\/\/www.werner-wohnbau.de\/wp-content\/uploads\/2024\/05\/Design-ohne-Titel-3-768x432.jpg 768w\" sizes=\"(max-width: 1366px) 100vw, 1366px\" \/>\t\t\t\t\t\t\t\t\t\t\t\t\t\t\t<\/div>\n\t\t\t\t<\/div>\n\t\t\t\t\t<\/div>\n\t\t<\/div>\n\t\t\t\t\t<\/div>\n\t\t<\/section>\n\t\t\t\t<section class=\"elementor-section elementor-top-section elementor-element elementor-element-4c94e94 elementor-section-boxed elementor-section-height-default elementor-section-height-default\" data-id=\"4c94e94\" data-element_type=\"section\" data-e-type=\"section\" data-settings=\"{&quot;background_background&quot;:&quot;classic&quot;}\">\n\t\t\t\t\t\t<div class=\"elementor-container elementor-column-gap-no\">\n\t\t\t\t\t<div class=\"elementor-column elementor-col-100 elementor-top-column elementor-element elementor-element-925bb8e\" data-id=\"925bb8e\" data-element_type=\"column\" data-e-type=\"column\">\n\t\t\t<div class=\"elementor-widget-wrap elementor-element-populated\">\n\t\t\t\t\t\t<div class=\"elementor-element elementor-element-fd9189c elementor-widget elementor-widget-theme-post-title elementor-page-title elementor-widget-heading\" data-id=\"fd9189c\" data-element_type=\"widget\" data-e-type=\"widget\" data-widget_type=\"theme-post-title.default\">\n\t\t\t\t<div class=\"elementor-widget-container\">\n\t\t\t\t\t<h1 class=\"elementor-heading-title elementor-size-default\">Topping-out ceremony in Dresden-Rockau marks progress and cohesion<\/h1>\t\t\t\t<\/div>\n\t\t\t\t<\/div>\n\t\t\t\t<div data-dce-text-color=\"#FFFFFF\" class=\"elementor-element elementor-element-9453165 newstext elementor-widget elementor-widget-theme-post-content\" data-id=\"9453165\" data-element_type=\"widget\" data-e-type=\"widget\" data-widget_type=\"theme-post-content.default\">\n\t\t\t\t<div class=\"elementor-widget-container\">\n\t\t\t\t\t\n<p>First standard construction method implemented in our projects.<\/p>\n\t\t\t\t<\/div>\n\t\t\t\t<\/div>\n\t\t\t\t<div class=\"elementor-element elementor-element-529db4c elementor-align-right elementor-widget elementor-widget-button\" data-id=\"529db4c\" data-element_type=\"widget\" data-e-type=\"widget\" data-widget_type=\"button.default\">\n\t\t\t\t<div class=\"elementor-widget-container\">\n\t\t\t\t\t\t\t\t\t<div class=\"elementor-button-wrapper\">\n\t\t\t\t\t<a class=\"elementor-button elementor-button-link elementor-size-xs\" href=\"https:\/\/www.werner-wohnbau.de\/en\/nachrichten\/topping-out-ceremony-in-dresden-rockau-marks-progress-and-cohesion\/\">\n\t\t\t\t\t\t<span class=\"elementor-button-content-wrapper\">\n\t\t\t\t\t\t\t\t\t<span class=\"elementor-button-text\">READ ON ...<\/span>\n\t\t\t\t\t<\/span>\n\t\t\t\t\t<\/a>\n\t\t\t\t<\/div>\n\t\t\t\t\t\t\t\t<\/div>\n\t\t\t\t<\/div>\n\t\t\t\t\t<\/div>\n\t\t<\/div>\n\t\t\t\t\t<\/div>\n\t\t<\/section>\n\t\t\t\t<\/div>\n\t\t\t\t<div data-elementor-type=\"loop-item\" data-elementor-id=\"19057\" class=\"elementor elementor-19057 elementor-3752 e-loop-item e-loop-item-20003 post-20003 nachrichten type-nachrichten status-publish has-post-thumbnail hentry\" data-elementor-post-type=\"elementor_library\" data-custom-edit-handle=\"1\">\n\t\t\t\t\t<section class=\"elementor-section elementor-top-section elementor-element elementor-element-b41ea66 elementor-section-boxed elementor-section-height-default elementor-section-height-default\" data-id=\"b41ea66\" data-element_type=\"section\" data-e-type=\"section\">\n\t\t\t\t\t\t<div class=\"elementor-container elementor-column-gap-no\">\n\t\t\t\t\t<div class=\"elementor-column elementor-col-100 elementor-top-column elementor-element elementor-element-da66870\" data-id=\"da66870\" data-element_type=\"column\" data-e-type=\"column\">\n\t\t\t<div class=\"elementor-widget-wrap elementor-element-populated\">\n\t\t\t\t\t\t<div class=\"elementor-element elementor-element-6f7cb2d elementor-widget elementor-widget-theme-post-featured-image elementor-widget-image\" data-id=\"6f7cb2d\" data-element_type=\"widget\" data-e-type=\"widget\" data-widget_type=\"theme-post-featured-image.default\">\n\t\t\t\t<div class=\"elementor-widget-container\">\n\t\t\t\t\t\t\t\t\t\t\t\t\t\t\t<img loading=\"lazy\" decoding=\"async\" width=\"2560\" height=\"1439\" src=\"https:\/\/www.werner-wohnbau.de\/wp-content\/uploads\/2024\/05\/Design-ohne-Titel-2-scaled.jpg\" class=\"attachment-full size-full wp-image-18236\" alt=\"\" srcset=\"https:\/\/www.werner-wohnbau.de\/wp-content\/uploads\/2024\/05\/Design-ohne-Titel-2-scaled.jpg 2560w, https:\/\/www.werner-wohnbau.de\/wp-content\/uploads\/2024\/05\/Design-ohne-Titel-2-300x169.jpg 300w, https:\/\/www.werner-wohnbau.de\/wp-content\/uploads\/2024\/05\/Design-ohne-Titel-2-1024x576.jpg 1024w, https:\/\/www.werner-wohnbau.de\/wp-content\/uploads\/2024\/05\/Design-ohne-Titel-2-768x432.jpg 768w, https:\/\/www.werner-wohnbau.de\/wp-content\/uploads\/2024\/05\/Design-ohne-Titel-2-1536x864.jpg 1536w, https:\/\/www.werner-wohnbau.de\/wp-content\/uploads\/2024\/05\/Design-ohne-Titel-2-2048x1151.jpg 2048w\" sizes=\"(max-width: 2560px) 100vw, 2560px\" \/>\t\t\t\t\t\t\t\t\t\t\t\t\t\t\t<\/div>\n\t\t\t\t<\/div>\n\t\t\t\t\t<\/div>\n\t\t<\/div>\n\t\t\t\t\t<\/div>\n\t\t<\/section>\n\t\t\t\t<section class=\"elementor-section elementor-top-section elementor-element elementor-element-4c94e94 elementor-section-boxed elementor-section-height-default elementor-section-height-default\" data-id=\"4c94e94\" data-element_type=\"section\" data-e-type=\"section\" data-settings=\"{&quot;background_background&quot;:&quot;classic&quot;}\">\n\t\t\t\t\t\t<div class=\"elementor-container elementor-column-gap-no\">\n\t\t\t\t\t<div class=\"elementor-column elementor-col-100 elementor-top-column elementor-element elementor-element-925bb8e\" data-id=\"925bb8e\" data-element_type=\"column\" data-e-type=\"column\">\n\t\t\t<div class=\"elementor-widget-wrap elementor-element-populated\">\n\t\t\t\t\t\t<div class=\"elementor-element elementor-element-fd9189c elementor-widget elementor-widget-theme-post-title elementor-page-title elementor-widget-heading\" data-id=\"fd9189c\" data-element_type=\"widget\" data-e-type=\"widget\" data-widget_type=\"theme-post-title.default\">\n\t\t\t\t<div class=\"elementor-widget-container\">\n\t\t\t\t\t<h1 class=\"elementor-heading-title elementor-size-default\">13th K\u00d6LNER IMMOBILIENMESSE with strong partners<\/h1>\t\t\t\t<\/div>\n\t\t\t\t<\/div>\n\t\t\t\t<div data-dce-text-color=\"#FFFFFF\" class=\"elementor-element elementor-element-9453165 newstext elementor-widget elementor-widget-theme-post-content\" data-id=\"9453165\" data-element_type=\"widget\" data-e-type=\"widget\" data-widget_type=\"theme-post-content.default\">\n\t\t\t\t<div class=\"elementor-widget-container\">\n\t\t\t\t\t\n<p>Successful real estate fair on Saturday, May 6 in Cologne G\u00fcrzenich.<\/p>\n\t\t\t\t<\/div>\n\t\t\t\t<\/div>\n\t\t\t\t<div class=\"elementor-element elementor-element-529db4c elementor-align-right elementor-widget elementor-widget-button\" data-id=\"529db4c\" data-element_type=\"widget\" data-e-type=\"widget\" data-widget_type=\"button.default\">\n\t\t\t\t<div class=\"elementor-widget-container\">\n\t\t\t\t\t\t\t\t\t<div class=\"elementor-button-wrapper\">\n\t\t\t\t\t<a class=\"elementor-button elementor-button-link elementor-size-xs\" href=\"https:\/\/www.werner-wohnbau.de\/en\/nachrichten\/13th-koelner-immobilienmesse-with-strong-partners\/\">\n\t\t\t\t\t\t<span class=\"elementor-button-content-wrapper\">\n\t\t\t\t\t\t\t\t\t<span class=\"elementor-button-text\">READ ON ...<\/span>\n\t\t\t\t\t<\/span>\n\t\t\t\t\t<\/a>\n\t\t\t\t<\/div>\n\t\t\t\t\t\t\t\t<\/div>\n\t\t\t\t<\/div>\n\t\t\t\t\t<\/div>\n\t\t<\/div>\n\t\t\t\t\t<\/div>\n\t\t<\/section>\n\t\t\t\t<\/div>\n\t\t\t\t<div data-elementor-type=\"loop-item\" data-elementor-id=\"19057\" class=\"elementor elementor-19057 elementor-3752 e-loop-item e-loop-item-19990 post-19990 nachrichten type-nachrichten status-publish has-post-thumbnail hentry\" data-elementor-post-type=\"elementor_library\" data-custom-edit-handle=\"1\">\n\t\t\t\t\t<section class=\"elementor-section elementor-top-section elementor-element elementor-element-b41ea66 elementor-section-boxed elementor-section-height-default elementor-section-height-default\" data-id=\"b41ea66\" data-element_type=\"section\" data-e-type=\"section\">\n\t\t\t\t\t\t<div class=\"elementor-container elementor-column-gap-no\">\n\t\t\t\t\t<div class=\"elementor-column elementor-col-100 elementor-top-column elementor-element elementor-element-da66870\" data-id=\"da66870\" data-element_type=\"column\" data-e-type=\"column\">\n\t\t\t<div class=\"elementor-widget-wrap elementor-element-populated\">\n\t\t\t\t\t\t<div class=\"elementor-element elementor-element-6f7cb2d elementor-widget elementor-widget-theme-post-featured-image elementor-widget-image\" data-id=\"6f7cb2d\" data-element_type=\"widget\" data-e-type=\"widget\" data-widget_type=\"theme-post-featured-image.default\">\n\t\t\t\t<div class=\"elementor-widget-container\">\n\t\t\t\t\t\t\t\t\t\t\t\t\t\t\t<img loading=\"lazy\" decoding=\"async\" width=\"2318\" height=\"1541\" src=\"https:\/\/www.werner-wohnbau.de\/wp-content\/uploads\/2024\/04\/Immo_im_Suedwesten-1.jpg\" class=\"attachment-full size-full wp-image-18111\" alt=\"\" srcset=\"https:\/\/www.werner-wohnbau.de\/wp-content\/uploads\/2024\/04\/Immo_im_Suedwesten-1.jpg 2318w, https:\/\/www.werner-wohnbau.de\/wp-content\/uploads\/2024\/04\/Immo_im_Suedwesten-1-300x199.jpg 300w, https:\/\/www.werner-wohnbau.de\/wp-content\/uploads\/2024\/04\/Immo_im_Suedwesten-1-1024x681.jpg 1024w, https:\/\/www.werner-wohnbau.de\/wp-content\/uploads\/2024\/04\/Immo_im_Suedwesten-1-768x511.jpg 768w, https:\/\/www.werner-wohnbau.de\/wp-content\/uploads\/2024\/04\/Immo_im_Suedwesten-1-1536x1021.jpg 1536w, https:\/\/www.werner-wohnbau.de\/wp-content\/uploads\/2024\/04\/Immo_im_Suedwesten-1-2048x1362.jpg 2048w\" sizes=\"(max-width: 2318px) 100vw, 2318px\" \/>\t\t\t\t\t\t\t\t\t\t\t\t\t\t\t<\/div>\n\t\t\t\t<\/div>\n\t\t\t\t\t<\/div>\n\t\t<\/div>\n\t\t\t\t\t<\/div>\n\t\t<\/section>\n\t\t\t\t<section class=\"elementor-section elementor-top-section elementor-element elementor-element-4c94e94 elementor-section-boxed elementor-section-height-default elementor-section-height-default\" data-id=\"4c94e94\" data-element_type=\"section\" data-e-type=\"section\" data-settings=\"{&quot;background_background&quot;:&quot;classic&quot;}\">\n\t\t\t\t\t\t<div class=\"elementor-container elementor-column-gap-no\">\n\t\t\t\t\t<div class=\"elementor-column elementor-col-100 elementor-top-column elementor-element elementor-element-925bb8e\" data-id=\"925bb8e\" data-element_type=\"column\" data-e-type=\"column\">\n\t\t\t<div class=\"elementor-widget-wrap elementor-element-populated\">\n\t\t\t\t\t\t<div class=\"elementor-element elementor-element-fd9189c elementor-widget elementor-widget-theme-post-title elementor-page-title elementor-widget-heading\" data-id=\"fd9189c\" data-element_type=\"widget\" data-e-type=\"widget\" data-widget_type=\"theme-post-title.default\">\n\t\t\t\t<div class=\"elementor-widget-container\">\n\t\t\t\t\t<h1 class=\"elementor-heading-title elementor-size-default\">Brand new real estate portal online IMMO IM S\u00dcDWESTEN<\/h1>\t\t\t\t<\/div>\n\t\t\t\t<\/div>\n\t\t\t\t<div data-dce-text-color=\"#FFFFFF\" class=\"elementor-element elementor-element-9453165 newstext elementor-widget elementor-widget-theme-post-content\" data-id=\"9453165\" data-element_type=\"widget\" data-e-type=\"widget\" data-widget_type=\"theme-post-content.default\">\n\t\t\t\t<div class=\"elementor-widget-container\">\n\t\t\t\t\t\n<p>Discover a variety of our real estate offers in the region!<\/p>\n\t\t\t\t<\/div>\n\t\t\t\t<\/div>\n\t\t\t\t<div class=\"elementor-element elementor-element-529db4c elementor-align-right elementor-widget elementor-widget-button\" data-id=\"529db4c\" data-element_type=\"widget\" data-e-type=\"widget\" data-widget_type=\"button.default\">\n\t\t\t\t<div class=\"elementor-widget-container\">\n\t\t\t\t\t\t\t\t\t<div class=\"elementor-button-wrapper\">\n\t\t\t\t\t<a class=\"elementor-button elementor-button-link elementor-size-xs\" href=\"https:\/\/www.werner-wohnbau.de\/en\/nachrichten\/brand-new-real-estate-portal-online-immo-im-suedwesten\/\">\n\t\t\t\t\t\t<span class=\"elementor-button-content-wrapper\">\n\t\t\t\t\t\t\t\t\t<span class=\"elementor-button-text\">READ ON ...<\/span>\n\t\t\t\t\t<\/span>\n\t\t\t\t\t<\/a>\n\t\t\t\t<\/div>\n\t\t\t\t\t\t\t\t<\/div>\n\t\t\t\t<\/div>\n\t\t\t\t\t<\/div>\n\t\t<\/div>\n\t\t\t\t\t<\/div>\n\t\t<\/section>\n\t\t\t\t<\/div>\n\t\t\t\t<div data-elementor-type=\"loop-item\" data-elementor-id=\"19057\" class=\"elementor elementor-19057 elementor-3752 e-loop-item e-loop-item-19998 post-19998 nachrichten type-nachrichten status-publish has-post-thumbnail hentry\" data-elementor-post-type=\"elementor_library\" data-custom-edit-handle=\"1\">\n\t\t\t\t\t<section class=\"elementor-section elementor-top-section elementor-element elementor-element-b41ea66 elementor-section-boxed elementor-section-height-default elementor-section-height-default\" data-id=\"b41ea66\" data-element_type=\"section\" data-e-type=\"section\">\n\t\t\t\t\t\t<div class=\"elementor-container elementor-column-gap-no\">\n\t\t\t\t\t<div class=\"elementor-column elementor-col-100 elementor-top-column elementor-element elementor-element-da66870\" data-id=\"da66870\" data-element_type=\"column\" data-e-type=\"column\">\n\t\t\t<div class=\"elementor-widget-wrap elementor-element-populated\">\n\t\t\t\t\t\t<div class=\"elementor-element elementor-element-6f7cb2d elementor-widget elementor-widget-theme-post-featured-image elementor-widget-image\" data-id=\"6f7cb2d\" data-element_type=\"widget\" data-e-type=\"widget\" data-widget_type=\"theme-post-featured-image.default\">\n\t\t\t\t<div class=\"elementor-widget-container\">\n\t\t\t\t\t\t\t\t\t\t\t\t\t\t\t<img loading=\"lazy\" decoding=\"async\" width=\"6000\" height=\"4000\" src=\"https:\/\/www.werner-wohnbau.de\/wp-content\/uploads\/2024\/04\/IMG_5381_bearbeitet.png\" class=\"attachment-full size-full wp-image-18104\" alt=\"\" srcset=\"https:\/\/www.werner-wohnbau.de\/wp-content\/uploads\/2024\/04\/IMG_5381_bearbeitet.png 6000w, https:\/\/www.werner-wohnbau.de\/wp-content\/uploads\/2024\/04\/IMG_5381_bearbeitet-300x200.png 300w, https:\/\/www.werner-wohnbau.de\/wp-content\/uploads\/2024\/04\/IMG_5381_bearbeitet-1024x683.png 1024w, https:\/\/www.werner-wohnbau.de\/wp-content\/uploads\/2024\/04\/IMG_5381_bearbeitet-768x512.png 768w, https:\/\/www.werner-wohnbau.de\/wp-content\/uploads\/2024\/04\/IMG_5381_bearbeitet-1536x1024.png 1536w, https:\/\/www.werner-wohnbau.de\/wp-content\/uploads\/2024\/04\/IMG_5381_bearbeitet-2048x1365.png 2048w\" sizes=\"(max-width: 6000px) 100vw, 6000px\" \/>\t\t\t\t\t\t\t\t\t\t\t\t\t\t\t<\/div>\n\t\t\t\t<\/div>\n\t\t\t\t\t<\/div>\n\t\t<\/div>\n\t\t\t\t\t<\/div>\n\t\t<\/section>\n\t\t\t\t<section class=\"elementor-section elementor-top-section elementor-element elementor-element-4c94e94 elementor-section-boxed elementor-section-height-default elementor-section-height-default\" data-id=\"4c94e94\" data-element_type=\"section\" data-e-type=\"section\" data-settings=\"{&quot;background_background&quot;:&quot;classic&quot;}\">\n\t\t\t\t\t\t<div class=\"elementor-container elementor-column-gap-no\">\n\t\t\t\t\t<div class=\"elementor-column elementor-col-100 elementor-top-column elementor-element elementor-element-925bb8e\" data-id=\"925bb8e\" data-element_type=\"column\" data-e-type=\"column\">\n\t\t\t<div class=\"elementor-widget-wrap elementor-element-populated\">\n\t\t\t\t\t\t<div class=\"elementor-element elementor-element-fd9189c elementor-widget elementor-widget-theme-post-title elementor-page-title elementor-widget-heading\" data-id=\"fd9189c\" data-element_type=\"widget\" data-e-type=\"widget\" data-widget_type=\"theme-post-title.default\">\n\t\t\t\t<div class=\"elementor-widget-container\">\n\t\t\t\t\t<h1 class=\"elementor-heading-title elementor-size-default\">Another award for outstanding credit rating 2024<\/h1>\t\t\t\t<\/div>\n\t\t\t\t<\/div>\n\t\t\t\t<div data-dce-text-color=\"#FFFFFF\" class=\"elementor-element elementor-element-9453165 newstext elementor-widget elementor-widget-theme-post-content\" data-id=\"9453165\" data-element_type=\"widget\" data-e-type=\"widget\" data-widget_type=\"theme-post-content.default\">\n\t\t\t\t<div class=\"elementor-widget-container\">\n\t\t\t\t\t\n<p>WERNER WOHNBAU once again receives the coveted CrefoZert!<\/p>\n\t\t\t\t<\/div>\n\t\t\t\t<\/div>\n\t\t\t\t<div class=\"elementor-element elementor-element-529db4c elementor-align-right elementor-widget elementor-widget-button\" data-id=\"529db4c\" data-element_type=\"widget\" data-e-type=\"widget\" data-widget_type=\"button.default\">\n\t\t\t\t<div class=\"elementor-widget-container\">\n\t\t\t\t\t\t\t\t\t<div class=\"elementor-button-wrapper\">\n\t\t\t\t\t<a class=\"elementor-button elementor-button-link elementor-size-xs\" href=\"https:\/\/www.werner-wohnbau.de\/en\/nachrichten\/another-award-for-outstanding-credit-rating-2024\/\">\n\t\t\t\t\t\t<span class=\"elementor-button-content-wrapper\">\n\t\t\t\t\t\t\t\t\t<span class=\"elementor-button-text\">READ ON ...<\/span>\n\t\t\t\t\t<\/span>\n\t\t\t\t\t<\/a>\n\t\t\t\t<\/div>\n\t\t\t\t\t\t\t\t<\/div>\n\t\t\t\t<\/div>\n\t\t\t\t\t<\/div>\n\t\t<\/div>\n\t\t\t\t\t<\/div>\n\t\t<\/section>\n\t\t\t\t<\/div>\n\t\t\t\t<div data-elementor-type=\"loop-item\" data-elementor-id=\"19057\" class=\"elementor elementor-19057 elementor-3752 e-loop-item e-loop-item-20008 post-20008 nachrichten type-nachrichten status-publish has-post-thumbnail hentry\" data-elementor-post-type=\"elementor_library\" data-custom-edit-handle=\"1\">\n\t\t\t\t\t<section class=\"elementor-section elementor-top-section elementor-element elementor-element-b41ea66 elementor-section-boxed elementor-section-height-default elementor-section-height-default\" data-id=\"b41ea66\" data-element_type=\"section\" data-e-type=\"section\">\n\t\t\t\t\t\t<div class=\"elementor-container elementor-column-gap-no\">\n\t\t\t\t\t<div class=\"elementor-column elementor-col-100 elementor-top-column elementor-element elementor-element-da66870\" data-id=\"da66870\" data-element_type=\"column\" data-e-type=\"column\">\n\t\t\t<div class=\"elementor-widget-wrap elementor-element-populated\">\n\t\t\t\t\t\t<div class=\"elementor-element elementor-element-6f7cb2d elementor-widget elementor-widget-theme-post-featured-image elementor-widget-image\" data-id=\"6f7cb2d\" data-element_type=\"widget\" data-e-type=\"widget\" data-widget_type=\"theme-post-featured-image.default\">\n\t\t\t\t<div class=\"elementor-widget-container\">\n\t\t\t\t\t\t\t\t\t\t\t\t\t\t\t<img loading=\"lazy\" decoding=\"async\" width=\"2560\" height=\"1920\" src=\"https:\/\/www.werner-wohnbau.de\/wp-content\/uploads\/2024\/04\/Nahversorgungszentrum_Waldbronn_Gesamt_niedrig-scaled.jpg\" class=\"attachment-full size-full wp-image-18087\" alt=\"\" srcset=\"https:\/\/www.werner-wohnbau.de\/wp-content\/uploads\/2024\/04\/Nahversorgungszentrum_Waldbronn_Gesamt_niedrig-scaled.jpg 2560w, https:\/\/www.werner-wohnbau.de\/wp-content\/uploads\/2024\/04\/Nahversorgungszentrum_Waldbronn_Gesamt_niedrig-300x225.jpg 300w, https:\/\/www.werner-wohnbau.de\/wp-content\/uploads\/2024\/04\/Nahversorgungszentrum_Waldbronn_Gesamt_niedrig-1024x768.jpg 1024w, https:\/\/www.werner-wohnbau.de\/wp-content\/uploads\/2024\/04\/Nahversorgungszentrum_Waldbronn_Gesamt_niedrig-768x576.jpg 768w, https:\/\/www.werner-wohnbau.de\/wp-content\/uploads\/2024\/04\/Nahversorgungszentrum_Waldbronn_Gesamt_niedrig-1536x1152.jpg 1536w, https:\/\/www.werner-wohnbau.de\/wp-content\/uploads\/2024\/04\/Nahversorgungszentrum_Waldbronn_Gesamt_niedrig-2048x1536.jpg 2048w\" sizes=\"(max-width: 2560px) 100vw, 2560px\" \/>\t\t\t\t\t\t\t\t\t\t\t\t\t\t\t<\/div>\n\t\t\t\t<\/div>\n\t\t\t\t\t<\/div>\n\t\t<\/div>\n\t\t\t\t\t<\/div>\n\t\t<\/section>\n\t\t\t\t<section class=\"elementor-section elementor-top-section elementor-element elementor-element-4c94e94 elementor-section-boxed elementor-section-height-default elementor-section-height-default\" data-id=\"4c94e94\" data-element_type=\"section\" data-e-type=\"section\" data-settings=\"{&quot;background_background&quot;:&quot;classic&quot;}\">\n\t\t\t\t\t\t<div class=\"elementor-container elementor-column-gap-no\">\n\t\t\t\t\t<div class=\"elementor-column elementor-col-100 elementor-top-column elementor-element elementor-element-925bb8e\" data-id=\"925bb8e\" data-element_type=\"column\" data-e-type=\"column\">\n\t\t\t<div class=\"elementor-widget-wrap elementor-element-populated\">\n\t\t\t\t\t\t<div class=\"elementor-element elementor-element-fd9189c elementor-widget elementor-widget-theme-post-title elementor-page-title elementor-widget-heading\" data-id=\"fd9189c\" data-element_type=\"widget\" data-e-type=\"widget\" data-widget_type=\"theme-post-title.default\">\n\t\t\t\t<div class=\"elementor-widget-container\">\n\t\t\t\t\t<h1 class=\"elementor-heading-title elementor-size-default\">Opening of local shopping center in Waldbronn<\/h1>\t\t\t\t<\/div>\n\t\t\t\t<\/div>\n\t\t\t\t<div data-dce-text-color=\"#FFFFFF\" class=\"elementor-element elementor-element-9453165 newstext elementor-widget elementor-widget-theme-post-content\" data-id=\"9453165\" data-element_type=\"widget\" data-e-type=\"widget\" data-widget_type=\"theme-post-content.default\">\n\t\t\t\t<div class=\"elementor-widget-container\">\n\t\t\t\t\t\n<p>Successful collaboration with the discounter Aldi S\u00fcd and Werner Wohnbau.<\/p>\n\t\t\t\t<\/div>\n\t\t\t\t<\/div>\n\t\t\t\t<div class=\"elementor-element elementor-element-529db4c elementor-align-right elementor-widget elementor-widget-button\" data-id=\"529db4c\" data-element_type=\"widget\" data-e-type=\"widget\" data-widget_type=\"button.default\">\n\t\t\t\t<div class=\"elementor-widget-container\">\n\t\t\t\t\t\t\t\t\t<div class=\"elementor-button-wrapper\">\n\t\t\t\t\t<a class=\"elementor-button elementor-button-link elementor-size-xs\" href=\"https:\/\/www.werner-wohnbau.de\/en\/nachrichten\/opening-of-local-shopping-center-in-waldbronn\/\">\n\t\t\t\t\t\t<span class=\"elementor-button-content-wrapper\">\n\t\t\t\t\t\t\t\t\t<span class=\"elementor-button-text\">READ ON ...<\/span>\n\t\t\t\t\t<\/span>\n\t\t\t\t\t<\/a>\n\t\t\t\t<\/div>\n\t\t\t\t\t\t\t\t<\/div>\n\t\t\t\t<\/div>\n\t\t\t\t\t<\/div>\n\t\t<\/div>\n\t\t\t\t\t<\/div>\n\t\t<\/section>\n\t\t\t\t<\/div>\n\t\t\t\t<div data-elementor-type=\"loop-item\" data-elementor-id=\"19057\" class=\"elementor elementor-19057 elementor-3752 e-loop-item e-loop-item-20007 post-20007 nachrichten type-nachrichten status-publish has-post-thumbnail hentry\" data-elementor-post-type=\"elementor_library\" data-custom-edit-handle=\"1\">\n\t\t\t\t\t<section class=\"elementor-section elementor-top-section elementor-element elementor-element-b41ea66 elementor-section-boxed elementor-section-height-default elementor-section-height-default\" data-id=\"b41ea66\" data-element_type=\"section\" data-e-type=\"section\">\n\t\t\t\t\t\t<div class=\"elementor-container elementor-column-gap-no\">\n\t\t\t\t\t<div class=\"elementor-column elementor-col-100 elementor-top-column elementor-element elementor-element-da66870\" data-id=\"da66870\" data-element_type=\"column\" data-e-type=\"column\">\n\t\t\t<div class=\"elementor-widget-wrap elementor-element-populated\">\n\t\t\t\t\t\t<div class=\"elementor-element elementor-element-6f7cb2d elementor-widget elementor-widget-theme-post-featured-image elementor-widget-image\" data-id=\"6f7cb2d\" data-element_type=\"widget\" data-e-type=\"widget\" data-widget_type=\"theme-post-featured-image.default\">\n\t\t\t\t<div class=\"elementor-widget-container\">\n\t\t\t\t\t\t\t\t\t\t\t\t\t\t\t<img loading=\"lazy\" decoding=\"async\" width=\"2048\" height=\"1536\" src=\"https:\/\/www.werner-wohnbau.de\/wp-content\/uploads\/2024\/04\/Treppen.jpg\" class=\"attachment-full size-full wp-image-18054\" alt=\"\" srcset=\"https:\/\/www.werner-wohnbau.de\/wp-content\/uploads\/2024\/04\/Treppen.jpg 2048w, https:\/\/www.werner-wohnbau.de\/wp-content\/uploads\/2024\/04\/Treppen-300x225.jpg 300w, https:\/\/www.werner-wohnbau.de\/wp-content\/uploads\/2024\/04\/Treppen-1024x768.jpg 1024w, https:\/\/www.werner-wohnbau.de\/wp-content\/uploads\/2024\/04\/Treppen-768x576.jpg 768w, https:\/\/www.werner-wohnbau.de\/wp-content\/uploads\/2024\/04\/Treppen-1536x1152.jpg 1536w\" sizes=\"(max-width: 2048px) 100vw, 2048px\" \/>\t\t\t\t\t\t\t\t\t\t\t\t\t\t\t<\/div>\n\t\t\t\t<\/div>\n\t\t\t\t\t<\/div>\n\t\t<\/div>\n\t\t\t\t\t<\/div>\n\t\t<\/section>\n\t\t\t\t<section class=\"elementor-section elementor-top-section elementor-element elementor-element-4c94e94 elementor-section-boxed elementor-section-height-default elementor-section-height-default\" data-id=\"4c94e94\" data-element_type=\"section\" data-e-type=\"section\" data-settings=\"{&quot;background_background&quot;:&quot;classic&quot;}\">\n\t\t\t\t\t\t<div class=\"elementor-container elementor-column-gap-no\">\n\t\t\t\t\t<div class=\"elementor-column elementor-col-100 elementor-top-column elementor-element elementor-element-925bb8e\" data-id=\"925bb8e\" data-element_type=\"column\" data-e-type=\"column\">\n\t\t\t<div class=\"elementor-widget-wrap elementor-element-populated\">\n\t\t\t\t\t\t<div class=\"elementor-element elementor-element-fd9189c elementor-widget elementor-widget-theme-post-title elementor-page-title elementor-widget-heading\" data-id=\"fd9189c\" data-element_type=\"widget\" data-e-type=\"widget\" data-widget_type=\"theme-post-title.default\">\n\t\t\t\t<div class=\"elementor-widget-container\">\n\t\t\t\t\t<h1 class=\"elementor-heading-title elementor-size-default\">A big thank you to the company Keller Treppen GmbH Co KG<\/h1>\t\t\t\t<\/div>\n\t\t\t\t<\/div>\n\t\t\t\t<div data-dce-text-color=\"#FFFFFF\" class=\"elementor-element elementor-element-9453165 newstext elementor-widget elementor-widget-theme-post-content\" data-id=\"9453165\" data-element_type=\"widget\" data-e-type=\"widget\" data-widget_type=\"theme-post-content.default\">\n\t\t\t\t<div class=\"elementor-widget-container\">\n\t\t\t\t\t\n<p>Appreciation and gratitude for 22 years of successful collaboration.<\/p>\n\t\t\t\t<\/div>\n\t\t\t\t<\/div>\n\t\t\t\t<div class=\"elementor-element elementor-element-529db4c elementor-align-right elementor-widget elementor-widget-button\" data-id=\"529db4c\" data-element_type=\"widget\" data-e-type=\"widget\" data-widget_type=\"button.default\">\n\t\t\t\t<div class=\"elementor-widget-container\">\n\t\t\t\t\t\t\t\t\t<div class=\"elementor-button-wrapper\">\n\t\t\t\t\t<a class=\"elementor-button elementor-button-link elementor-size-xs\" href=\"https:\/\/www.werner-wohnbau.de\/en\/nachrichten\/a-big-thank-you-to-the-company-keller-treppen-gmbh-co-kg\/\">\n\t\t\t\t\t\t<span class=\"elementor-button-content-wrapper\">\n\t\t\t\t\t\t\t\t\t<span class=\"elementor-button-text\">READ ON ...<\/span>\n\t\t\t\t\t<\/span>\n\t\t\t\t\t<\/a>\n\t\t\t\t<\/div>\n\t\t\t\t\t\t\t\t<\/div>\n\t\t\t\t<\/div>\n\t\t\t\t\t<\/div>\n\t\t<\/div>\n\t\t\t\t\t<\/div>\n\t\t<\/section>\n\t\t\t\t<\/div>\n\t\t\t\t<div data-elementor-type=\"loop-item\" data-elementor-id=\"19057\" class=\"elementor elementor-19057 elementor-3752 e-loop-item e-loop-item-19996 post-19996 nachrichten type-nachrichten status-publish has-post-thumbnail hentry\" data-elementor-post-type=\"elementor_library\" data-custom-edit-handle=\"1\">\n\t\t\t\t\t<section class=\"elementor-section elementor-top-section elementor-element elementor-element-b41ea66 elementor-section-boxed elementor-section-height-default elementor-section-height-default\" data-id=\"b41ea66\" data-element_type=\"section\" data-e-type=\"section\">\n\t\t\t\t\t\t<div class=\"elementor-container elementor-column-gap-no\">\n\t\t\t\t\t<div class=\"elementor-column elementor-col-100 elementor-top-column elementor-element elementor-element-da66870\" data-id=\"da66870\" data-element_type=\"column\" data-e-type=\"column\">\n\t\t\t<div class=\"elementor-widget-wrap elementor-element-populated\">\n\t\t\t\t\t\t<div class=\"elementor-element elementor-element-6f7cb2d elementor-widget elementor-widget-theme-post-featured-image elementor-widget-image\" data-id=\"6f7cb2d\" data-element_type=\"widget\" data-e-type=\"widget\" data-widget_type=\"theme-post-featured-image.default\">\n\t\t\t\t<div class=\"elementor-widget-container\">\n\t\t\t\t\t\t\t\t\t\t\t\t\t\t\t<img loading=\"lazy\" decoding=\"async\" width=\"2048\" height=\"1536\" src=\"https:\/\/www.werner-wohnbau.de\/wp-content\/uploads\/2024\/04\/Schoettele.jpg\" class=\"attachment-full size-full wp-image-18055\" alt=\"\" srcset=\"https:\/\/www.werner-wohnbau.de\/wp-content\/uploads\/2024\/04\/Schoettele.jpg 2048w, https:\/\/www.werner-wohnbau.de\/wp-content\/uploads\/2024\/04\/Schoettele-300x225.jpg 300w, https:\/\/www.werner-wohnbau.de\/wp-content\/uploads\/2024\/04\/Schoettele-1024x768.jpg 1024w, https:\/\/www.werner-wohnbau.de\/wp-content\/uploads\/2024\/04\/Schoettele-768x576.jpg 768w, https:\/\/www.werner-wohnbau.de\/wp-content\/uploads\/2024\/04\/Schoettele-1536x1152.jpg 1536w\" sizes=\"(max-width: 2048px) 100vw, 2048px\" \/>\t\t\t\t\t\t\t\t\t\t\t\t\t\t\t<\/div>\n\t\t\t\t<\/div>\n\t\t\t\t\t<\/div>\n\t\t<\/div>\n\t\t\t\t\t<\/div>\n\t\t<\/section>\n\t\t\t\t<section class=\"elementor-section elementor-top-section elementor-element elementor-element-4c94e94 elementor-section-boxed elementor-section-height-default elementor-section-height-default\" data-id=\"4c94e94\" data-element_type=\"section\" data-e-type=\"section\" data-settings=\"{&quot;background_background&quot;:&quot;classic&quot;}\">\n\t\t\t\t\t\t<div class=\"elementor-container elementor-column-gap-no\">\n\t\t\t\t\t<div class=\"elementor-column elementor-col-100 elementor-top-column elementor-element elementor-element-925bb8e\" data-id=\"925bb8e\" data-element_type=\"column\" data-e-type=\"column\">\n\t\t\t<div class=\"elementor-widget-wrap elementor-element-populated\">\n\t\t\t\t\t\t<div class=\"elementor-element elementor-element-fd9189c elementor-widget elementor-widget-theme-post-title elementor-page-title elementor-widget-heading\" data-id=\"fd9189c\" data-element_type=\"widget\" data-e-type=\"widget\" data-widget_type=\"theme-post-title.default\">\n\t\t\t\t<div class=\"elementor-widget-container\">\n\t\t\t\t\t<h1 class=\"elementor-heading-title elementor-size-default\">Long-standing partnership with the company Sch\u00f6ttle Fensterbau GmbH<\/h1>\t\t\t\t<\/div>\n\t\t\t\t<\/div>\n\t\t\t\t<div data-dce-text-color=\"#FFFFFF\" class=\"elementor-element elementor-element-9453165 newstext elementor-widget elementor-widget-theme-post-content\" data-id=\"9453165\" data-element_type=\"widget\" data-e-type=\"widget\" data-widget_type=\"theme-post-content.default\">\n\t\t\t\t<div class=\"elementor-widget-container\">\n\t\t\t\t\t\n<p>Many thanks for 20 years of joint success.<\/p>\n\t\t\t\t<\/div>\n\t\t\t\t<\/div>\n\t\t\t\t<div class=\"elementor-element elementor-element-529db4c elementor-align-right elementor-widget elementor-widget-button\" data-id=\"529db4c\" data-element_type=\"widget\" data-e-type=\"widget\" data-widget_type=\"button.default\">\n\t\t\t\t<div class=\"elementor-widget-container\">\n\t\t\t\t\t\t\t\t\t<div class=\"elementor-button-wrapper\">\n\t\t\t\t\t<a class=\"elementor-button elementor-button-link elementor-size-xs\" href=\"https:\/\/www.werner-wohnbau.de\/en\/nachrichten\/long-standing-partnership-with-the-company-schoettle-fensterbau-gmbh\/\">\n\t\t\t\t\t\t<span class=\"elementor-button-content-wrapper\">\n\t\t\t\t\t\t\t\t\t<span class=\"elementor-button-text\">READ ON ...<\/span>\n\t\t\t\t\t<\/span>\n\t\t\t\t\t<\/a>\n\t\t\t\t<\/div>\n\t\t\t\t\t\t\t\t<\/div>\n\t\t\t\t<\/div>\n\t\t\t\t\t<\/div>\n\t\t<\/div>\n\t\t\t\t\t<\/div>\n\t\t<\/section>\n\t\t\t\t<\/div>\n\t\t\t\t<div data-elementor-type=\"loop-item\" data-elementor-id=\"19057\" class=\"elementor elementor-19057 elementor-3752 e-loop-item e-loop-item-19993 post-19993 nachrichten type-nachrichten status-publish has-post-thumbnail hentry\" data-elementor-post-type=\"elementor_library\" data-custom-edit-handle=\"1\">\n\t\t\t\t\t<section class=\"elementor-section elementor-top-section elementor-element elementor-element-b41ea66 elementor-section-boxed elementor-section-height-default elementor-section-height-default\" data-id=\"b41ea66\" data-element_type=\"section\" data-e-type=\"section\">\n\t\t\t\t\t\t<div class=\"elementor-container elementor-column-gap-no\">\n\t\t\t\t\t<div class=\"elementor-column elementor-col-100 elementor-top-column elementor-element elementor-element-da66870\" data-id=\"da66870\" data-element_type=\"column\" data-e-type=\"column\">\n\t\t\t<div class=\"elementor-widget-wrap elementor-element-populated\">\n\t\t\t\t\t\t<div class=\"elementor-element elementor-element-6f7cb2d elementor-widget elementor-widget-theme-post-featured-image elementor-widget-image\" data-id=\"6f7cb2d\" data-element_type=\"widget\" data-e-type=\"widget\" data-widget_type=\"theme-post-featured-image.default\">\n\t\t\t\t<div class=\"elementor-widget-container\">\n\t\t\t\t\t\t\t\t\t\t\t\t\t\t\t<img loading=\"lazy\" decoding=\"async\" width=\"1366\" height=\"768\" src=\"https:\/\/www.werner-wohnbau.de\/wp-content\/uploads\/2024\/03\/Design-ohne-Titel-8.png\" class=\"attachment-full size-full wp-image-18036\" alt=\"\" srcset=\"https:\/\/www.werner-wohnbau.de\/wp-content\/uploads\/2024\/03\/Design-ohne-Titel-8.png 1366w, https:\/\/www.werner-wohnbau.de\/wp-content\/uploads\/2024\/03\/Design-ohne-Titel-8-300x169.png 300w, https:\/\/www.werner-wohnbau.de\/wp-content\/uploads\/2024\/03\/Design-ohne-Titel-8-1024x576.png 1024w, https:\/\/www.werner-wohnbau.de\/wp-content\/uploads\/2024\/03\/Design-ohne-Titel-8-768x432.png 768w\" sizes=\"(max-width: 1366px) 100vw, 1366px\" \/>\t\t\t\t\t\t\t\t\t\t\t\t\t\t\t<\/div>\n\t\t\t\t<\/div>\n\t\t\t\t\t<\/div>\n\t\t<\/div>\n\t\t\t\t\t<\/div>\n\t\t<\/section>\n\t\t\t\t<section class=\"elementor-section elementor-top-section elementor-element elementor-element-4c94e94 elementor-section-boxed elementor-section-height-default elementor-section-height-default\" data-id=\"4c94e94\" data-element_type=\"section\" data-e-type=\"section\" data-settings=\"{&quot;background_background&quot;:&quot;classic&quot;}\">\n\t\t\t\t\t\t<div class=\"elementor-container elementor-column-gap-no\">\n\t\t\t\t\t<div class=\"elementor-column elementor-col-100 elementor-top-column elementor-element elementor-element-925bb8e\" data-id=\"925bb8e\" data-element_type=\"column\" data-e-type=\"column\">\n\t\t\t<div class=\"elementor-widget-wrap elementor-element-populated\">\n\t\t\t\t\t\t<div class=\"elementor-element elementor-element-fd9189c elementor-widget elementor-widget-theme-post-title elementor-page-title elementor-widget-heading\" data-id=\"fd9189c\" data-element_type=\"widget\" data-e-type=\"widget\" data-widget_type=\"theme-post-title.default\">\n\t\t\t\t<div class=\"elementor-widget-container\">\n\t\t\t\t\t<h1 class=\"elementor-heading-title elementor-size-default\">20 years of Ciampa and Werner Wohnbau!<\/h1>\t\t\t\t<\/div>\n\t\t\t\t<\/div>\n\t\t\t\t<div data-dce-text-color=\"#FFFFFF\" class=\"elementor-element elementor-element-9453165 newstext elementor-widget elementor-widget-theme-post-content\" data-id=\"9453165\" data-element_type=\"widget\" data-e-type=\"widget\" data-widget_type=\"theme-post-content.default\">\n\t\t\t\t<div class=\"elementor-widget-container\">\n\t\t\t\t\t\n<p>A collaboration full of growth, success and valuable partnership.<\/p>\n\t\t\t\t<\/div>\n\t\t\t\t<\/div>\n\t\t\t\t<div class=\"elementor-element elementor-element-529db4c elementor-align-right elementor-widget elementor-widget-button\" data-id=\"529db4c\" data-element_type=\"widget\" data-e-type=\"widget\" data-widget_type=\"button.default\">\n\t\t\t\t<div class=\"elementor-widget-container\">\n\t\t\t\t\t\t\t\t\t<div class=\"elementor-button-wrapper\">\n\t\t\t\t\t<a class=\"elementor-button elementor-button-link elementor-size-xs\" href=\"https:\/\/www.werner-wohnbau.de\/en\/nachrichten\/20-years-of-ciampa-and-werner-wohnbau\/\">\n\t\t\t\t\t\t<span class=\"elementor-button-content-wrapper\">\n\t\t\t\t\t\t\t\t\t<span class=\"elementor-button-text\">READ ON ...<\/span>\n\t\t\t\t\t<\/span>\n\t\t\t\t\t<\/a>\n\t\t\t\t<\/div>\n\t\t\t\t\t\t\t\t<\/div>\n\t\t\t\t<\/div>\n\t\t\t\t\t<\/div>\n\t\t<\/div>\n\t\t\t\t\t<\/div>\n\t\t<\/section>\n\t\t\t\t<\/div>\n\t\t\t\t<div data-elementor-type=\"loop-item\" data-elementor-id=\"19057\" class=\"elementor elementor-19057 elementor-3752 e-loop-item e-loop-item-20006 post-20006 nachrichten type-nachrichten status-publish has-post-thumbnail hentry\" data-elementor-post-type=\"elementor_library\" data-custom-edit-handle=\"1\">\n\t\t\t\t\t<section class=\"elementor-section elementor-top-section elementor-element elementor-element-b41ea66 elementor-section-boxed elementor-section-height-default elementor-section-height-default\" data-id=\"b41ea66\" data-element_type=\"section\" data-e-type=\"section\">\n\t\t\t\t\t\t<div class=\"elementor-container elementor-column-gap-no\">\n\t\t\t\t\t<div class=\"elementor-column elementor-col-100 elementor-top-column elementor-element elementor-element-da66870\" data-id=\"da66870\" data-element_type=\"column\" data-e-type=\"column\">\n\t\t\t<div class=\"elementor-widget-wrap elementor-element-populated\">\n\t\t\t\t\t\t<div class=\"elementor-element elementor-element-6f7cb2d elementor-widget elementor-widget-theme-post-featured-image elementor-widget-image\" data-id=\"6f7cb2d\" data-element_type=\"widget\" data-e-type=\"widget\" data-widget_type=\"theme-post-featured-image.default\">\n\t\t\t\t<div class=\"elementor-widget-container\">\n\t\t\t\t\t\t\t\t\t\t\t\t\t\t\t<img loading=\"lazy\" decoding=\"async\" width=\"1366\" height=\"768\" src=\"https:\/\/www.werner-wohnbau.de\/wp-content\/uploads\/2024\/03\/Design-ohne-Titel-7.png\" class=\"attachment-full size-full wp-image-18035\" alt=\"\" srcset=\"https:\/\/www.werner-wohnbau.de\/wp-content\/uploads\/2024\/03\/Design-ohne-Titel-7.png 1366w, https:\/\/www.werner-wohnbau.de\/wp-content\/uploads\/2024\/03\/Design-ohne-Titel-7-300x169.png 300w, https:\/\/www.werner-wohnbau.de\/wp-content\/uploads\/2024\/03\/Design-ohne-Titel-7-1024x576.png 1024w, https:\/\/www.werner-wohnbau.de\/wp-content\/uploads\/2024\/03\/Design-ohne-Titel-7-768x432.png 768w\" sizes=\"(max-width: 1366px) 100vw, 1366px\" \/>\t\t\t\t\t\t\t\t\t\t\t\t\t\t\t<\/div>\n\t\t\t\t<\/div>\n\t\t\t\t\t<\/div>\n\t\t<\/div>\n\t\t\t\t\t<\/div>\n\t\t<\/section>\n\t\t\t\t<section class=\"elementor-section elementor-top-section elementor-element elementor-element-4c94e94 elementor-section-boxed elementor-section-height-default elementor-section-height-default\" data-id=\"4c94e94\" data-element_type=\"section\" data-e-type=\"section\" data-settings=\"{&quot;background_background&quot;:&quot;classic&quot;}\">\n\t\t\t\t\t\t<div class=\"elementor-container elementor-column-gap-no\">\n\t\t\t\t\t<div class=\"elementor-column elementor-col-100 elementor-top-column elementor-element elementor-element-925bb8e\" data-id=\"925bb8e\" data-element_type=\"column\" data-e-type=\"column\">\n\t\t\t<div class=\"elementor-widget-wrap elementor-element-populated\">\n\t\t\t\t\t\t<div class=\"elementor-element elementor-element-fd9189c elementor-widget elementor-widget-theme-post-title elementor-page-title elementor-widget-heading\" data-id=\"fd9189c\" data-element_type=\"widget\" data-e-type=\"widget\" data-widget_type=\"theme-post-title.default\">\n\t\t\t\t<div class=\"elementor-widget-container\">\n\t\t\t\t\t<h1 class=\"elementor-heading-title elementor-size-default\">The shell will be completed in the period April 8 &#8211; 12, 2024<\/h1>\t\t\t\t<\/div>\n\t\t\t\t<\/div>\n\t\t\t\t<div data-dce-text-color=\"#FFFFFF\" class=\"elementor-element elementor-element-9453165 newstext elementor-widget elementor-widget-theme-post-content\" data-id=\"9453165\" data-element_type=\"widget\" data-e-type=\"widget\" data-widget_type=\"theme-post-content.default\">\n\t\t\t\t<div class=\"elementor-widget-container\">\n\t\t\t\t\t\n<p>The serial construction of our building project in Dresden-Rockau is in full swing.<\/p>\n\t\t\t\t<\/div>\n\t\t\t\t<\/div>\n\t\t\t\t<div class=\"elementor-element elementor-element-529db4c elementor-align-right elementor-widget elementor-widget-button\" data-id=\"529db4c\" data-element_type=\"widget\" data-e-type=\"widget\" data-widget_type=\"button.default\">\n\t\t\t\t<div class=\"elementor-widget-container\">\n\t\t\t\t\t\t\t\t\t<div class=\"elementor-button-wrapper\">\n\t\t\t\t\t<a class=\"elementor-button elementor-button-link elementor-size-xs\" href=\"https:\/\/www.werner-wohnbau.de\/en\/nachrichten\/the-shell-will-be-completed-in-the-period-april-8-12-2024\/\">\n\t\t\t\t\t\t<span class=\"elementor-button-content-wrapper\">\n\t\t\t\t\t\t\t\t\t<span class=\"elementor-button-text\">READ ON ...<\/span>\n\t\t\t\t\t<\/span>\n\t\t\t\t\t<\/a>\n\t\t\t\t<\/div>\n\t\t\t\t\t\t\t\t<\/div>\n\t\t\t\t<\/div>\n\t\t\t\t\t<\/div>\n\t\t<\/div>\n\t\t\t\t\t<\/div>\n\t\t<\/section>\n\t\t\t\t<\/div>\n\t\t\t\t<div data-elementor-type=\"loop-item\" data-elementor-id=\"19057\" class=\"elementor elementor-19057 elementor-3752 e-loop-item e-loop-item-19991 post-19991 nachrichten type-nachrichten status-publish has-post-thumbnail hentry\" data-elementor-post-type=\"elementor_library\" data-custom-edit-handle=\"1\">\n\t\t\t\t\t<section class=\"elementor-section elementor-top-section elementor-element elementor-element-b41ea66 elementor-section-boxed elementor-section-height-default elementor-section-height-default\" data-id=\"b41ea66\" data-element_type=\"section\" data-e-type=\"section\">\n\t\t\t\t\t\t<div class=\"elementor-container elementor-column-gap-no\">\n\t\t\t\t\t<div class=\"elementor-column elementor-col-100 elementor-top-column elementor-element elementor-element-da66870\" data-id=\"da66870\" data-element_type=\"column\" data-e-type=\"column\">\n\t\t\t<div class=\"elementor-widget-wrap elementor-element-populated\">\n\t\t\t\t\t\t<div class=\"elementor-element elementor-element-6f7cb2d elementor-widget elementor-widget-theme-post-featured-image elementor-widget-image\" data-id=\"6f7cb2d\" data-element_type=\"widget\" data-e-type=\"widget\" data-widget_type=\"theme-post-featured-image.default\">\n\t\t\t\t<div class=\"elementor-widget-container\">\n\t\t\t\t\t\t\t\t\t\t\t\t\t\t\t<img loading=\"lazy\" decoding=\"async\" width=\"1366\" height=\"768\" src=\"https:\/\/www.werner-wohnbau.de\/wp-content\/uploads\/2024\/03\/Design-ohne-Titel-6.png\" class=\"attachment-full size-full wp-image-18034\" alt=\"\" srcset=\"https:\/\/www.werner-wohnbau.de\/wp-content\/uploads\/2024\/03\/Design-ohne-Titel-6.png 1366w, https:\/\/www.werner-wohnbau.de\/wp-content\/uploads\/2024\/03\/Design-ohne-Titel-6-300x169.png 300w, https:\/\/www.werner-wohnbau.de\/wp-content\/uploads\/2024\/03\/Design-ohne-Titel-6-1024x576.png 1024w, https:\/\/www.werner-wohnbau.de\/wp-content\/uploads\/2024\/03\/Design-ohne-Titel-6-768x432.png 768w\" sizes=\"(max-width: 1366px) 100vw, 1366px\" \/>\t\t\t\t\t\t\t\t\t\t\t\t\t\t\t<\/div>\n\t\t\t\t<\/div>\n\t\t\t\t\t<\/div>\n\t\t<\/div>\n\t\t\t\t\t<\/div>\n\t\t<\/section>\n\t\t\t\t<section class=\"elementor-section elementor-top-section elementor-element elementor-element-4c94e94 elementor-section-boxed elementor-section-height-default elementor-section-height-default\" data-id=\"4c94e94\" data-element_type=\"section\" data-e-type=\"section\" data-settings=\"{&quot;background_background&quot;:&quot;classic&quot;}\">\n\t\t\t\t\t\t<div class=\"elementor-container elementor-column-gap-no\">\n\t\t\t\t\t<div class=\"elementor-column elementor-col-100 elementor-top-column elementor-element elementor-element-925bb8e\" data-id=\"925bb8e\" data-element_type=\"column\" data-e-type=\"column\">\n\t\t\t<div class=\"elementor-widget-wrap elementor-element-populated\">\n\t\t\t\t\t\t<div class=\"elementor-element elementor-element-fd9189c elementor-widget elementor-widget-theme-post-title elementor-page-title elementor-widget-heading\" data-id=\"fd9189c\" data-element_type=\"widget\" data-e-type=\"widget\" data-widget_type=\"theme-post-title.default\">\n\t\t\t\t<div class=\"elementor-widget-container\">\n\t\t\t\t\t<h1 class=\"elementor-heading-title elementor-size-default\">11 years at Werner Wohnbau! And we say THANK YOU.<\/h1>\t\t\t\t<\/div>\n\t\t\t\t<\/div>\n\t\t\t\t<div data-dce-text-color=\"#FFFFFF\" class=\"elementor-element elementor-element-9453165 newstext elementor-widget elementor-widget-theme-post-content\" data-id=\"9453165\" data-element_type=\"widget\" data-e-type=\"widget\" data-widget_type=\"theme-post-content.default\">\n\t\t\t\t<div class=\"elementor-widget-container\">\n\t\t\t\t\t\n<p>Congratulations to our esteemed colleague Christian on his anniversary!<\/p>\n\t\t\t\t<\/div>\n\t\t\t\t<\/div>\n\t\t\t\t<div class=\"elementor-element elementor-element-529db4c elementor-align-right elementor-widget elementor-widget-button\" data-id=\"529db4c\" data-element_type=\"widget\" data-e-type=\"widget\" data-widget_type=\"button.default\">\n\t\t\t\t<div class=\"elementor-widget-container\">\n\t\t\t\t\t\t\t\t\t<div class=\"elementor-button-wrapper\">\n\t\t\t\t\t<a class=\"elementor-button elementor-button-link elementor-size-xs\" href=\"https:\/\/www.werner-wohnbau.de\/en\/nachrichten\/11-years-at-werner-wohnbau-and-we-say-thank-you\/\">\n\t\t\t\t\t\t<span class=\"elementor-button-content-wrapper\">\n\t\t\t\t\t\t\t\t\t<span class=\"elementor-button-text\">READ ON ...<\/span>\n\t\t\t\t\t<\/span>\n\t\t\t\t\t<\/a>\n\t\t\t\t<\/div>\n\t\t\t\t\t\t\t\t<\/div>\n\t\t\t\t<\/div>\n\t\t\t\t\t<\/div>\n\t\t<\/div>\n\t\t\t\t\t<\/div>\n\t\t<\/section>\n\t\t\t\t<\/div>\n\t\t\t\t<div data-elementor-type=\"loop-item\" data-elementor-id=\"19057\" class=\"elementor elementor-19057 elementor-3752 e-loop-item e-loop-item-20005 post-20005 nachrichten type-nachrichten status-publish has-post-thumbnail hentry\" data-elementor-post-type=\"elementor_library\" data-custom-edit-handle=\"1\">\n\t\t\t\t\t<section class=\"elementor-section elementor-top-section elementor-element elementor-element-b41ea66 elementor-section-boxed elementor-section-height-default elementor-section-height-default\" data-id=\"b41ea66\" data-element_type=\"section\" data-e-type=\"section\">\n\t\t\t\t\t\t<div class=\"elementor-container elementor-column-gap-no\">\n\t\t\t\t\t<div class=\"elementor-column elementor-col-100 elementor-top-column elementor-element elementor-element-da66870\" data-id=\"da66870\" data-element_type=\"column\" data-e-type=\"column\">\n\t\t\t<div class=\"elementor-widget-wrap elementor-element-populated\">\n\t\t\t\t\t\t<div class=\"elementor-element elementor-element-6f7cb2d elementor-widget elementor-widget-theme-post-featured-image elementor-widget-image\" data-id=\"6f7cb2d\" data-element_type=\"widget\" data-e-type=\"widget\" data-widget_type=\"theme-post-featured-image.default\">\n\t\t\t\t<div class=\"elementor-widget-container\">\n\t\t\t\t\t\t\t\t\t\t\t\t\t\t\t<img loading=\"lazy\" decoding=\"async\" width=\"976\" height=\"649\" src=\"https:\/\/www.werner-wohnbau.de\/wp-content\/uploads\/2024\/01\/Bildquelle-Feldner-Muehle.jpg\" class=\"attachment-full size-full wp-image-17925\" alt=\"\" srcset=\"https:\/\/www.werner-wohnbau.de\/wp-content\/uploads\/2024\/01\/Bildquelle-Feldner-Muehle.jpg 976w, https:\/\/www.werner-wohnbau.de\/wp-content\/uploads\/2024\/01\/Bildquelle-Feldner-Muehle-300x199.jpg 300w, https:\/\/www.werner-wohnbau.de\/wp-content\/uploads\/2024\/01\/Bildquelle-Feldner-Muehle-768x511.jpg 768w\" sizes=\"(max-width: 976px) 100vw, 976px\" \/>\t\t\t\t\t\t\t\t\t\t\t\t\t\t\t<\/div>\n\t\t\t\t<\/div>\n\t\t\t\t\t<\/div>\n\t\t<\/div>\n\t\t\t\t\t<\/div>\n\t\t<\/section>\n\t\t\t\t<section class=\"elementor-section elementor-top-section elementor-element elementor-element-4c94e94 elementor-section-boxed elementor-section-height-default elementor-section-height-default\" data-id=\"4c94e94\" data-element_type=\"section\" data-e-type=\"section\" data-settings=\"{&quot;background_background&quot;:&quot;classic&quot;}\">\n\t\t\t\t\t\t<div class=\"elementor-container elementor-column-gap-no\">\n\t\t\t\t\t<div class=\"elementor-column elementor-col-100 elementor-top-column elementor-element elementor-element-925bb8e\" data-id=\"925bb8e\" data-element_type=\"column\" data-e-type=\"column\">\n\t\t\t<div class=\"elementor-widget-wrap elementor-element-populated\">\n\t\t\t\t\t\t<div class=\"elementor-element elementor-element-fd9189c elementor-widget elementor-widget-theme-post-title elementor-page-title elementor-widget-heading\" data-id=\"fd9189c\" data-element_type=\"widget\" data-e-type=\"widget\" data-widget_type=\"theme-post-title.default\">\n\t\t\t\t<div class=\"elementor-widget-container\">\n\t\t\t\t\t<h1 class=\"elementor-heading-title elementor-size-default\">&#8220;Donations instead of gifts&#8221; &#8211; a project close to our hearts<\/h1>\t\t\t\t<\/div>\n\t\t\t\t<\/div>\n\t\t\t\t<div data-dce-text-color=\"#FFFFFF\" class=\"elementor-element elementor-element-9453165 newstext elementor-widget elementor-widget-theme-post-content\" data-id=\"9453165\" data-element_type=\"widget\" data-e-type=\"widget\" data-widget_type=\"theme-post-content.default\">\n\t\t\t\t<div class=\"elementor-widget-container\">\n\t\t\t\t\t\n<p>Anniversary donations and Christmas donations add up to EUR 10,880 for a good cause.<\/p>\n\t\t\t\t<\/div>\n\t\t\t\t<\/div>\n\t\t\t\t<div class=\"elementor-element elementor-element-529db4c elementor-align-right elementor-widget elementor-widget-button\" data-id=\"529db4c\" data-element_type=\"widget\" data-e-type=\"widget\" data-widget_type=\"button.default\">\n\t\t\t\t<div class=\"elementor-widget-container\">\n\t\t\t\t\t\t\t\t\t<div class=\"elementor-button-wrapper\">\n\t\t\t\t\t<a class=\"elementor-button elementor-button-link elementor-size-xs\" href=\"https:\/\/www.werner-wohnbau.de\/en\/nachrichten\/donations-instead-of-gifts-a-project-close-to-our-hearts\/\">\n\t\t\t\t\t\t<span class=\"elementor-button-content-wrapper\">\n\t\t\t\t\t\t\t\t\t<span class=\"elementor-button-text\">READ ON ...<\/span>\n\t\t\t\t\t<\/span>\n\t\t\t\t\t<\/a>\n\t\t\t\t<\/div>\n\t\t\t\t\t\t\t\t<\/div>\n\t\t\t\t<\/div>\n\t\t\t\t\t<\/div>\n\t\t<\/div>\n\t\t\t\t\t<\/div>\n\t\t<\/section>\n\t\t\t\t<\/div>\n\t\t\t\t<div data-elementor-type=\"loop-item\" data-elementor-id=\"19057\" class=\"elementor elementor-19057 elementor-3752 e-loop-item e-loop-item-19989 post-19989 nachrichten type-nachrichten status-publish has-post-thumbnail hentry\" data-elementor-post-type=\"elementor_library\" data-custom-edit-handle=\"1\">\n\t\t\t\t\t<section class=\"elementor-section elementor-top-section elementor-element elementor-element-b41ea66 elementor-section-boxed elementor-section-height-default elementor-section-height-default\" data-id=\"b41ea66\" data-element_type=\"section\" data-e-type=\"section\">\n\t\t\t\t\t\t<div class=\"elementor-container elementor-column-gap-no\">\n\t\t\t\t\t<div class=\"elementor-column elementor-col-100 elementor-top-column elementor-element elementor-element-da66870\" data-id=\"da66870\" data-element_type=\"column\" data-e-type=\"column\">\n\t\t\t<div class=\"elementor-widget-wrap elementor-element-populated\">\n\t\t\t\t\t\t<div class=\"elementor-element elementor-element-6f7cb2d elementor-widget elementor-widget-theme-post-featured-image elementor-widget-image\" data-id=\"6f7cb2d\" data-element_type=\"widget\" data-e-type=\"widget\" data-widget_type=\"theme-post-featured-image.default\">\n\t\t\t\t<div class=\"elementor-widget-container\">\n\t\t\t\t\t\t\t\t\t\t\t\t\t\t\t<img loading=\"lazy\" decoding=\"async\" width=\"2048\" height=\"1377\" src=\"https:\/\/www.werner-wohnbau.de\/wp-content\/uploads\/2024\/01\/image00007_Anschnitt.jpg\" class=\"attachment-full size-full wp-image-17791\" alt=\"\" srcset=\"https:\/\/www.werner-wohnbau.de\/wp-content\/uploads\/2024\/01\/image00007_Anschnitt.jpg 2048w, https:\/\/www.werner-wohnbau.de\/wp-content\/uploads\/2024\/01\/image00007_Anschnitt-300x202.jpg 300w, https:\/\/www.werner-wohnbau.de\/wp-content\/uploads\/2024\/01\/image00007_Anschnitt-1024x689.jpg 1024w, https:\/\/www.werner-wohnbau.de\/wp-content\/uploads\/2024\/01\/image00007_Anschnitt-768x516.jpg 768w, https:\/\/www.werner-wohnbau.de\/wp-content\/uploads\/2024\/01\/image00007_Anschnitt-1536x1033.jpg 1536w\" sizes=\"(max-width: 2048px) 100vw, 2048px\" \/>\t\t\t\t\t\t\t\t\t\t\t\t\t\t\t<\/div>\n\t\t\t\t<\/div>\n\t\t\t\t\t<\/div>\n\t\t<\/div>\n\t\t\t\t\t<\/div>\n\t\t<\/section>\n\t\t\t\t<section class=\"elementor-section elementor-top-section elementor-element elementor-element-4c94e94 elementor-section-boxed elementor-section-height-default elementor-section-height-default\" data-id=\"4c94e94\" data-element_type=\"section\" data-e-type=\"section\" data-settings=\"{&quot;background_background&quot;:&quot;classic&quot;}\">\n\t\t\t\t\t\t<div class=\"elementor-container elementor-column-gap-no\">\n\t\t\t\t\t<div class=\"elementor-column elementor-col-100 elementor-top-column elementor-element elementor-element-925bb8e\" data-id=\"925bb8e\" data-element_type=\"column\" data-e-type=\"column\">\n\t\t\t<div class=\"elementor-widget-wrap elementor-element-populated\">\n\t\t\t\t\t\t<div class=\"elementor-element elementor-element-fd9189c elementor-widget elementor-widget-theme-post-title elementor-page-title elementor-widget-heading\" data-id=\"fd9189c\" data-element_type=\"widget\" data-e-type=\"widget\" data-widget_type=\"theme-post-title.default\">\n\t\t\t\t<div class=\"elementor-widget-container\">\n\t\t\t\t\t<h1 class=\"elementor-heading-title elementor-size-default\">Show house Leipzig &#8211; we have something with IKEA<\/h1>\t\t\t\t<\/div>\n\t\t\t\t<\/div>\n\t\t\t\t<div data-dce-text-color=\"#FFFFFF\" class=\"elementor-element elementor-element-9453165 newstext elementor-widget elementor-widget-theme-post-content\" data-id=\"9453165\" data-element_type=\"widget\" data-e-type=\"widget\" data-widget_type=\"theme-post-content.default\">\n\t\t\t\t<div class=\"elementor-widget-container\">\n\t\t\t\t\t\n<p>Highly functional storage space solutions created on three floors. Discover your possibilities! <\/p>\n\t\t\t\t<\/div>\n\t\t\t\t<\/div>\n\t\t\t\t<div class=\"elementor-element elementor-element-529db4c elementor-align-right elementor-widget elementor-widget-button\" data-id=\"529db4c\" data-element_type=\"widget\" data-e-type=\"widget\" data-widget_type=\"button.default\">\n\t\t\t\t<div class=\"elementor-widget-container\">\n\t\t\t\t\t\t\t\t\t<div class=\"elementor-button-wrapper\">\n\t\t\t\t\t<a class=\"elementor-button elementor-button-link elementor-size-xs\" href=\"https:\/\/www.werner-wohnbau.de\/en\/nachrichten\/show-house-leipzig-we-have-something-with-ikea\/\">\n\t\t\t\t\t\t<span class=\"elementor-button-content-wrapper\">\n\t\t\t\t\t\t\t\t\t<span class=\"elementor-button-text\">READ ON ...<\/span>\n\t\t\t\t\t<\/span>\n\t\t\t\t\t<\/a>\n\t\t\t\t<\/div>\n\t\t\t\t\t\t\t\t<\/div>\n\t\t\t\t<\/div>\n\t\t\t\t\t<\/div>\n\t\t<\/div>\n\t\t\t\t\t<\/div>\n\t\t<\/section>\n\t\t\t\t<\/div>\n\t\t\t\t<div data-elementor-type=\"loop-item\" data-elementor-id=\"19057\" class=\"elementor elementor-19057 elementor-3752 e-loop-item e-loop-item-20004 post-20004 nachrichten type-nachrichten status-publish has-post-thumbnail hentry\" data-elementor-post-type=\"elementor_library\" data-custom-edit-handle=\"1\">\n\t\t\t\t\t<section class=\"elementor-section elementor-top-section elementor-element elementor-element-b41ea66 elementor-section-boxed elementor-section-height-default elementor-section-height-default\" data-id=\"b41ea66\" data-element_type=\"section\" data-e-type=\"section\">\n\t\t\t\t\t\t<div class=\"elementor-container elementor-column-gap-no\">\n\t\t\t\t\t<div class=\"elementor-column elementor-col-100 elementor-top-column elementor-element elementor-element-da66870\" data-id=\"da66870\" data-element_type=\"column\" data-e-type=\"column\">\n\t\t\t<div class=\"elementor-widget-wrap elementor-element-populated\">\n\t\t\t\t\t\t<div class=\"elementor-element elementor-element-6f7cb2d elementor-widget elementor-widget-theme-post-featured-image elementor-widget-image\" data-id=\"6f7cb2d\" data-element_type=\"widget\" data-e-type=\"widget\" data-widget_type=\"theme-post-featured-image.default\">\n\t\t\t\t<div class=\"elementor-widget-container\">\n\t\t\t\t\t\t\t\t\t\t\t\t\t\t\t<img loading=\"lazy\" decoding=\"async\" width=\"2560\" height=\"1440\" src=\"https:\/\/www.werner-wohnbau.de\/wp-content\/uploads\/2023\/11\/Vorabzug_Garten-Front-scaled.jpg\" class=\"attachment-full size-full wp-image-17692\" alt=\"\" srcset=\"https:\/\/www.werner-wohnbau.de\/wp-content\/uploads\/2023\/11\/Vorabzug_Garten-Front-scaled.jpg 2560w, https:\/\/www.werner-wohnbau.de\/wp-content\/uploads\/2023\/11\/Vorabzug_Garten-Front-300x169.jpg 300w, https:\/\/www.werner-wohnbau.de\/wp-content\/uploads\/2023\/11\/Vorabzug_Garten-Front-1024x576.jpg 1024w, https:\/\/www.werner-wohnbau.de\/wp-content\/uploads\/2023\/11\/Vorabzug_Garten-Front-768x432.jpg 768w, https:\/\/www.werner-wohnbau.de\/wp-content\/uploads\/2023\/11\/Vorabzug_Garten-Front-1536x864.jpg 1536w, https:\/\/www.werner-wohnbau.de\/wp-content\/uploads\/2023\/11\/Vorabzug_Garten-Front-2048x1152.jpg 2048w\" sizes=\"(max-width: 2560px) 100vw, 2560px\" \/>\t\t\t\t\t\t\t\t\t\t\t\t\t\t\t<\/div>\n\t\t\t\t<\/div>\n\t\t\t\t\t<\/div>\n\t\t<\/div>\n\t\t\t\t\t<\/div>\n\t\t<\/section>\n\t\t\t\t<section class=\"elementor-section elementor-top-section elementor-element elementor-element-4c94e94 elementor-section-boxed elementor-section-height-default elementor-section-height-default\" data-id=\"4c94e94\" data-element_type=\"section\" data-e-type=\"section\" data-settings=\"{&quot;background_background&quot;:&quot;classic&quot;}\">\n\t\t\t\t\t\t<div class=\"elementor-container elementor-column-gap-no\">\n\t\t\t\t\t<div class=\"elementor-column elementor-col-100 elementor-top-column elementor-element elementor-element-925bb8e\" data-id=\"925bb8e\" data-element_type=\"column\" data-e-type=\"column\">\n\t\t\t<div class=\"elementor-widget-wrap elementor-element-populated\">\n\t\t\t\t\t\t<div class=\"elementor-element elementor-element-fd9189c elementor-widget elementor-widget-theme-post-title elementor-page-title elementor-widget-heading\" data-id=\"fd9189c\" data-element_type=\"widget\" data-e-type=\"widget\" data-widget_type=\"theme-post-title.default\">\n\t\t\t\t<div class=\"elementor-widget-container\">\n\t\t\t\t\t<h1 class=\"elementor-heading-title elementor-size-default\">What will happen to our construction projects in the first quarter?<\/h1>\t\t\t\t<\/div>\n\t\t\t\t<\/div>\n\t\t\t\t<div data-dce-text-color=\"#FFFFFF\" class=\"elementor-element elementor-element-9453165 newstext elementor-widget elementor-widget-theme-post-content\" data-id=\"9453165\" data-element_type=\"widget\" data-e-type=\"widget\" data-widget_type=\"theme-post-content.default\">\n\t\t\t\t<div class=\"elementor-widget-container\">\n\t\t\t\t\t\n<p>High interest rates are shaking up the real estate sector. Sales figures and prices are falling to record lows. We continue to build!  <\/p>\n\t\t\t\t<\/div>\n\t\t\t\t<\/div>\n\t\t\t\t<div class=\"elementor-element elementor-element-529db4c elementor-align-right elementor-widget elementor-widget-button\" data-id=\"529db4c\" data-element_type=\"widget\" data-e-type=\"widget\" data-widget_type=\"button.default\">\n\t\t\t\t<div class=\"elementor-widget-container\">\n\t\t\t\t\t\t\t\t\t<div class=\"elementor-button-wrapper\">\n\t\t\t\t\t<a class=\"elementor-button elementor-button-link elementor-size-xs\" href=\"https:\/\/www.werner-wohnbau.de\/en\/nachrichten\/what-will-happen-to-our-construction-projects-in-the-first-quarter\/\">\n\t\t\t\t\t\t<span class=\"elementor-button-content-wrapper\">\n\t\t\t\t\t\t\t\t\t<span class=\"elementor-button-text\">READ ON ...<\/span>\n\t\t\t\t\t<\/span>\n\t\t\t\t\t<\/a>\n\t\t\t\t<\/div>\n\t\t\t\t\t\t\t\t<\/div>\n\t\t\t\t<\/div>\n\t\t\t\t\t<\/div>\n\t\t<\/div>\n\t\t\t\t\t<\/div>\n\t\t<\/section>\n\t\t\t\t<\/div>\n\t\t\t\t<div data-elementor-type=\"loop-item\" data-elementor-id=\"19057\" class=\"elementor elementor-19057 elementor-3752 e-loop-item e-loop-item-19988 post-19988 nachrichten type-nachrichten status-publish has-post-thumbnail hentry\" data-elementor-post-type=\"elementor_library\" data-custom-edit-handle=\"1\">\n\t\t\t\t\t<section class=\"elementor-section elementor-top-section elementor-element elementor-element-b41ea66 elementor-section-boxed elementor-section-height-default elementor-section-height-default\" data-id=\"b41ea66\" data-element_type=\"section\" data-e-type=\"section\">\n\t\t\t\t\t\t<div class=\"elementor-container elementor-column-gap-no\">\n\t\t\t\t\t<div class=\"elementor-column elementor-col-100 elementor-top-column elementor-element elementor-element-da66870\" data-id=\"da66870\" data-element_type=\"column\" data-e-type=\"column\">\n\t\t\t<div class=\"elementor-widget-wrap elementor-element-populated\">\n\t\t\t\t\t\t<div class=\"elementor-element elementor-element-6f7cb2d elementor-widget elementor-widget-theme-post-featured-image elementor-widget-image\" data-id=\"6f7cb2d\" data-element_type=\"widget\" data-e-type=\"widget\" data-widget_type=\"theme-post-featured-image.default\">\n\t\t\t\t<div class=\"elementor-widget-container\">\n\t\t\t\t\t\t\t\t\t\t\t\t\t\t\t<img loading=\"lazy\" decoding=\"async\" width=\"2560\" height=\"1688\" src=\"https:\/\/www.werner-wohnbau.de\/wp-content\/uploads\/2023\/07\/IMG_4859__bearbeitet-scaled.jpg\" class=\"attachment-full size-full wp-image-17366\" alt=\"\" srcset=\"https:\/\/www.werner-wohnbau.de\/wp-content\/uploads\/2023\/07\/IMG_4859__bearbeitet-scaled.jpg 2560w, https:\/\/www.werner-wohnbau.de\/wp-content\/uploads\/2023\/07\/IMG_4859__bearbeitet-300x198.jpg 300w, https:\/\/www.werner-wohnbau.de\/wp-content\/uploads\/2023\/07\/IMG_4859__bearbeitet-1024x675.jpg 1024w, https:\/\/www.werner-wohnbau.de\/wp-content\/uploads\/2023\/07\/IMG_4859__bearbeitet-768x506.jpg 768w, https:\/\/www.werner-wohnbau.de\/wp-content\/uploads\/2023\/07\/IMG_4859__bearbeitet-1536x1013.jpg 1536w, https:\/\/www.werner-wohnbau.de\/wp-content\/uploads\/2023\/07\/IMG_4859__bearbeitet-2048x1351.jpg 2048w\" sizes=\"(max-width: 2560px) 100vw, 2560px\" \/>\t\t\t\t\t\t\t\t\t\t\t\t\t\t\t<\/div>\n\t\t\t\t<\/div>\n\t\t\t\t\t<\/div>\n\t\t<\/div>\n\t\t\t\t\t<\/div>\n\t\t<\/section>\n\t\t\t\t<section class=\"elementor-section elementor-top-section elementor-element elementor-element-4c94e94 elementor-section-boxed elementor-section-height-default elementor-section-height-default\" data-id=\"4c94e94\" data-element_type=\"section\" data-e-type=\"section\" data-settings=\"{&quot;background_background&quot;:&quot;classic&quot;}\">\n\t\t\t\t\t\t<div class=\"elementor-container elementor-column-gap-no\">\n\t\t\t\t\t<div class=\"elementor-column elementor-col-100 elementor-top-column elementor-element elementor-element-925bb8e\" data-id=\"925bb8e\" data-element_type=\"column\" data-e-type=\"column\">\n\t\t\t<div class=\"elementor-widget-wrap elementor-element-populated\">\n\t\t\t\t\t\t<div class=\"elementor-element elementor-element-fd9189c elementor-widget elementor-widget-theme-post-title elementor-page-title elementor-widget-heading\" data-id=\"fd9189c\" data-element_type=\"widget\" data-e-type=\"widget\" data-widget_type=\"theme-post-title.default\">\n\t\t\t\t<div class=\"elementor-widget-container\">\n\t\t\t\t\t<h1 class=\"elementor-heading-title elementor-size-default\">30 years of Werner Wohnbau! And that was celebrated!<\/h1>\t\t\t\t<\/div>\n\t\t\t\t<\/div>\n\t\t\t\t<div data-dce-text-color=\"#FFFFFF\" class=\"elementor-element elementor-element-9453165 newstext elementor-widget elementor-widget-theme-post-content\" data-id=\"9453165\" data-element_type=\"widget\" data-e-type=\"widget\" data-widget_type=\"theme-post-content.default\">\n\t\t\t\t<div class=\"elementor-widget-container\">\n\t\t\t\t\t\n<p>We shared this happy event with families, partner companies and friends throughout the day.  <\/p>\n\t\t\t\t<\/div>\n\t\t\t\t<\/div>\n\t\t\t\t<div class=\"elementor-element elementor-element-529db4c elementor-align-right elementor-widget elementor-widget-button\" data-id=\"529db4c\" data-element_type=\"widget\" data-e-type=\"widget\" data-widget_type=\"button.default\">\n\t\t\t\t<div class=\"elementor-widget-container\">\n\t\t\t\t\t\t\t\t\t<div class=\"elementor-button-wrapper\">\n\t\t\t\t\t<a class=\"elementor-button elementor-button-link elementor-size-xs\" href=\"https:\/\/www.werner-wohnbau.de\/en\/nachrichten\/30-years-of-werner-wohnbau-and-that-was-celebrated\/\">\n\t\t\t\t\t\t<span class=\"elementor-button-content-wrapper\">\n\t\t\t\t\t\t\t\t\t<span class=\"elementor-button-text\">READ ON ...<\/span>\n\t\t\t\t\t<\/span>\n\t\t\t\t\t<\/a>\n\t\t\t\t<\/div>\n\t\t\t\t\t\t\t\t<\/div>\n\t\t\t\t<\/div>\n\t\t\t\t\t<\/div>\n\t\t<\/div>\n\t\t\t\t\t<\/div>\n\t\t<\/section>\n\t\t\t\t<\/div>\n\t\t\t\t<div data-elementor-type=\"loop-item\" data-elementor-id=\"19057\" class=\"elementor elementor-19057 elementor-3752 e-loop-item e-loop-item-19987 post-19987 nachrichten type-nachrichten status-publish has-post-thumbnail hentry\" data-elementor-post-type=\"elementor_library\" data-custom-edit-handle=\"1\">\n\t\t\t\t\t<section class=\"elementor-section elementor-top-section elementor-element elementor-element-b41ea66 elementor-section-boxed elementor-section-height-default elementor-section-height-default\" data-id=\"b41ea66\" data-element_type=\"section\" data-e-type=\"section\">\n\t\t\t\t\t\t<div class=\"elementor-container elementor-column-gap-no\">\n\t\t\t\t\t<div class=\"elementor-column elementor-col-100 elementor-top-column elementor-element elementor-element-da66870\" data-id=\"da66870\" data-element_type=\"column\" data-e-type=\"column\">\n\t\t\t<div class=\"elementor-widget-wrap elementor-element-populated\">\n\t\t\t\t\t\t<div class=\"elementor-element elementor-element-6f7cb2d elementor-widget elementor-widget-theme-post-featured-image elementor-widget-image\" data-id=\"6f7cb2d\" data-element_type=\"widget\" data-e-type=\"widget\" data-widget_type=\"theme-post-featured-image.default\">\n\t\t\t\t<div class=\"elementor-widget-container\">\n\t\t\t\t\t\t\t\t\t\t\t\t\t\t\t<img loading=\"lazy\" decoding=\"async\" width=\"2000\" height=\"1414\" src=\"https:\/\/www.werner-wohnbau.de\/wp-content\/uploads\/2023\/09\/Eisspeicher.png\" class=\"attachment-full size-full wp-image-17543\" alt=\"\" srcset=\"https:\/\/www.werner-wohnbau.de\/wp-content\/uploads\/2023\/09\/Eisspeicher.png 2000w, https:\/\/www.werner-wohnbau.de\/wp-content\/uploads\/2023\/09\/Eisspeicher-300x212.png 300w, https:\/\/www.werner-wohnbau.de\/wp-content\/uploads\/2023\/09\/Eisspeicher-1024x724.png 1024w, https:\/\/www.werner-wohnbau.de\/wp-content\/uploads\/2023\/09\/Eisspeicher-768x543.png 768w, https:\/\/www.werner-wohnbau.de\/wp-content\/uploads\/2023\/09\/Eisspeicher-1536x1086.png 1536w\" sizes=\"(max-width: 2000px) 100vw, 2000px\" \/>\t\t\t\t\t\t\t\t\t\t\t\t\t\t\t<\/div>\n\t\t\t\t<\/div>\n\t\t\t\t\t<\/div>\n\t\t<\/div>\n\t\t\t\t\t<\/div>\n\t\t<\/section>\n\t\t\t\t<section class=\"elementor-section elementor-top-section elementor-element elementor-element-4c94e94 elementor-section-boxed elementor-section-height-default elementor-section-height-default\" data-id=\"4c94e94\" data-element_type=\"section\" data-e-type=\"section\" data-settings=\"{&quot;background_background&quot;:&quot;classic&quot;}\">\n\t\t\t\t\t\t<div class=\"elementor-container elementor-column-gap-no\">\n\t\t\t\t\t<div class=\"elementor-column elementor-col-100 elementor-top-column elementor-element elementor-element-925bb8e\" data-id=\"925bb8e\" data-element_type=\"column\" data-e-type=\"column\">\n\t\t\t<div class=\"elementor-widget-wrap elementor-element-populated\">\n\t\t\t\t\t\t<div class=\"elementor-element elementor-element-fd9189c elementor-widget elementor-widget-theme-post-title elementor-page-title elementor-widget-heading\" data-id=\"fd9189c\" data-element_type=\"widget\" data-e-type=\"widget\" data-widget_type=\"theme-post-title.default\">\n\t\t\t\t<div class=\"elementor-widget-container\">\n\t\t\t\t\t<h1 class=\"elementor-heading-title elementor-size-default\">Start of installation of state-of-the-art ice storage technology<\/h1>\t\t\t\t<\/div>\n\t\t\t\t<\/div>\n\t\t\t\t<div data-dce-text-color=\"#FFFFFF\" class=\"elementor-element elementor-element-9453165 newstext elementor-widget elementor-widget-theme-post-content\" data-id=\"9453165\" data-element_type=\"widget\" data-e-type=\"widget\" data-widget_type=\"theme-post-content.default\">\n\t\t\t\t<div class=\"elementor-widget-container\">\n\t\t\t\t\t\n<p>Heating networks are an important component of a sustainable heat supply. We have been supporting investments in energy-efficient heating networks in Baden-W\u00fcrttemberg since 2016 with our <a href=\"https:\/\/www.facebook.com\/hashtag\/f%C3%B6rderprogramm?__eep__=6&amp;__cft__%5B0%5D=AZUd5pXzOZ3kfYS-yuJISSiTF8rWHW_coindqnbk0NjDF9F_bU8cAzuJ1zqVxMw3YryIHxCgoulCxbvQueOgnFqfHhWb4xUSvaoUiqTO4zE2IdPX0FSLYSF70n-HfT7PIUMF48f9SMY1H39FO_UDjvsrMu4aqlo5FqIYFtd4XMN9kMR84fG-jRCi3qmFDfV1Uwo&amp;__tn__=*NK-R\">#funding program<\/a>,&#8221; emphasized Environment and Energy Minister Thekla Walker in Stuttgart. <\/p>\n\t\t\t\t<\/div>\n\t\t\t\t<\/div>\n\t\t\t\t<div class=\"elementor-element elementor-element-529db4c elementor-align-right elementor-widget elementor-widget-button\" data-id=\"529db4c\" data-element_type=\"widget\" data-e-type=\"widget\" data-widget_type=\"button.default\">\n\t\t\t\t<div class=\"elementor-widget-container\">\n\t\t\t\t\t\t\t\t\t<div class=\"elementor-button-wrapper\">\n\t\t\t\t\t<a class=\"elementor-button elementor-button-link elementor-size-xs\" href=\"https:\/\/www.werner-wohnbau.de\/en\/nachrichten\/start-of-installation-of-state-of-the-art-ice-storage-technology\/\">\n\t\t\t\t\t\t<span class=\"elementor-button-content-wrapper\">\n\t\t\t\t\t\t\t\t\t<span class=\"elementor-button-text\">READ ON ...<\/span>\n\t\t\t\t\t<\/span>\n\t\t\t\t\t<\/a>\n\t\t\t\t<\/div>\n\t\t\t\t\t\t\t\t<\/div>\n\t\t\t\t<\/div>\n\t\t\t\t\t<\/div>\n\t\t<\/div>\n\t\t\t\t\t<\/div>\n\t\t<\/section>\n\t\t\t\t<\/div>\n\t\t\t\t<div data-elementor-type=\"loop-item\" data-elementor-id=\"19057\" class=\"elementor elementor-19057 elementor-3752 e-loop-item e-loop-item-19984 post-19984 nachrichten type-nachrichten status-publish has-post-thumbnail hentry\" data-elementor-post-type=\"elementor_library\" data-custom-edit-handle=\"1\">\n\t\t\t\t\t<section class=\"elementor-section elementor-top-section elementor-element elementor-element-b41ea66 elementor-section-boxed elementor-section-height-default elementor-section-height-default\" data-id=\"b41ea66\" data-element_type=\"section\" data-e-type=\"section\">\n\t\t\t\t\t\t<div class=\"elementor-container elementor-column-gap-no\">\n\t\t\t\t\t<div class=\"elementor-column elementor-col-100 elementor-top-column elementor-element elementor-element-da66870\" data-id=\"da66870\" data-element_type=\"column\" data-e-type=\"column\">\n\t\t\t<div class=\"elementor-widget-wrap elementor-element-populated\">\n\t\t\t\t\t\t<div class=\"elementor-element elementor-element-6f7cb2d elementor-widget elementor-widget-theme-post-featured-image elementor-widget-image\" data-id=\"6f7cb2d\" data-element_type=\"widget\" data-e-type=\"widget\" data-widget_type=\"theme-post-featured-image.default\">\n\t\t\t\t<div class=\"elementor-widget-container\">\n\t\t\t\t\t\t\t\t\t\t\t\t\t\t\t<img loading=\"lazy\" decoding=\"async\" width=\"1080\" height=\"613\" src=\"https:\/\/www.werner-wohnbau.de\/wp-content\/uploads\/2023\/10\/BAUSTART-Schwabmuenchen-e1696947918405.png\" class=\"attachment-full size-full wp-image-17542\" alt=\"\" srcset=\"https:\/\/www.werner-wohnbau.de\/wp-content\/uploads\/2023\/10\/BAUSTART-Schwabmuenchen-e1696947918405.png 1080w, https:\/\/www.werner-wohnbau.de\/wp-content\/uploads\/2023\/10\/BAUSTART-Schwabmuenchen-e1696947918405-300x170.png 300w, https:\/\/www.werner-wohnbau.de\/wp-content\/uploads\/2023\/10\/BAUSTART-Schwabmuenchen-e1696947918405-1024x581.png 1024w, https:\/\/www.werner-wohnbau.de\/wp-content\/uploads\/2023\/10\/BAUSTART-Schwabmuenchen-e1696947918405-768x436.png 768w\" sizes=\"(max-width: 1080px) 100vw, 1080px\" \/>\t\t\t\t\t\t\t\t\t\t\t\t\t\t\t<\/div>\n\t\t\t\t<\/div>\n\t\t\t\t\t<\/div>\n\t\t<\/div>\n\t\t\t\t\t<\/div>\n\t\t<\/section>\n\t\t\t\t<section class=\"elementor-section elementor-top-section elementor-element elementor-element-4c94e94 elementor-section-boxed elementor-section-height-default elementor-section-height-default\" data-id=\"4c94e94\" data-element_type=\"section\" data-e-type=\"section\" data-settings=\"{&quot;background_background&quot;:&quot;classic&quot;}\">\n\t\t\t\t\t\t<div class=\"elementor-container elementor-column-gap-no\">\n\t\t\t\t\t<div class=\"elementor-column elementor-col-100 elementor-top-column elementor-element elementor-element-925bb8e\" data-id=\"925bb8e\" data-element_type=\"column\" data-e-type=\"column\">\n\t\t\t<div class=\"elementor-widget-wrap elementor-element-populated\">\n\t\t\t\t\t\t<div class=\"elementor-element elementor-element-fd9189c elementor-widget elementor-widget-theme-post-title elementor-page-title elementor-widget-heading\" data-id=\"fd9189c\" data-element_type=\"widget\" data-e-type=\"widget\" data-widget_type=\"theme-post-title.default\">\n\t\t\t\t<div class=\"elementor-widget-container\">\n\t\t\t\t\t<h1 class=\"elementor-heading-title elementor-size-default\">We will start the construction work in Schwabm\u00fcnchen soon<\/h1>\t\t\t\t<\/div>\n\t\t\t\t<\/div>\n\t\t\t\t<div data-dce-text-color=\"#FFFFFF\" class=\"elementor-element elementor-element-9453165 newstext elementor-widget elementor-widget-theme-post-content\" data-id=\"9453165\" data-element_type=\"widget\" data-e-type=\"widget\" data-widget_type=\"theme-post-content.default\">\n\t\t\t\t<div class=\"elementor-widget-container\">\n\t\t\t\t\t\n<p>In Schwabm\u00fcnchen, only approx. 26 km from Landsberg am Lech, we are building a total of 11 terraced houses and 2 semi-detached houses with approx. 141 m\u00b2 of living space.<\/p>\n\n<p><\/p>\n\t\t\t\t<\/div>\n\t\t\t\t<\/div>\n\t\t\t\t<div class=\"elementor-element elementor-element-529db4c elementor-align-right elementor-widget elementor-widget-button\" data-id=\"529db4c\" data-element_type=\"widget\" data-e-type=\"widget\" data-widget_type=\"button.default\">\n\t\t\t\t<div class=\"elementor-widget-container\">\n\t\t\t\t\t\t\t\t\t<div class=\"elementor-button-wrapper\">\n\t\t\t\t\t<a class=\"elementor-button elementor-button-link elementor-size-xs\" href=\"https:\/\/www.werner-wohnbau.de\/en\/nachrichten\/we-will-start-the-construction-work-in-schwabmuenchen-soon\/\">\n\t\t\t\t\t\t<span class=\"elementor-button-content-wrapper\">\n\t\t\t\t\t\t\t\t\t<span class=\"elementor-button-text\">READ ON ...<\/span>\n\t\t\t\t\t<\/span>\n\t\t\t\t\t<\/a>\n\t\t\t\t<\/div>\n\t\t\t\t\t\t\t\t<\/div>\n\t\t\t\t<\/div>\n\t\t\t\t\t<\/div>\n\t\t<\/div>\n\t\t\t\t\t<\/div>\n\t\t<\/section>\n\t\t\t\t<\/div>\n\t\t\t\t<div data-elementor-type=\"loop-item\" data-elementor-id=\"19057\" class=\"elementor elementor-19057 elementor-3752 e-loop-item e-loop-item-19982 post-19982 nachrichten type-nachrichten status-publish has-post-thumbnail hentry\" data-elementor-post-type=\"elementor_library\" data-custom-edit-handle=\"1\">\n\t\t\t\t\t<section class=\"elementor-section elementor-top-section elementor-element elementor-element-b41ea66 elementor-section-boxed elementor-section-height-default elementor-section-height-default\" data-id=\"b41ea66\" data-element_type=\"section\" data-e-type=\"section\">\n\t\t\t\t\t\t<div class=\"elementor-container elementor-column-gap-no\">\n\t\t\t\t\t<div class=\"elementor-column elementor-col-100 elementor-top-column elementor-element elementor-element-da66870\" data-id=\"da66870\" data-element_type=\"column\" data-e-type=\"column\">\n\t\t\t<div class=\"elementor-widget-wrap elementor-element-populated\">\n\t\t\t\t\t\t<div class=\"elementor-element elementor-element-6f7cb2d elementor-widget elementor-widget-theme-post-featured-image elementor-widget-image\" data-id=\"6f7cb2d\" data-element_type=\"widget\" data-e-type=\"widget\" data-widget_type=\"theme-post-featured-image.default\">\n\t\t\t\t<div class=\"elementor-widget-container\">\n\t\t\t\t\t\t\t\t\t\t\t\t\t\t\t<img loading=\"lazy\" decoding=\"async\" width=\"2000\" height=\"1414\" src=\"https:\/\/www.werner-wohnbau.de\/wp-content\/uploads\/2023\/10\/AUSVERKAUFT.png\" class=\"attachment-full size-full wp-image-17541\" alt=\"\" srcset=\"https:\/\/www.werner-wohnbau.de\/wp-content\/uploads\/2023\/10\/AUSVERKAUFT.png 2000w, https:\/\/www.werner-wohnbau.de\/wp-content\/uploads\/2023\/10\/AUSVERKAUFT-300x212.png 300w, https:\/\/www.werner-wohnbau.de\/wp-content\/uploads\/2023\/10\/AUSVERKAUFT-1024x724.png 1024w, https:\/\/www.werner-wohnbau.de\/wp-content\/uploads\/2023\/10\/AUSVERKAUFT-768x543.png 768w, https:\/\/www.werner-wohnbau.de\/wp-content\/uploads\/2023\/10\/AUSVERKAUFT-1536x1086.png 1536w\" sizes=\"(max-width: 2000px) 100vw, 2000px\" \/>\t\t\t\t\t\t\t\t\t\t\t\t\t\t\t<\/div>\n\t\t\t\t<\/div>\n\t\t\t\t\t<\/div>\n\t\t<\/div>\n\t\t\t\t\t<\/div>\n\t\t<\/section>\n\t\t\t\t<section class=\"elementor-section elementor-top-section elementor-element elementor-element-4c94e94 elementor-section-boxed elementor-section-height-default elementor-section-height-default\" data-id=\"4c94e94\" data-element_type=\"section\" data-e-type=\"section\" data-settings=\"{&quot;background_background&quot;:&quot;classic&quot;}\">\n\t\t\t\t\t\t<div class=\"elementor-container elementor-column-gap-no\">\n\t\t\t\t\t<div class=\"elementor-column elementor-col-100 elementor-top-column elementor-element elementor-element-925bb8e\" data-id=\"925bb8e\" data-element_type=\"column\" data-e-type=\"column\">\n\t\t\t<div class=\"elementor-widget-wrap elementor-element-populated\">\n\t\t\t\t\t\t<div class=\"elementor-element elementor-element-fd9189c elementor-widget elementor-widget-theme-post-title elementor-page-title elementor-widget-heading\" data-id=\"fd9189c\" data-element_type=\"widget\" data-e-type=\"widget\" data-widget_type=\"theme-post-title.default\">\n\t\t\t\t<div class=\"elementor-widget-container\">\n\t\t\t\t\t<h1 class=\"elementor-heading-title elementor-size-default\">We successfully completed our Linkenheim sales project<\/h1>\t\t\t\t<\/div>\n\t\t\t\t<\/div>\n\t\t\t\t<div data-dce-text-color=\"#FFFFFF\" class=\"elementor-element elementor-element-9453165 newstext elementor-widget elementor-widget-theme-post-content\" data-id=\"9453165\" data-element_type=\"widget\" data-e-type=\"widget\" data-widget_type=\"theme-post-content.default\">\n\t\t\t\t<div class=\"elementor-widget-container\">\n\t\t\t\t\t\n<p>Linkenheim-Hochstetten, with a population of around 12,000, has established itself as a modern residential community in recent decades.<\/p>\n\t\t\t\t<\/div>\n\t\t\t\t<\/div>\n\t\t\t\t<div class=\"elementor-element elementor-element-529db4c elementor-align-right elementor-widget elementor-widget-button\" data-id=\"529db4c\" data-element_type=\"widget\" data-e-type=\"widget\" data-widget_type=\"button.default\">\n\t\t\t\t<div class=\"elementor-widget-container\">\n\t\t\t\t\t\t\t\t\t<div class=\"elementor-button-wrapper\">\n\t\t\t\t\t<a class=\"elementor-button elementor-button-link elementor-size-xs\" href=\"https:\/\/www.werner-wohnbau.de\/en\/nachrichten\/we-successfully-completed-our-linkenheim-sales-project\/\">\n\t\t\t\t\t\t<span class=\"elementor-button-content-wrapper\">\n\t\t\t\t\t\t\t\t\t<span class=\"elementor-button-text\">READ ON ...<\/span>\n\t\t\t\t\t<\/span>\n\t\t\t\t\t<\/a>\n\t\t\t\t<\/div>\n\t\t\t\t\t\t\t\t<\/div>\n\t\t\t\t<\/div>\n\t\t\t\t\t<\/div>\n\t\t<\/div>\n\t\t\t\t\t<\/div>\n\t\t<\/section>\n\t\t\t\t<\/div>\n\t\t\t\t<div data-elementor-type=\"loop-item\" data-elementor-id=\"19057\" class=\"elementor elementor-19057 elementor-3752 e-loop-item e-loop-item-19980 post-19980 nachrichten type-nachrichten status-publish has-post-thumbnail hentry\" data-elementor-post-type=\"elementor_library\" data-custom-edit-handle=\"1\">\n\t\t\t\t\t<section class=\"elementor-section elementor-top-section elementor-element elementor-element-b41ea66 elementor-section-boxed elementor-section-height-default elementor-section-height-default\" data-id=\"b41ea66\" data-element_type=\"section\" data-e-type=\"section\">\n\t\t\t\t\t\t<div class=\"elementor-container elementor-column-gap-no\">\n\t\t\t\t\t<div class=\"elementor-column elementor-col-100 elementor-top-column elementor-element elementor-element-da66870\" data-id=\"da66870\" data-element_type=\"column\" data-e-type=\"column\">\n\t\t\t<div class=\"elementor-widget-wrap elementor-element-populated\">\n\t\t\t\t\t\t<div class=\"elementor-element elementor-element-6f7cb2d elementor-widget elementor-widget-theme-post-featured-image elementor-widget-image\" data-id=\"6f7cb2d\" data-element_type=\"widget\" data-e-type=\"widget\" data-widget_type=\"theme-post-featured-image.default\">\n\t\t\t\t<div class=\"elementor-widget-container\">\n\t\t\t\t\t\t\t\t\t\t\t\t\t\t\t<img loading=\"lazy\" decoding=\"async\" width=\"1279\" height=\"739\" src=\"https:\/\/www.werner-wohnbau.de\/wp-content\/uploads\/2023\/08\/handprints-2856837_1280.jpg\" class=\"attachment-full size-full wp-image-17400\" alt=\"\" srcset=\"https:\/\/www.werner-wohnbau.de\/wp-content\/uploads\/2023\/08\/handprints-2856837_1280.jpg 1279w, https:\/\/www.werner-wohnbau.de\/wp-content\/uploads\/2023\/08\/handprints-2856837_1280-300x173.jpg 300w, https:\/\/www.werner-wohnbau.de\/wp-content\/uploads\/2023\/08\/handprints-2856837_1280-1024x592.jpg 1024w, https:\/\/www.werner-wohnbau.de\/wp-content\/uploads\/2023\/08\/handprints-2856837_1280-768x444.jpg 768w\" sizes=\"(max-width: 1279px) 100vw, 1279px\" \/>\t\t\t\t\t\t\t\t\t\t\t\t\t\t\t<\/div>\n\t\t\t\t<\/div>\n\t\t\t\t\t<\/div>\n\t\t<\/div>\n\t\t\t\t\t<\/div>\n\t\t<\/section>\n\t\t\t\t<section class=\"elementor-section elementor-top-section elementor-element elementor-element-4c94e94 elementor-section-boxed elementor-section-height-default elementor-section-height-default\" data-id=\"4c94e94\" data-element_type=\"section\" data-e-type=\"section\" data-settings=\"{&quot;background_background&quot;:&quot;classic&quot;}\">\n\t\t\t\t\t\t<div class=\"elementor-container elementor-column-gap-no\">\n\t\t\t\t\t<div class=\"elementor-column elementor-col-100 elementor-top-column elementor-element elementor-element-925bb8e\" data-id=\"925bb8e\" data-element_type=\"column\" data-e-type=\"column\">\n\t\t\t<div class=\"elementor-widget-wrap elementor-element-populated\">\n\t\t\t\t\t\t<div class=\"elementor-element elementor-element-fd9189c elementor-widget elementor-widget-theme-post-title elementor-page-title elementor-widget-heading\" data-id=\"fd9189c\" data-element_type=\"widget\" data-e-type=\"widget\" data-widget_type=\"theme-post-title.default\">\n\t\t\t\t<div class=\"elementor-widget-container\">\n\t\t\t\t\t<h1 class=\"elementor-heading-title elementor-size-default\">7,500 \u20ac in donations for the Feldner M\u00fchle &#8211; We say THANK YOU!<\/h1>\t\t\t\t<\/div>\n\t\t\t\t<\/div>\n\t\t\t\t<div data-dce-text-color=\"#FFFFFF\" class=\"elementor-element elementor-element-9453165 newstext elementor-widget elementor-widget-theme-post-content\" data-id=\"9453165\" data-element_type=\"widget\" data-e-type=\"widget\" data-widget_type=\"theme-post-content.default\">\n\t\t\t\t<div class=\"elementor-widget-container\">\n\t\t\t\t\t\n<p>Mrs. M\u00e4der, manager of the Feldner M\u00fchle, is overwhelmed by this campaign and expressed this with kind words to the donors. We would like to thank all donors and are grateful to be able to make a contribution here with every handover. <\/p>\n\t\t\t\t<\/div>\n\t\t\t\t<\/div>\n\t\t\t\t<div class=\"elementor-element elementor-element-529db4c elementor-align-right elementor-widget elementor-widget-button\" data-id=\"529db4c\" data-element_type=\"widget\" data-e-type=\"widget\" data-widget_type=\"button.default\">\n\t\t\t\t<div class=\"elementor-widget-container\">\n\t\t\t\t\t\t\t\t\t<div class=\"elementor-button-wrapper\">\n\t\t\t\t\t<a class=\"elementor-button elementor-button-link elementor-size-xs\" href=\"https:\/\/www.werner-wohnbau.de\/en\/nachrichten\/7500-e-in-donations-for-the-feldner-muehle-we-say-thank-you\/\">\n\t\t\t\t\t\t<span class=\"elementor-button-content-wrapper\">\n\t\t\t\t\t\t\t\t\t<span class=\"elementor-button-text\">READ ON ...<\/span>\n\t\t\t\t\t<\/span>\n\t\t\t\t\t<\/a>\n\t\t\t\t<\/div>\n\t\t\t\t\t\t\t\t<\/div>\n\t\t\t\t<\/div>\n\t\t\t\t\t<\/div>\n\t\t<\/div>\n\t\t\t\t\t<\/div>\n\t\t<\/section>\n\t\t\t\t<\/div>\n\t\t\t\t<div data-elementor-type=\"loop-item\" data-elementor-id=\"19057\" class=\"elementor elementor-19057 elementor-3752 e-loop-item e-loop-item-19978 post-19978 nachrichten type-nachrichten status-publish has-post-thumbnail hentry\" data-elementor-post-type=\"elementor_library\" data-custom-edit-handle=\"1\">\n\t\t\t\t\t<section class=\"elementor-section elementor-top-section elementor-element elementor-element-b41ea66 elementor-section-boxed elementor-section-height-default elementor-section-height-default\" data-id=\"b41ea66\" data-element_type=\"section\" data-e-type=\"section\">\n\t\t\t\t\t\t<div class=\"elementor-container elementor-column-gap-no\">\n\t\t\t\t\t<div class=\"elementor-column elementor-col-100 elementor-top-column elementor-element elementor-element-da66870\" data-id=\"da66870\" data-element_type=\"column\" data-e-type=\"column\">\n\t\t\t<div class=\"elementor-widget-wrap elementor-element-populated\">\n\t\t\t\t\t\t<div class=\"elementor-element elementor-element-6f7cb2d elementor-widget elementor-widget-theme-post-featured-image elementor-widget-image\" data-id=\"6f7cb2d\" data-element_type=\"widget\" data-e-type=\"widget\" data-widget_type=\"theme-post-featured-image.default\">\n\t\t\t\t<div class=\"elementor-widget-container\">\n\t\t\t\t\t\t\t\t\t\t\t\t\t\t\t<img loading=\"lazy\" decoding=\"async\" width=\"2560\" height=\"1753\" src=\"https:\/\/www.werner-wohnbau.de\/wp-content\/uploads\/2023\/07\/IMG_4853-Zuschnitt-scaled.jpg\" class=\"attachment-full size-full wp-image-16165\" alt=\"\" srcset=\"https:\/\/www.werner-wohnbau.de\/wp-content\/uploads\/2023\/07\/IMG_4853-Zuschnitt-scaled.jpg 2560w, https:\/\/www.werner-wohnbau.de\/wp-content\/uploads\/2023\/07\/IMG_4853-Zuschnitt-300x205.jpg 300w, https:\/\/www.werner-wohnbau.de\/wp-content\/uploads\/2023\/07\/IMG_4853-Zuschnitt-1024x701.jpg 1024w, https:\/\/www.werner-wohnbau.de\/wp-content\/uploads\/2023\/07\/IMG_4853-Zuschnitt-768x526.jpg 768w, https:\/\/www.werner-wohnbau.de\/wp-content\/uploads\/2023\/07\/IMG_4853-Zuschnitt-1536x1052.jpg 1536w, https:\/\/www.werner-wohnbau.de\/wp-content\/uploads\/2023\/07\/IMG_4853-Zuschnitt-2048x1402.jpg 2048w\" sizes=\"(max-width: 2560px) 100vw, 2560px\" \/>\t\t\t\t\t\t\t\t\t\t\t\t\t\t\t<\/div>\n\t\t\t\t<\/div>\n\t\t\t\t\t<\/div>\n\t\t<\/div>\n\t\t\t\t\t<\/div>\n\t\t<\/section>\n\t\t\t\t<section class=\"elementor-section elementor-top-section elementor-element elementor-element-4c94e94 elementor-section-boxed elementor-section-height-default elementor-section-height-default\" data-id=\"4c94e94\" data-element_type=\"section\" data-e-type=\"section\" data-settings=\"{&quot;background_background&quot;:&quot;classic&quot;}\">\n\t\t\t\t\t\t<div class=\"elementor-container elementor-column-gap-no\">\n\t\t\t\t\t<div class=\"elementor-column elementor-col-100 elementor-top-column elementor-element elementor-element-925bb8e\" data-id=\"925bb8e\" data-element_type=\"column\" data-e-type=\"column\">\n\t\t\t<div class=\"elementor-widget-wrap elementor-element-populated\">\n\t\t\t\t\t\t<div class=\"elementor-element elementor-element-fd9189c elementor-widget elementor-widget-theme-post-title elementor-page-title elementor-widget-heading\" data-id=\"fd9189c\" data-element_type=\"widget\" data-e-type=\"widget\" data-widget_type=\"theme-post-title.default\">\n\t\t\t\t<div class=\"elementor-widget-container\">\n\t\t\t\t\t<h1 class=\"elementor-heading-title elementor-size-default\">Creditworthiness certificate for Werner Wohnbau GmbH &amp; Co. KG<\/h1>\t\t\t\t<\/div>\n\t\t\t\t<\/div>\n\t\t\t\t<div data-dce-text-color=\"#FFFFFF\" class=\"elementor-element elementor-element-9453165 newstext elementor-widget elementor-widget-theme-post-content\" data-id=\"9453165\" data-element_type=\"widget\" data-e-type=\"widget\" data-widget_type=\"theme-post-content.default\">\n\t\t\t\t<div class=\"elementor-widget-container\">\n\t\t\t\t\t\n<p>Despite the current circumstances, WERNER WOHNBAU GmbH &amp; Co. KG fulfills all criteria to a particularly high degree.<\/p>\n\t\t\t\t<\/div>\n\t\t\t\t<\/div>\n\t\t\t\t<div class=\"elementor-element elementor-element-529db4c elementor-align-right elementor-widget elementor-widget-button\" data-id=\"529db4c\" data-element_type=\"widget\" data-e-type=\"widget\" data-widget_type=\"button.default\">\n\t\t\t\t<div class=\"elementor-widget-container\">\n\t\t\t\t\t\t\t\t\t<div class=\"elementor-button-wrapper\">\n\t\t\t\t\t<a class=\"elementor-button elementor-button-link elementor-size-xs\" href=\"https:\/\/www.werner-wohnbau.de\/en\/nachrichten\/creditworthiness-certificate-for-werner-wohnbau-gmbh-co-kg\/\">\n\t\t\t\t\t\t<span class=\"elementor-button-content-wrapper\">\n\t\t\t\t\t\t\t\t\t<span class=\"elementor-button-text\">READ ON ...<\/span>\n\t\t\t\t\t<\/span>\n\t\t\t\t\t<\/a>\n\t\t\t\t<\/div>\n\t\t\t\t\t\t\t\t<\/div>\n\t\t\t\t<\/div>\n\t\t\t\t\t<\/div>\n\t\t<\/div>\n\t\t\t\t\t<\/div>\n\t\t<\/section>\n\t\t\t\t<\/div>\n\t\t\t\t<div data-elementor-type=\"loop-item\" data-elementor-id=\"19057\" class=\"elementor elementor-19057 elementor-3752 e-loop-item e-loop-item-19986 post-19986 nachrichten type-nachrichten status-publish has-post-thumbnail hentry\" data-elementor-post-type=\"elementor_library\" data-custom-edit-handle=\"1\">\n\t\t\t\t\t<section class=\"elementor-section elementor-top-section elementor-element elementor-element-b41ea66 elementor-section-boxed elementor-section-height-default elementor-section-height-default\" data-id=\"b41ea66\" data-element_type=\"section\" data-e-type=\"section\">\n\t\t\t\t\t\t<div class=\"elementor-container elementor-column-gap-no\">\n\t\t\t\t\t<div class=\"elementor-column elementor-col-100 elementor-top-column elementor-element elementor-element-da66870\" data-id=\"da66870\" data-element_type=\"column\" data-e-type=\"column\">\n\t\t\t<div class=\"elementor-widget-wrap elementor-element-populated\">\n\t\t\t\t\t\t<div class=\"elementor-element elementor-element-6f7cb2d elementor-widget elementor-widget-theme-post-featured-image elementor-widget-image\" data-id=\"6f7cb2d\" data-element_type=\"widget\" data-e-type=\"widget\" data-widget_type=\"theme-post-featured-image.default\">\n\t\t\t\t<div class=\"elementor-widget-container\">\n\t\t\t\t\t\t\t\t\t\t\t\t\t\t\t<img loading=\"lazy\" decoding=\"async\" width=\"2561\" height=\"1441\" src=\"https:\/\/www.werner-wohnbau.de\/wp-content\/uploads\/2023\/06\/0x0A4F3A70421C46D58812DEA0BF987C4E_rrl1638_4151_t100-1_werner-wohnbau-gmbh-co-kg_1_bearbeitet-scaled-aspect-ratio-853-480-scaled-1.jpg\" class=\"attachment-full size-full wp-image-16153\" alt=\"\" srcset=\"https:\/\/www.werner-wohnbau.de\/wp-content\/uploads\/2023\/06\/0x0A4F3A70421C46D58812DEA0BF987C4E_rrl1638_4151_t100-1_werner-wohnbau-gmbh-co-kg_1_bearbeitet-scaled-aspect-ratio-853-480-scaled-1.jpg 2561w, https:\/\/www.werner-wohnbau.de\/wp-content\/uploads\/2023\/06\/0x0A4F3A70421C46D58812DEA0BF987C4E_rrl1638_4151_t100-1_werner-wohnbau-gmbh-co-kg_1_bearbeitet-scaled-aspect-ratio-853-480-scaled-1-300x169.jpg 300w, https:\/\/www.werner-wohnbau.de\/wp-content\/uploads\/2023\/06\/0x0A4F3A70421C46D58812DEA0BF987C4E_rrl1638_4151_t100-1_werner-wohnbau-gmbh-co-kg_1_bearbeitet-scaled-aspect-ratio-853-480-scaled-1-1024x576.jpg 1024w, https:\/\/www.werner-wohnbau.de\/wp-content\/uploads\/2023\/06\/0x0A4F3A70421C46D58812DEA0BF987C4E_rrl1638_4151_t100-1_werner-wohnbau-gmbh-co-kg_1_bearbeitet-scaled-aspect-ratio-853-480-scaled-1-768x432.jpg 768w, https:\/\/www.werner-wohnbau.de\/wp-content\/uploads\/2023\/06\/0x0A4F3A70421C46D58812DEA0BF987C4E_rrl1638_4151_t100-1_werner-wohnbau-gmbh-co-kg_1_bearbeitet-scaled-aspect-ratio-853-480-scaled-1-1536x864.jpg 1536w, https:\/\/www.werner-wohnbau.de\/wp-content\/uploads\/2023\/06\/0x0A4F3A70421C46D58812DEA0BF987C4E_rrl1638_4151_t100-1_werner-wohnbau-gmbh-co-kg_1_bearbeitet-scaled-aspect-ratio-853-480-scaled-1-2048x1152.jpg 2048w\" sizes=\"(max-width: 2561px) 100vw, 2561px\" \/>\t\t\t\t\t\t\t\t\t\t\t\t\t\t\t<\/div>\n\t\t\t\t<\/div>\n\t\t\t\t\t<\/div>\n\t\t<\/div>\n\t\t\t\t\t<\/div>\n\t\t<\/section>\n\t\t\t\t<section class=\"elementor-section elementor-top-section elementor-element elementor-element-4c94e94 elementor-section-boxed elementor-section-height-default elementor-section-height-default\" data-id=\"4c94e94\" data-element_type=\"section\" data-e-type=\"section\" data-settings=\"{&quot;background_background&quot;:&quot;classic&quot;}\">\n\t\t\t\t\t\t<div class=\"elementor-container elementor-column-gap-no\">\n\t\t\t\t\t<div class=\"elementor-column elementor-col-100 elementor-top-column elementor-element elementor-element-925bb8e\" data-id=\"925bb8e\" data-element_type=\"column\" data-e-type=\"column\">\n\t\t\t<div class=\"elementor-widget-wrap elementor-element-populated\">\n\t\t\t\t\t\t<div class=\"elementor-element elementor-element-fd9189c elementor-widget elementor-widget-theme-post-title elementor-page-title elementor-widget-heading\" data-id=\"fd9189c\" data-element_type=\"widget\" data-e-type=\"widget\" data-widget_type=\"theme-post-title.default\">\n\t\t\t\t<div class=\"elementor-widget-container\">\n\t\t\t\t\t<h1 class=\"elementor-heading-title elementor-size-default\">Ranga Yogeshwar congratulated Werner Wohnbau GmbH &amp; Co. KG<\/h1>\t\t\t\t<\/div>\n\t\t\t\t<\/div>\n\t\t\t\t<div data-dce-text-color=\"#FFFFFF\" class=\"elementor-element elementor-element-9453165 newstext elementor-widget elementor-widget-theme-post-content\" data-id=\"9453165\" data-element_type=\"widget\" data-e-type=\"widget\" data-widget_type=\"theme-post-content.default\">\n\t\t\t\t<div class=\"elementor-widget-container\">\n\t\t\t\t\t\n<p>TOP 100 award &#8211; congratulations at the German SME Summit in Augsburg.<\/p>\n\t\t\t\t<\/div>\n\t\t\t\t<\/div>\n\t\t\t\t<div class=\"elementor-element elementor-element-529db4c elementor-align-right elementor-widget elementor-widget-button\" data-id=\"529db4c\" data-element_type=\"widget\" data-e-type=\"widget\" data-widget_type=\"button.default\">\n\t\t\t\t<div class=\"elementor-widget-container\">\n\t\t\t\t\t\t\t\t\t<div class=\"elementor-button-wrapper\">\n\t\t\t\t\t<a class=\"elementor-button elementor-button-link elementor-size-xs\" href=\"https:\/\/www.werner-wohnbau.de\/en\/nachrichten\/ranga-yogeshwar-congratulated-werner-wohnbau-gmbh-co-kg\/\">\n\t\t\t\t\t\t<span class=\"elementor-button-content-wrapper\">\n\t\t\t\t\t\t\t\t\t<span class=\"elementor-button-text\">READ ON ...<\/span>\n\t\t\t\t\t<\/span>\n\t\t\t\t\t<\/a>\n\t\t\t\t<\/div>\n\t\t\t\t\t\t\t\t<\/div>\n\t\t\t\t<\/div>\n\t\t\t\t\t<\/div>\n\t\t<\/div>\n\t\t\t\t\t<\/div>\n\t\t<\/section>\n\t\t\t\t<\/div>\n\t\t\t\t<div data-elementor-type=\"loop-item\" data-elementor-id=\"19057\" class=\"elementor elementor-19057 elementor-3752 e-loop-item e-loop-item-19985 post-19985 nachrichten type-nachrichten status-publish has-post-thumbnail hentry\" data-elementor-post-type=\"elementor_library\" data-custom-edit-handle=\"1\">\n\t\t\t\t\t<section class=\"elementor-section elementor-top-section elementor-element elementor-element-b41ea66 elementor-section-boxed elementor-section-height-default elementor-section-height-default\" data-id=\"b41ea66\" data-element_type=\"section\" data-e-type=\"section\">\n\t\t\t\t\t\t<div class=\"elementor-container elementor-column-gap-no\">\n\t\t\t\t\t<div class=\"elementor-column elementor-col-100 elementor-top-column elementor-element elementor-element-da66870\" data-id=\"da66870\" data-element_type=\"column\" data-e-type=\"column\">\n\t\t\t<div class=\"elementor-widget-wrap elementor-element-populated\">\n\t\t\t\t\t\t<div class=\"elementor-element elementor-element-6f7cb2d elementor-widget elementor-widget-theme-post-featured-image elementor-widget-image\" data-id=\"6f7cb2d\" data-element_type=\"widget\" data-e-type=\"widget\" data-widget_type=\"theme-post-featured-image.default\">\n\t\t\t\t<div class=\"elementor-widget-container\">\n\t\t\t\t\t\t\t\t\t\t\t\t\t\t\t<img loading=\"lazy\" decoding=\"async\" width=\"2560\" height=\"1441\" src=\"https:\/\/www.werner-wohnbau.de\/wp-content\/uploads\/2023\/06\/DSC04444-2_bearbeitet-scaled-aspect-ratio-853-480-scaled-1.jpg\" class=\"attachment-full size-full wp-image-16154\" alt=\"\" srcset=\"https:\/\/www.werner-wohnbau.de\/wp-content\/uploads\/2023\/06\/DSC04444-2_bearbeitet-scaled-aspect-ratio-853-480-scaled-1.jpg 2560w, https:\/\/www.werner-wohnbau.de\/wp-content\/uploads\/2023\/06\/DSC04444-2_bearbeitet-scaled-aspect-ratio-853-480-scaled-1-300x169.jpg 300w, https:\/\/www.werner-wohnbau.de\/wp-content\/uploads\/2023\/06\/DSC04444-2_bearbeitet-scaled-aspect-ratio-853-480-scaled-1-1024x576.jpg 1024w, https:\/\/www.werner-wohnbau.de\/wp-content\/uploads\/2023\/06\/DSC04444-2_bearbeitet-scaled-aspect-ratio-853-480-scaled-1-768x432.jpg 768w, https:\/\/www.werner-wohnbau.de\/wp-content\/uploads\/2023\/06\/DSC04444-2_bearbeitet-scaled-aspect-ratio-853-480-scaled-1-1536x865.jpg 1536w, https:\/\/www.werner-wohnbau.de\/wp-content\/uploads\/2023\/06\/DSC04444-2_bearbeitet-scaled-aspect-ratio-853-480-scaled-1-2048x1153.jpg 2048w\" sizes=\"(max-width: 2560px) 100vw, 2560px\" \/>\t\t\t\t\t\t\t\t\t\t\t\t\t\t\t<\/div>\n\t\t\t\t<\/div>\n\t\t\t\t\t<\/div>\n\t\t<\/div>\n\t\t\t\t\t<\/div>\n\t\t<\/section>\n\t\t\t\t<section class=\"elementor-section elementor-top-section elementor-element elementor-element-4c94e94 elementor-section-boxed elementor-section-height-default elementor-section-height-default\" data-id=\"4c94e94\" data-element_type=\"section\" data-e-type=\"section\" data-settings=\"{&quot;background_background&quot;:&quot;classic&quot;}\">\n\t\t\t\t\t\t<div class=\"elementor-container elementor-column-gap-no\">\n\t\t\t\t\t<div class=\"elementor-column elementor-col-100 elementor-top-column elementor-element elementor-element-925bb8e\" data-id=\"925bb8e\" data-element_type=\"column\" data-e-type=\"column\">\n\t\t\t<div class=\"elementor-widget-wrap elementor-element-populated\">\n\t\t\t\t\t\t<div class=\"elementor-element elementor-element-fd9189c elementor-widget elementor-widget-theme-post-title elementor-page-title elementor-widget-heading\" data-id=\"fd9189c\" data-element_type=\"widget\" data-e-type=\"widget\" data-widget_type=\"theme-post-title.default\">\n\t\t\t\t<div class=\"elementor-widget-container\">\n\t\t\t\t\t<h1 class=\"elementor-heading-title elementor-size-default\">20 years of trusting cooperation with Solid Bau<\/h1>\t\t\t\t<\/div>\n\t\t\t\t<\/div>\n\t\t\t\t<div data-dce-text-color=\"#FFFFFF\" class=\"elementor-element elementor-element-9453165 newstext elementor-widget elementor-widget-theme-post-content\" data-id=\"9453165\" data-element_type=\"widget\" data-e-type=\"widget\" data-widget_type=\"theme-post-content.default\">\n\t\t\t\t<div class=\"elementor-widget-container\">\n\t\t\t\t\t\n<p>Holger Ko\u00df from the Leipzig site thanks our partner for the many years of cooperation.<\/p>\n\t\t\t\t<\/div>\n\t\t\t\t<\/div>\n\t\t\t\t<div class=\"elementor-element elementor-element-529db4c elementor-align-right elementor-widget elementor-widget-button\" data-id=\"529db4c\" data-element_type=\"widget\" data-e-type=\"widget\" data-widget_type=\"button.default\">\n\t\t\t\t<div class=\"elementor-widget-container\">\n\t\t\t\t\t\t\t\t\t<div class=\"elementor-button-wrapper\">\n\t\t\t\t\t<a class=\"elementor-button elementor-button-link elementor-size-xs\" href=\"https:\/\/www.werner-wohnbau.de\/en\/nachrichten\/20-years-of-trusting-cooperation-with-solid-bau\/\">\n\t\t\t\t\t\t<span class=\"elementor-button-content-wrapper\">\n\t\t\t\t\t\t\t\t\t<span class=\"elementor-button-text\">READ ON ...<\/span>\n\t\t\t\t\t<\/span>\n\t\t\t\t\t<\/a>\n\t\t\t\t<\/div>\n\t\t\t\t\t\t\t\t<\/div>\n\t\t\t\t<\/div>\n\t\t\t\t\t<\/div>\n\t\t<\/div>\n\t\t\t\t\t<\/div>\n\t\t<\/section>\n\t\t\t\t<\/div>\n\t\t\t\t<div data-elementor-type=\"loop-item\" data-elementor-id=\"19057\" class=\"elementor elementor-19057 elementor-3752 e-loop-item e-loop-item-19981 post-19981 nachrichten type-nachrichten status-publish has-post-thumbnail hentry\" data-elementor-post-type=\"elementor_library\" data-custom-edit-handle=\"1\">\n\t\t\t\t\t<section class=\"elementor-section elementor-top-section elementor-element elementor-element-b41ea66 elementor-section-boxed elementor-section-height-default elementor-section-height-default\" data-id=\"b41ea66\" data-element_type=\"section\" data-e-type=\"section\">\n\t\t\t\t\t\t<div class=\"elementor-container elementor-column-gap-no\">\n\t\t\t\t\t<div class=\"elementor-column elementor-col-100 elementor-top-column elementor-element elementor-element-da66870\" data-id=\"da66870\" data-element_type=\"column\" data-e-type=\"column\">\n\t\t\t<div class=\"elementor-widget-wrap elementor-element-populated\">\n\t\t\t\t\t\t<div class=\"elementor-element elementor-element-6f7cb2d elementor-widget elementor-widget-theme-post-featured-image elementor-widget-image\" data-id=\"6f7cb2d\" data-element_type=\"widget\" data-e-type=\"widget\" data-widget_type=\"theme-post-featured-image.default\">\n\t\t\t\t<div class=\"elementor-widget-container\">\n\t\t\t\t\t\t\t\t\t\t\t\t\t\t\t<img loading=\"lazy\" decoding=\"async\" width=\"2560\" height=\"1440\" src=\"https:\/\/www.werner-wohnbau.de\/wp-content\/uploads\/2023\/06\/173__H0A3789-scaled-aspect-ratio-853-480-scaled-1.jpg\" class=\"attachment-full size-full wp-image-16155\" alt=\"\" srcset=\"https:\/\/www.werner-wohnbau.de\/wp-content\/uploads\/2023\/06\/173__H0A3789-scaled-aspect-ratio-853-480-scaled-1.jpg 2560w, https:\/\/www.werner-wohnbau.de\/wp-content\/uploads\/2023\/06\/173__H0A3789-scaled-aspect-ratio-853-480-scaled-1-300x169.jpg 300w, https:\/\/www.werner-wohnbau.de\/wp-content\/uploads\/2023\/06\/173__H0A3789-scaled-aspect-ratio-853-480-scaled-1-1024x576.jpg 1024w, https:\/\/www.werner-wohnbau.de\/wp-content\/uploads\/2023\/06\/173__H0A3789-scaled-aspect-ratio-853-480-scaled-1-768x432.jpg 768w, https:\/\/www.werner-wohnbau.de\/wp-content\/uploads\/2023\/06\/173__H0A3789-scaled-aspect-ratio-853-480-scaled-1-1536x864.jpg 1536w, https:\/\/www.werner-wohnbau.de\/wp-content\/uploads\/2023\/06\/173__H0A3789-scaled-aspect-ratio-853-480-scaled-1-2048x1152.jpg 2048w\" sizes=\"(max-width: 2560px) 100vw, 2560px\" \/>\t\t\t\t\t\t\t\t\t\t\t\t\t\t\t<\/div>\n\t\t\t\t<\/div>\n\t\t\t\t\t<\/div>\n\t\t<\/div>\n\t\t\t\t\t<\/div>\n\t\t<\/section>\n\t\t\t\t<section class=\"elementor-section elementor-top-section elementor-element elementor-element-4c94e94 elementor-section-boxed elementor-section-height-default elementor-section-height-default\" data-id=\"4c94e94\" data-element_type=\"section\" data-e-type=\"section\" data-settings=\"{&quot;background_background&quot;:&quot;classic&quot;}\">\n\t\t\t\t\t\t<div class=\"elementor-container elementor-column-gap-no\">\n\t\t\t\t\t<div class=\"elementor-column elementor-col-100 elementor-top-column elementor-element elementor-element-925bb8e\" data-id=\"925bb8e\" data-element_type=\"column\" data-e-type=\"column\">\n\t\t\t<div class=\"elementor-widget-wrap elementor-element-populated\">\n\t\t\t\t\t\t<div class=\"elementor-element elementor-element-fd9189c elementor-widget elementor-widget-theme-post-title elementor-page-title elementor-widget-heading\" data-id=\"fd9189c\" data-element_type=\"widget\" data-e-type=\"widget\" data-widget_type=\"theme-post-title.default\">\n\t\t\t\t<div class=\"elementor-widget-container\">\n\t\t\t\t\t<h1 class=\"elementor-heading-title elementor-size-default\">WERNER WOHNBAU celebrates topping-out ceremony in Waldbronn<br><\/h1>\t\t\t\t<\/div>\n\t\t\t\t<\/div>\n\t\t\t\t<div data-dce-text-color=\"#FFFFFF\" class=\"elementor-element elementor-element-9453165 newstext elementor-widget elementor-widget-theme-post-content\" data-id=\"9453165\" data-element_type=\"widget\" data-e-type=\"widget\" data-widget_type=\"theme-post-content.default\">\n\t\t\t\t<div class=\"elementor-widget-container\">\n\t\t\t\t\t\n<p>Three supermarkets and 115 apartments are being built along Talstrasse.  <\/p>\n\t\t\t\t<\/div>\n\t\t\t\t<\/div>\n\t\t\t\t<div class=\"elementor-element elementor-element-529db4c elementor-align-right elementor-widget elementor-widget-button\" data-id=\"529db4c\" data-element_type=\"widget\" data-e-type=\"widget\" data-widget_type=\"button.default\">\n\t\t\t\t<div class=\"elementor-widget-container\">\n\t\t\t\t\t\t\t\t\t<div class=\"elementor-button-wrapper\">\n\t\t\t\t\t<a class=\"elementor-button elementor-button-link elementor-size-xs\" href=\"https:\/\/www.werner-wohnbau.de\/en\/nachrichten\/werner-wohnbau-celebrates-topping-out-ceremony-in-waldbronn\/\">\n\t\t\t\t\t\t<span class=\"elementor-button-content-wrapper\">\n\t\t\t\t\t\t\t\t\t<span class=\"elementor-button-text\">READ ON ...<\/span>\n\t\t\t\t\t<\/span>\n\t\t\t\t\t<\/a>\n\t\t\t\t<\/div>\n\t\t\t\t\t\t\t\t<\/div>\n\t\t\t\t<\/div>\n\t\t\t\t\t<\/div>\n\t\t<\/div>\n\t\t\t\t\t<\/div>\n\t\t<\/section>\n\t\t\t\t<\/div>\n\t\t\t\t<div data-elementor-type=\"loop-item\" data-elementor-id=\"19057\" class=\"elementor elementor-19057 elementor-3752 e-loop-item e-loop-item-19983 post-19983 nachrichten type-nachrichten status-publish has-post-thumbnail hentry\" data-elementor-post-type=\"elementor_library\" data-custom-edit-handle=\"1\">\n\t\t\t\t\t<section class=\"elementor-section elementor-top-section elementor-element elementor-element-b41ea66 elementor-section-boxed elementor-section-height-default elementor-section-height-default\" data-id=\"b41ea66\" data-element_type=\"section\" data-e-type=\"section\">\n\t\t\t\t\t\t<div class=\"elementor-container elementor-column-gap-no\">\n\t\t\t\t\t<div class=\"elementor-column elementor-col-100 elementor-top-column elementor-element elementor-element-da66870\" data-id=\"da66870\" data-element_type=\"column\" data-e-type=\"column\">\n\t\t\t<div class=\"elementor-widget-wrap elementor-element-populated\">\n\t\t\t\t\t\t<div class=\"elementor-element elementor-element-6f7cb2d elementor-widget elementor-widget-theme-post-featured-image elementor-widget-image\" data-id=\"6f7cb2d\" data-element_type=\"widget\" data-e-type=\"widget\" data-widget_type=\"theme-post-featured-image.default\">\n\t\t\t\t<div class=\"elementor-widget-container\">\n\t\t\t\t\t\t\t\t\t\t\t\t\t\t\t<img loading=\"lazy\" decoding=\"async\" width=\"1280\" height=\"720\" src=\"https:\/\/www.werner-wohnbau.de\/wp-content\/uploads\/2023\/06\/interview-g8646f8b0e_1280-aspect-ratio-853-480.png\" class=\"attachment-full size-full wp-image-16152\" alt=\"\" srcset=\"https:\/\/www.werner-wohnbau.de\/wp-content\/uploads\/2023\/06\/interview-g8646f8b0e_1280-aspect-ratio-853-480.png 1280w, https:\/\/www.werner-wohnbau.de\/wp-content\/uploads\/2023\/06\/interview-g8646f8b0e_1280-aspect-ratio-853-480-300x169.png 300w, https:\/\/www.werner-wohnbau.de\/wp-content\/uploads\/2023\/06\/interview-g8646f8b0e_1280-aspect-ratio-853-480-1024x576.png 1024w, https:\/\/www.werner-wohnbau.de\/wp-content\/uploads\/2023\/06\/interview-g8646f8b0e_1280-aspect-ratio-853-480-768x432.png 768w\" sizes=\"(max-width: 1280px) 100vw, 1280px\" \/>\t\t\t\t\t\t\t\t\t\t\t\t\t\t\t<\/div>\n\t\t\t\t<\/div>\n\t\t\t\t\t<\/div>\n\t\t<\/div>\n\t\t\t\t\t<\/div>\n\t\t<\/section>\n\t\t\t\t<section class=\"elementor-section elementor-top-section elementor-element elementor-element-4c94e94 elementor-section-boxed elementor-section-height-default elementor-section-height-default\" data-id=\"4c94e94\" data-element_type=\"section\" data-e-type=\"section\" data-settings=\"{&quot;background_background&quot;:&quot;classic&quot;}\">\n\t\t\t\t\t\t<div class=\"elementor-container elementor-column-gap-no\">\n\t\t\t\t\t<div class=\"elementor-column elementor-col-100 elementor-top-column elementor-element elementor-element-925bb8e\" data-id=\"925bb8e\" data-element_type=\"column\" data-e-type=\"column\">\n\t\t\t<div class=\"elementor-widget-wrap elementor-element-populated\">\n\t\t\t\t\t\t<div class=\"elementor-element elementor-element-fd9189c elementor-widget elementor-widget-theme-post-title elementor-page-title elementor-widget-heading\" data-id=\"fd9189c\" data-element_type=\"widget\" data-e-type=\"widget\" data-widget_type=\"theme-post-title.default\">\n\t\t\t\t<div class=\"elementor-widget-container\">\n\t\t\t\t\t<h1 class=\"elementor-heading-title elementor-size-default\">Interview with Alexander Werner &#8220;The foundation for good building&#8221;<\/h1>\t\t\t\t<\/div>\n\t\t\t\t<\/div>\n\t\t\t\t<div data-dce-text-color=\"#FFFFFF\" class=\"elementor-element elementor-element-9453165 newstext elementor-widget elementor-widget-theme-post-content\" data-id=\"9453165\" data-element_type=\"widget\" data-e-type=\"widget\" data-widget_type=\"theme-post-content.default\">\n\t\t\t\t<div class=\"elementor-widget-container\">\n\t\t\t\t\t\n<p>Exchange with the Economic Forum and the Managing Director of WERNER WOHNBAU GmbH &amp; Co. KG.<\/p>\n\t\t\t\t<\/div>\n\t\t\t\t<\/div>\n\t\t\t\t<div class=\"elementor-element elementor-element-529db4c elementor-align-right elementor-widget elementor-widget-button\" data-id=\"529db4c\" data-element_type=\"widget\" data-e-type=\"widget\" data-widget_type=\"button.default\">\n\t\t\t\t<div class=\"elementor-widget-container\">\n\t\t\t\t\t\t\t\t\t<div class=\"elementor-button-wrapper\">\n\t\t\t\t\t<a class=\"elementor-button elementor-button-link elementor-size-xs\" href=\"https:\/\/www.werner-wohnbau.de\/en\/nachrichten\/interview-with-alexander-werner-the-foundation-for-good-building\/\">\n\t\t\t\t\t\t<span class=\"elementor-button-content-wrapper\">\n\t\t\t\t\t\t\t\t\t<span class=\"elementor-button-text\">READ ON ...<\/span>\n\t\t\t\t\t<\/span>\n\t\t\t\t\t<\/a>\n\t\t\t\t<\/div>\n\t\t\t\t\t\t\t\t<\/div>\n\t\t\t\t<\/div>\n\t\t\t\t\t<\/div>\n\t\t<\/div>\n\t\t\t\t\t<\/div>\n\t\t<\/section>\n\t\t\t\t<\/div>\n\t\t\t\t<div data-elementor-type=\"loop-item\" data-elementor-id=\"19057\" class=\"elementor elementor-19057 elementor-3752 e-loop-item e-loop-item-19979 post-19979 nachrichten type-nachrichten status-publish has-post-thumbnail hentry\" data-elementor-post-type=\"elementor_library\" data-custom-edit-handle=\"1\">\n\t\t\t\t\t<section class=\"elementor-section elementor-top-section elementor-element elementor-element-b41ea66 elementor-section-boxed elementor-section-height-default elementor-section-height-default\" data-id=\"b41ea66\" data-element_type=\"section\" data-e-type=\"section\">\n\t\t\t\t\t\t<div class=\"elementor-container elementor-column-gap-no\">\n\t\t\t\t\t<div class=\"elementor-column elementor-col-100 elementor-top-column elementor-element elementor-element-da66870\" data-id=\"da66870\" data-element_type=\"column\" data-e-type=\"column\">\n\t\t\t<div class=\"elementor-widget-wrap elementor-element-populated\">\n\t\t\t\t\t\t<div class=\"elementor-element elementor-element-6f7cb2d elementor-widget elementor-widget-theme-post-featured-image elementor-widget-image\" data-id=\"6f7cb2d\" data-element_type=\"widget\" data-e-type=\"widget\" data-widget_type=\"theme-post-featured-image.default\">\n\t\t\t\t<div class=\"elementor-widget-container\">\n\t\t\t\t\t\t\t\t\t\t\t\t\t\t\t<img loading=\"lazy\" decoding=\"async\" width=\"1403\" height=\"789\" src=\"https:\/\/www.werner-wohnbau.de\/wp-content\/uploads\/2023\/06\/Mitgliedschaft_DGNB_vierzudrei_Zeichenflaeche-2_Zeichenflaeche-1-aspect-ratio-853-480.jpg\" class=\"attachment-full size-full wp-image-16151\" alt=\"\" srcset=\"https:\/\/www.werner-wohnbau.de\/wp-content\/uploads\/2023\/06\/Mitgliedschaft_DGNB_vierzudrei_Zeichenflaeche-2_Zeichenflaeche-1-aspect-ratio-853-480.jpg 1403w, https:\/\/www.werner-wohnbau.de\/wp-content\/uploads\/2023\/06\/Mitgliedschaft_DGNB_vierzudrei_Zeichenflaeche-2_Zeichenflaeche-1-aspect-ratio-853-480-300x169.jpg 300w, https:\/\/www.werner-wohnbau.de\/wp-content\/uploads\/2023\/06\/Mitgliedschaft_DGNB_vierzudrei_Zeichenflaeche-2_Zeichenflaeche-1-aspect-ratio-853-480-1024x576.jpg 1024w, https:\/\/www.werner-wohnbau.de\/wp-content\/uploads\/2023\/06\/Mitgliedschaft_DGNB_vierzudrei_Zeichenflaeche-2_Zeichenflaeche-1-aspect-ratio-853-480-768x432.jpg 768w\" sizes=\"(max-width: 1403px) 100vw, 1403px\" \/>\t\t\t\t\t\t\t\t\t\t\t\t\t\t\t<\/div>\n\t\t\t\t<\/div>\n\t\t\t\t\t<\/div>\n\t\t<\/div>\n\t\t\t\t\t<\/div>\n\t\t<\/section>\n\t\t\t\t<section class=\"elementor-section elementor-top-section elementor-element elementor-element-4c94e94 elementor-section-boxed elementor-section-height-default elementor-section-height-default\" data-id=\"4c94e94\" data-element_type=\"section\" data-e-type=\"section\" data-settings=\"{&quot;background_background&quot;:&quot;classic&quot;}\">\n\t\t\t\t\t\t<div class=\"elementor-container elementor-column-gap-no\">\n\t\t\t\t\t<div class=\"elementor-column elementor-col-100 elementor-top-column elementor-element elementor-element-925bb8e\" data-id=\"925bb8e\" data-element_type=\"column\" data-e-type=\"column\">\n\t\t\t<div class=\"elementor-widget-wrap elementor-element-populated\">\n\t\t\t\t\t\t<div class=\"elementor-element elementor-element-fd9189c elementor-widget elementor-widget-theme-post-title elementor-page-title elementor-widget-heading\" data-id=\"fd9189c\" data-element_type=\"widget\" data-e-type=\"widget\" data-widget_type=\"theme-post-title.default\">\n\t\t\t\t<div class=\"elementor-widget-container\">\n\t\t\t\t\t<h1 class=\"elementor-heading-title elementor-size-default\">Our commitment to greater sustainability in the construction industry<\/h1>\t\t\t\t<\/div>\n\t\t\t\t<\/div>\n\t\t\t\t<div data-dce-text-color=\"#FFFFFF\" class=\"elementor-element elementor-element-9453165 newstext elementor-widget elementor-widget-theme-post-content\" data-id=\"9453165\" data-element_type=\"widget\" data-e-type=\"widget\" data-widget_type=\"theme-post-content.default\">\n\t\t\t\t<div class=\"elementor-widget-container\">\n\t\t\t\t\t\n<p>We are a member of the DGNB! Shape the future with us. <\/p>\n\t\t\t\t<\/div>\n\t\t\t\t<\/div>\n\t\t\t\t<div class=\"elementor-element elementor-element-529db4c elementor-align-right elementor-widget elementor-widget-button\" data-id=\"529db4c\" data-element_type=\"widget\" data-e-type=\"widget\" data-widget_type=\"button.default\">\n\t\t\t\t<div class=\"elementor-widget-container\">\n\t\t\t\t\t\t\t\t\t<div class=\"elementor-button-wrapper\">\n\t\t\t\t\t<a class=\"elementor-button elementor-button-link elementor-size-xs\" href=\"https:\/\/www.werner-wohnbau.de\/en\/nachrichten\/our-commitment-to-greater-sustainability-in-the-construction-industry\/\">\n\t\t\t\t\t\t<span class=\"elementor-button-content-wrapper\">\n\t\t\t\t\t\t\t\t\t<span class=\"elementor-button-text\">READ ON ...<\/span>\n\t\t\t\t\t<\/span>\n\t\t\t\t\t<\/a>\n\t\t\t\t<\/div>\n\t\t\t\t\t\t\t\t<\/div>\n\t\t\t\t<\/div>\n\t\t\t\t\t<\/div>\n\t\t<\/div>\n\t\t\t\t\t<\/div>\n\t\t<\/section>\n\t\t\t\t<\/div>\n\t\t\t\t<div data-elementor-type=\"loop-item\" data-elementor-id=\"19057\" class=\"elementor elementor-19057 elementor-3752 e-loop-item e-loop-item-20009 post-20009 nachrichten type-nachrichten status-publish has-post-thumbnail hentry\" data-elementor-post-type=\"elementor_library\" data-custom-edit-handle=\"1\">\n\t\t\t\t\t<section class=\"elementor-section elementor-top-section elementor-element elementor-element-b41ea66 elementor-section-boxed elementor-section-height-default elementor-section-height-default\" data-id=\"b41ea66\" data-element_type=\"section\" data-e-type=\"section\">\n\t\t\t\t\t\t<div class=\"elementor-container elementor-column-gap-no\">\n\t\t\t\t\t<div class=\"elementor-column elementor-col-100 elementor-top-column elementor-element elementor-element-da66870\" data-id=\"da66870\" data-element_type=\"column\" data-e-type=\"column\">\n\t\t\t<div class=\"elementor-widget-wrap elementor-element-populated\">\n\t\t\t\t\t\t<div class=\"elementor-element elementor-element-6f7cb2d elementor-widget elementor-widget-theme-post-featured-image elementor-widget-image\" data-id=\"6f7cb2d\" data-element_type=\"widget\" data-e-type=\"widget\" data-widget_type=\"theme-post-featured-image.default\">\n\t\t\t\t<div class=\"elementor-widget-container\">\n\t\t\t\t\t\t\t\t\t\t\t\t\t\t\t<img loading=\"lazy\" decoding=\"async\" width=\"2560\" height=\"1440\" src=\"https:\/\/www.werner-wohnbau.de\/wp-content\/uploads\/2023\/06\/IMG_0478-scaled-aspect-ratio-853-480-scaled-1.jpg\" class=\"attachment-full size-full wp-image-16156\" alt=\"\" srcset=\"https:\/\/www.werner-wohnbau.de\/wp-content\/uploads\/2023\/06\/IMG_0478-scaled-aspect-ratio-853-480-scaled-1.jpg 2560w, https:\/\/www.werner-wohnbau.de\/wp-content\/uploads\/2023\/06\/IMG_0478-scaled-aspect-ratio-853-480-scaled-1-300x169.jpg 300w, https:\/\/www.werner-wohnbau.de\/wp-content\/uploads\/2023\/06\/IMG_0478-scaled-aspect-ratio-853-480-scaled-1-1024x576.jpg 1024w, https:\/\/www.werner-wohnbau.de\/wp-content\/uploads\/2023\/06\/IMG_0478-scaled-aspect-ratio-853-480-scaled-1-768x432.jpg 768w, https:\/\/www.werner-wohnbau.de\/wp-content\/uploads\/2023\/06\/IMG_0478-scaled-aspect-ratio-853-480-scaled-1-1536x864.jpg 1536w, https:\/\/www.werner-wohnbau.de\/wp-content\/uploads\/2023\/06\/IMG_0478-scaled-aspect-ratio-853-480-scaled-1-2048x1152.jpg 2048w\" sizes=\"(max-width: 2560px) 100vw, 2560px\" \/>\t\t\t\t\t\t\t\t\t\t\t\t\t\t\t<\/div>\n\t\t\t\t<\/div>\n\t\t\t\t\t<\/div>\n\t\t<\/div>\n\t\t\t\t\t<\/div>\n\t\t<\/section>\n\t\t\t\t<section class=\"elementor-section elementor-top-section elementor-element elementor-element-4c94e94 elementor-section-boxed elementor-section-height-default elementor-section-height-default\" data-id=\"4c94e94\" data-element_type=\"section\" data-e-type=\"section\" data-settings=\"{&quot;background_background&quot;:&quot;classic&quot;}\">\n\t\t\t\t\t\t<div class=\"elementor-container elementor-column-gap-no\">\n\t\t\t\t\t<div class=\"elementor-column elementor-col-100 elementor-top-column elementor-element elementor-element-925bb8e\" data-id=\"925bb8e\" data-element_type=\"column\" data-e-type=\"column\">\n\t\t\t<div class=\"elementor-widget-wrap elementor-element-populated\">\n\t\t\t\t\t\t<div class=\"elementor-element elementor-element-fd9189c elementor-widget elementor-widget-theme-post-title elementor-page-title elementor-widget-heading\" data-id=\"fd9189c\" data-element_type=\"widget\" data-e-type=\"widget\" data-widget_type=\"theme-post-title.default\">\n\t\t\t\t<div class=\"elementor-widget-container\">\n\t\t\t\t\t<h1 class=\"elementor-heading-title elementor-size-default\">Double lambing luck<\/h1>\t\t\t\t<\/div>\n\t\t\t\t<\/div>\n\t\t\t\t<div data-dce-text-color=\"#FFFFFF\" class=\"elementor-element elementor-element-9453165 newstext elementor-widget elementor-widget-theme-post-content\" data-id=\"9453165\" data-element_type=\"widget\" data-e-type=\"widget\" data-widget_type=\"theme-post-content.default\">\n\t\t\t\t<div class=\"elementor-widget-container\">\n\t\t\t\t\t\n<p>Offspring for our black noses at the Niedereschach site<\/p>\n\t\t\t\t<\/div>\n\t\t\t\t<\/div>\n\t\t\t\t<div class=\"elementor-element elementor-element-529db4c elementor-align-right elementor-widget elementor-widget-button\" data-id=\"529db4c\" data-element_type=\"widget\" data-e-type=\"widget\" data-widget_type=\"button.default\">\n\t\t\t\t<div class=\"elementor-widget-container\">\n\t\t\t\t\t\t\t\t\t<div class=\"elementor-button-wrapper\">\n\t\t\t\t\t<a class=\"elementor-button elementor-button-link elementor-size-xs\" href=\"https:\/\/www.werner-wohnbau.de\/en\/nachrichten\/double-lambing-luck\/\">\n\t\t\t\t\t\t<span class=\"elementor-button-content-wrapper\">\n\t\t\t\t\t\t\t\t\t<span class=\"elementor-button-text\">READ ON ...<\/span>\n\t\t\t\t\t<\/span>\n\t\t\t\t\t<\/a>\n\t\t\t\t<\/div>\n\t\t\t\t\t\t\t\t<\/div>\n\t\t\t\t<\/div>\n\t\t\t\t\t<\/div>\n\t\t<\/div>\n\t\t\t\t\t<\/div>\n\t\t<\/section>\n\t\t\t\t<\/div>\n\t\t\t\t<\/div>\n\t\t\n\t\t\t\t\t\t<\/div>\n\t\t\t\t<\/div>\n\t\t\t\t\t<\/div>\n\t\t<\/div>\n\t\t\t\t\t<\/div>\n\t\t<\/section>\n\t\t\t\t<\/div>\n\t\t","protected":false},"excerpt":{"rendered":"<p>NEWS News from WERNER WOHNBAU \u2013 Updates, Projects &amp; Developments Welcome to the WERNER WOHNBAU news section! Here, we regularly update you on current construction projects, new residential developments, company news, and exciting behind-the-scenes insights. Whether it\u2019s sales launches, construction progress, sustainable building concepts, or regional developments\u2014stay informed and discover how WERNER WOHNBAU shapes modern [&hellip;]<\/p>\n","protected":false},"author":1,"featured_media":0,"parent":0,"menu_order":0,"comment_status":"closed","ping_status":"closed","template":"","meta":{"_acf_changed":false,"footnotes":""},"class_list":["post-19107","page","type-page","status-publish","hentry"],"acf":[],"_links":{"self":[{"href":"https:\/\/www.werner-wohnbau.de\/en\/wp-json\/wp\/v2\/pages\/19107","targetHints":{"allow":["GET"]}}],"collection":[{"href":"https:\/\/www.werner-wohnbau.de\/en\/wp-json\/wp\/v2\/pages"}],"about":[{"href":"https:\/\/www.werner-wohnbau.de\/en\/wp-json\/wp\/v2\/types\/page"}],"author":[{"embeddable":true,"href":"https:\/\/www.werner-wohnbau.de\/en\/wp-json\/wp\/v2\/users\/1"}],"replies":[{"embeddable":true,"href":"https:\/\/www.werner-wohnbau.de\/en\/wp-json\/wp\/v2\/comments?post=19107"}],"version-history":[{"count":9,"href":"https:\/\/www.werner-wohnbau.de\/en\/wp-json\/wp\/v2\/pages\/19107\/revisions"}],"predecessor-version":[{"id":26092,"href":"https:\/\/www.werner-wohnbau.de\/en\/wp-json\/wp\/v2\/pages\/19107\/revisions\/26092"}],"wp:attachment":[{"href":"https:\/\/www.werner-wohnbau.de\/en\/wp-json\/wp\/v2\/media?parent=19107"}],"curies":[{"name":"wp","href":"https:\/\/api.w.org\/{rel}","templated":true}]}}